{"id":6839,"date":"2020-07-05T19:38:50","date_gmt":"2020-07-05T19:38:50","guid":{"rendered":"https:\/\/fotofestivalpelt.be\/?page_id=6839"},"modified":"2021-07-12T18:49:09","modified_gmt":"2021-07-12T18:49:09","slug":"guest-exhibitions-2021","status":"publish","type":"page","link":"https:\/\/fotofestivalpelt.be\/en\/guest-exhibitions-2021\/","title":{"rendered":"GUEST EXHIBITIONS 2021"},"content":{"rendered":"<p>[et_pb_section fb_built=&#8221;1&#8243; fullwidth=&#8221;on&#8221; admin_label=&#8221;Hero Section&#8221; _builder_version=&#8221;4.9.7&#8243; background_image=&#8221;https:\/\/fotofestivalpelt.be\/wp-content\/uploads\/2021\/06\/LodM-2021_4891_HD_Bert-Daenen.jpg&#8221; custom_padding=&#8221;0|0px|0|0px|false|false&#8221;][et_pb_fullwidth_header title=&#8221;Guest exhibitions 2021&#8243; text_orientation=&#8221;center&#8221; header_fullscreen=&#8221;on&#8221; background_overlay_color=&#8221;rgba(0,0,0,0.5)&#8221; title_font_color=&#8221;#ffffff&#8221; subhead_font_color=&#8221;#ffffff&#8221; admin_label=&#8221;Guest Exhibitions 2021 Hoofding&#8221; _builder_version=&#8221;4.9.4&#8243; title_level=&#8221;h2&#8243; title_font=&#8221;Montserrat|600|||||||&#8221; title_text_align=&#8221;center&#8221; title_text_color=&#8221;#f19413&#8243; title_font_size=&#8221;60px&#8221; title_letter_spacing=&#8221;2px&#8221; content_font=&#8221;||||||||&#8221; subhead_font=&#8221;Open Sans||||||||&#8221; subhead_text_align=&#8221;center&#8221; subhead_text_color=&#8221;#ffffff&#8221; subhead_font_size=&#8221;34px&#8221; subhead_line_height=&#8221;1.6em&#8221; background_color=&#8221;rgba(255,255,255,0)&#8221; custom_button_one=&#8221;on&#8221; button_one_text_size=&#8221;14px&#8221; button_one_text_color=&#8221;#ffffff&#8221; button_one_bg_color=&#8221;#0099e5&#8243; button_one_border_width=&#8221;12px&#8221; button_one_border_color=&#8221;#0099e5&#8243; button_one_border_radius=&#8221;0px&#8221; button_one_letter_spacing=&#8221;2px&#8221; button_one_font=&#8221;Nunito|700||on|||||&#8221; button_one_use_icon=&#8221;off&#8221; animation_style=&#8221;fade&#8221; title_font_size_tablet=&#8221;50px&#8221; title_font_size_phone=&#8221;22px&#8221; title_font_size_last_edited=&#8221;on|desktop&#8221; subhead_font_size_tablet=&#8221;&#8221; subhead_font_size_phone=&#8221;&#8221; subhead_font_size_last_edited=&#8221;on|desktop&#8221; button_one_text_color_hover=&#8221;#ffffff&#8221; button_one_border_color_hover=&#8221;#0099e5&#8243; button_one_border_radius_hover=&#8221;0px&#8221; button_one_letter_spacing_hover=&#8221;2px&#8221; button_one_bg_color_hover=&#8221;#0099e5&#8243; button_one_text_size__hover_enabled=&#8221;off&#8221; button_two_text_size__hover_enabled=&#8221;off&#8221; button_one_text_color__hover_enabled=&#8221;on&#8221; button_one_text_color__hover=&#8221;#ffffff&#8221; button_two_text_color__hover_enabled=&#8221;off&#8221; button_one_border_width__hover_enabled=&#8221;off&#8221; button_two_border_width__hover_enabled=&#8221;off&#8221; button_one_border_color__hover_enabled=&#8221;on&#8221; button_one_border_color__hover=&#8221;#0099e5&#8243; button_two_border_color__hover_enabled=&#8221;off&#8221; button_one_border_radius__hover_enabled=&#8221;on&#8221; button_one_border_radius__hover=&#8221;0px&#8221; button_two_border_radius__hover_enabled=&#8221;off&#8221; button_one_letter_spacing__hover_enabled=&#8221;on&#8221; button_one_letter_spacing__hover=&#8221;2px&#8221; button_two_letter_spacing__hover_enabled=&#8221;off&#8221; button_one_bg_color__hover_enabled=&#8221;on&#8221; button_one_bg_color__hover=&#8221;#0099e5&#8243; button_two_bg_color__hover_enabled=&#8221;off&#8221; title_text_color__hover_enabled=&#8221;on&#8221;]<\/p>\n<h3>\u00a0<\/h3>\n<h2 class=\"font_7\" style=\"text-align: center;\"><strong><a href=\"https:\/\/fotofestivalpelt.be\/en\/guest-exhibitions-2021\/#palethe\">CC Palethe<\/a>\u200b<\/strong><\/h2>\n<h2 style=\"text-align: center;\"><a href=\"https:\/\/fotofestivalpelt.be\/en\/guest-exhibitions-2021\/#kerk\"><strong>St. Martin&#8217;s Church<\/strong><\/a><\/h2>\n<h2 class=\"font_7\" style=\"text-align: center;\"><a href=\"https:\/\/fotofestivalpelt.be\/en\/guest-exhibitions-2021\/#kerkdijk\"><strong>Kerkdijk<\/strong><\/a><\/h2>\n<h2 class=\"font_7\" style=\"text-align: center;\"><a href=\"https:\/\/fotofestivalpelt.be\/en\/guest-exhibitions-2021\/#newmarket\"><strong>Nieuwe Markt \/ New Market<\/strong><\/a><\/h2>\n<h2 class=\"font_7\" style=\"text-align: center;\"><strong><a href=\"https:\/\/fotofestivalpelt.be\/en\/guest-exhibitions-2021\/#foothpath\">Footpath Rodenbachlaan &#8211; Bemvaartstraat<\/a><\/strong><\/h2>\n<h2 class=\"font_7\" style=\"text-align: center;\"><strong><a href=\"https:\/\/fotofestivalpelt.be\/en\/guest-exhibitions-2021\/#finnishslope\">Finse piste \/ Finnish running track<\/a><\/strong><\/h2>\n<p>[\/et_pb_fullwidth_header][\/et_pb_section][et_pb_section fb_built=&#8221;1&#8243; admin_label=&#8221;Feature Section&#8221; _builder_version=&#8221;3.22.3&#8243; custom_padding=&#8221;0px||0px|&#8221; locked=&#8221;off&#8221;][et_pb_row column_structure=&#8221;3_5,2_5&#8243; use_custom_gutter=&#8221;on&#8221; gutter_width=&#8221;1&#8243; make_equal=&#8221;on&#8221; padding_left_right_link_1=&#8221;false&#8221; padding_left_right_link_2=&#8221;true&#8221; admin_label=&#8221;Lijst&#8221; module_class=&#8221; et_pb_row_fullwidth&#8221; _builder_version=&#8221;3.25&#8243; width=&#8221;100%&#8221; width_tablet=&#8221;100%&#8221; width_phone=&#8221;&#8221; width_last_edited=&#8221;on|desktop&#8221; max_width=&#8221;100%&#8221; max_width_tablet=&#8221;100%&#8221; max_width_phone=&#8221;&#8221; max_width_last_edited=&#8221;on|desktop&#8221; custom_padding=&#8221;0px||0px|&#8221; make_fullwidth=&#8221;on&#8221;][et_pb_column type=&#8221;3_5&#8243; _builder_version=&#8221;3.25&#8243; background_color=&#8221;#000000&#8243; custom_padding=&#8221;60px|80px|20px|100px&#8221; custom_padding_tablet=&#8221;&#8221; custom_padding_phone=&#8221;5px|10px|5px|10px|false|true&#8221; custom_padding_last_edited=&#8221;on|phone&#8221; custom_padding__hover=&#8221;|||&#8221;][et_pb_text admin_label=&#8221;LodM Magazine&#8221; _builder_version=&#8221;4.9.4&#8243; text_font=&#8221;Montserrat||||||||&#8221; text_text_color=&#8221;#ffffff&#8221; text_font_size=&#8221;16px&#8221; header_font=&#8221;||||||||&#8221; header_3_font=&#8221;||||||||&#8221; header_3_text_color=&#8221;#f19413&#8243; header_4_font=&#8221;||||||||&#8221; header_4_text_color=&#8221;#0098af&#8221; header_5_font=&#8221;||||||||&#8221; locked=&#8221;off&#8221;]<\/p>\n<h3><strong>LENS OP DE MENS MAGAZINE<\/strong><\/h3>\n<p>&nbsp;<\/p>\n<p><a href=\"https:\/\/issuu.com\/fotofestivalpelt\/docs\/magazine4\" target=\"_blank\" rel=\"noopener\"><img loading=\"lazy\" decoding=\"async\" class=\"alignleft wp-image-16080\" src=\"https:\/\/fotofestivalpelt.be\/wp-content\/uploads\/2021\/05\/Magazine2021_cover-215x300.jpg\" alt=\"LodM Magazine 2021\" width=\"143\" height=\"200\" \/><\/a><\/p>\n<p>Through this link you can consult our extended <a href=\"https:\/\/issuu.com\/fotofestivalpelt\/docs\/magazine4\" target=\"_blank\" rel=\"noopener\">Lens op de Mens Magazine<\/a> on-line.<\/p>\n<p>In this programme booklet you will find a map of the exhibition route, all the names of the selected photographers, information about the guest exhibitions, opening hours, partners and sponsors, and more useful information.<\/p>\n<p>The magazine will also be available at CC Palethe and in displays at several places along the exhibition route and at the local bars and restaurants.<\/p>\n<p>&nbsp;<\/p>\n<h3 class=\"font_7\">\u200b<\/h3>\n<p>[\/et_pb_text][et_pb_text admin_label=&#8221;Overview&#8221; _builder_version=&#8221;4.9.7&#8243; text_font=&#8221;Montserrat||||||||&#8221; text_text_color=&#8221;#ffffff&#8221; text_font_size=&#8221;16px&#8221; link_font=&#8221;||||||||&#8221; link_text_color=&#8221;#f19413&#8243; header_font=&#8221;||||||||&#8221; header_3_font=&#8221;||||||||&#8221; header_3_text_color=&#8221;#f19413&#8243; header_4_font=&#8221;||||||||&#8221; header_4_text_color=&#8221;#0098af&#8221; link_option_url_new_window=&#8221;on&#8221;]<\/p>\n<h3 class=\"font_7\"><strong>OVERVIEW GUEST EXHIBITIONS 2021<\/strong><\/h3>\n<p>&nbsp;<\/p>\n<h4><a href=\"https:\/\/fotofestivalpelt.be\/en\/guest-exhibitions-2021\/#palethe\"><strong>Cultural Center Palethe<\/strong><\/a><\/h4>\n<h4>Barbara Vandendriessche<br \/>Eddy Verloes | Buiten Zinnen \/ Losing Our Minds<br \/>RPS Benelux Chapter 2021 Print Exhibition<br \/>WPC Team Belgium 2021<\/h4>\n<p><strong>Jeugdlaan 2, 3910 Pelt<br \/>GPS 51.211239\u00b0 NB 5.428118\u00b0 OL<\/strong><br \/>Every working day 9.00 &#8211; 16.30 h and during activities in the cultural center<br \/>From 4 July, open every Sunday from 2:00 &#8211; 5:00 pm.<\/p>\n<h4><strong><a href=\"https:\/\/fotofestivalpelt.be\/en\/guest-exhibitions-2021\/#kerk\">St. Martin&#8217;s Church<\/a><\/strong><\/h4>\n<h4>Bert Daenen | behind the mask<\/h4>\n<p><strong>Kerkdijk 2-4, 3910 Pelt<br \/>GPS 51.211111\u00b0 NB 5.425730\u00b0 OL<\/strong><br \/>Every day 10.00 &#8211; 17.00 h except during church services<\/p>\n<h4><a href=\"https:\/\/fotofestivalpelt.be\/en\/guest-exhibitions-2021\/#kerkdijk\"><strong>Kerkdijk<\/strong><\/a><\/h4>\n<h4>Awards Winners 2019<\/h4>\n<p><strong>Kerkdijk, next to the St. Martin&#8217;s church<br \/>GPS\u00a0 51.211010\u00b0 NB 5.426558 OL<br \/><\/strong>Accessible all day<\/p>\n<h4><a href=\"https:\/\/fotofestivalpelt.be\/en\/guest-exhibitions-2021\/#footpath\"><strong>Footpath Rodenbachlaan &#8211; Bemvaartstraat<\/strong><\/a><\/h4>\n<h4>Members of the Jury 2021<\/h4>\n<p><strong>Rodenbachlaan\u00a0 \u00a0GPS 51.212879\u00b0 NB 5.425396\u00b0 OL<br \/>Bemvaartstraat\u00a0 \u00a0GPS 51.213406\u00b0 NB 5.424647\u00b0 OL<br \/><\/strong>Accessible all day<\/p>\n<h4><a href=\"https:\/\/fotofestivalpelt.be\/en\/guest-exhibitions-2021\/#finnishslope\"><strong>Finse piste \/ Finnish running track<\/strong><\/a><\/h4>\n<h4>Evi Polak | Real heroes never sleep<br \/>HelPhoto, Helsinki, Finland | Nordic Village<br \/>Vizualizator, Belgrad, Serbia<\/h4>\n<p><strong>Vloeterstraat, access via parking at the Heilig Hart-chapel<br \/>GPS 51.209813\u00b0 NB 5.428673\u00b0 OL<br \/><\/strong>Accessible all day<\/p>\n<h4><strong><a href=\"https:\/\/fotofestivalpelt.be\/en\/guest-exhibitions-2021\/#newmarket\">Nieuwe Markt \/ New Market<\/a><\/strong><\/h4>\n<h4>Ilan Wittenberg (NZL) | Faces of Ca\u00efro<\/h4>\n<p><strong>Nieuwe Markt<br \/>GPS 51.209786\u00b0 NB 5.423998\u00b0 OL<br \/><\/strong>Accessible all day<\/p>\n<p>[\/et_pb_text][\/et_pb_column][et_pb_column type=&#8221;2_5&#8243; _builder_version=&#8221;3.25&#8243; background_color=&#8221;#000000&#8243; custom_padding=&#8221;60px|80px|20px|100px&#8221; custom_padding_tablet=&#8221;&#8221; custom_padding_phone=&#8221;5px|10px|5px|10px|false|true&#8221; custom_padding_last_edited=&#8221;on|phone&#8221; custom_padding__hover=&#8221;|||&#8221;][\/et_pb_column][\/et_pb_row][et_pb_row column_structure=&#8221;3_5,2_5&#8243; use_custom_gutter=&#8221;on&#8221; gutter_width=&#8221;1&#8243; make_equal=&#8221;on&#8221; padding_left_right_link_1=&#8221;false&#8221; padding_left_right_link_2=&#8221;true&#8221; admin_label=&#8221;CC Palethe&#8221; module_id=&#8221;palethe&#8221; module_class=&#8221; et_pb_row_fullwidth&#8221; _builder_version=&#8221;4.9.3&#8243; width=&#8221;100%&#8221; width_tablet=&#8221;100%&#8221; width_phone=&#8221;&#8221; width_last_edited=&#8221;on|desktop&#8221; max_width=&#8221;100%&#8221; max_width_tablet=&#8221;100%&#8221; max_width_phone=&#8221;&#8221; max_width_last_edited=&#8221;on|desktop&#8221; custom_padding=&#8221;0px||0px|&#8221; make_fullwidth=&#8221;on&#8221;][et_pb_column type=&#8221;3_5&#8243; _builder_version=&#8221;3.25&#8243; background_color=&#8221;#000000&#8243; custom_padding=&#8221;60px|80px|20px|100px&#8221; custom_padding_tablet=&#8221;&#8221; custom_padding_phone=&#8221;5px|10px|5px|10px|false|true&#8221; custom_padding_last_edited=&#8221;on|phone&#8221; custom_padding__hover=&#8221;|||&#8221;][et_pb_text admin_label=&#8221;Barbara Vandendriessche&#8221; _builder_version=&#8221;4.9.3&#8243; text_font=&#8221;Montserrat||||||||&#8221; text_text_color=&#8221;#ffffff&#8221; text_font_size=&#8221;16px&#8221; link_font=&#8221;||||||||&#8221; link_text_color=&#8221;#f19413&#8243; header_font=&#8221;||||||||&#8221; header_3_font=&#8221;||||||||&#8221; header_3_text_color=&#8221;#f19413&#8243; header_4_font=&#8221;||||||||&#8221; header_4_text_color=&#8221;#0098af&#8221; header_5_font=&#8221;||||||||&#8221; link_option_url_new_window=&#8221;on&#8221; border_width_all=&#8221;0.5px&#8221; border_color_all=&#8221;rgba(0,0,0,0.46)&#8221;]<\/p>\n<h3><strong>CC Palethe<\/strong><\/h3>\n<p>Jeugdlaan 2,\u00a0 3900 Pelt<\/p>\n<h4><strong>Barbara Vandendriessche<\/strong><\/h4>\n<h4>\u00a0<\/h4>\n<p><strong>Photographer \/ sculptor \/ visual poet<\/strong><\/p>\n<p>\u2018With my pictures and sculptures I seek for the beauty in the tragical, in pain.\u2019<\/p>\n<p class=\"column\">I worked for 20 years as a director and set designer at the theater. But more and more, photography, which I initially regarded as a sideline, invaded my professional path. I discovered how my experience within the theater influenced the language of my photography and experienced a sense of \u201cback to basics\u201d, of re-sourcing. In order to be able to clarify this more, I decided to leave the black box in 2017 and tell my story on the basis of photos and sculptures. My photos are often staged and focus on physicality, emotion or expression. They look for a physical and psychological vulnerability. My sculptures are a study of damage, both in the use of matter and in the expression of an emotionality. The broken, the damaged, the unfinished and confused are represented in different ways through heads and bodies. Yet there is always a \u201csparkle\u201d, sometimes figuratively, sometimes literally, perceptible.<\/p>\n<p>I create the whole image as photographer, stylist and set designer.<\/p>\n<p>My photography is theatrical. But \u2018theatricality\u2019 is an elastic concept and also has many negative connotations: bombastic, exaggerated, false or artificial. This is how I define it myself: theatralization is the abstracting and enlargement of reality to evoke emotion in the viewer, not through reason, but directly appealing to an approach that can be traced to our ritual instincts. Theatricality as a pre-aesthetic instinct.<\/p>\n<p>That is what I try to represent with my photography: how to portray the emotional body tragically? How to create a tragic image that expresses emotion and triggers emotion? Search for images with an intensity, no images with intentions. Images you look at because they tell you something, even if you do not immediately know what. Images that evoke a story, without being narrative themselves. Often with the female body as an expression of beauty<\/p>\n<p><a href=\"http:\/\/barbaravdd.be\/\" target=\"_blank\" rel=\"noopener\">www.barbaravdd.be<\/a> (photography and sculptures)<br \/><a href=\"http:\/\/www.barbaravandendriessche.org\" target=\"_blank\" rel=\"noopener\">www.barbaravandendriessche.org<\/a> (theater and scenography)<\/p>\n<p>&nbsp;<\/p>\n<p>[\/et_pb_text][et_pb_text admin_label=&#8221;Eddy Verloes&#8221; _builder_version=&#8221;4.9.4&#8243; text_font=&#8221;Montserrat||||||||&#8221; text_text_color=&#8221;#ffffff&#8221; text_font_size=&#8221;16px&#8221; link_font=&#8221;||||||||&#8221; link_text_color=&#8221;#f19413&#8243; header_font=&#8221;||||||||&#8221; header_3_font=&#8221;||||||||&#8221; header_3_text_color=&#8221;#f19413&#8243; header_4_font=&#8221;||||||||&#8221; header_4_text_color=&#8221;#0098af&#8221; background_color=&#8221;#000000&#8243;]<\/p>\n<h4 class=\"font_7\"><strong>Eddy Verloes | Losing our minds<\/strong><\/h4>\n<p>In CC Palethe Eddy Verloes exhibits photos from his project \u201c<em>Buiten zinnen \/ Losing Our Minds<\/em>\u201d.<\/p>\n<p>On a blustery day in the spring of 2020 Eddy Verloes met a group of excited Hasidic Jewish boys on a Belgian beach, an encounter resulting in a series of photographs which would travel the world and make his name as a photographer. He asked the poet, Benno Barnard, who knows and loves Jewish culture, to write poems, to accompany the images. <em>Losing Our Minds<\/em> is the moving and witty result of their cooperation. Inspired by the photos and poems, Bart Bekker and Jan Vanwinckel of the studio project <em>The river curls around the town<\/em> took up the challenge to set these lyrics to music. The result of their cooperation is undoubtedly unique. The photographs, poems and music have been brought together in a book with CD, <em>Buiten zinnen\/Losing Our Minds<\/em>, published by Po\u00ebziecentrum vzw (May 2021)<br \/><a href=\"https:\/\/www.poeziecentrum.be\/\" target=\"_blank\" rel=\"noopener\">po\u00ebziecentrum.be<\/a><\/p>\n<p><strong>Eddy Verloes<\/strong> describes the connecting thread of his photographs as the eternal quest for the human soul. His focus on detail enhances the narrative character of his work: it\u2019s never about the camera.<\/p>\n<p>A sense of humour and a preference of misty landscapes are an integral part of his pictures, many of which were collected on three previous books. <em>Losing our minds<\/em> is his first international publication. He was selected as one of the best contemporary photographers worldwide by the American website All-About-Photo.<\/p>\n<p><em>My series \u201c<strong>Losing our minds<\/strong>\u201d was taken at the beginning of the corona crisis 2020: a bizarre, but extremely fascinating period. Man loses his mind because a stormy situation presents itself that is new and challenging for him. Fear tries to overpower him, he freezes, starts to reflect on the world and on the punishment that Mother Nature seems to send us. We have treated our Mother Earth too lightly, demanded too much of her in our egoism. Reflection is necessary.<\/em><\/p>\n<p><em>I want this poetic-philosophical reflection to speak through my images in these corona times. In my series \u201c<strong>Losing our minds<\/strong>\u201d I consciously show only young people who are looking for themselves, for the meaning of life and the relationship between man and nature. It is sometimes difficult to draw the line between realism and surrealism, between reality and madness. Are those figures real or staged in my photos? Sometimes we as a layman have the same reaction: is this the real world in which we live or is this madness \/ surrealism? These are photos of ultra-Orthodox Jews who can enjoy their freedom in an unorthodox way in the storm (of their lives) and escape the lockdown.<\/em><\/p>\n<p><em>My images however try to transcend the anecdotal and in that sense they not only reflect what is going on with the corona crisis in 2020, but they try to be a universal expression. They could take place anywhere in the world and not just on the Belgian coast where these photos were taken in one day and within one hour. The young people in my photos are of course a symbol of change \/ revolution \/ going against the tide. They symbolize spring that starts anew every year. Within these young people you see in my images \u201cEinzelg\u00e4nger\u201d, those who only try to compete against society. Some idealists throw themselves completely and don&#8217;t care about anything. Their slogan is straightforward. More than ever we realize through this crisis that man is a social animal and it is difficult to stay in his room. In group we are strong, we go for it and we climb the highest mountains. In this case: dunes of course.<\/em><\/p>\n<p><em>Ultimately, we are so dependent on the forces of nature that we cannot help but be guided by the flow. I consciously placed &#8220;Statues in the storm&#8221; last because I think the symbolism is the greatest: people become statues, as it were, puny &#8211; sometimes pathetic &#8211; beings in the universe. The wandering man looking for his own way, reflecting how to deal with himself, the others and the earth.<\/em><\/p>\n<p><em>Is there no hope, no spring found in my images? Definitely. Youth represents spring. She sings, fights (a way), cries, laughs, works, prays and admires. All these aspects can be found in these (primal) images. Let us all be a Ramses Shaffy (famous Dutch singer): self-willed paving our own way with respect for themselves, the Other and Mother Nature.<\/em><\/p>\n<p><strong>Benno Barnard<\/strong><\/p>\n<p>lives in the English countryside after more than thirty years in Flanders. The five times reprinted <a href=\"https:\/\/www.atlascontact.nl\/boek\/het-trouwservies\/\" target=\"_blank\" rel=\"noopener\"><em>Het trouwservies<\/em><\/a> (2017) is his most recent book of poetry. <em>Dagboek van een landjonker<\/em> (2013) and <a href=\"https:\/\/www.atlascontact.nl\/boek\/zingen-en-creperen\/#:~:text=Dagboek%202014%2D2017,uiteenlopende%20citaten%20uit%20de%20po%C3%ABziegeschiedenis\" target=\"_blank\" rel=\"noopener\"><em>Zingen en creperen<\/em><\/a> (2019) are the first parts of a large diary project, <em>Groetjes uit het Avondland<\/em> (Greetings from the Occident).<\/p>\n<p><strong>The river curls around the town<\/strong><\/p>\n<p>is the musical project of Bart Bekker and Jan Vanwinckel. They bring an elegantly mysterious mix of electronics and listening pop, subdued and groovy at the same time. They released the album <a href=\"https:\/\/therivercurlsaroundthetown.bandcamp.com\/album\/more-than-a-break-2\" target=\"_blank\" rel=\"noopener\"><em>More than a break<\/em><\/a> in 2008 and the album <a href=\"https:\/\/therivercurlsaroundthetown.bandcamp.com\/track\/nightshadows\" target=\"_blank\" rel=\"noopener\"><em>Nightshadows<\/em><\/a> in 2020. Both albums received rave reviews.<br \/>You can listen to the music to the poetry via the QR codes.<\/p>\n<p><a href=\"http:\/\/www.eddyverloes.be\/\" target=\"_blank\" rel=\"noopener\">www.eddyverloes.be<\/a><br \/><a href=\"https:\/\/nl.wikipedia.org\/wiki\/Benno_Barnard\" target=\"_blank\" rel=\"noopener\">nl.wikipedia.org\/wiki\/Benno_Barnard<\/a><br \/><a href=\"http:\/\/www.therivercurlsaroundthetown.com\/\" target=\"_blank\" rel=\"noopener\">www.therivercurlsaroundthetown.com<\/a><\/p>\n<p>&nbsp;<\/p>\n<p>[\/et_pb_text][et_pb_text admin_label=&#8221;RPS&#8221; _builder_version=&#8221;4.9.3&#8243; text_font=&#8221;Montserrat||||||||&#8221; text_text_color=&#8221;#ffffff&#8221; text_font_size=&#8221;16px&#8221; link_font=&#8221;||||||||&#8221; link_text_color=&#8221;#f19413&#8243; header_font=&#8221;||||||||&#8221; header_3_font=&#8221;||||||||&#8221; header_3_text_color=&#8221;#f19413&#8243; header_4_font=&#8221;||||||||&#8221; header_4_text_color=&#8221;#0098af&#8221; header_5_font=&#8221;||||||||&#8221; link_option_url_new_window=&#8221;on&#8221; border_width_all=&#8221;0.5px&#8221; border_color_all=&#8221;rgba(0,0,0,0.46)&#8221;]<\/p>\n<h4><strong>RPS Benelux Chapter 2021 Print Exhibition<\/strong><\/h4>\n<p>&nbsp;<\/p>\n<p><a href=\"https:\/\/rps.org\/chapters\/benelux\/about\/\" target=\"_blank\" rel=\"noopener noreferrer\"><img loading=\"lazy\" decoding=\"async\" class=\"alignleft wp-image-7181\" src=\"https:\/\/fotofestivalpelt.be\/wp-content\/uploads\/2020\/07\/RPS_logo_200px_Supported-by-1.png\" alt=\"RPS logo\" width=\"150\" height=\"142\" \/><\/a><\/p>\n<p>About thirty pictures by members of the Benelux Chapter of the Royal Photographic Society will be exhibited as part of a collaboration between LodM and RPS.<\/p>\n<p><a href=\"https:\/\/rps.org\/chapters\/benelux\/about\/\" target=\"_blank\" rel=\"noopener noreferrer\">https:\/\/rps.org\/chapters\/benelux\/about\/<\/a><\/p>\n<p>&nbsp;<\/p>\n<p>&nbsp;<\/p>\n<p>&nbsp;<\/p>\n<p>[\/et_pb_text][et_pb_text admin_label=&#8221;WPC 2021&#8243; _builder_version=&#8221;4.9.3&#8243; text_font=&#8221;Montserrat||||||||&#8221; text_text_color=&#8221;#ffffff&#8221; text_font_size=&#8221;16px&#8221; link_font=&#8221;||||||||&#8221; link_text_color=&#8221;#f19413&#8243; header_font=&#8221;||||||||&#8221; header_3_font=&#8221;||||||||&#8221; header_3_text_color=&#8221;#f19413&#8243; header_4_font=&#8221;||||||||&#8221; header_4_text_color=&#8221;#0098af&#8221; header_5_font=&#8221;||||||||&#8221; link_option_url_new_window=&#8221;on&#8221; border_width_all=&#8221;0.5px&#8221; border_color_all=&#8221;rgba(0,0,0,0.46)&#8221;]<\/p>\n<h4><strong>WPC &#8211; Belgian selection for the World Photographic Cup 2021<\/strong><\/h4>\n<p>&nbsp;<\/p>\n<p><img loading=\"lazy\" decoding=\"async\" class=\"alignleft wp-image-1101 size-medium\" src=\"https:\/\/fotofestivalpelt.be\/wp-content\/uploads\/2019\/03\/WPC_logo_300px-300x84.jpg\" alt=\"Logo WPC\" width=\"300\" height=\"84\" srcset=\"https:\/\/fotofestivalpelt.be\/wp-content\/uploads\/2019\/03\/WPC_logo_300px-300x84.jpg 300w, https:\/\/fotofestivalpelt.be\/wp-content\/uploads\/2019\/03\/WPC_logo_300px.jpg 305w\" sizes=\"(max-width: 300px) 100vw, 300px\" \/><\/p>\n<p>In the cafeteria of CC Palethe we show you the Belgian selection for the World Photographic Cup 2021.<\/p>\n<p>This international competition is also called the Olympic Games of Photography.<\/p>\n<p>For the 2021 edition, 38 country teams from 5 continents registered.<\/p>\n<p>Category Commercial: Piroska Mihalka, Sven Van Roy, Marc Wallican<br \/>Category Illustration\/Digital Art: Katti Borr\u00e9, Carine Van Gerven, Sven Van Roy<br \/>Category Nature (Landscape\/Wildlife): Ann Coppens, Robert Smits, Kurt Vandeweerdt<br \/>Category Portrait: Filip Naudts, 2Photographers (Paul Gheyle &amp; J\u00fcrgen de Witte), Robert Biesemans<br \/>Category Reportage\/Photojournalism: Filip Claus, Evi Polak, Filip Santens<br \/>Category Wedding: Robert Biesemans, Ra\u00efs De Weirdt, Evi Polak<\/p>\n<p>We are very pleased to announce that our festival chair Carine Van Gerven has been selected for Team Belgium with a picture in the Illustration \/ Digital Art category.<\/p>\n<p><a href=\"http:\/\/www.worldphotographiccup.org\/\" target=\"_blank\" rel=\"noopener noreferrer\">www.worldphotographiccup.org<\/a><\/p>\n<h4>\u00a0<\/h4>\n<p>&nbsp;<\/p>\n<p>[\/et_pb_text][\/et_pb_column][et_pb_column type=&#8221;2_5&#8243; _builder_version=&#8221;3.25&#8243; background_color=&#8221;#000000&#8243; use_background_color_gradient=&#8221;on&#8221; background_color_gradient_start=&#8221;rgba(0,0,0,0)&#8221; background_color_gradient_end=&#8221;rgba(0,0,0,0.9)&#8221; background_color_gradient_start_position=&#8221;83%&#8221; background_color_gradient_overlays_image=&#8221;on&#8221; background_position=&#8221;top_center&#8221; custom_padding=&#8221;20px|20px|0px|20px&#8221; custom_padding_tablet=&#8221;&#8221; custom_padding_phone=&#8221;5px|5px|5px|5px|true|true&#8221; custom_padding_last_edited=&#8221;on|phone&#8221; custom_padding__hover=&#8221;|||&#8221;][\/et_pb_column][\/et_pb_row][et_pb_row column_structure=&#8221;3_5,2_5&#8243; use_custom_gutter=&#8221;on&#8221; gutter_width=&#8221;1&#8243; make_equal=&#8221;on&#8221; padding_left_right_link_1=&#8221;false&#8221; padding_left_right_link_2=&#8221;true&#8221; admin_label=&#8221;Church&#8221; module_id=&#8221;kerk&#8221; module_class=&#8221; et_pb_row_fullwidth&#8221; _builder_version=&#8221;4.7.7&#8243; width=&#8221;100%&#8221; width_tablet=&#8221;100%&#8221; width_phone=&#8221;&#8221; width_last_edited=&#8221;on|desktop&#8221; max_width=&#8221;100%&#8221; max_width_tablet=&#8221;100%&#8221; max_width_phone=&#8221;&#8221; max_width_last_edited=&#8221;on|desktop&#8221; custom_padding=&#8221;0px||0px|&#8221; make_fullwidth=&#8221;on&#8221;][et_pb_column type=&#8221;3_5&#8243; _builder_version=&#8221;3.25&#8243; background_color=&#8221;#000000&#8243; custom_padding=&#8221;60px|80px|20px|100px&#8221; custom_padding_tablet=&#8221;&#8221; custom_padding_phone=&#8221;5px|10px|5px|10px|false|true&#8221; custom_padding_last_edited=&#8221;on|phone&#8221; custom_padding__hover=&#8221;|||&#8221;][et_pb_text admin_label=&#8221;Bert Daenen&#8221; _builder_version=&#8221;4.9.4&#8243; text_font=&#8221;Montserrat||||||||&#8221; text_text_color=&#8221;#ffffff&#8221; text_font_size=&#8221;16px&#8221; link_font=&#8221;||||||||&#8221; link_text_color=&#8221;#f19413&#8243; header_font=&#8221;||||||||&#8221; header_3_font=&#8221;||||||||&#8221; header_3_text_color=&#8221;#f19413&#8243; header_4_font=&#8221;||||||||&#8221; header_4_text_color=&#8221;#0098af&#8221; link_option_url_new_window=&#8221;on&#8221;]<\/p>\n<h3 id=\"dommelslag\" class=\"font_7\"><strong>St. Martin&#8217;s Church<\/strong><\/h3>\n<p>&nbsp;<\/p>\n<h4><strong>Bert Daenen | behind the mask<\/strong><\/h4>\n<p><img loading=\"lazy\" decoding=\"async\" class=\"wp-image-8433 size-full alignleft\" src=\"https:\/\/fotofestivalpelt.be\/wp-content\/uploads\/2020\/11\/Bert-Daenen_AHM_200px.jpg\" alt=\"\u00a9 Bert Daenen | Achter het masker\" width=\"135\" height=\"200\" \/> For the Tongeren photographer Bert Daenen, the corona crisis was a good time to look for the person behind the mouth mask.<\/p>\n<p>With the exhibition \u201cbehind the mask\u201d photographer Bert Daenen wants to give the care providers a face and a voice, to show the people behind the anonymous term &#8216;care&#8217;.<\/p>\n<p>He went to the Vesalius Hospital in Tongeren, the Jessa Hospital in Hasselt, and the Saint-Trudo Hospital in Sint-Truiden. There he photographed doctors, nurses and support staff after what may have been the most intense period of their careers.<\/p>\n<p>We are exhibiting a selection from the photos that were on display during the summer of 2020 in the Refuge House in Hasselt.<\/p>\n<p><a href=\"https:\/\/www.hetportret.be\" target=\"_blank\" rel=\"noopener\">www.hetportret.be<\/a><\/p>\n<p>Opening hours Saint-Martin&#8217;s Church: every day 10.00 &#8211; 17.00 h, except during church services<\/p>\n<p>&nbsp;<\/p>\n<p>&nbsp;<\/p>\n<p>[\/et_pb_text][\/et_pb_column][et_pb_column type=&#8221;2_5&#8243; _builder_version=&#8221;3.25&#8243; background_color=&#8221;#000000&#8243; use_background_color_gradient=&#8221;on&#8221; background_color_gradient_start=&#8221;rgba(0,0,0,0)&#8221; background_color_gradient_end=&#8221;rgba(0,0,0,0.9)&#8221; background_color_gradient_start_position=&#8221;83%&#8221; background_color_gradient_overlays_image=&#8221;on&#8221; background_position=&#8221;top_center&#8221; custom_padding=&#8221;20px|20px|0px|20px&#8221; custom_padding_tablet=&#8221;&#8221; custom_padding_phone=&#8221;5px|5px|5px|5px|true|true&#8221; custom_padding_last_edited=&#8221;on|phone&#8221; custom_padding__hover=&#8221;|||&#8221;][\/et_pb_column][\/et_pb_row][et_pb_row column_structure=&#8221;3_5,2_5&#8243; use_custom_gutter=&#8221;on&#8221; gutter_width=&#8221;1&#8243; make_equal=&#8221;on&#8221; padding_left_right_link_1=&#8221;false&#8221; padding_left_right_link_2=&#8221;true&#8221; admin_label=&#8221;Kerkdijk&#8221; module_id=&#8221;kerkdijk&#8221; module_class=&#8221; et_pb_row_fullwidth&#8221; _builder_version=&#8221;4.9.4&#8243; width=&#8221;100%&#8221; width_tablet=&#8221;100%&#8221; width_phone=&#8221;&#8221; width_last_edited=&#8221;on|desktop&#8221; max_width=&#8221;100%&#8221; max_width_tablet=&#8221;100%&#8221; max_width_phone=&#8221;&#8221; max_width_last_edited=&#8221;on|desktop&#8221; custom_padding=&#8221;0px||0px|&#8221; make_fullwidth=&#8221;on&#8221;][et_pb_column type=&#8221;3_5&#8243; _builder_version=&#8221;3.25&#8243; background_color=&#8221;#000000&#8243; custom_padding=&#8221;60px|80px|20px|100px&#8221; custom_padding_tablet=&#8221;&#8221; custom_padding_phone=&#8221;5px|10px|5px|10px|false|true&#8221; custom_padding_last_edited=&#8221;on|phone&#8221; custom_padding__hover=&#8221;|||&#8221;][et_pb_text admin_label=&#8221;Award Winners 2019 &#8211; Martin Kryst\u00fdnek&#8221; _builder_version=&#8221;4.9.4&#8243; text_font=&#8221;Montserrat||||||||&#8221; text_text_color=&#8221;#ffffff&#8221; text_font_size=&#8221;16px&#8221; link_font=&#8221;||||||||&#8221; link_text_color=&#8221;#f19413&#8243; header_font=&#8221;||||||||&#8221; header_3_font=&#8221;||||||||&#8221; header_3_text_color=&#8221;#f19413&#8243; header_4_font=&#8221;||||||||&#8221; header_4_text_color=&#8221;#0098af&#8221; header_5_font=&#8221;||||||||&#8221; link_option_url_new_window=&#8221;on&#8221; border_width_all=&#8221;0.5px&#8221; border_color_all=&#8221;rgba(0,0,0,0.46)&#8221;]<\/p>\n<h3><strong>Kerkdijk<\/strong><\/h3>\n<p>Next to the St. Martin&#8217;s church<\/p>\n<h3>Award Winners Lens op de Mens 2019<\/h3>\n<h4>\u00a0<\/h4>\n<h4><strong>Martin Kryst\u00fdnek | Gold Award Professional Photographers<\/strong><\/h4>\n<p>&nbsp;<\/p>\n<p><img loading=\"lazy\" decoding=\"async\" class=\"alignleft wp-image-6584 size-thumbnail\" src=\"https:\/\/fotofestivalpelt.be\/wp-content\/uploads\/2020\/04\/Martin-Kryst\u00fdnek_300x300-150x150.jpg\" alt=\"Martin Kryst\u00fdnek\" width=\"150\" height=\"150\" srcset=\"https:\/\/fotofestivalpelt.be\/wp-content\/uploads\/2020\/04\/Martin-Kryst\u00fdnek_300x300-150x150.jpg 150w, https:\/\/fotofestivalpelt.be\/wp-content\/uploads\/2020\/04\/Martin-Kryst\u00fdnek_300x300.jpg 300w, https:\/\/fotofestivalpelt.be\/wp-content\/uploads\/2020\/04\/Martin-Kryst\u00fdnek_300x300-51x51.jpg 51w\" sizes=\"(max-width: 150px) 100vw, 150px\" \/><\/p>\n<p>Multi-award winning photographer born in Poprad, Slovakia. Martin Kryst\u00fdnek obtained the title of Master Qualified European Photographer (MQEP) in 2019. He is president of the Association of Professional Photographers of Slovak Republic APFSR.<\/p>\n<p>He started working as a professional in 2010. In that year he worked in South America, especially in Paraguay, where he gained the necessary experience. He worked for many important people in the field of politics, modeling or show business.<\/p>\n<p>After years of working in photography, his name became his brand and acquired professional success and experience. In the past 4 years, he has won over 300 international awards, gold, silver and bronze medals and numerous honorable mentions.<\/p>\n<p>His photos have been published in many international photo books around the world.<\/p>\n<p>Nowadays he also works as a curator on the most prestigious, internationally curated <a href=\"https:\/\/1x.com\/\" target=\"_blank\" rel=\"noopener noreferrer\">1x.com<\/a> photo site.<\/p>\n<p>Martin also works as a jury member at international photo competitions. He is a jury member of the QEP and MQEP qualifications of FEP, the Federation of European Professional Photographers, where he has also served as a judge at the FEP Photographer of The Year Awards.<\/p>\n<p><a href=\"https:\/\/www.martinkrystynek.com\" target=\"_blank\" rel=\"noopener noreferrer\">www.martinkrystynek.com<\/a><\/p>\n<p><span data-offset-key=\"7pi70-0-0\"><img loading=\"lazy\" decoding=\"async\" class=\"wp-image-15666 size-full alignleft\" src=\"https:\/\/fotofestivalpelt.be\/wp-content\/uploads\/2021\/04\/Martin_virtual-gallery_300px.jpg\" alt=\"Martin Kryst\u00fdnek virtuel gallery\" width=\"300\" height=\"188\" \/><\/span><\/p>\n<p><span data-offset-key=\"7pi70-0-0\">From 23 April to 23 September 2021, Martin&#8217;s series &#8216;Sensual beauty&#8217; will be on display at a virtual exhibition organised by the XXI Century Gallery and the Polish Association of Art Photographers.<\/span><\/p>\n<p><span data-offset-key=\"7pi70-0-0\">Definitely worth a look at <\/span><a href=\"http:\/\/virtualgallery.forphotography.eu\/\" target=\"_blank\" rel=\"noopener\"><span class=\"py34i1dx\"><span data-offset-key=\"7pi70-1-0\">http:\/\/virtualgallery.forphotography.eu<\/span><\/span><\/a><\/p>\n<p>&nbsp;<\/p>\n<p>&nbsp;<\/p>\n<p>&nbsp;<\/p>\n<p>[\/et_pb_text][et_pb_text admin_label=&#8221;Award Winners 2019 &#8211; Tijs Posen&#8221; _builder_version=&#8221;4.4.9&#8243; text_font=&#8221;Montserrat||||||||&#8221; text_text_color=&#8221;#ffffff&#8221; text_font_size=&#8221;16px&#8221; link_font=&#8221;||||||||&#8221; link_text_color=&#8221;#f19413&#8243; header_font=&#8221;||||||||&#8221; header_3_font=&#8221;||||||||&#8221; header_3_text_color=&#8221;#f19413&#8243; header_4_font=&#8221;||||||||&#8221; header_4_text_color=&#8221;#0098af&#8221; header_5_font=&#8221;||||||||&#8221; link_option_url_new_window=&#8221;on&#8221; border_width_all=&#8221;0.5px&#8221; border_color_all=&#8221;rgba(0,0,0,0.46)&#8221;]<\/p>\n<h4><strong>TijsPosen | Silver Award Professional Photographers<\/strong><\/h4>\n<p>&nbsp;<\/p>\n<p class=\"font_8\"><img loading=\"lazy\" decoding=\"async\" class=\"wp-image-6871 alignleft\" src=\"https:\/\/fotofestivalpelt.be\/wp-content\/uploads\/2020\/07\/Tijs-Posen.jpg\" alt=\"Lens op de Mens 2019 | Silver Professionals \u00a9 Tijs Posen\" width=\"150\" height=\"100\" \/>Tijs Posen. In my main profession I am the manager of an audiovisual company that produces reports and documentaries for a very diverse group of customers. Both channels such as VRT, VTM, Kanaal 2, VITAYA, Vier and TVL as the best-known production houses call on my services as director, reporter and cameraman.<\/p>\n<p>A number of productions can be viewed on the <a href=\"http:\/\/www.pry.be\/\" target=\"_blank\" rel=\"noopener noreferrer\">www.pry.be<\/a> site.<\/p>\n<p>As a lover of beautiful images, I photograph every day for more than 25 years. I have been working as a professional photographer for 5 years.<\/p>\n<p><strong>Who am I<\/strong><br \/>I purify my work. I want to capture the story that an image has to tell as accurately as possible in the best conditions. Light, color, decor, atmosphere\u2026 everything should be right. I understand my subject and intensively capture an atmosphere that belongs to the subject.<\/p>\n<p><strong>Working process<\/strong><br \/>I am convinced that the best images are the most spontaneous. Those that are not forced. That is why I work in a gentle way. I approach my subject without being pushy and let it retain its individuality.<\/p>\n<p><strong>Vision<\/strong><br \/>An image must appear as spontaneous as possible and must be credible. This is possible when light, decor and atmosphere go together perfectly and let the subject come into its own.<\/p>\n<p><strong>Passion<\/strong><br \/>My passion is kneading an image until it has its shape that I know is the perfect one.<\/p>\n<p><strong>Ideas<\/strong><br \/>In photography over the centuries, each period has its own character, its own style. Although it is difficult to escape it, I try not to be influenced by the contemporary styles, fashions, but to maintain a consistent style of its own. A style that is just there when I take my photo.<\/p>\n<p><a href=\"https:\/\/www.tijsposen.be\/\" target=\"_blank\" rel=\"noopener noreferrer\">tijsposen.be<\/a><\/p>\n<p>&nbsp;<\/p>\n<p>[\/et_pb_text][et_pb_text admin_label=&#8221;Award Winners 2019 &#8211; Filip Santens&#8221; _builder_version=&#8221;4.4.9&#8243; text_font=&#8221;Montserrat||||||||&#8221; text_text_color=&#8221;#ffffff&#8221; text_font_size=&#8221;16px&#8221; link_font=&#8221;||||||||&#8221; link_text_color=&#8221;#f19413&#8243; header_font=&#8221;||||||||&#8221; header_3_font=&#8221;||||||||&#8221; header_3_text_color=&#8221;#f19413&#8243; header_4_font=&#8221;||||||||&#8221; header_4_text_color=&#8221;#0098af&#8221; header_5_font=&#8221;||||||||&#8221; link_option_url_new_window=&#8221;on&#8221; border_width_all=&#8221;0.5px&#8221; border_color_all=&#8221;rgba(0,0,0,0.46)&#8221;]<\/p>\n<h4><strong>Filip Santens | Bronze Award Professional Photographers<\/strong><\/h4>\n<p>&nbsp;<\/p>\n<p><img loading=\"lazy\" decoding=\"async\" class=\"alignleft wp-image-6853 size-thumbnail\" src=\"https:\/\/fotofestivalpelt.be\/wp-content\/uploads\/2020\/07\/Filip-Santens-150x150.jpg\" alt=\"\u00a9 Filip Santens\" width=\"150\" height=\"150\" srcset=\"https:\/\/fotofestivalpelt.be\/wp-content\/uploads\/2020\/07\/Filip-Santens-150x150.jpg 150w, https:\/\/fotofestivalpelt.be\/wp-content\/uploads\/2020\/07\/Filip-Santens-51x51.jpg 51w, https:\/\/fotofestivalpelt.be\/wp-content\/uploads\/2020\/07\/Filip-Santens.jpg 200w\" sizes=\"(max-width: 150px) 100vw, 150px\" \/><\/p>\n<p>Photographer Filip Santens is an experienced master photographer who works with great passion on a beautiful portrait that shows the photographed person at its best.<\/p>\n<p><a href=\"http:\/\/www.filipsantens.be\/nl\/\" target=\"_blank\" rel=\"noopener noreferrer\">www.filipsantens.be<\/a><\/p>\n<p>&nbsp;<\/p>\n<p>&nbsp;<\/p>\n<p>&nbsp;<\/p>\n<p>[\/et_pb_text][et_pb_text admin_label=&#8221;Award Winners 2019 &#8211; Livinus Bleyen&#8221; _builder_version=&#8221;4.8.2&#8243; text_font=&#8221;Montserrat||||||||&#8221; text_text_color=&#8221;#ffffff&#8221; text_font_size=&#8221;16px&#8221; link_font=&#8221;||||||||&#8221; link_text_color=&#8221;#f19413&#8243; header_font=&#8221;||||||||&#8221; header_3_font=&#8221;||||||||&#8221; header_3_text_color=&#8221;#f19413&#8243; header_4_font=&#8221;||||||||&#8221; header_4_text_color=&#8221;#0098af&#8221; header_5_font=&#8221;||||||||&#8221; link_option_url_new_window=&#8221;on&#8221; border_width_all=&#8221;0.5px&#8221; border_color_all=&#8221;rgba(0,0,0,0.46)&#8221;]<\/p>\n<h4><strong>Livinus Bleyen | Gold Award Amateur Photographers<\/strong><\/h4>\n<p>&nbsp;<\/p>\n<p><img loading=\"lazy\" decoding=\"async\" class=\"alignleft wp-image-6863 size-thumbnail\" src=\"https:\/\/fotofestivalpelt.be\/wp-content\/uploads\/2020\/07\/Livinus-Bleyen-150x150.jpg\" alt=\"Lens op de Mens 2019 | Gold Professionals \u00a9 Livinus Bleyen\" width=\"150\" height=\"150\" srcset=\"https:\/\/fotofestivalpelt.be\/wp-content\/uploads\/2020\/07\/Livinus-Bleyen-150x150.jpg 150w, https:\/\/fotofestivalpelt.be\/wp-content\/uploads\/2020\/07\/Livinus-Bleyen-51x51.jpg 51w, https:\/\/fotofestivalpelt.be\/wp-content\/uploads\/2020\/07\/Livinus-Bleyen.jpg 200w\" sizes=\"(max-width: 150px) 100vw, 150px\" \/><span class=\" mobile-undersized-upper\">I live in Flanders, the northern part of Belgium, where I have been a photographer for at least 35 years.<br \/><\/span><span class=\" mobile-undersized-upper\">My photographic roots are in the darkroom but today my photography is 100 % digital.<\/span><span class=\" mobile-undersized-upper\">\u00a0<\/span><\/p>\n<p><span class=\" mobile-undersized-upper\">I enjoy photographing sports and movements, animals, people and places, landscapes,&#8230; in fact anything and everything in front of my camera. I also enjoy producing altered images.<br \/><\/span><span class=\" mobile-undersized-upper\">Regularly I am taking part in regional, national and international photo competitions and exhibitions. My pictures have been shown in more than 50 countries, in 5 continents.<\/span><\/p>\n<p>In 2020 I received from the <strong>International Federation of Photographic Art &#8211; FIAP<\/strong>, as the first Belgian so far, the 9th artistic title: <strong>Excellence FIAP diamond 3 (EFIAP\/d3)<\/strong>.<\/p>\n<p><a href=\"http:\/\/livinusbleyen.com\/index.html\" target=\"_blank\" rel=\"noopener noreferrer\">livinusbleyen.com<\/a><\/p>\n<p>&nbsp;<\/p>\n<p>[\/et_pb_text][et_pb_text admin_label=&#8221;Award Winners 2019 &#8211; Patje Vandebroek&#8221; _builder_version=&#8221;4.7.7&#8243; text_font=&#8221;Montserrat||||||||&#8221; text_text_color=&#8221;#ffffff&#8221; text_font_size=&#8221;16px&#8221; link_font=&#8221;||||||||&#8221; link_text_color=&#8221;#f19413&#8243; header_font=&#8221;||||||||&#8221; header_3_font=&#8221;||||||||&#8221; header_3_text_color=&#8221;#f19413&#8243; header_4_font=&#8221;||||||||&#8221; header_4_text_color=&#8221;#0098af&#8221; header_5_font=&#8221;||||||||&#8221; link_option_url_new_window=&#8221;on&#8221; border_width_all=&#8221;0.5px&#8221; border_color_all=&#8221;rgba(0,0,0,0.46)&#8221;]<\/p>\n<h4><strong>Patje Vandebroek | Silver Award Amateur Potographers<\/strong><\/h4>\n<p>&nbsp;<\/p>\n<p>\u200b<img loading=\"lazy\" decoding=\"async\" class=\"wp-image-8700 alignleft\" src=\"https:\/\/fotofestivalpelt.be\/wp-content\/uploads\/2020\/12\/Patje_VDBroek_300px.jpg\" alt=\"\u00a9 Patje Vandebroek\" width=\"225\" height=\"150\" \/>Vandebroek Jacky officially, baptized Patrick, called Patje and sometimes Pietje.<br \/>Born and raised and still living and working in Neerpelt (B), now Pelt.<\/p>\n<p>As a 15-16 year old I was already fascinated by photography. My first decent camera was a Chinon CM-4, already with a power winder and 1 lens, the 70-210 mm.<br \/>After being married and becoming a father, photography is put on the back burner.<\/p>\n<p>Around the age of 40 I suddenly got a digital camera (Minolta) in my hands from a friend who had bought himself a new Canon, without his wife knowing. And the train had left again.<\/p>\n<p>I think I have a fairly good understanding of photography and I like nothing better than passing on the knowledge I have to others, which is very satisfying. It is even better when you see that those people then pass it on to others. That is what we all do it for.<\/p>\n<p>As long as my health allows it, I will continue to photograph, because it remains a fascinating hobby, although they say that everything has already been photographed. This only adds to the challenge.<\/p>\n<p><a href=\"https:\/\/www.flickr.com\/photos\/150930629@N08\/\" target=\"_blank\" rel=\"noopener noreferrer\">https:\/\/www.flickr.com\/photos\/150930629@N08\/<\/a><\/p>\n<p>&nbsp;<\/p>\n<p>[\/et_pb_text][et_pb_text admin_label=&#8221;Award Winners 2019 &#8211; Marc Apers&#8221; _builder_version=&#8221;4.9.1&#8243; text_font=&#8221;Montserrat||||||||&#8221; text_text_color=&#8221;#ffffff&#8221; text_font_size=&#8221;16px&#8221; link_font=&#8221;||||||||&#8221; link_text_color=&#8221;#f19413&#8243; header_font=&#8221;||||||||&#8221; header_3_font=&#8221;||||||||&#8221; header_3_text_color=&#8221;#f19413&#8243; header_4_font=&#8221;||||||||&#8221; header_4_text_color=&#8221;#0098af&#8221; header_5_font=&#8221;||||||||&#8221; link_option_url_new_window=&#8221;on&#8221; border_width_all=&#8221;0.5px&#8221; border_color_all=&#8221;rgba(0,0,0,0.46)&#8221;]<\/p>\n<h4><strong>Marc Apers | Bronze Award Amateur Photographers<\/strong><\/h4>\n<p>&nbsp;<\/p>\n<p><img loading=\"lazy\" decoding=\"async\" class=\"alignleft wp-image-5203\" src=\"https:\/\/fotofestivalpelt.be\/wp-content\/uploads\/2019\/05\/Marc-Apers_600px.jpg\" alt=\"\" width=\"150\" height=\"150\" srcset=\"https:\/\/fotofestivalpelt.be\/wp-content\/uploads\/2019\/05\/Marc-Apers_600px.jpg 602w, https:\/\/fotofestivalpelt.be\/wp-content\/uploads\/2019\/05\/Marc-Apers_600px-150x150.jpg 150w, https:\/\/fotofestivalpelt.be\/wp-content\/uploads\/2019\/05\/Marc-Apers_600px-300x300.jpg 300w, https:\/\/fotofestivalpelt.be\/wp-content\/uploads\/2019\/05\/Marc-Apers_600px-350x350.jpg 350w, https:\/\/fotofestivalpelt.be\/wp-content\/uploads\/2019\/05\/Marc-Apers_600px-51x51.jpg 51w\" sizes=\"(max-width: 150px) 100vw, 150px\" \/>Freelance photographer, always looking for typical black and white subjects with an emphasis on shapes and structures, light and dark, sun and shadow. Subjects where color is not very important. These subjects can be found in the human face and more specifically in the eyes, the &#8220;soul&#8221; of man. My portfolio therefore mainly consists of black and white portraits. Making portraits of people in their natural environment is the subject that interests me the most. For me, people are an inexhaustible source of inspiration. Many say that I possess a natural ability to approach people appropriately and thus persuade people to pose in front of my lens. A judgment that I leave to you, I know that it is extremely important to always show respect and sincere interest for the person portrayed. That is why I never make a portrait without first starting a small conversation with the people I meet. I openly and honestly introduce myself to them as if I am one of them. A wink, a short chat and a smiling face will convince them to pose for me. The greatest pleasure, however, is that afterwards they sometimes tell me their entire life story. Combining emotion and story in one image is my ultimate goal.<\/p>\n<p>An overview of my current work can be admired on the <a href=\"https:\/\/1x.com\" target=\"_blank\" rel=\"noopener noreferrer\">1x.com<\/a> photo site for which I also act as one of the moderators without obligation.<\/p>\n<p><a href=\"http:\/\/www.marcapers.be\" target=\"_blank\" rel=\"noopener noreferrer\">www.marcapers.be<br \/><\/a><\/p>\n<p>&nbsp;<\/p>\n<p>[\/et_pb_text][et_pb_text admin_label=&#8221;Award Winners 2019 &#8211; Glenn Vanderbeke&#8221; _builder_version=&#8221;4.9.4&#8243; text_font=&#8221;Montserrat||||||||&#8221; text_text_color=&#8221;#ffffff&#8221; text_font_size=&#8221;16px&#8221; link_font=&#8221;||||||||&#8221; link_text_color=&#8221;#f19413&#8243; header_font=&#8221;||||||||&#8221; header_3_font=&#8221;||||||||&#8221; header_3_text_color=&#8221;#f19413&#8243; header_4_font=&#8221;||||||||&#8221; header_4_text_color=&#8221;#0098af&#8221; header_5_font=&#8221;||||||||&#8221; link_option_url_new_window=&#8221;on&#8221; border_width_all=&#8221;0.5px&#8221; border_color_all=&#8221;rgba(0,0,0,0.46)&#8221;]<\/p>\n<h4><strong>Glenn Vanderbeke | Most Promising Young Photographer under 30 years of age<\/strong><\/h4>\n<p>&nbsp;<\/p>\n<p><img loading=\"lazy\" decoding=\"async\" class=\"alignleft wp-image-15677 size-thumbnail\" src=\"https:\/\/fotofestivalpelt.be\/wp-content\/uploads\/2021\/04\/Glenn-Portret-\u00a9-Kjeld-Pickery_300px-150x150.jpg\" alt=\"Glenn Vanderbeke \u00a9 Kjeld Pickery\" width=\"150\" height=\"150\" srcset=\"https:\/\/fotofestivalpelt.be\/wp-content\/uploads\/2021\/04\/Glenn-Portret-\u00a9-Kjeld-Pickery_300px-150x150.jpg 150w, https:\/\/fotofestivalpelt.be\/wp-content\/uploads\/2021\/04\/Glenn-Portret-\u00a9-Kjeld-Pickery_300px.jpg 300w, https:\/\/fotofestivalpelt.be\/wp-content\/uploads\/2021\/04\/Glenn-Portret-\u00a9-Kjeld-Pickery_300px-51x51.jpg 51w\" sizes=\"(max-width: 150px) 100vw, 150px\" \/><\/p>\n<p>With Torhout as his base, Glenn Vanderbeke (\u00b01989) discovers Belgium. At the age of 20 he took his first SLR camera in hand. Not long after that, photography evolved into an obsession. As a nature and &#8216;outdoor&#8217; enthusiast, he mainly focuses on the Belgian landscape.<\/p>\n<p>In 2016 he launched his series #yesthisisalsobelgium on Instagram with which he shares the beauty and diversity of Belgium with his viewers. The loneliness or just the hustle and bustle typify his images, as do the many trees that work as a red line in his portfolio.<\/p>\n<p>Over the years, his view of photographing landscapes has changed. What was initially experienced as a disturbing element, is now an added value. Empty landscapes are timeless and beautiful to look at, but the coincidental presence of a person in the right place gives the photo just that little bit of extra atmosphere.<\/p>\n<p><a href=\"https:\/\/glennvanderbeke.com\" target=\"_blank\" rel=\"noopener noreferrer\">glennvanderbeke.com<\/a><br \/><a href=\"https:\/\/www.instagram.com\/glenn_vanderbekeinfo@glennvanderbeke.com\" target=\"_blank\" rel=\"noopener\">www.instagram.com\/glenn_vanderbekeinfo@glennvanderbeke.com<\/a><br \/><a href=\"mailto:info@glennvanderbeke.com\" target=\"_blank\" rel=\"noopener\">info@glennvanderbeke.com<\/a><\/p>\n<p>&nbsp;<\/p>\n<p>[\/et_pb_text][et_pb_text admin_label=&#8221;Award Winners 2019 &#8211; Peter Testelmans&#8221; _builder_version=&#8221;4.7.0&#8243; text_font=&#8221;Montserrat||||||||&#8221; text_text_color=&#8221;#ffffff&#8221; text_font_size=&#8221;16px&#8221; link_font=&#8221;||||||||&#8221; link_text_color=&#8221;#f19413&#8243; header_font=&#8221;||||||||&#8221; header_3_font=&#8221;||||||||&#8221; header_3_text_color=&#8221;#f19413&#8243; header_4_font=&#8221;||||||||&#8221; header_4_text_color=&#8221;#0098af&#8221; header_5_font=&#8221;||||||||&#8221; link_option_url_new_window=&#8221;on&#8221; border_width_all=&#8221;0.5px&#8221; border_color_all=&#8221;rgba(0,0,0,0.46)&#8221;]<\/p>\n<h4><strong>Peter Testelmans | Most Creative Photography<\/strong><\/h4>\n<p>&nbsp;<\/p>\n<p><img loading=\"lazy\" decoding=\"async\" class=\"alignleft wp-image-6883 size-thumbnail\" src=\"https:\/\/fotofestivalpelt.be\/wp-content\/uploads\/2020\/07\/Peter-Testelmans-150x150.jpg\" alt=\"Lens op de Mens 2019 | Award Creative Photography \u00a9 Peter Testelmans\" width=\"150\" height=\"150\" srcset=\"https:\/\/fotofestivalpelt.be\/wp-content\/uploads\/2020\/07\/Peter-Testelmans-150x150.jpg 150w, https:\/\/fotofestivalpelt.be\/wp-content\/uploads\/2020\/07\/Peter-Testelmans-51x51.jpg 51w, https:\/\/fotofestivalpelt.be\/wp-content\/uploads\/2020\/07\/Peter-Testelmans.jpg 200w\" sizes=\"(max-width: 150px) 100vw, 150px\" \/>It is only with your Heart that you can see rightly what is essential&#8230;.<\/p>\n<div class=\"Preview_row__3Fkye row\">\n<div class=\"Preview_componentWrapper__2i4QI\" data-id=\"5E4927BD-3382-49AF-903F-58AFD1793EAA\" data-kind=\"TEXT\">\n<div class=\" Preview_component__SbiKo text-align-null\" data-in-template=\"false\" data-id=\"5E4927BD-3382-49AF-903F-58AFD1793EAA\" data-kind=\"Component\" data-specific-kind=\"TEXT\">\n<div class=\"styles_contentContainer__lrPIa textnormal styles_text__3jGMu\" data-mve-font-change=\"0\">\n<p class=\"\">A dancer uses the full potential of his body, to create a moving sculpture that is in perfect harmony, with the music and the emotions that are alive in his being. Visualising every feeling in a continuous movement to create their dance.<\/p>\n<p class=\"\">Capturing this moment, that maybe only exists for a split second, invisible to the eye, made eternal in a single image.<\/p>\n<p class=\"\">This is my Art. My gift to you, your moment, everlasting&#8230;.<\/p>\n<p><a href=\"https:\/\/museheartphotography.com\/index.html\" target=\"_blank\" rel=\"noopener noreferrer\">museheartphotography.com<\/a><\/p>\n<\/div>\n<\/div>\n<\/div>\n<\/div>\n<p>&nbsp;<\/p>\n<p>[\/et_pb_text][\/et_pb_column][et_pb_column type=&#8221;2_5&#8243; _builder_version=&#8221;3.25&#8243; background_color=&#8221;#000000&#8243; use_background_color_gradient=&#8221;on&#8221; background_color_gradient_start=&#8221;rgba(0,0,0,0)&#8221; background_color_gradient_end=&#8221;rgba(0,0,0,0.9)&#8221; background_color_gradient_start_position=&#8221;83%&#8221; background_color_gradient_overlays_image=&#8221;on&#8221; background_position=&#8221;top_center&#8221; custom_padding=&#8221;20px|20px|0px|20px&#8221; custom_padding_tablet=&#8221;&#8221; custom_padding_phone=&#8221;5px|5px|5px|5px|true|true&#8221; custom_padding_last_edited=&#8221;on|phone&#8221; custom_padding__hover=&#8221;|||&#8221;][et_pb_image src=&#8221;https:\/\/fotofestivalpelt.be\/wp-content\/uploads\/2020\/04\/P162_Kryst\u00fdnek_Martin_2000px.jpg&#8221; alt=&#8221;\u00a9 Martin Kryst\u00fdnek&#8221; title_text=&#8221;P162_Kryst\u00fdnek_Martin_2000px&#8221; _builder_version=&#8221;4.9.4&#8243; _module_preset=&#8221;default&#8221;][\/et_pb_image][\/et_pb_column][\/et_pb_row][et_pb_row column_structure=&#8221;3_5,2_5&#8243; use_custom_gutter=&#8221;on&#8221; gutter_width=&#8221;1&#8243; make_equal=&#8221;on&#8221; padding_left_right_link_1=&#8221;false&#8221; padding_left_right_link_2=&#8221;true&#8221; admin_label=&#8221;Footpath&#8221; module_id=&#8221;footpath&#8221; module_class=&#8221; et_pb_row_fullwidth&#8221; _builder_version=&#8221;4.9.3&#8243; width=&#8221;100%&#8221; width_tablet=&#8221;100%&#8221; width_phone=&#8221;&#8221; width_last_edited=&#8221;on|desktop&#8221; max_width=&#8221;100%&#8221; max_width_tablet=&#8221;100%&#8221; max_width_phone=&#8221;&#8221; max_width_last_edited=&#8221;on|desktop&#8221; custom_padding=&#8221;0px||0px|&#8221; make_fullwidth=&#8221;on&#8221;][et_pb_column type=&#8221;3_5&#8243; _builder_version=&#8221;3.25&#8243; background_color=&#8221;#000000&#8243; custom_padding=&#8221;60px|80px|20px|100px&#8221; custom_padding_tablet=&#8221;&#8221; custom_padding_phone=&#8221;5px|10px|5px|10px|false|true&#8221; custom_padding_last_edited=&#8221;on|phone&#8221; custom_padding__hover=&#8221;|||&#8221;][et_pb_text admin_label=&#8221;Jury: Johan Brouwers&#8221; _builder_version=&#8221;4.9.3&#8243; text_font=&#8221;Montserrat||||||||&#8221; text_text_color=&#8221;#ffffff&#8221; text_font_size=&#8221;16px&#8221; link_font=&#8221;||||||||&#8221; link_text_color=&#8221;#f19413&#8243; header_font=&#8221;||||||||&#8221; header_3_font=&#8221;||||||||&#8221; header_3_text_color=&#8221;#f19413&#8243; header_4_font=&#8221;||||||||&#8221; header_4_text_color=&#8221;#0098af&#8221; background_color=&#8221;#000000&#8243;]<\/p>\n<h3 id=\"pellemelle\" class=\"font_7\"><strong>Footpath Rodenbachlaan &#8211; Bemvaartstraat<\/strong><\/h3>\n<p>Access via Rodenbachlaan next to house n. 12<\/p>\n<h3>The Jury<\/h3>\n<h4>\u00a0<\/h4>\n<h4 class=\"font_7\"><strong>The jury | Johan Brouwers, chairman<\/strong><strong>\u00a0(BEL)<\/strong><\/h4>\n<p>I like to capture the image of people as they occur spontaneously. No deliberate or requested poses. Snapshots in which their glance, their attitude often tells a lot about what they think, including me.<\/p>\n<p>Was also jury chairman of the 2017 and 2019 edition. QEP \u2013 Qualified European Photographer. Board member of the National Association of Professional Photographers (NVB). Chairman of the EP jury (European Photographer), a basic qualification for photographers, awarded by the FEP \u2013 Federation of European Professional Photographers. Chairman of the FEP European Professional Photographer of the Year Awards Competition from the 2019 edition.<\/p>\n<p>&nbsp;<\/p>\n<p>[\/et_pb_text][et_pb_text admin_label=&#8221;Jury: Caroline Alida&#8221; _builder_version=&#8221;4.8.1&#8243; text_font=&#8221;Montserrat||||||||&#8221; text_text_color=&#8221;#ffffff&#8221; text_font_size=&#8221;16px&#8221; link_font=&#8221;||||||||&#8221; link_text_color=&#8221;#f19413&#8243; header_font=&#8221;||||||||&#8221; header_3_font=&#8221;||||||||&#8221; header_3_text_color=&#8221;#f19413&#8243; header_4_font=&#8221;||||||||&#8221; header_4_text_color=&#8221;#0098af&#8221; background_color=&#8221;#000000&#8243;]<\/p>\n<h4><strong>The jury | Caroline Alida (BEL)<\/strong><\/h4>\n<p>Caroline Alida was one of the guest photographers of Lens op de Mens 2019. Her work was on display at the Maria Hospital.<\/p>\n<p>All the projects of Caroline Alida (BEL) are developed around a theme and are the result of years of work. Her focus is on <em>human interest<\/em> photography of marginal people. Her pictures show the inner world of these vulnerable people. Her main projects have been published: <em>Bori \/ Healers of the Soul<\/em> (Niger) &#8211; exhibited at FOMU 2010 &#8211; and <em>Hearing Songs in Pine Trees<\/em> (Eastern Siberia). Her work is a mix of both analog and digital photography.<\/p>\n<p>Recently she was selected by LensCulture to participate in an intensive Masterclass Visual StoryTelling. As a result, story and environment have gained more importance in her recent work.<\/p>\n<p><a href=\"https:\/\/www.caroline-alida.be\" target=\"_blank\" rel=\"noopener\">www.caroline-alida.be<\/a><\/p>\n<p>&nbsp;<\/p>\n<p>[\/et_pb_text][et_pb_text admin_label=&#8221;Jury: Kattoo Hillewaere&#8221; _builder_version=&#8221;4.9.3&#8243; text_font=&#8221;Montserrat||||||||&#8221; text_text_color=&#8221;#ffffff&#8221; text_font_size=&#8221;16px&#8221; link_font=&#8221;||||||||&#8221; link_text_color=&#8221;#f19413&#8243; header_font=&#8221;||||||||&#8221; header_3_font=&#8221;||||||||&#8221; header_3_text_color=&#8221;#f19413&#8243; header_4_font=&#8221;||||||||&#8221; header_4_text_color=&#8221;#0098af&#8221; background_color=&#8221;#000000&#8243;]<\/p>\n<h4><strong>The jury | Kattoo Hillewaere (BEL)<\/strong><\/h4>\n<p>Freelance photographer and teacher at CVO Gent and Vorming Plus. She organises photo trips to Russia and gives many short and very practical workshops with the idea that investing in knowledge is smarter and more sustainable than investing in material. In the same spirit, she regularly writes articles for Shoot magazine.<\/p>\n<p><a href=\"https:\/\/kattoo.be\/\" target=\"_blank\" rel=\"noopener\">kattoo.be<\/a><\/p>\n<p>&nbsp;<\/p>\n<p>[\/et_pb_text][et_pb_text admin_label=&#8221;Jury: Zjuul Devens&#8221; _builder_version=&#8221;4.7.7&#8243; text_font=&#8221;Montserrat||||||||&#8221; text_text_color=&#8221;#ffffff&#8221; text_font_size=&#8221;16px&#8221; link_font=&#8221;||||||||&#8221; link_text_color=&#8221;#f19413&#8243; header_font=&#8221;||||||||&#8221; header_3_font=&#8221;||||||||&#8221; header_3_text_color=&#8221;#f19413&#8243; header_4_font=&#8221;||||||||&#8221; header_4_text_color=&#8221;#0098af&#8221; background_color=&#8221;#000000&#8243;]<\/p>\n<h4><strong>The jury | Zjuul Devens (BEL)<\/strong><\/h4>\n<p>Visual artist, photographer, filmmaker, graduated in Visual Arts and Photography. He was lecturer in audiovisual communication and multimedia at the Plantijn Hogeschool of the Province of Antwerp, department of communication management.<\/p>\n<p>He exhibits both nationally and internationally, individually and in group. This is done with photographic work, video installations, slide projections, video, but also with sculpture and installations.<\/p>\n<p>He also collaborates with and for other visual artists, dancers, musicians, theater makers. As a professional photographer, he was a devil-doing-all. Passionate macro photographer. Now he is mainly concerned with the theme of transience. He likes to give dead half-decayed insects a \u201cnew life\u201d.<\/p>\n<p>As a volunteer for Child Help, he also photographs and films in Africa. There he discovered the love for documentary photography.<\/p>\n<p>For him, photography and art are a part of his life.<\/p>\n<p>&nbsp;<\/p>\n<p>[\/et_pb_text][et_pb_text admin_label=&#8221;Jury: Andy Hens&#8221; _builder_version=&#8221;4.8.1&#8243; text_font=&#8221;Montserrat||||||||&#8221; text_text_color=&#8221;#ffffff&#8221; text_font_size=&#8221;16px&#8221; link_font=&#8221;||||||||&#8221; link_text_color=&#8221;#f19413&#8243; header_font=&#8221;||||||||&#8221; header_3_font=&#8221;||||||||&#8221; header_3_text_color=&#8221;#f19413&#8243; header_4_font=&#8221;||||||||&#8221; header_4_text_color=&#8221;#0098af&#8221; background_color=&#8221;#000000&#8243;]<\/p>\n<h4><strong>The jury | Andy Hens (BEL\/DEU)<\/strong><\/h4>\n<p>To disclose the nature of man through photographs, that is the highest art of photography.<br \/>Usually people just look after a photo. People rarely look into it.<\/p>\n<p>MQEP \u2013 Master Qualified European Photographer. Belgian photographer who lives and works in Germany. Experienced jury member for the QEP and Master QEP qualifications of the Federation of European Professional Photographers. Photography teacher at the Handwerkskammer in Dortmund. Experienced cgi artist (cumputer-generated imagery).<\/p>\n<p><a href=\"https:\/\/www.europeanphotographers.eu\/members\/andy-j-j-hens\/\" target=\"_blank\" rel=\"noopener noreferrer\">https:\/\/www.europeanphotographers.eu\/members\/andy-j-j-hens\/<\/a><\/p>\n<p>&nbsp;<\/p>\n<p>[\/et_pb_text][et_pb_text admin_label=&#8221;Jury: Jim Lowe&#8221; _builder_version=&#8221;3.27.4&#8243; text_font=&#8221;Montserrat||||||||&#8221; text_text_color=&#8221;#ffffff&#8221; text_font_size=&#8221;16px&#8221; link_font=&#8221;||||||||&#8221; link_text_color=&#8221;#f19413&#8243; header_font=&#8221;||||||||&#8221; header_3_font=&#8221;||||||||&#8221; header_3_text_color=&#8221;#f19413&#8243; header_4_font=&#8221;||||||||&#8221; header_4_text_color=&#8221;#0098af&#8221; background_color=&#8221;#000000&#8243;]<\/p>\n<h4><strong>The jury | Jim Lowe (GBR)<\/strong><\/h4>\n<p>Jim has been a professional photographer for 40 years, during which time he has worked for the UK\u2019s Ministry of Defence, Portsmouth Polytechnic &amp; Westinghouse Brake and Signal Company. The majority of his images are now captured using digital technology, but he also undertakes assignments using close-up and macro photography using large format cameras. He is well known for his black and white landscapes for which he uses traditional film, hand printing them to exhibition quality. These have been acquired by collectors as far afield as Japan, India, South Africa, Canada and The Republic of Ireland as well as the UK and Europe (London, Moscow, Bath, Wiltshire and Cornwall).<\/p>\n<p>From 2009-2018, as well as continuing with his other activities, Jim, has been lecturing at Falmouth University, Cornwall on The Marine and Natural History Course and was made Award Leader in September 2012.<\/p>\n<p>Jim Lowe was a Vice-President of the Federation of European Photographers from 2000 to 2010 and is currently Chairman of their Qualifications Board. He was amongst the first European Professional Photographers to achieve the FEP, QEP distinction in Architecture and from the 45 British photographers who have gained this qualification is the only one qualified and practising Architectural Photography.<\/p>\n<p><a href=\"http:\/\/www.jimlowe.co.uk\/frontpage2.htm\" target=\"_blank\" rel=\"noopener noreferrer\">www.jimlowe.co.uk\/frontpage2.htm<\/a><\/p>\n<p>&nbsp;<\/p>\n<p>[\/et_pb_text][et_pb_text admin_label=&#8221;Jury: Carol Olerud&#8221; _builder_version=&#8221;4.7.7&#8243; text_font=&#8221;Montserrat||||||||&#8221; text_text_color=&#8221;#ffffff&#8221; text_font_size=&#8221;16px&#8221; link_font=&#8221;||||||||&#8221; link_text_color=&#8221;#f19413&#8243; header_font=&#8221;||||||||&#8221; header_3_font=&#8221;||||||||&#8221; header_3_text_color=&#8221;#f19413&#8243; header_4_font=&#8221;||||||||&#8221; header_4_text_color=&#8221;#0098af&#8221; background_color=&#8221;#000000&#8243;]<\/p>\n<h4 class=\"font_7\"><strong>The jury | Carol Olerud (UK)<\/strong><\/h4>\n<p>Carol gained her Associate Distinction with the Royal Photographic Society (RPS) in April 2018 in the Conceptual and Contemporary genre with a panel of fifteen photos.<\/p>\n<p>She is the joint organiser for the Benelux Chapter of the RPS since June 2020. Carol runs the Study Group Zoom sessions every three weeks, which is very successful.<\/p>\n<p>Carol was born in Australia and lives in The Netherlands, she is an active member of many photography groups. She is the Dutch co-ordinator of the <em>National Group Documentary Photography<\/em> in the Fotobond, with 38 members from all over the country.<\/p>\n<p>Carol is also the co-ordinator of the photography collective <em>Visie+<\/em> which is a regional group. She also is the chairman at the local photo club <em>Fotowerkgroep De Verbeelding<\/em> and she is also a member of <em>LeVeL 5<\/em>, which is a small group of amateur photographers.<\/p>\n<p>Carol has experience in judging photos on regional, national and international levels. She was a judge in the Holland International Image Circuit of 2020 where nearly 7,200 photos were judged over a period of three days, a massive task. There were 683 participants from 63 countries.<\/p>\n<p>At regional levels Carol has judged at several themed competitions, e.g. \u2018Abstract\u2019, Street photography and other bodies of series of work. She has also judged at yearly portfolio competitions where the best overall winners were selected.<\/p>\n<p>For the Benelux Chapter members yearly exhibitions 2019 and 2020 Carol was one of the jury members for the selection of the best photos.<\/p>\n<p>Carol takes part in masterclasses and workshops and has a general good knowledge of photography in all it\u2019s aspects and genres. She takes part in competitions, has exhibitions and is currently candidate BMK (Bonds Meester Klasse of the Fotobond).<\/p>\n<p><a href=\"http:\/\/www.carololerud.com\" target=\"_blank\" rel=\"noopener\">www.carololerud.com<\/a><br \/><a href=\"https:\/\/rps.org\" target=\"_blank\" rel=\"noopener\">www.rps.org<\/a><\/p>\n<p>&nbsp;<\/p>\n<p>[\/et_pb_text][et_pb_text admin_label=&#8221;Jury: Jos Verhoogen&#8221; _builder_version=&#8221;4.8.1&#8243; text_font=&#8221;Montserrat||||||||&#8221; text_text_color=&#8221;#ffffff&#8221; text_font_size=&#8221;16px&#8221; link_font=&#8221;||||||||&#8221; link_text_color=&#8221;#f19413&#8243; header_font=&#8221;||||||||&#8221; header_3_font=&#8221;||||||||&#8221; header_3_text_color=&#8221;#f19413&#8243; header_4_font=&#8221;||||||||&#8221; header_4_text_color=&#8221;#0098af&#8221; background_color=&#8221;#000000&#8243;]<\/p>\n<h4 class=\"font_7\"><strong>The jury | Jos Verhoogen (BEL)<\/strong><\/h4>\n<p>If I have to find one constant topic, it has to be man himself. Man is in the centre in most of my pictures. Whether it is a famous artist or a mother to be, it is always a challenge to find the right link. A feeling of trust which allows you to make powerful pictures. Pictures that mean more than just the right light or the perfect focus.<\/p>\n<p>MQEP \u2013 Master Qualified European Photographer. 40 years of experience as a professional photographer, lecturer in reportage photography and several times as a jury member for the FEP and other international photo competitions. His photos won numerous national and international awards.<\/p>\n<p><a href=\"https:\/\/www.verhoogen.be\" target=\"_blank\" rel=\"noopener noreferrer\">www.verhoogen.be<\/a><\/p>\n<p>[\/et_pb_text][\/et_pb_column][et_pb_column type=&#8221;2_5&#8243; _builder_version=&#8221;3.25&#8243; background_color=&#8221;#000000&#8243; use_background_color_gradient=&#8221;on&#8221; background_color_gradient_start=&#8221;rgba(0,0,0,0)&#8221; background_color_gradient_end=&#8221;rgba(0,0,0,0.9)&#8221; background_color_gradient_start_position=&#8221;83%&#8221; background_color_gradient_overlays_image=&#8221;on&#8221; background_position=&#8221;top_center&#8221; custom_padding=&#8221;20px|20px|0px|20px&#8221; custom_padding_tablet=&#8221;&#8221; custom_padding_phone=&#8221;5px|5px|5px|5px|true|true&#8221; custom_padding_last_edited=&#8221;on|phone&#8221; custom_padding__hover=&#8221;|||&#8221;][\/et_pb_column][\/et_pb_row][et_pb_row column_structure=&#8221;3_5,2_5&#8243; use_custom_gutter=&#8221;on&#8221; gutter_width=&#8221;1&#8243; make_equal=&#8221;on&#8221; padding_left_right_link_1=&#8221;false&#8221; padding_left_right_link_2=&#8221;true&#8221; admin_label=&#8221;New Market&#8221; module_id=&#8221;newmarket&#8221; module_class=&#8221; et_pb_row_fullwidth&#8221; _builder_version=&#8221;4.9.3&#8243; width=&#8221;100%&#8221; width_tablet=&#8221;100%&#8221; width_phone=&#8221;&#8221; width_last_edited=&#8221;on|desktop&#8221; max_width=&#8221;100%&#8221; max_width_tablet=&#8221;100%&#8221; max_width_phone=&#8221;&#8221; max_width_last_edited=&#8221;on|desktop&#8221; custom_padding=&#8221;0px||0px|&#8221; make_fullwidth=&#8221;on&#8221;][et_pb_column type=&#8221;3_5&#8243; _builder_version=&#8221;3.25&#8243; background_color=&#8221;#000000&#8243; custom_padding=&#8221;60px|80px|20px|100px&#8221; custom_padding_tablet=&#8221;&#8221; custom_padding_phone=&#8221;5px|10px|5px|10px|false|true&#8221; custom_padding_last_edited=&#8221;on|phone&#8221; custom_padding__hover=&#8221;|||&#8221;][et_pb_text admin_label=&#8221;Wittenberg&#8221; _builder_version=&#8221;4.9.3&#8243; text_font=&#8221;Montserrat||||||||&#8221; text_text_color=&#8221;#ffffff&#8221; text_font_size=&#8221;16px&#8221; link_font=&#8221;||||||||&#8221; link_text_color=&#8221;#f19413&#8243; header_font=&#8221;||||||||&#8221; header_3_font=&#8221;||||||||&#8221; header_3_text_color=&#8221;#f19413&#8243; header_4_font=&#8221;||||||||&#8221; header_4_text_color=&#8221;#0098af&#8221; link_option_url_new_window=&#8221;on&#8221;]<\/p>\n<h3 id=\"dommelslag\" class=\"font_7\"><strong>Nieuwe Markt \/ New Market<\/strong><\/h3>\n<h4>\u00a0<\/h4>\n<h4><strong>Ilan Wittenberg (NZL) | Faces of Cairo<\/strong><\/h4>\n<p><img loading=\"lazy\" decoding=\"async\" class=\"alignleft wp-image-10006 size-thumbnail\" src=\"https:\/\/fotofestivalpelt.be\/wp-content\/uploads\/2021\/01\/Ilan-Wittenberg_self_bw_400px-150x150.jpg\" alt=\"Ilan Wittenberg\" width=\"150\" height=\"150\" srcset=\"https:\/\/fotofestivalpelt.be\/wp-content\/uploads\/2021\/01\/Ilan-Wittenberg_self_bw_400px-150x150.jpg 150w, https:\/\/fotofestivalpelt.be\/wp-content\/uploads\/2021\/01\/Ilan-Wittenberg_self_bw_400px-300x300.jpg 300w, https:\/\/fotofestivalpelt.be\/wp-content\/uploads\/2021\/01\/Ilan-Wittenberg_self_bw_400px-350x350.jpg 350w, https:\/\/fotofestivalpelt.be\/wp-content\/uploads\/2021\/01\/Ilan-Wittenberg_self_bw_400px-51x51.jpg 51w, https:\/\/fotofestivalpelt.be\/wp-content\/uploads\/2021\/01\/Ilan-Wittenberg_self_bw_400px.jpg 400w\" sizes=\"(max-width: 150px) 100vw, 150px\" \/>After a technical-scientific education, Ilan Wittenberg made the switch to photography. Ilan arrived in New Zealand in 2001. His career as a photographer started quite recently in 2011. The people, atmosphere and landscape of New Zealand had a great influence on his switch to photography. He quickly gained recognition by winning numerous national and international awards. In his monochrome portraits, he captures the character of his subjects superbly, making use of the available ambient light. His work has been featured in numerous international exhibitions and in well-known photography magazines worldwide.<\/p>\n<p>Read more about Ilan Wittenberg in his <a href=\"https:\/\/fotofestivalpelt.be\/wp-content\/uploads\/2021\/01\/Ilan-Wittenberg_Biography-01-2021.pdf\" target=\"_blank\" rel=\"noopener\">biography<\/a>.<br \/><a href=\"https:\/\/ilanwittenberg.com\" target=\"_blank\" rel=\"noopener\">ilanwittenberg.com<\/a><\/p>\n<p>Accessible all day<\/p>\n<p>[\/et_pb_text][\/et_pb_column][et_pb_column type=&#8221;2_5&#8243; _builder_version=&#8221;3.25&#8243; background_color=&#8221;#000000&#8243; use_background_color_gradient=&#8221;on&#8221; background_color_gradient_start=&#8221;rgba(0,0,0,0)&#8221; background_color_gradient_end=&#8221;rgba(0,0,0,0.9)&#8221; background_color_gradient_start_position=&#8221;83%&#8221; background_color_gradient_overlays_image=&#8221;on&#8221; background_position=&#8221;top_center&#8221; custom_padding=&#8221;20px|20px|0px|20px&#8221; custom_padding_tablet=&#8221;&#8221; custom_padding_phone=&#8221;5px|5px|5px|5px|true|true&#8221; custom_padding_last_edited=&#8221;on|phone&#8221; custom_padding__hover=&#8221;|||&#8221;][\/et_pb_column][\/et_pb_row][et_pb_row column_structure=&#8221;3_5,2_5&#8243; use_custom_gutter=&#8221;on&#8221; gutter_width=&#8221;1&#8243; make_equal=&#8221;on&#8221; padding_left_right_link_1=&#8221;false&#8221; padding_left_right_link_2=&#8221;true&#8221; admin_label=&#8221;Finnish running track&#8221; module_id=&#8221;finnishslope&#8221; module_class=&#8221; et_pb_row_fullwidth&#8221; _builder_version=&#8221;4.9.3&#8243; width=&#8221;100%&#8221; width_tablet=&#8221;100%&#8221; width_phone=&#8221;&#8221; width_last_edited=&#8221;on|desktop&#8221; max_width=&#8221;100%&#8221; max_width_tablet=&#8221;100%&#8221; max_width_phone=&#8221;&#8221; max_width_last_edited=&#8221;on|desktop&#8221; custom_padding=&#8221;0px||0px|&#8221; make_fullwidth=&#8221;on&#8221;][et_pb_column type=&#8221;3_5&#8243; _builder_version=&#8221;3.25&#8243; background_color=&#8221;#000000&#8243; custom_padding=&#8221;60px|80px|20px|100px&#8221; custom_padding_tablet=&#8221;&#8221; custom_padding_phone=&#8221;5px|10px|5px|10px|false|true&#8221; custom_padding_last_edited=&#8221;on|phone&#8221; custom_padding__hover=&#8221;|||&#8221;][et_pb_text admin_label=&#8221;Evi Polak&#8221; _builder_version=&#8221;4.9.4&#8243; text_font=&#8221;Montserrat||||||||&#8221; text_text_color=&#8221;#ffffff&#8221; text_font_size=&#8221;16px&#8221; link_font=&#8221;||||||||&#8221; link_text_color=&#8221;#f19413&#8243; header_font=&#8221;||||||||&#8221; header_3_font=&#8221;||||||||&#8221; header_3_text_color=&#8221;#f19413&#8243; header_4_font=&#8221;||||||||&#8221; header_4_text_color=&#8221;#0098af&#8221; link_option_url_new_window=&#8221;on&#8221;]<\/p>\n<h3 id=\"dommelslag\" class=\"font_7\"><strong>Finse Piste \/ Finnish running track<\/strong><\/h3>\n<p>Access via the car park in the Vloeterstraat next to the Holy Heart Chapel<\/p>\n<h4>\u00a0<\/h4>\n<h4><strong>Evi Polak | Real heroes never sleep<\/strong><\/h4>\n<p><img loading=\"lazy\" decoding=\"async\" class=\"alignleft wp-image-15697 size-thumbnail\" src=\"https:\/\/fotofestivalpelt.be\/wp-content\/uploads\/2021\/04\/Evi-polak_\u00a9Els-Huart_300px-150x150.jpg\" alt=\"Evi Polak \u00a9 Els Huart\" width=\"150\" height=\"150\" data-mce-fragment=\"1\" srcset=\"https:\/\/fotofestivalpelt.be\/wp-content\/uploads\/2021\/04\/Evi-polak_\u00a9Els-Huart_300px-150x150.jpg 150w, https:\/\/fotofestivalpelt.be\/wp-content\/uploads\/2021\/04\/Evi-polak_\u00a9Els-Huart_300px.jpg 300w, https:\/\/fotofestivalpelt.be\/wp-content\/uploads\/2021\/04\/Evi-polak_\u00a9Els-Huart_300px-51x51.jpg 51w\" sizes=\"(max-width: 150px) 100vw, 150px\" \/>\u200bEvi Polak is a QEP &#8211; Qualified European Reportage Photographer.<br \/>She belongs to the &#8220;Fearless Photographers&#8221;, a worldwide group of 3000 wedding photographers. But in Pelt, she shows that she is also skilled in other branches of reportage photography.<\/p>\n<p>Creativity is one of the important characteristics of a good photographer. Because of the justifiable COVID-19 measures, she was temporarily unable to do her job as a photographer. Thanks to her diploma as a nurse, she followed her heart during these bizarre yet &#8216;grim&#8217; times. Evi regularly worked in the emergency rooms of the UZA in Antwerp, where they also have a COVID-19 unit. An ideal starting point for a haunting series of reportage photos in the heart of COVID-19.<\/p>\n<p><a href=\"https:\/\/www.fotografiepolak.com\/\" target=\"_blank\" rel=\"noopener\">www.fotografiepolak.com<\/a><\/p>\n<p>&nbsp;<\/p>\n<p>[\/et_pb_text][et_pb_text admin_label=&#8221;HelPhoto&#8221; _builder_version=&#8221;4.9.7&#8243; text_font=&#8221;Montserrat||||||||&#8221; text_text_color=&#8221;#ffffff&#8221; text_font_size=&#8221;16px&#8221; link_font=&#8221;||||||||&#8221; link_text_color=&#8221;#f19413&#8243; header_font=&#8221;||||||||&#8221; header_3_font=&#8221;||||||||&#8221; header_3_text_color=&#8221;#f19413&#8243; header_4_font=&#8221;||||||||&#8221; header_4_text_color=&#8221;#0098af&#8221; link_option_url_new_window=&#8221;on&#8221; hover_enabled=&#8221;0&#8243; sticky_enabled=&#8221;0&#8243;]<\/p>\n<h4><strong>HelPhoto, <\/strong><strong>Helsinki, Finland | Nordic Village<br \/><\/strong><\/h4>\n<p>&nbsp;<\/p>\n<p><strong><img loading=\"lazy\" decoding=\"async\" class=\"wp-image-15361 size-thumbnail alignleft\" src=\"https:\/\/fotofestivalpelt.be\/wp-content\/uploads\/2021\/04\/HelPhoto_logo_300px-150x150.jpg\" alt=\"HelPhoto logo\" width=\"150\" height=\"150\" srcset=\"https:\/\/fotofestivalpelt.be\/wp-content\/uploads\/2021\/04\/HelPhoto_logo_300px-150x150.jpg 150w, https:\/\/fotofestivalpelt.be\/wp-content\/uploads\/2021\/04\/HelPhoto_logo_300px-51x51.jpg 51w\" sizes=\"(max-width: 150px) 100vw, 150px\" \/><\/strong><\/p>\n<p>Nordic Village is a talent platform fostered by Helsinki Photo Festival to support emerging Nordic photographers. The platform engages visual artists from Denmark, Norway, Sweden, Finland and Iceland to showcase their works to a broad audience.<\/p>\n<p>The program includes exhibitions and educational activities with experts and artists from the Nordics, inviting photo enthusiasts of all ages from any gender, race or class.<\/p>\n<p>In 2021, the Art Park at Hanaholmen \u2013 Swedish-Finnish Cultural Centre will act as the host for Nordic Village exhibitions. The group exhibitions, both in Finland and Belgium are curated by Rafael Rybczynski.<\/p>\n<p>A Nordic seminar with distinguished visual artists, gallerists, photography teachers, photo editors and book publishers will be organised on August 27, 2021.<\/p>\n<p>Helsinki Photo Festival ry, is a non-profit association, created to disseminate i nformation about photography and visual media and to attract and maintain i nterest i n them i n Finland and abroad.<\/p>\n<p>Helsinki Photo Festival brings a new art experience to the Finnish capital. Curated photography exhibitions can be discovered 24\/7 i n public spaces. Every year, the festival selects 50 open call winners from all over the world. The contest is j udged by a j ury of leading experts. The festival\u2019s theme in 2021 is Fearless.<\/p>\n<p><strong>FINLAND<\/strong><\/p>\n<ul>\n<li><strong>HENRI AIRO | <\/strong>Keep Swimming<strong><br \/><\/strong><a href=\"http:\/\/www.cargocollective.com\/Henriairo\" target=\"_blank\" rel=\"noopener\">www.cargocollective.com\/Henriairo<\/a><br \/>Open call finalist: Theme Love 2018, Nordic Village, Helphoto<\/li>\n<\/ul>\n<ul>\n<li><strong>SVANTE GULLICHSEN | <\/strong>Fearless<br \/><a href=\"http:\/\/www.svantegullichsen.com\" target=\"_blank\" rel=\"noopener\">www.svantegullichsen.com<\/a><br \/>Open call finalist: Theme Anarchy 2019, Helphoto<\/li>\n<\/ul>\n<ul>\n<li><strong>MARJA SALEVA | <\/strong>He is so obsessed with me<br \/><a href=\"http:\/\/www.marjasaleva.com\" target=\"_blank\" rel=\"noopener\">www.marjasaleva.com<\/a><br \/>Open call finalist: Theme Love 2018, Helphoto<\/li>\n<\/ul>\n<p><strong>SWEDEN<\/strong><\/p>\n<ul>\n<li><strong>JENNY ROVA | <\/strong>\u00c4lskling a self-portrait through the eyes of my lovers<br \/><a href=\"http:\/\/www.jennyrova.net\" target=\"_blank\" rel=\"noopener\">www.jennyrova.net<\/a><br \/>Open call finalist: Theme Love 2018, Nordic Village, Helphoto<\/li>\n<\/ul>\n<ul>\n<li><strong>SEBASTIAN SARDI | <\/strong>Black Diamond<br \/><a href=\"http:\/\/www.sebastiansardi.com\" target=\"_blank\" rel=\"noopener\">www.sebastiansardi.com<\/a><br \/>Open call finalist: Theme Love 2018, Nordic Village, Helphoto<\/li>\n<\/ul>\n<ul>\n<li><strong>MARCUS GUSTAFSSON | <\/strong>Vibrant Days<br \/><a href=\"http:\/\/www.marcusgustafsson.se\" target=\"_blank\" rel=\"noopener\">www.marcusgustafsson.se<\/a><br \/>Open call finalist: Theme Anarchy 2019, Nordic Village, Helphoto<\/li>\n<\/ul>\n<p><strong>DENMARK<\/strong><\/p>\n<ul>\n<li><strong>B<\/strong><strong>IRGITTA STEEN | <\/strong>Affection<br \/><a href=\"http:\/\/www.basz.dk\" target=\"_blank\" rel=\"noopener\">www.basz.dk<\/a><br \/>Open call finalist: Theme Love 2018, Nordic Village, Helphoto<\/li>\n<\/ul>\n<ul>\n<li><strong>LAURA BISGAARD KROGH and ANDREAS HAUBJERG | <\/strong>A Question of Honor<br \/><a href=\"http:\/\/www.andreashaubjerg.com\" target=\"_blank\" rel=\"noopener\">www.andreashaubjerg.com<\/a><br \/>Open call finalist: Theme Trust 2020, Nordic Village, Helphoto<\/li>\n<\/ul>\n<p><strong>ICELAND<\/strong><\/p>\n<ul>\n<li><strong>MARIA KJARTANS | <\/strong>Connection<br \/><a href=\"http:\/\/www.mariakjartans.com\" target=\"_blank\" rel=\"noopener\">www.mariakjartans.com<\/a><br \/>Open call finalist: Theme Love 2018, Nordic Village, Helphoto<\/li>\n<\/ul>\n<ul>\n<li><strong>\u00d3MAR SVERRISSON | <\/strong>Artists are full of air<br \/><a href=\"http:\/\/www.rvkportraitsbyomar.tumblr.com\" target=\"_blank\" rel=\"noopener\">www.rvkportraitsbyomar.tumblr.com<\/a><br \/>Open call finalist: Theme Love 2018, Nordic Village, Helphoto<\/li>\n<\/ul>\n<p><strong>NORWAY<\/strong><\/p>\n<ul>\n<li><strong>VITHASETH | <\/strong>Unrest<br \/><a href=\"http:\/\/www.svithaseth.wordpress.com\" target=\"_blank\" rel=\"noopener\">www.svithaseth.wordpress.com<\/a><br \/>Open call finalist: Theme Love 2018, Nordic Village, Helphoto<\/li>\n<\/ul>\n<ul>\n<li><strong>STIG MARLON WESTON | <\/strong>1 to 1<br \/><a href=\"http:\/\/www.weston.no\" target=\"_blank\" rel=\"noopener\">www.weston.no<\/a><br \/>Open call finalist: Theme Love 2018, Nordic Village, Helphoto<\/li>\n<\/ul>\n<p>More about the Nordic Village exhibitors in this <a href=\"https:\/\/fotofestivalpelt.be\/wp-content\/uploads\/2021\/04\/Nordic-Village_HelPhoto_LodM-2021_Press-info.pdf\" target=\"_blank\" rel=\"noopener\">document<\/a><\/p>\n<p>Helsinki Photo Festival * Centre of the NORDIC VILLAGE<br \/><a href=\"https:\/\/www.helsinkiphotofestival.com\/nordic-village\" target=\"_blank\" rel=\"noopener\">www.helsinkiphotofestival.com\/nordic-village<\/a><br \/><a href=\"mailto:info@helsinkiphotofestival.com\" target=\"_blank\" rel=\"noopener\">info@helsinkiphotofestival.com<\/a><\/p>\n<p>&nbsp;<\/p>\n<p>&nbsp;<\/p>\n<p>[\/et_pb_text][et_pb_text admin_label=&#8221;Vizualizator&#8221; _builder_version=&#8221;4.9.4&#8243; text_font=&#8221;Montserrat||||||||&#8221; text_text_color=&#8221;#ffffff&#8221; text_font_size=&#8221;16px&#8221; link_font=&#8221;||||||||&#8221; link_text_color=&#8221;#f19413&#8243; header_font=&#8221;||||||||&#8221; header_3_font=&#8221;||||||||&#8221; header_3_text_color=&#8221;#f19413&#8243; header_4_font=&#8221;||||||||&#8221; header_4_text_color=&#8221;#0098af&#8221; link_option_url_new_window=&#8221;on&#8221;]<\/p>\n<h4><strong>Vizualizator, Belgrade, Serbia<\/strong><\/h4>\n<p>&nbsp;<\/p>\n<p><img loading=\"lazy\" decoding=\"async\" class=\"wp-image-8175 size-full alignleft\" src=\"https:\/\/fotofestivalpelt.be\/wp-content\/uploads\/2020\/11\/Vizualizator_logo.jpg\" alt=\"Vizualizator Photo Festival Serbia logo\" width=\"133\" height=\"128\" \/><\/p>\n<p>VIZUALIZATOR is a international photography festival in Belgrade, dedicated to professional photography. Launched in 2013 as the first photography festival established in Serbia and region with predominantly documentary photography orientation.<\/p>\n<p>It is a multidisciplinary event that connects institutions and individuals from different fields of culture, education, media and art. The festival consists of a series of exhibitions that showcase photographs of both the world&#8217;s leading names and local exhibitors, a series of panel discussions on various topics of importance to the photography scene, as well as workshops, portfolio reviews and masterclasses.<\/p>\n<p>Exhibitors on Vizualizator are influential names in photography world and representatives of the world&#8217;s most prominent media and agencies, Pulitzer price winners, World Press Photo winners and members of distinguished photo agencies such as VII agency, Magnum, Associated Press, Reuters, etc<\/p>\n<p>Vizualizator brings together a large number of participants from public life, photographers, media organizations, journalists, editors, institution representatives, University professors, experts from various fields and a large number of volunteers. It creates platform<\/p>\n<ul>\n<li>Activities during Vizualizator focus on areas such as media literacy through photograph reading, curatorial practice, the theory of photography, ethics and professionalization in media photography, education and photography market<\/li>\n<li>It explores photography as social phenomena, powerful media tool and art form.<\/li>\n<\/ul>\n<p>A great number of Faculties are taking part in the festival, encouraging a more active involvement on the part of the students, who are the most active members of society. The topics of the festival include: the impact of photography on society and social change, the importance and impact of culture management, the importance and role of curatorial practice, the role of photography in journalism, as well as creating a photography market in Serbia.<\/p>\n<p>Vizualizator mission is to provide education, promote photography, visual culture and photojournalism, and offer professionalization standards in the field of photography.<\/p>\n<p>During the festival, numerous workshops will be open for professional photographers, students from different universities, curators, as well as the general public.<\/p>\n<p>Part of the Vizualizator is Press Photo Serbia, an exhibition of the best photographs from the national photo contest for the best media photography and an award ceremony.<\/p>\n<p><strong>List of Serbian exhibitors:<\/strong><br \/>Aleksandar Plavevski, Aleksandar Slavkovi\u0107, Fadil \u0160arki, Igor \u010coko, Marija Jankovi\u0107, Marko \u0110urica, Mitar Mitrovi\u0107, Nemanja Pan\u010di\u0107, Sanja Kne\u017eevi\u0107, Sa\u0161a \u010coli\u0107, \u017deljko Sinobad, Marko Rupena.<\/p>\n<p><a href=\"http:\/\/vizualizator.rs\/en\/visualizer-2020-3\/\" target=\"_blank\" rel=\"noopener\">http:\/\/vizualizator.rs\/en\/visualizer-2020-3\/<\/a><\/p>\n<p>&nbsp;<\/p>\n<p>&nbsp;<\/p>\n<p>[\/et_pb_text][\/et_pb_column][et_pb_column type=&#8221;2_5&#8243; _builder_version=&#8221;3.25&#8243; background_color=&#8221;#000000&#8243; use_background_color_gradient=&#8221;on&#8221; background_color_gradient_start=&#8221;rgba(0,0,0,0)&#8221; background_color_gradient_end=&#8221;rgba(0,0,0,0.9)&#8221; background_color_gradient_start_position=&#8221;83%&#8221; background_color_gradient_overlays_image=&#8221;on&#8221; background_position=&#8221;top_center&#8221; custom_padding=&#8221;20px|20px|0px|20px&#8221; custom_padding_tablet=&#8221;&#8221; custom_padding_phone=&#8221;5px|5px|5px|5px|true|true&#8221; custom_padding_last_edited=&#8221;on|phone&#8221; custom_padding__hover=&#8221;|||&#8221;][\/et_pb_column][\/et_pb_row][\/et_pb_section]<\/p>\n","protected":false},"excerpt":{"rendered":"<p>\u00a0 CC Palethe\u200b St. Martin&#8217;s Church Kerkdijk Nieuwe Markt \/ New Market Footpath Rodenbachlaan &#8211; Bemvaartstraat Finse piste \/ Finnish running trackLENS OP DE MENS MAGAZINE &nbsp; Through this link you can consult our extended Lens op de Mens Magazine on-line. In this programme booklet you will find a map of the exhibition route, all [&hellip;]<\/p>\n","protected":false},"author":2,"featured_media":0,"parent":0,"menu_order":0,"comment_status":"closed","ping_status":"closed","template":"","meta":{"_et_pb_use_builder":"on","_et_pb_old_content":"","_et_gb_content_width":"","footnotes":""},"class_list":["post-6839","page","type-page","status-publish","hentry"],"_links":{"self":[{"href":"https:\/\/fotofestivalpelt.be\/en\/wp-json\/wp\/v2\/pages\/6839","targetHints":{"allow":["GET"]}}],"collection":[{"href":"https:\/\/fotofestivalpelt.be\/en\/wp-json\/wp\/v2\/pages"}],"about":[{"href":"https:\/\/fotofestivalpelt.be\/en\/wp-json\/wp\/v2\/types\/page"}],"author":[{"embeddable":true,"href":"https:\/\/fotofestivalpelt.be\/en\/wp-json\/wp\/v2\/users\/2"}],"replies":[{"embeddable":true,"href":"https:\/\/fotofestivalpelt.be\/en\/wp-json\/wp\/v2\/comments?post=6839"}],"version-history":[{"count":138,"href":"https:\/\/fotofestivalpelt.be\/en\/wp-json\/wp\/v2\/pages\/6839\/revisions"}],"predecessor-version":[{"id":17367,"href":"https:\/\/fotofestivalpelt.be\/en\/wp-json\/wp\/v2\/pages\/6839\/revisions\/17367"}],"wp:attachment":[{"href":"https:\/\/fotofestivalpelt.be\/en\/wp-json\/wp\/v2\/media?parent=6839"}],"curies":[{"name":"wp","href":"https:\/\/api.w.org\/{rel}","templated":true}]}}