{"id":4104,"date":"2019-02-25T10:15:09","date_gmt":"2019-02-25T10:15:09","guid":{"rendered":"https:\/\/fotofestivalpelt.be\/inschrijven\/"},"modified":"2024-10-02T21:02:00","modified_gmt":"2024-10-02T21:02:00","slug":"inschrijven","status":"publish","type":"page","link":"https:\/\/fotofestivalpelt.be\/fr\/inschrijven\/","title":{"rendered":"S&rsquo;INSCRIRE"},"content":{"rendered":"<p>[et_pb_section fb_built=\u00a0\u00bb1&Prime; fullwidth=\u00a0\u00bbon\u00a0\u00bb admin_label=\u00a0\u00bbHero Section\u00a0\u00bb _builder_version=\u00a0\u00bb4.16&Prime; background_color=\u00a0\u00bb#000000&Prime; parallax=\u00a0\u00bbon\u00a0\u00bb custom_margin=\u00a0\u00bb0px|0px|0px|0px|true|true\u00a0\u00bb custom_padding=\u00a0\u00bb0|0px|0|0px|false|false\u00a0\u00bb global_colors_info=\u00a0\u00bb{}\u00a0\u00bb][et_pb_fullwidth_header title=\u00a0\u00bbLens op de Mens &#8211; Objectif sur l&rsquo;homme\u00a0\u00bb subhead=\u00a0\u00bbLa comp\u00e9tition est ouverte \u00e0 tous les photographes professionels et amateurs mais envisage un niveau artistique qualitatif\u00a0\u00bb text_orientation=\u00a0\u00bbcenter\u00a0\u00bb header_fullscreen=\u00a0\u00bbon\u00a0\u00bb background_overlay_color=\u00a0\u00bbrgba(0,0,0,0.43)\u00a0\u00bb title_font_color=\u00a0\u00bb#ffffff\u00a0\u00bb subhead_font_color=\u00a0\u00bb#ffffff\u00a0\u00bb _builder_version=\u00a0\u00bb4.25.2&Prime; title_font=\u00a0\u00bbMontserrat||||||||\u00a0\u00bb title_text_color=\u00a0\u00bb#ffffff\u00a0\u00bb title_font_size=\u00a0\u00bb80px\u00a0\u00bb content_font=\u00a0\u00bbMontserrat||||||||\u00a0\u00bb subhead_font=\u00a0\u00bbOpen Sans||||||||\u00a0\u00bb subhead_text_color=\u00a0\u00bb#ffffff\u00a0\u00bb subhead_font_size=\u00a0\u00bb24px\u00a0\u00bb subhead_line_height=\u00a0\u00bb1.6em\u00a0\u00bb background_enable_color=\u00a0\u00bboff\u00a0\u00bb background_image=\u00a0\u00bbhttps:\/\/fotofestivalpelt.be\/wp-content\/uploads\/2024\/06\/LODM_00278_1920px.jpg\u00a0\u00bb background_size=\u00a0\u00bbcontain\u00a0\u00bb custom_button_one=\u00a0\u00bbon\u00a0\u00bb button_one_text_size=\u00a0\u00bb14px\u00a0\u00bb button_one_text_color=\u00a0\u00bb#ffffff\u00a0\u00bb button_one_bg_color=\u00a0\u00bb#0099e5&Prime; button_one_border_width=\u00a0\u00bb12px\u00a0\u00bb button_one_border_color=\u00a0\u00bb#0099e5&Prime; button_one_border_radius=\u00a0\u00bb0px\u00a0\u00bb button_one_letter_spacing=\u00a0\u00bb2px\u00a0\u00bb button_one_font=\u00a0\u00bbNunito|700||on|||||\u00a0\u00bb button_one_use_icon=\u00a0\u00bboff\u00a0\u00bb background_layout=\u00a0\u00bblight\u00a0\u00bb custom_padding=\u00a0\u00bb0px||\u00a0\u00bb animation_style=\u00a0\u00bbfade\u00a0\u00bb title_font_size_tablet=\u00a0\u00bb\u00a0\u00bb title_font_size_phone=\u00a0\u00bb48px\u00a0\u00bb title_font_size_last_edited=\u00a0\u00bbon|phone\u00a0\u00bb subhead_font_size_tablet=\u00a0\u00bb\u00a0\u00bb subhead_font_size_phone=\u00a0\u00bb\u00a0\u00bb subhead_font_size_last_edited=\u00a0\u00bbon|phone\u00a0\u00bb button_one_text_color_hover=\u00a0\u00bb#ffffff\u00a0\u00bb button_one_border_color_hover=\u00a0\u00bb#0099e5&Prime; button_one_border_radius_hover=\u00a0\u00bb0px\u00a0\u00bb button_one_letter_spacing_hover=\u00a0\u00bb2px\u00a0\u00bb button_one_bg_color_hover=\u00a0\u00bb#0099e5&Prime; global_colors_info=\u00a0\u00bb{}\u00a0\u00bb button_one_text_size__hover_enabled=\u00a0\u00bboff\u00a0\u00bb button_two_text_size__hover_enabled=\u00a0\u00bboff\u00a0\u00bb button_one_text_color__hover_enabled=\u00a0\u00bbon\u00a0\u00bb button_one_text_color__hover=\u00a0\u00bb#ffffff\u00a0\u00bb button_two_text_color__hover_enabled=\u00a0\u00bboff\u00a0\u00bb button_one_border_width__hover_enabled=\u00a0\u00bboff\u00a0\u00bb button_two_border_width__hover_enabled=\u00a0\u00bboff\u00a0\u00bb button_one_border_color__hover_enabled=\u00a0\u00bbon\u00a0\u00bb button_one_border_color__hover=\u00a0\u00bb#0099e5&Prime; button_two_border_color__hover_enabled=\u00a0\u00bboff\u00a0\u00bb button_one_border_radius__hover_enabled=\u00a0\u00bbon\u00a0\u00bb button_one_border_radius__hover=\u00a0\u00bb0px\u00a0\u00bb button_two_border_radius__hover_enabled=\u00a0\u00bboff\u00a0\u00bb button_one_letter_spacing__hover_enabled=\u00a0\u00bbon\u00a0\u00bb button_one_letter_spacing__hover=\u00a0\u00bb2px\u00a0\u00bb button_two_letter_spacing__hover_enabled=\u00a0\u00bboff\u00a0\u00bb button_one_bg_color__hover_enabled=\u00a0\u00bbon\u00a0\u00bb button_one_bg_color__hover=\u00a0\u00bb#0099e5&Prime; button_two_bg_color__hover_enabled=\u00a0\u00bboff\u00a0\u00bb][\/et_pb_fullwidth_header][\/et_pb_section][et_pb_section fb_built=\u00a0\u00bb1&Prime; admin_label=\u00a0\u00bbCategory Search Section\u00a0\u00bb _builder_version=\u00a0\u00bb4.16&Prime; custom_padding=\u00a0\u00bb0||0||false|false\u00a0\u00bb global_colors_info=\u00a0\u00bb{}\u00a0\u00bb][et_pb_row admin_label=\u00a0\u00bbCategory Search Title Area\u00a0\u00bb _builder_version=\u00a0\u00bb4.16&Prime; custom_padding=\u00a0\u00bb38px|0px|30px|0px|false|false\u00a0\u00bb locked=\u00a0\u00bboff\u00a0\u00bb global_colors_info=\u00a0\u00bb{}\u00a0\u00bb][et_pb_column type=\u00a0\u00bb4_4&Prime; _builder_version=\u00a0\u00bb4.16&Prime; custom_padding=\u00a0\u00bb|||\u00a0\u00bb global_colors_info=\u00a0\u00bb{}\u00a0\u00bb custom_padding__hover=\u00a0\u00bb|||\u00a0\u00bb][et_pb_text admin_label=\u00a0\u00bbInschrijvingsperiode\u00a0\u00bb _builder_version=\u00a0\u00bb4.27.2&Prime; text_font=\u00a0\u00bb||||||||\u00a0\u00bb header_font=\u00a0\u00bb||||||||\u00a0\u00bb header_2_font=\u00a0\u00bbNunito||||||||\u00a0\u00bb header_2_text_align=\u00a0\u00bbcenter\u00a0\u00bb header_2_text_color=\u00a0\u00bb#263954&Prime; header_2_font_size=\u00a0\u00bb36px\u00a0\u00bb header_2_line_height=\u00a0\u00bb1.4em\u00a0\u00bb custom_margin=\u00a0\u00bb||5px|\u00a0\u00bb animation_style=\u00a0\u00bbfold\u00a0\u00bb animation_direction=\u00a0\u00bbbottom\u00a0\u00bb animation_intensity_fold=\u00a0\u00bb20%\u00a0\u00bb animation_starting_opacity=\u00a0\u00bb100%\u00a0\u00bb hover_enabled=\u00a0\u00bb0&Prime; global_colors_info=\u00a0\u00bb{}\u00a0\u00bb sticky_enabled=\u00a0\u00bb0&Prime;]<\/p>\n<h2>P\u00e9riode de soumission des photos: 15 octobre 2024 &#8211; 3 f\u00e9vrier 2025<\/h2>\n<p>&nbsp;<\/p>\n<p class=\"font_8\" style=\"margin: 0px; padding: 0px; border: 0px; outline: 0px; vertical-align: baseline; background: 0px 0px; font: 400 20px 'Open Sans', sans-serif; color: #1c1c1c; pointer-events: auto; letter-spacing: normal; orphans: 2; text-indent: 0px; text-transform: none; white-space: normal; widows: 2; word-spacing: 0px; -webkit-text-stroke-width: 0px; text-decoration-style: initial; text-decoration-color: initial; text-align: center;\">Un jury international s\u00e9lectionnera les photos pour l&rsquo;exhibition<\/p>\n<p class=\"font_8\" style=\"margin: 0px; padding: 0px; border: 0px; outline: 0px; vertical-align: baseline; background: 0px 0px; font: 400 20px 'Open Sans', sans-serif; color: #1c1c1c; pointer-events: auto; letter-spacing: normal; orphans: 2; text-indent: 0px; text-transform: none; white-space: normal; widows: 2; word-spacing: 0px; -webkit-text-stroke-width: 0px; text-decoration-style: initial; text-decoration-color: initial; text-align: center;\">Nous attendons avec impatience vos soumissions pour le festival Lens op de Mens 2025<\/p>\n<p>&nbsp;<\/p>\n<p>&nbsp;<\/p>\n<p>[\/et_pb_text][\/et_pb_column][\/et_pb_row][\/et_pb_section][et_pb_section fb_built=\u00a0\u00bb1&Prime; _builder_version=\u00a0\u00bb4.16&Prime; background_color=\u00a0\u00bb#5e5e5e\u00a0\u00bb custom_padding=\u00a0\u00bb0|0px|0|0px|false|false\u00a0\u00bb global_colors_info=\u00a0\u00bb{}\u00a0\u00bb][et_pb_row _builder_version=\u00a0\u00bb4.16&Prime; global_colors_info=\u00a0\u00bb{}\u00a0\u00bb][et_pb_column type=\u00a0\u00bb4_4&Prime; _builder_version=\u00a0\u00bb4.16&Prime; custom_padding=\u00a0\u00bb|||\u00a0\u00bb global_colors_info=\u00a0\u00bb{}\u00a0\u00bb custom_padding__hover=\u00a0\u00bb|||\u00a0\u00bb][\/et_pb_column][\/et_pb_row][\/et_pb_section][et_pb_section fb_built=\u00a0\u00bb1&Prime; fullwidth=\u00a0\u00bbon\u00a0\u00bb admin_label=\u00a0\u00bbFooter Section\u00a0\u00bb _builder_version=\u00a0\u00bb4.16&Prime; background_color=\u00a0\u00bb#000000&Prime; custom_margin=\u00a0\u00bb-100px||\u00a0\u00bb custom_padding=\u00a0\u00bb0px|0px|0|0px|false|false\u00a0\u00bb locked=\u00a0\u00bboff\u00a0\u00bb global_colors_info=\u00a0\u00bb{}\u00a0\u00bb][et_pb_fullwidth_header title=\u00a0\u00bbSi la photographie est votre passion&#8230;\u00a0\u00bb subhead=\u00a0\u00bbvisitez le festival photo &lsquo;Lens op de Mens &#8211; Objectif sur l&rsquo;homme&rsquo; du 8 juin &#8211; 28 septembre 2025&Prime; text_orientation=\u00a0\u00bbcenter\u00a0\u00bb header_fullscreen=\u00a0\u00bbon\u00a0\u00bb background_overlay_color=\u00a0\u00bbrgba(0,0,0,0.5)\u00a0\u00bb content_max_width=\u00a0\u00bb80%\u00a0\u00bb title_font_color=\u00a0\u00bb#ffffff\u00a0\u00bb subhead_font_color=\u00a0\u00bb#ffffff\u00a0\u00bb admin_label=\u00a0\u00bbFullwidth Header: als fotografie&#8230;\u00a0\u00bb _builder_version=\u00a0\u00bb4.27.2&Prime; title_level=\u00a0\u00bbh2&Prime; title_font=\u00a0\u00bbNunito||||||||\u00a0\u00bb title_text_color=\u00a0\u00bb#ffffff\u00a0\u00bb title_font_size=\u00a0\u00bb60px\u00a0\u00bb title_line_height=\u00a0\u00bb1.1em\u00a0\u00bb content_font=\u00a0\u00bb||||||||\u00a0\u00bb subhead_font=\u00a0\u00bbOpen Sans||||||||\u00a0\u00bb subhead_text_color=\u00a0\u00bb#ffffff\u00a0\u00bb subhead_font_size=\u00a0\u00bb24px\u00a0\u00bb subhead_line_height=\u00a0\u00bb1.6em\u00a0\u00bb background_color=\u00a0\u00bbrgba(255,255,255,0)\u00a0\u00bb background_image=\u00a0\u00bbhttps:\/\/fotofestivalpelt.be\/wp-content\/uploads\/2024\/06\/LodM-2023_Lindepaadje_3648.jpg\u00a0\u00bb background_size=\u00a0\u00bbcontain\u00a0\u00bb custom_button_one=\u00a0\u00bbon\u00a0\u00bb button_one_text_size=\u00a0\u00bb14px\u00a0\u00bb button_one_text_color=\u00a0\u00bb#ffffff\u00a0\u00bb button_one_bg_color=\u00a0\u00bb#0099e5&Prime; button_one_border_width=\u00a0\u00bb12px\u00a0\u00bb button_one_border_color=\u00a0\u00bb#0099e5&Prime; button_one_border_radius=\u00a0\u00bb0px\u00a0\u00bb button_one_letter_spacing=\u00a0\u00bb2px\u00a0\u00bb button_one_font=\u00a0\u00bbNunito|700||on|||||\u00a0\u00bb button_one_use_icon=\u00a0\u00bboff\u00a0\u00bb custom_button_two=\u00a0\u00bbon\u00a0\u00bb button_two_text_size=\u00a0\u00bb14px\u00a0\u00bb button_two_text_color=\u00a0\u00bb#0099e5&Prime; button_two_bg_color=\u00a0\u00bb#ffffff\u00a0\u00bb button_two_border_width=\u00a0\u00bb12px\u00a0\u00bb button_two_border_color=\u00a0\u00bb#ffffff\u00a0\u00bb button_two_border_radius=\u00a0\u00bb0px\u00a0\u00bb button_two_letter_spacing=\u00a0\u00bb2px\u00a0\u00bb button_two_font=\u00a0\u00bbNunito|700||on|||||\u00a0\u00bb button_two_use_icon=\u00a0\u00bboff\u00a0\u00bb background_layout=\u00a0\u00bblight\u00a0\u00bb custom_margin=\u00a0\u00bb|||\u00a0\u00bb custom_padding=\u00a0\u00bb|||\u00a0\u00bb animation_style=\u00a0\u00bbfade\u00a0\u00bb hover_enabled=\u00a0\u00bb0&Prime; title_font_size_tablet=\u00a0\u00bb\u00a0\u00bb title_font_size_phone=\u00a0\u00bb48px\u00a0\u00bb title_font_size_last_edited=\u00a0\u00bbon|phone\u00a0\u00bb subhead_font_size_tablet=\u00a0\u00bb\u00a0\u00bb subhead_font_size_phone=\u00a0\u00bb\u00a0\u00bb subhead_font_size_last_edited=\u00a0\u00bbon|phone\u00a0\u00bb button_one_text_color_hover=\u00a0\u00bb#ffffff\u00a0\u00bb button_one_border_color_hover=\u00a0\u00bb#0099e5&Prime; button_one_border_radius_hover=\u00a0\u00bb0px\u00a0\u00bb button_one_letter_spacing_hover=\u00a0\u00bb2px\u00a0\u00bb button_two_letter_spacing_hover=\u00a0\u00bb2px\u00a0\u00bb button_one_bg_color_hover=\u00a0\u00bb#0099e5&Prime; global_colors_info=\u00a0\u00bb{}\u00a0\u00bb button_one_text_size__hover_enabled=\u00a0\u00bboff\u00a0\u00bb button_two_text_size__hover_enabled=\u00a0\u00bboff\u00a0\u00bb button_one_text_color__hover_enabled=\u00a0\u00bbon\u00a0\u00bb button_one_text_color__hover=\u00a0\u00bb#ffffff\u00a0\u00bb button_two_text_color__hover_enabled=\u00a0\u00bboff\u00a0\u00bb button_one_border_width__hover_enabled=\u00a0\u00bboff\u00a0\u00bb button_two_border_width__hover_enabled=\u00a0\u00bboff\u00a0\u00bb button_one_border_color__hover_enabled=\u00a0\u00bbon\u00a0\u00bb button_one_border_color__hover=\u00a0\u00bb#0099e5&Prime; button_two_border_color__hover_enabled=\u00a0\u00bboff\u00a0\u00bb button_one_border_radius__hover_enabled=\u00a0\u00bbon\u00a0\u00bb button_one_border_radius__hover=\u00a0\u00bb0px\u00a0\u00bb button_two_border_radius__hover_enabled=\u00a0\u00bboff\u00a0\u00bb button_one_letter_spacing__hover_enabled=\u00a0\u00bbon\u00a0\u00bb button_one_letter_spacing__hover=\u00a0\u00bb2px\u00a0\u00bb button_two_letter_spacing__hover_enabled=\u00a0\u00bbon\u00a0\u00bb button_two_letter_spacing__hover=\u00a0\u00bb2px\u00a0\u00bb button_one_bg_color__hover_enabled=\u00a0\u00bbon\u00a0\u00bb button_one_bg_color__hover=\u00a0\u00bb#0099e5&Prime; button_two_bg_color__hover_enabled=\u00a0\u00bboff\u00a0\u00bb sticky_enabled=\u00a0\u00bb0&Prime;][\/et_pb_fullwidth_header][\/et_pb_section]<\/p>\n","protected":false},"excerpt":{"rendered":"<p>P\u00e9riode de soumission des photos: 15 octobre 2024 &#8211; 3 f\u00e9vrier 2025 &nbsp; Un jury international s\u00e9lectionnera les photos pour l&rsquo;exhibition Nous attendons avec impatience vos soumissions pour le festival Lens op de Mens 2025 &nbsp; &nbsp;<\/p>\n","protected":false},"author":1,"featured_media":0,"parent":0,"menu_order":0,"comment_status":"closed","ping_status":"closed","template":"","meta":{"_et_pb_use_builder":"on","_et_pb_old_content":"","_et_gb_content_width":"","footnotes":""},"class_list":["post-4104","page","type-page","status-publish","hentry"],"_links":{"self":[{"href":"https:\/\/fotofestivalpelt.be\/fr\/wp-json\/wp\/v2\/pages\/4104","targetHints":{"allow":["GET"]}}],"collection":[{"href":"https:\/\/fotofestivalpelt.be\/fr\/wp-json\/wp\/v2\/pages"}],"about":[{"href":"https:\/\/fotofestivalpelt.be\/fr\/wp-json\/wp\/v2\/types\/page"}],"author":[{"embeddable":true,"href":"https:\/\/fotofestivalpelt.be\/fr\/wp-json\/wp\/v2\/users\/1"}],"replies":[{"embeddable":true,"href":"https:\/\/fotofestivalpelt.be\/fr\/wp-json\/wp\/v2\/comments?post=4104"}],"version-history":[{"count":17,"href":"https:\/\/fotofestivalpelt.be\/fr\/wp-json\/wp\/v2\/pages\/4104\/revisions"}],"predecessor-version":[{"id":23071,"href":"https:\/\/fotofestivalpelt.be\/fr\/wp-json\/wp\/v2\/pages\/4104\/revisions\/23071"}],"wp:attachment":[{"href":"https:\/\/fotofestivalpelt.be\/fr\/wp-json\/wp\/v2\/media?parent=4104"}],"curies":[{"name":"wp","href":"https:\/\/api.w.org\/{rel}","templated":true}]}}