{"id":4155,"date":"2019-02-25T17:38:28","date_gmt":"2019-02-25T17:38:28","guid":{"rendered":"https:\/\/fotofestivalpelt.be\/programma\/"},"modified":"2021-08-31T11:23:11","modified_gmt":"2021-08-31T11:23:11","slug":"programme-2021","status":"publish","type":"page","link":"https:\/\/fotofestivalpelt.be\/fr\/programme-2021\/","title":{"rendered":"PROGRAMME 2021"},"content":{"rendered":"<p>[et_pb_section fb_built=\u00a0\u00bb1&Prime; fullwidth=\u00a0\u00bbon\u00a0\u00bb admin_label=\u00a0\u00bbHero Section\u00a0\u00bb _builder_version=\u00a0\u00bb3.22.3&Prime; custom_padding=\u00a0\u00bb0|0px|0|0px|false|false\u00a0\u00bb global_colors_info=\u00a0\u00bb{}\u00a0\u00bb][et_pb_fullwidth_header title=\u00a0\u00bbPlus de 300 photographes montrent leurs images dans les rues de la ville de Pelt\u00a0\u00bb subhead=\u00a0\u00bbUne exposition unique en plein air du 6 juin &#8211; 30 septembre 2021&Prime; text_orientation=\u00a0\u00bbcenter\u00a0\u00bb header_fullscreen=\u00a0\u00bbon\u00a0\u00bb background_overlay_color=\u00a0\u00bbrgba(0,0,0,0.5)\u00a0\u00bb title_font_color=\u00a0\u00bb#ffffff\u00a0\u00bb subhead_font_color=\u00a0\u00bb#ffffff\u00a0\u00bb _builder_version=\u00a0\u00bb4.9.4&Prime; title_font=\u00a0\u00bbNunito||||||||\u00a0\u00bb title_text_color=\u00a0\u00bb#ffffff\u00a0\u00bb title_font_size=\u00a0\u00bb80px\u00a0\u00bb content_font=\u00a0\u00bb||||||||\u00a0\u00bb subhead_font=\u00a0\u00bbOpen Sans||||||||\u00a0\u00bb subhead_text_color=\u00a0\u00bb#ffffff\u00a0\u00bb subhead_font_size=\u00a0\u00bb24px\u00a0\u00bb subhead_line_height=\u00a0\u00bb1.6em\u00a0\u00bb background_color=\u00a0\u00bbrgba(255,255,255,0)\u00a0\u00bb background_image=\u00a0\u00bbhttps:\/\/fotofestivalpelt.be\/wp-content\/uploads\/2021\/06\/LodM-2021_4853_HD.jpg\u00a0\u00bb parallax=\u00a0\u00bbon\u00a0\u00bb custom_button_one=\u00a0\u00bbon\u00a0\u00bb button_one_text_size=\u00a0\u00bb14px\u00a0\u00bb button_one_text_color=\u00a0\u00bb#ffffff\u00a0\u00bb button_one_bg_color=\u00a0\u00bb#0099e5&Prime; button_one_border_width=\u00a0\u00bb12px\u00a0\u00bb button_one_border_color=\u00a0\u00bb#0099e5&Prime; button_one_border_radius=\u00a0\u00bb0px\u00a0\u00bb button_one_letter_spacing=\u00a0\u00bb2px\u00a0\u00bb button_one_font=\u00a0\u00bbNunito|700||on|||||\u00a0\u00bb button_one_use_icon=\u00a0\u00bboff\u00a0\u00bb background_layout=\u00a0\u00bblight\u00a0\u00bb animation_style=\u00a0\u00bbfade\u00a0\u00bb title_font_size_tablet=\u00a0\u00bb\u00a0\u00bb title_font_size_phone=\u00a0\u00bb48px\u00a0\u00bb title_font_size_last_edited=\u00a0\u00bbon|phone\u00a0\u00bb subhead_font_size_tablet=\u00a0\u00bb\u00a0\u00bb subhead_font_size_phone=\u00a0\u00bb\u00a0\u00bb subhead_font_size_last_edited=\u00a0\u00bbon|phone\u00a0\u00bb button_one_text_color_hover=\u00a0\u00bb#ffffff\u00a0\u00bb button_one_border_color_hover=\u00a0\u00bb#0099e5&Prime; button_one_border_radius_hover=\u00a0\u00bb0px\u00a0\u00bb button_one_letter_spacing_hover=\u00a0\u00bb2px\u00a0\u00bb button_one_bg_color_hover=\u00a0\u00bb#0099e5&Prime; global_colors_info=\u00a0\u00bb{}\u00a0\u00bb button_one_text_size__hover_enabled=\u00a0\u00bboff\u00a0\u00bb button_two_text_size__hover_enabled=\u00a0\u00bboff\u00a0\u00bb button_one_text_color__hover_enabled=\u00a0\u00bbon\u00a0\u00bb button_one_text_color__hover=\u00a0\u00bb#ffffff\u00a0\u00bb button_two_text_color__hover_enabled=\u00a0\u00bboff\u00a0\u00bb button_one_border_width__hover_enabled=\u00a0\u00bboff\u00a0\u00bb button_two_border_width__hover_enabled=\u00a0\u00bboff\u00a0\u00bb button_one_border_color__hover_enabled=\u00a0\u00bbon\u00a0\u00bb button_one_border_color__hover=\u00a0\u00bb#0099e5&Prime; button_two_border_color__hover_enabled=\u00a0\u00bboff\u00a0\u00bb button_one_border_radius__hover_enabled=\u00a0\u00bbon\u00a0\u00bb button_one_border_radius__hover=\u00a0\u00bb0px\u00a0\u00bb button_two_border_radius__hover_enabled=\u00a0\u00bboff\u00a0\u00bb button_one_letter_spacing__hover_enabled=\u00a0\u00bbon\u00a0\u00bb button_one_letter_spacing__hover=\u00a0\u00bb2px\u00a0\u00bb button_two_letter_spacing__hover_enabled=\u00a0\u00bboff\u00a0\u00bb button_one_bg_color__hover_enabled=\u00a0\u00bbon\u00a0\u00bb button_one_bg_color__hover=\u00a0\u00bb#0099e5&Prime; button_two_bg_color__hover_enabled=\u00a0\u00bboff\u00a0\u00bb][\/et_pb_fullwidth_header][\/et_pb_section][et_pb_section fb_built=\u00a0\u00bb1&Prime; admin_label=\u00a0\u00bbFeature Section\u00a0\u00bb _builder_version=\u00a0\u00bb3.22.3&Prime; custom_padding=\u00a0\u00bb0px||0px|\u00a0\u00bb locked=\u00a0\u00bboff\u00a0\u00bb global_colors_info=\u00a0\u00bb{}\u00a0\u00bb][et_pb_row column_structure=\u00a0\u00bb3_5,2_5&Prime; use_custom_gutter=\u00a0\u00bbon\u00a0\u00bb gutter_width=\u00a0\u00bb1&Prime; make_equal=\u00a0\u00bbon\u00a0\u00bb padding_left_right_link_1=\u00a0\u00bbfalse\u00a0\u00bb padding_left_right_link_2=\u00a0\u00bbtrue\u00a0\u00bb admin_label=\u00a0\u00bbProgramm 2021&Prime; module_class=\u00a0\u00bb et_pb_row_fullwidth\u00a0\u00bb _builder_version=\u00a0\u00bb4.9.7&Prime; width=\u00a0\u00bb100%\u00a0\u00bb width_tablet=\u00a0\u00bb100%\u00a0\u00bb width_phone=\u00a0\u00bb\u00a0\u00bb width_last_edited=\u00a0\u00bbon|desktop\u00a0\u00bb max_width=\u00a0\u00bb100%\u00a0\u00bb max_width_tablet=\u00a0\u00bb100%\u00a0\u00bb max_width_phone=\u00a0\u00bb\u00a0\u00bb max_width_last_edited=\u00a0\u00bbon|desktop\u00a0\u00bb custom_padding=\u00a0\u00bb0px||0px|\u00a0\u00bb make_fullwidth=\u00a0\u00bbon\u00a0\u00bb global_colors_info=\u00a0\u00bb{}\u00a0\u00bb][et_pb_column type=\u00a0\u00bb3_5&Prime; _builder_version=\u00a0\u00bb3.25&Prime; background_color=\u00a0\u00bb#000000&Prime; use_background_color_gradient=\u00a0\u00bbon\u00a0\u00bb background_color_gradient_start=\u00a0\u00bbrgba(0,0,0,0)\u00a0\u00bb background_color_gradient_end=\u00a0\u00bbrgba(0,0,0,0.9)\u00a0\u00bb background_color_gradient_start_position=\u00a0\u00bb20%\u00a0\u00bb background_color_gradient_overlays_image=\u00a0\u00bbon\u00a0\u00bb custom_padding=\u00a0\u00bb60px|80px|20px|100px\u00a0\u00bb custom_padding_tablet=\u00a0\u00bb\u00a0\u00bb custom_padding_phone=\u00a0\u00bb5px|10px|5px|10px|false|true\u00a0\u00bb custom_padding_last_edited=\u00a0\u00bbon|phone\u00a0\u00bb global_colors_info=\u00a0\u00bb{}\u00a0\u00bb custom_padding__hover=\u00a0\u00bb|||\u00a0\u00bb][et_pb_text admin_label=\u00a0\u00bbLodM Magazine\u00a0\u00bb _builder_version=\u00a0\u00bb4.9.4&Prime; text_font=\u00a0\u00bbMontserrat||||||||\u00a0\u00bb text_text_color=\u00a0\u00bb#ffffff\u00a0\u00bb text_font_size=\u00a0\u00bb16px\u00a0\u00bb header_font=\u00a0\u00bb||||||||\u00a0\u00bb header_3_font=\u00a0\u00bb||||||||\u00a0\u00bb header_3_text_color=\u00a0\u00bb#f19413&Prime; header_4_font=\u00a0\u00bb||||||||\u00a0\u00bb header_4_text_color=\u00a0\u00bb#0098af\u00a0\u00bb header_5_font=\u00a0\u00bb||||||||\u00a0\u00bb global_colors_info=\u00a0\u00bb{}\u00a0\u00bb]<\/p>\n<h3>Magazine Lens op de Mens<\/h3>\n<p>&nbsp;<\/p>\n<p><a href=\"https:\/\/fotofestivalpelt.be\/wp-content\/uploads\/2021\/05\/Magazine_def_web.pdf\" target=\"_blank\" rel=\"noopener\"><img loading=\"lazy\" decoding=\"async\" class=\"alignleft wp-image-16080\" src=\"https:\/\/fotofestivalpelt.be\/wp-content\/uploads\/2021\/05\/Magazine2021_cover-215x300.jpg\" alt=\"LodM Magazine 2021\" width=\"143\" height=\"200\" \/><\/a><\/p>\n<p>Gr\u00e2ce \u00e0 ce lien, vous pouvez consulter en ligne notre <a href=\"https:\/\/fotofestivalpelt.be\/wp-content\/uploads\/2021\/05\/Magazine_def_web.pdf\" target=\"_blank\" rel=\"noopener\">Magazine Lens op de Mens<\/a>.<\/p>\n<p>Dans ce livret-programme, vous trouverez un plan du parcours de l&rsquo;exposition, tous les noms des photographes s\u00e9lectionn\u00e9s, des informations sur les expositions invit\u00e9es, les heures d&rsquo;ouverture, les partenaires et sponsors, et bien d&rsquo;autres informations utiles.<\/p>\n<p>Le magazine sera \u00e9galement disponible dans le CC Palethe et dans des pr\u00e9sentoirs \u00e0 plusieurs endroits le long du parcours de l&rsquo;exposition et \u00e0 la restauration locale.<\/p>\n<h3 class=\"font_7\">\u200b<\/h3>\n<p>&nbsp;<\/p>\n<p>[\/et_pb_text][et_pb_text admin_label=\u00a0\u00bbAper\u00e7u\u00a0\u00bb _builder_version=\u00a0\u00bb4.9.7&Prime; text_font=\u00a0\u00bbMontserrat||||||||\u00a0\u00bb text_text_color=\u00a0\u00bb#ffffff\u00a0\u00bb text_font_size=\u00a0\u00bb16px\u00a0\u00bb link_font=\u00a0\u00bb||||||||\u00a0\u00bb link_text_color=\u00a0\u00bb#f19413&Prime; header_font=\u00a0\u00bb||||||||\u00a0\u00bb header_3_font=\u00a0\u00bb||||||||\u00a0\u00bb header_3_text_color=\u00a0\u00bb#f19413&Prime; header_4_font=\u00a0\u00bb||||||||\u00a0\u00bb header_4_text_color=\u00a0\u00bb#0098af\u00a0\u00bb link_option_url_new_window=\u00a0\u00bbon\u00a0\u00bb locked=\u00a0\u00bboff\u00a0\u00bb global_colors_info=\u00a0\u00bb{}\u00a0\u00bb]<\/p>\n<h3>HEURES D&rsquo;OUVERTURE DU FESTIVAL PHOTO<\/h3>\n<h4>\u00a0<\/h4>\n<h4>Informations g\u00e9n\u00e9rales<\/h4>\n<p>Le CC Palethe est un point de d\u00e9part id\u00e9al pour une visite de toutes les expositions de Lens op de Mens. Il est situ\u00e9 au centre de la route et il y a beaucoup d&rsquo;espace de stationnement.<br \/>Des plans de route et des magazines d&rsquo;information sont disponibles au CC Palethe et \u00e0 la restauration locale.<\/p>\n<p>Le long de l&rsquo;itin\u00e9raire, vous trouverez un large choix d&rsquo;\u00e9tablissements de restauration o\u00f9 vous pourrez vous d\u00e9tendre avec une boisson rafra\u00eechissante et une collation savoureuse.<\/p>\n<p>&nbsp;<\/p>\n<h4 class=\"font_8\">L&rsquo;exposition en plein air de toutes les photographies s\u00e9lectionn\u00e9es de Lens op de mens est sans danger pour Corona.<\/h4>\n<p class=\"font_8\">Le parcours de pr\u00e8s de 3 km se d\u00e9roule dans les rues et sur les places du centre d&rsquo;Overpelt et est donc accessible en permanence.<\/p>\n<h3>\u00a0<\/h3>\n<h3 class=\"font_7\">APER\u00c7U DES EXPOSITIONS INVIT\u00c9ES\u00a02021<\/h3>\n<p>&nbsp;<\/p>\n<h4><a href=\"https:\/\/fotofestivalpelt.be\/fr\/expositions-invitees-2021\/#palethe\"><strong>Centre Culturel Palethe<\/strong><\/a><\/h4>\n<h4>Barbara Vandendriessche | <em>Capturing the emotional body \u2013 Exploring visual poetry<\/em><br \/>Eddy Verloes | <em>Buiten Zinnen \/ Losing Our Minds<\/em><br \/>RPS Benelux Chapter 2021 Print Exhibition | <em>People at work<\/em><br \/>WPC Team Belgium 2021<\/h4>\n<p><strong>Jeugdlaan 2, 3910 Pelt<br \/>GPS 51.211239\u00b0 NB 5.428118\u00b0 OL<\/strong><br \/>Tous les jours ouvrables 9.00 &#8211; 12.00 et de 13.00 &#8211; 16.30 h et lors d&rsquo;activit\u00e9s au centre culturel<br \/>A partir du 4 juillet, chaque dimanche de 14h00 \u00e0 17h00.<\/p>\n<h4><strong><a href=\"https:\/\/fotofestivalpelt.be\/fr\/expositions-invitees-2021\/#\u00e9glise\">\u00c9glise Saint-Martin<\/a><\/strong><\/h4>\n<h4>Bert Daenen | <em>derri\u00e8re le masque<\/em><\/h4>\n<p><strong>Kerkdijk 2-4, 3910 Pelt<br \/>GPS 51.211111\u00b0 NB 5.425730\u00b0 OL<\/strong><br \/>Tous les jours 10.00 &#8211; 17.00 h, sauf pendant les services religieux<\/p>\n<h4><a href=\"https:\/\/fotofestivalpelt.be\/fr\/expositions-invitees-2021\/#kerkdijk\"><strong>Kerkdijk<\/strong><\/a><\/h4>\n<h4>Laur\u00e9ats 2019<\/h4>\n<p><strong>Kerkdijk, \u00e0 c\u00f4t\u00e9 de l&rsquo;\u00e9glise Saint-Martin<br \/>GPS 51.211010 NB 5.426558 OL<br \/><\/strong>L&rsquo;exposition en plein air est accessible en permanence<\/p>\n<h4><strong><a href=\"https:\/\/fotofestivalpelt.be\/fr\/expositions-invitees-2021\/#paadje\">Chemin pi\u00e9tonnier<\/a> entre Rodenbachlaan et Bemvaartstraat<\/strong><\/h4>\n<p>Acc\u00e8s par la Rodenbachlaan maison n\u00b0 12<\/p>\n<h4>Membres du Jury 2021<\/h4>\n<p><strong>Rodenbachlaan\u00a0 \u00a0GPS 51.212879\u00b0 NB 5.425396\u00b0 OL<br \/>Bemvaartstraat\u00a0 \u00a0GPS 51.213406\u00b0 NB 5.424647\u00b0 OL<br \/><\/strong>L&rsquo;exposition en plein air est accessible en permanence<strong><br \/><\/strong><\/p>\n<h4><strong><a href=\"https:\/\/fotofestivalpelt.be\/fr\/expositions-invitees-2021\/#nieuwemarkt\">Nieuwe Markt \/ Nouveau March\u00e9<\/a><\/strong><\/h4>\n<h4>Ilan Wittenberg (NZL) | <em>Faces of Cairo<\/em><\/h4>\n<p><strong>Nieuwe Markt<br \/>GPS 51.209786\u00b0 NB 5.423998\u00b0 OL<br \/><\/strong>L&rsquo;exposition en plein air est accessible en permanence<strong><br \/><\/strong><\/p>\n<h4><a href=\"https:\/\/fotofestivalpelt.be\/fr\/expositions-invitees-2021\/#pistefinlandaise\"><strong>Piste finlandaise<\/strong><\/a><\/h4>\n<p>Acc\u00e8s par le parking de la Vloeterstraat \u00e0 c\u00f4t\u00e9 de la chapelle du Sacr\u00e9 Coeur<\/p>\n<h4>Evi Polak | <em>Real heroes never sleep<\/em><br \/>HelPhoto, Helsinki, Finlande | <em>Nordic Village<\/em><br \/>Vizualizator, Belgrade, Serbie | <em>S\u00e9lection de photographes Serbes de haut niveau<\/em><\/h4>\n<p><strong>Vloeterstraat<br \/>GPS 51.209813\u00b0 NB 5.428673\u00b0 OL<br \/><\/strong>Les expositions en plein air sont accessibles en permanence<strong><br \/><\/strong><\/p>\n<p>&nbsp;<\/p>\n<p>&nbsp;<\/p>\n<p>[\/et_pb_text][et_pb_text admin_label=\u00a0\u00bb6 juni Remise des prix virtuelle\u00a0\u00bb _builder_version=\u00a0\u00bb4.9.4&Prime; text_font=\u00a0\u00bbMontserrat||||||||\u00a0\u00bb text_text_color=\u00a0\u00bb#ffffff\u00a0\u00bb text_font_size=\u00a0\u00bb16px\u00a0\u00bb header_font=\u00a0\u00bb||||||||\u00a0\u00bb header_3_font=\u00a0\u00bb||||||||\u00a0\u00bb header_3_text_color=\u00a0\u00bb#f19413&Prime; header_4_font=\u00a0\u00bb||||||||\u00a0\u00bb header_4_text_color=\u00a0\u00bb#0098af\u00a0\u00bb global_colors_info=\u00a0\u00bb{}\u00a0\u00bb]<\/p>\n<h3 class=\"font_7\">PROGRAMME EDITION 2021:<\/h3>\n<h4>\u00a0<\/h4>\n<h3 class=\"font_7\">Dimanche 6 juin<\/h3>\n<h4>\u00a0<\/h4>\n<h4 class=\"font_8\">Remise de prix virtuelle avec l&rsquo;annonce des gagnants de Lens op de Mens 2021<\/h4>\n<p>&nbsp;<\/p>\n<p>A suivre d\u00e8s 11.00 h via YouTube <a href=\"https:\/\/youtu.be\/q2C9I01vNiU\" target=\"_blank\" rel=\"noopener\">https:\/\/youtu.be\/q2C9I01vNiU<\/a>\u00a0<\/p>\n<p>Cette remise de prix virtuelle marque \u00e9galement le d\u00e9but du troisi\u00e8me festival international de la photo \u00ab\u00a0Lens op de Mens\u00a0\u00bb \u00e0 Pelt, avec le parcours de l&rsquo;exposition dans les rues et sur les places de l&rsquo;Overpelt-Centre et les expositions invit\u00e9es au CC Palethe et \u00e0 l&rsquo;\u00e9glise Saint-Martin.<\/p>\n<p>&nbsp;<\/p>\n<p>&nbsp;<\/p>\n<p>[\/et_pb_text][et_pb_text admin_label=\u00a0\u00bbRecherche photos\u00a0\u00bb _builder_version=\u00a0\u00bb4.9.5&Prime; text_font=\u00a0\u00bbMontserrat||||||||\u00a0\u00bb text_text_color=\u00a0\u00bb#ffffff\u00a0\u00bb text_font_size=\u00a0\u00bb16px\u00a0\u00bb header_font=\u00a0\u00bb||||||||\u00a0\u00bb header_3_font=\u00a0\u00bb||||||||\u00a0\u00bb header_3_text_color=\u00a0\u00bb#f19413&Prime; header_4_font=\u00a0\u00bb||||||||\u00a0\u00bb header_4_text_color=\u00a0\u00bb#0098af\u00a0\u00bb header_5_font=\u00a0\u00bb||||||||\u00a0\u00bb locked=\u00a0\u00bboff\u00a0\u00bb global_colors_info=\u00a0\u00bb{}\u00a0\u00bb]<\/p>\n<h3 class=\"font_7\">Concours de recherche de photos<\/h3>\n<h3>\u00a0<\/h3>\n<p class=\"font_8\"><img loading=\"lazy\" decoding=\"async\" class=\"alignleft wp-image-6089\" src=\"https:\/\/fotofestivalpelt.be\/wp-content\/uploads\/2019\/07\/LodM_2019_Zoektocht_1-300x169.jpg\" alt=\"Lens op de Mens 2019 | Fotozoektocht\" width=\"200\" height=\"113\" srcset=\"https:\/\/fotofestivalpelt.be\/wp-content\/uploads\/2019\/07\/LodM_2019_Zoektocht_1-300x169.jpg 300w, https:\/\/fotofestivalpelt.be\/wp-content\/uploads\/2019\/07\/LodM_2019_Zoektocht_1-768x432.jpg 768w, https:\/\/fotofestivalpelt.be\/wp-content\/uploads\/2019\/07\/LodM_2019_Zoektocht_1-1024x576.jpg 1024w, https:\/\/fotofestivalpelt.be\/wp-content\/uploads\/2019\/07\/LodM_2019_Zoektocht_1-1080x608.jpg 1080w, https:\/\/fotofestivalpelt.be\/wp-content\/uploads\/2019\/07\/LodM_2019_Zoektocht_1-350x197.jpg 350w, https:\/\/fotofestivalpelt.be\/wp-content\/uploads\/2019\/07\/LodM_2019_Zoektocht_1-1100x619.jpg 1100w, https:\/\/fotofestivalpelt.be\/wp-content\/uploads\/2019\/07\/LodM_2019_Zoektocht_1.jpg 1200w\" sizes=\"(max-width: 200px) 100vw, 200px\" \/><\/p>\n<p>Cette ann\u00e9e encore, nous organisons un concours de recherche de photos pour tous les \u00e2ges.<\/p>\n<p>Vous pouvez retirer le formulaire de participation au CC Palethe, 4 Jeugdlaan. Le guichet du CC Palethe sera ferm\u00e9 pendant le week-end. Vous pouvez t\u00e9l\u00e9charger les formulaires via les liens ci-dessous et les imprimer chez vous avant de venir \u00e0 Pelt.<\/p>\n<p>Il y a des formulaires pour 3 cat\u00e9gories d&rsquo;\u00e2ge :<\/p>\n<ul>\n<li><a href=\"https:\/\/fotofestivalpelt.be\/wp-content\/uploads\/2021\/06\/2021-Fotozoektocht-volwassen_3.pdf\" target=\"_blank\" rel=\"noopener\">Formulaire 6-8 ans<\/a><\/li>\n<li><a href=\"https:\/\/fotofestivalpelt.be\/wp-content\/uploads\/2021\/06\/2021-Fotozoektocht-tieners_3.pdf\" target=\"_blank\" rel=\"noopener\">Formulaire 8-12 ans<\/a><\/li>\n<li><a href=\"https:\/\/fotofestivalpelt.be\/wp-content\/uploads\/2021\/05\/2021-Fotozoektocht-volwassen_2.pdf\" target=\"_blank\" rel=\"noopener\">Formulaire +12 ans et adultes<\/a><\/li>\n<\/ul>\n<p>Sur ce formulaire, vous trouverez des d\u00e9tails sur les photos \u00e0 rechercher le long du parcours de l&rsquo;exposition en plein air. Sur chaque photo expos\u00e9e, vous trouverez un num\u00e9ro de s\u00e9rie commen\u00e7ant par A (photographe amateur) ou P (photographe professionnel) dans le coin inf\u00e9rieur droit. Notez le num\u00e9ro de la photographie qui correspond au d\u00e9tail du formulaire de participation.<br \/>Vous pouvez apporter le formulaire rempli \u00e0 l&rsquo;office du tourisme de CC Palethe. Un joli cadeau vous attendra.<\/p>\n<p>&nbsp;<\/p>\n<p>&nbsp;<\/p>\n<p>[\/et_pb_text][et_pb_text admin_label=\u00a0\u00bb22-23 aug beroepsfotografen.be\u00a0\u00bb _builder_version=\u00a0\u00bb4.9.10&Prime; text_font=\u00a0\u00bbMontserrat||||||||\u00a0\u00bb text_text_color=\u00a0\u00bb#ffffff\u00a0\u00bb text_font_size=\u00a0\u00bb16px\u00a0\u00bb header_font=\u00a0\u00bb||||||||\u00a0\u00bb header_3_font=\u00a0\u00bb||||||||\u00a0\u00bb header_3_text_color=\u00a0\u00bb#f19413&Prime; header_4_font=\u00a0\u00bb||||||||\u00a0\u00bb header_4_text_color=\u00a0\u00bb#0098af\u00a0\u00bb global_colors_info=\u00a0\u00bb{}\u00a0\u00bb]<\/p>\n<h3><span style=\"font-size: 22px;\">Dimanche 22 et lundi 23 ao\u00fbt 2021<\/span><\/h3>\n<h4>\u00a0<\/h4>\n<h4 class=\"font_8\">Atelier de &lsquo;<em>mise en sc\u00e8ne photographique&rsquo;<\/em> avec Barbara Vandendriessche, en collaboration avec beroepsfotografen.be: ANNUL\u00c9<\/h4>\n<p>&nbsp;<\/p>\n<p>&nbsp;<\/p>\n<p>&nbsp;<\/p>\n<p>[\/et_pb_text][et_pb_text admin_label=\u00a0\u00bb19 sep awards\u00a0\u00bb _builder_version=\u00a0\u00bb4.9.11&Prime; text_font=\u00a0\u00bbMontserrat||||||||\u00a0\u00bb text_text_color=\u00a0\u00bb#ffffff\u00a0\u00bb text_font_size=\u00a0\u00bb16px\u00a0\u00bb header_font=\u00a0\u00bb||||||||\u00a0\u00bb header_3_font=\u00a0\u00bb||||||||\u00a0\u00bb header_3_text_color=\u00a0\u00bb#f19413&Prime; header_4_font=\u00a0\u00bb||||||||\u00a0\u00bb header_4_text_color=\u00a0\u00bb#0098af\u00a0\u00bb locked=\u00a0\u00bboff\u00a0\u00bb global_colors_info=\u00a0\u00bb{}\u00a0\u00bb]<\/p>\n<h3><span style=\"font-size: 22px;\">Dimanche 19 septembre 2021<\/span><\/h3>\n<h4>\u00a0<\/h4>\n<h4 class=\"font_8\">C\u00e9r\u00e9monie officielle de remise des prix aux laur\u00e9ats de Lens op de Mens 2021<\/h4>\n<p class=\"font_8\">CC Palethe, Jeugdlaan 2, 3900 Pelt<\/p>\n<p class=\"font_8\">Le dimanche 19 septembre \u00e0 11h00, il y aura une courte c\u00e9r\u00e9monie de remise des prix avec la pr\u00e9sentation des dipl\u00f4mes aux laur\u00e9ats de Lens op de Mens 2021.<\/p>\n<p>&nbsp;<\/p>\n<p>&nbsp;<\/p>\n<p>[\/et_pb_text][et_pb_text admin_label=\u00a0\u00bb18-19 sept RPS\u00a0\u00bb _builder_version=\u00a0\u00bb4.10.5&Prime; text_font=\u00a0\u00bbMontserrat||||||||\u00a0\u00bb text_text_color=\u00a0\u00bb#ffffff\u00a0\u00bb text_font_size=\u00a0\u00bb16px\u00a0\u00bb header_font=\u00a0\u00bb||||||||\u00a0\u00bb header_3_font=\u00a0\u00bb||||||||\u00a0\u00bb header_3_text_color=\u00a0\u00bb#f19413&Prime; header_4_font=\u00a0\u00bb||||||||\u00a0\u00bb header_4_text_color=\u00a0\u00bb#0098af\u00a0\u00bb hover_enabled=\u00a0\u00bb0&Prime; global_colors_info=\u00a0\u00bb{}\u00a0\u00bb sticky_enabled=\u00a0\u00bb0&Prime;]<\/p>\n<h3><span style=\"font-size: 22px;\">Samedi 18 en dimanche 19 septembre 2021<\/span><\/h3>\n<h4>\u00a0<\/h4>\n<h4 class=\"font_8\">Workshops en collaboration avec RPS &#8211; The Royal Photographic Society (UK)<\/h4>\n<p>&nbsp;<\/p>\n<p class=\"font_8\">Zinnezaal CC Palethe, Jeugdlaan 2, 3900 Pelt<\/p>\n<p><strong>RPS Benelux Chapter Programme<\/strong><\/p>\n<p><strong><em>Samedi 18 Septembre<\/em><\/strong><\/p>\n<p>11.00 \u2013 12.30 h. Atelier &lsquo;Photographie Documentaire&rsquo; avec Pieter van leeuwen<br \/>12.30 \u2013 13.00 h. Lunch<br \/>13.00 \u2013 15.00 h. Photographie de rue \u00e0 Pelt<br \/>16.00 \u2013 17.30 h. D\u00e9bat sur les r\u00e9sultats de l&rsquo;atelier<br \/>18.00 \u2013 19.00 h. Drink (a ses propres frais)<br \/>19.00 \u2013 23.00 h. Diner pour les membres de la RPS<\/p>\n<p><strong><em>Dimanche 19 Septembre<\/em><\/strong><\/p>\n<p>11.00 \u2013 12.00 h. Remise des pris Lens op de Mens 2021<br \/>12.30 \u2013 13.00 h. Lunch<br \/>13.20 \u2013 13.50 h. Accueil et pr\u00e9sentation RPS Benelux Chapter<br \/>14.00 \u2013 15.00 h. Janet Haines ARPS \u2013 RPS Distinctions (en Anglais)<br \/>15.10 \u2013 15.50 h. Carol Olerud ARPS &#8211; Eyes on Hamburg (en Anglais)<br \/>16.00 \u2013 16.45 h. Conf\u00e9rence Armando Jongejan FRPS \u2013 \u2018Monnikenleven &#8211; La vie des moines\u2019 (en N\u00e9erlandais)<br \/>Armando parle de son exp\u00e9rience de deux ans de photographie au coeur de l&rsquo;abbaye de Sint-Adelbert \u00e0 Egmond-Binnen (NL).<br \/><a href=\"http:\/\/www.contrastfotografie.nl\/html\/boek-monnik.html\" target=\"_blank\" rel=\"noopener\">http:\/\/www.contrastfotografie.nl\/html\/boek-monnik.html<\/a><br \/>17.00 \u2013 18.00 u. Discussions publiques de portfolio. (Maximum 5 photo\u2019s A4)<br \/>Pr\u00e9inscription obligatoire \u00e0 <a href=\"mailto:beneluxnl@rps.org\" target=\"_blank\" rel=\"noopener\">beneluxnl@rps.org<\/a><\/p>\n<p>Le co\u00fbt de l&rsquo;atelier est de 35 \u20ac pour les membres de RPS et de 40 \u20ac pour les non-membres, \u00e0 payer \u00e0 l&rsquo;avance sur le compte bancaire: The RPS Benelux Chapter NL44 ABNA 0247 9242 02 (BIC ABNANL2A) en mentionnant Pelt et votre nom. Les deux jours sont ouverts \u00e0 tous. Le dimanche, l&rsquo;entr\u00e9e est gratuite.<\/p>\n<p>&nbsp;<\/p>\n<p>&nbsp;<\/p>\n<p>[\/et_pb_text][et_pb_text admin_label=\u00a0\u00bb20 sep beroepsfotografen.be\u00a0\u00bb _builder_version=\u00a0\u00bb4.10.5&Prime; text_font=\u00a0\u00bbMontserrat||||||||\u00a0\u00bb text_text_color=\u00a0\u00bb#ffffff\u00a0\u00bb text_font_size=\u00a0\u00bb16px\u00a0\u00bb header_font=\u00a0\u00bb||||||||\u00a0\u00bb header_3_font=\u00a0\u00bb||||||||\u00a0\u00bb header_3_text_color=\u00a0\u00bb#f19413&Prime; header_4_font=\u00a0\u00bb||||||||\u00a0\u00bb header_4_text_color=\u00a0\u00bb#0098af\u00a0\u00bb global_colors_info=\u00a0\u00bb{}\u00a0\u00bb]<\/p>\n<h3><span style=\"font-size: 22px;\">Lundi 20 septembre 2021<\/span><\/h3>\n<h4>\u00a0<\/h4>\n<h3>Conf\u00e9rence et atelier en collaboration avec beroepsfotografen.be<\/h3>\n<p>Zinnezaal, CC Palethe, Jeugdlaan 2, Pelt<br \/>La conf\u00e9rence aura lieu de 10h00 \u00e0 12h00 et l&rsquo;atelier de 13h00 \u00e0 17h00.<\/p>\n<h4>Conf\u00e9rence sur L<em>e photojournalisme contemporain en Serbie et dans les environs<\/em> avec Zvezdan Mancic<\/h4>\n<p>La Serbie compte de nombreux laur\u00e9ats du prix Pulitzer et du Worldpress. Le festival international de photographie Vizualizator n&rsquo;est pas une organisation inconnue dans les Balkans. En tant que festival mais aussi en tant qu&rsquo;organisation, ils jouent un r\u00f4le actif dans le monde de la photographie de reportage.<\/p>\n<p>Zvezdan Mancic est l&rsquo;inspirateur du festival et de l&rsquo;organisation derri\u00e8re Vizualizator depuis de nombreuses ann\u00e9es. Zvezdan vous fera d\u00e9couvrir le monde du journalisme, le langage visuel utilis\u00e9 par un journaliste et la sc\u00e8ne photographique en Europe centrale.<\/p>\n<p>&nbsp;<\/p>\n<h4>Atelier <em>Langage Visuel et Composition<\/em> avec Carine Van Gerven<\/h4>\n<p>Que nous dit une image ? En tant que photographes, comment g\u00e9rons-nous ce langage visuel ? La photographe Carine Van Gerven explique comment elle construit une photo. Elle part d&rsquo;un concept et cherche ensuite des moyens de mettre ce concept en \u00e9vidence.<\/p>\n<p>Elle travaille actuellement sur une s\u00e9rie de \u00ab\u00a0temps\u00a0\u00bb qui s&rsquo;inspire de peintures de genre du XVIIe si\u00e8cle. Son travail est rempli de symboles qui racontent l&rsquo;histoire derri\u00e8re l&rsquo;image.<br \/>Faire du travail libre en tant que photographe est inspirant, stimulant et souvent n\u00e9cessaire, mais comment commencer ? Quels sont les probl\u00e8mes que vous rencontrez ? Comment se d\u00e9roule un processus cr\u00e9atif ?<\/p>\n<p>Dans cet atelier, Carine parlera principalement de l&rsquo;approche de son propre travail et elle vous invitera \u00e0 stimuler votre propre processus de pens\u00e9e cr\u00e9ative par le biais de quelques petits exercices.<\/p>\n<p>&nbsp;<\/p>\n<p>La conf\u00e9rence sur le photojournalisme et l&rsquo;atelier Langage visuel et composition co\u00fbtent 65 \u20ac pour les membres et 120 \u20ac pour les non-membres. Le d\u00e9jeuner est inclus dans l&rsquo;atelier.<\/p>\n<p>Plus d&rsquo;informations via <a href=\"mailto:fotografen@unizo.be\" target=\"_blank\" rel=\"noopener\">fotografen@unizo.be<\/a><br \/>Inscrivez-vous sur <a href=\"https:\/\/beroepsfotografen.be\" target=\"_blank\" rel=\"noopener\">beroepsfotografen.be<\/a><\/p>\n<p>&nbsp;<\/p>\n<p>&nbsp;<\/p>\n<p>[\/et_pb_text][\/et_pb_column][et_pb_column type=\u00a0\u00bb2_5&Prime; _builder_version=\u00a0\u00bb4.9.7&Prime; use_background_color_gradient=\u00a0\u00bbon\u00a0\u00bb background_color_gradient_start=\u00a0\u00bbrgba(0,0,0,0)\u00a0\u00bb background_color_gradient_end=\u00a0\u00bbrgba(0,0,0,0.9)\u00a0\u00bb background_color_gradient_start_position=\u00a0\u00bb83%\u00a0\u00bb background_color_gradient_overlays_image=\u00a0\u00bbon\u00a0\u00bb background_image=\u00a0\u00bbhttps:\/\/fotofestivalpelt.be\/wp-content\/uploads\/2021\/06\/13100-Neret_Hanna_1_smal-scaled.jpg\u00a0\u00bb background_position=\u00a0\u00bbcenter_left\u00a0\u00bb custom_padding=\u00a0\u00bb20px|20px|0px|20px\u00a0\u00bb custom_padding_tablet=\u00a0\u00bb\u00a0\u00bb custom_padding_phone=\u00a0\u00bb5px|5px|5px|5px|true|true\u00a0\u00bb custom_padding_last_edited=\u00a0\u00bbon|phone\u00a0\u00bb global_colors_info=\u00a0\u00bb{}\u00a0\u00bb custom_padding__hover=\u00a0\u00bb|||\u00a0\u00bb][et_pb_image src=\u00a0\u00bbhttps:\/\/fotofestivalpelt.be\/wp-content\/uploads\/2020\/04\/P162_Kryst\u00fdnek_Martin_2000px.jpg\u00a0\u00bb alt=\u00a0\u00bb\u00a9 Martin Kryst\u00fdnek\u00a0\u00bb title_text=\u00a0\u00bb\u00a9 Martin Kryst\u00fdnek\u00a0\u00bb align_tablet=\u00a0\u00bbcenter\u00a0\u00bb align_phone=\u00a0\u00bb\u00a0\u00bb align_last_edited=\u00a0\u00bbon|desktop\u00a0\u00bb disabled_on=\u00a0\u00bboff|on|on\u00a0\u00bb admin_label=\u00a0\u00bbFoto Hannah Neret\u00a0\u00bb _builder_version=\u00a0\u00bb4.7.7&Prime; global_colors_info=\u00a0\u00bb{}\u00a0\u00bb][\/et_pb_image][\/et_pb_column][\/et_pb_row][\/et_pb_section]<\/p>\n","protected":false},"excerpt":{"rendered":"<p>Magazine Lens op de Mens &nbsp; Gr\u00e2ce \u00e0 ce lien, vous pouvez consulter en ligne notre Magazine Lens op de Mens. Dans ce livret-programme, vous trouverez un plan du parcours de l&rsquo;exposition, tous les noms des photographes s\u00e9lectionn\u00e9s, des informations sur les expositions invit\u00e9es, les heures d&rsquo;ouverture, les partenaires et sponsors, et bien d&rsquo;autres informations [&hellip;]<\/p>\n","protected":false},"author":1,"featured_media":0,"parent":0,"menu_order":0,"comment_status":"closed","ping_status":"closed","template":"","meta":{"_et_pb_use_builder":"on","_et_pb_old_content":"","_et_gb_content_width":"","footnotes":""},"class_list":["post-4155","page","type-page","status-publish","hentry"],"_links":{"self":[{"href":"https:\/\/fotofestivalpelt.be\/fr\/wp-json\/wp\/v2\/pages\/4155","targetHints":{"allow":["GET"]}}],"collection":[{"href":"https:\/\/fotofestivalpelt.be\/fr\/wp-json\/wp\/v2\/pages"}],"about":[{"href":"https:\/\/fotofestivalpelt.be\/fr\/wp-json\/wp\/v2\/types\/page"}],"author":[{"embeddable":true,"href":"https:\/\/fotofestivalpelt.be\/fr\/wp-json\/wp\/v2\/users\/1"}],"replies":[{"embeddable":true,"href":"https:\/\/fotofestivalpelt.be\/fr\/wp-json\/wp\/v2\/comments?post=4155"}],"version-history":[{"count":58,"href":"https:\/\/fotofestivalpelt.be\/fr\/wp-json\/wp\/v2\/pages\/4155\/revisions"}],"predecessor-version":[{"id":17456,"href":"https:\/\/fotofestivalpelt.be\/fr\/wp-json\/wp\/v2\/pages\/4155\/revisions\/17456"}],"wp:attachment":[{"href":"https:\/\/fotofestivalpelt.be\/fr\/wp-json\/wp\/v2\/media?parent=4155"}],"curies":[{"name":"wp","href":"https:\/\/api.w.org\/{rel}","templated":true}]}}