{"id":4260,"date":"2019-03-03T10:57:29","date_gmt":"2019-03-03T10:57:29","guid":{"rendered":"https:\/\/fotofestivalpelt.be\/gasttentoonstellingen\/"},"modified":"2019-07-08T09:49:04","modified_gmt":"2019-07-08T09:49:04","slug":"gasttentoonstellingen","status":"publish","type":"page","link":"https:\/\/fotofestivalpelt.be\/fr\/gasttentoonstellingen\/","title":{"rendered":"EXHIBITIONS \u00c0 L&rsquo;INT\u00c9RIEUR"},"content":{"rendered":"<p>[et_pb_section fb_built=\u00a0\u00bb1&Prime; fullwidth=\u00a0\u00bbon\u00a0\u00bb admin_label=\u00a0\u00bbHero Section\u00a0\u00bb _builder_version=\u00a0\u00bb3.22.7&Prime; background_image=\u00a0\u00bbhttps:\/\/fotofestivalpelt.be\/wp-content\/uploads\/2019\/07\/LodM_2019_Palethe_Marco-Mertens_smal-1.jpg\u00a0\u00bb parallax=\u00a0\u00bbon\u00a0\u00bb custom_padding=\u00a0\u00bb0|0px|0|0px|false|false\u00a0\u00bb][et_pb_fullwidth_header title=\u00a0\u00bbExhibitions \u00e0 l&rsquo;int\u00e9rieur 2019&Prime; text_orientation=\u00a0\u00bbcenter\u00a0\u00bb header_fullscreen=\u00a0\u00bbon\u00a0\u00bb background_overlay_color=\u00a0\u00bbrgba(0,0,0,0.5)\u00a0\u00bb title_font_color=\u00a0\u00bb#ffffff\u00a0\u00bb subhead_font_color=\u00a0\u00bb#ffffff\u00a0\u00bb admin_label=\u00a0\u00bbFullwidth Header\u00a0\u00bb _builder_version=\u00a0\u00bb3.22.7&Prime; title_level=\u00a0\u00bbh2&Prime; title_font=\u00a0\u00bbMontserrat|600|||||||\u00a0\u00bb title_text_align=\u00a0\u00bbcenter\u00a0\u00bb title_text_color=\u00a0\u00bb#f19413&Prime; title_font_size=\u00a0\u00bb60px\u00a0\u00bb title_font_size_tablet=\u00a0\u00bb50px\u00a0\u00bb title_font_size_phone=\u00a0\u00bb22px\u00a0\u00bb title_font_size_last_edited=\u00a0\u00bbon|desktop\u00a0\u00bb title_letter_spacing=\u00a0\u00bb2px\u00a0\u00bb content_font=\u00a0\u00bb||||||||\u00a0\u00bb subhead_font=\u00a0\u00bbOpen Sans||||||||\u00a0\u00bb subhead_text_align=\u00a0\u00bbcenter\u00a0\u00bb subhead_text_color=\u00a0\u00bb#ffffff\u00a0\u00bb subhead_font_size=\u00a0\u00bb34px\u00a0\u00bb subhead_font_size_last_edited=\u00a0\u00bbon|desktop\u00a0\u00bb subhead_line_height=\u00a0\u00bb1.6em\u00a0\u00bb background_color=\u00a0\u00bbrgba(255,255,255,0)\u00a0\u00bb custom_button_one=\u00a0\u00bbon\u00a0\u00bb button_one_text_size=\u00a0\u00bb14px\u00a0\u00bb button_one_text_color=\u00a0\u00bb#ffffff\u00a0\u00bb button_one_bg_color=\u00a0\u00bb#0099e5&Prime; button_one_border_width=\u00a0\u00bb12px\u00a0\u00bb button_one_border_color=\u00a0\u00bb#0099e5&Prime; button_one_border_radius=\u00a0\u00bb0px\u00a0\u00bb button_one_letter_spacing=\u00a0\u00bb2px\u00a0\u00bb button_one_font=\u00a0\u00bbNunito|700||on|||||\u00a0\u00bb button_one_use_icon=\u00a0\u00bboff\u00a0\u00bb animation_style=\u00a0\u00bbfade\u00a0\u00bb button_one_text_color_hover=\u00a0\u00bb#ffffff\u00a0\u00bb button_one_border_color_hover=\u00a0\u00bb#0099e5&Prime; button_one_border_radius_hover=\u00a0\u00bb0px\u00a0\u00bb button_one_letter_spacing_hover=\u00a0\u00bb2px\u00a0\u00bb button_one_bg_color_hover=\u00a0\u00bb#0099e5&Prime; button_one_text_size__hover_enabled=\u00a0\u00bboff\u00a0\u00bb button_two_text_size__hover_enabled=\u00a0\u00bboff\u00a0\u00bb button_one_text_color__hover_enabled=\u00a0\u00bbon\u00a0\u00bb button_one_text_color__hover=\u00a0\u00bb#ffffff\u00a0\u00bb button_two_text_color__hover_enabled=\u00a0\u00bboff\u00a0\u00bb button_one_border_width__hover_enabled=\u00a0\u00bboff\u00a0\u00bb button_two_border_width__hover_enabled=\u00a0\u00bboff\u00a0\u00bb button_one_border_color__hover_enabled=\u00a0\u00bbon\u00a0\u00bb button_one_border_color__hover=\u00a0\u00bb#0099e5&Prime; button_two_border_color__hover_enabled=\u00a0\u00bboff\u00a0\u00bb button_one_border_radius__hover_enabled=\u00a0\u00bbon\u00a0\u00bb button_one_border_radius__hover=\u00a0\u00bb0px\u00a0\u00bb button_two_border_radius__hover_enabled=\u00a0\u00bboff\u00a0\u00bb button_one_letter_spacing__hover_enabled=\u00a0\u00bbon\u00a0\u00bb button_one_letter_spacing__hover=\u00a0\u00bb2px\u00a0\u00bb button_two_letter_spacing__hover_enabled=\u00a0\u00bboff\u00a0\u00bb button_one_bg_color__hover_enabled=\u00a0\u00bbon\u00a0\u00bb button_one_bg_color__hover=\u00a0\u00bb#0099e5&Prime; button_two_bg_color__hover_enabled=\u00a0\u00bboff\u00a0\u00bb title_text_color__hover_enabled=\u00a0\u00bbon\u00a0\u00bb]<\/p>\n<h3>\u00a0<\/h3>\n<h2 class=\"font_7\" style=\"text-align: center;\"><a href=\"https:\/\/fotofestivalpelt.be\/fr\/gasttentoonstellingen\/#palethe\"><strong>CC Palethe\u200b<\/strong><\/a><\/h2>\n<h2 class=\"font_7\" style=\"text-align: center;\"><a href=\"https:\/\/fotofestivalpelt.be\/fr\/gasttentoonstellingen\/#pellemelle\"><strong>Centre de services Pelle Melle<\/strong><\/a><\/h2>\n<h2 class=\"font_7\" style=\"text-align: center;\"><a href=\"https:\/\/fotofestivalpelt.be\/fr\/gasttentoonstellingen\/#dommelslag\"><strong>Piscine Dommelslag<\/strong><\/a><\/h2>\n<h2 class=\"font_7\" style=\"text-align: center;\"><a href=\"https:\/\/fotofestivalpelt.be\/fr\/gasttentoonstellingen\/#ziekenhuis\"><strong>H\u00f4pital &lsquo;Mariaziekenhuis&rsquo;<\/strong><\/a><\/h2>\n<h2 class=\"font_7\" style=\"text-align: center;\"><a href=\"https:\/\/fotofestivalpelt.be\/fr\/gasttentoonstellingen\/#bib\"><strong>Biblioth\u00e8que Publique de Neerpelt<\/strong><\/a><\/h2>\n<h2 class=\"font_7\" style=\"text-align: center;\"><a href=\"https:\/\/fotofestivalpelt.be\/fr\/gasttentoonstellingen\/#rusthuis\"><strong>Centre r\u00e9sidentiel et de soins Saint Joseph<\/strong><\/a><\/h2>\n<h2 class=\"font_7\" style=\"text-align: center;\"><a href=\"https:\/\/fotofestivalpelt.be\/fr\/gasttentoonstellingen\/#dommelhof\"><strong>Domaine Provincial Dommelhof<\/strong><\/a><\/h2>\n<p>[\/et_pb_fullwidth_header][\/et_pb_section][et_pb_section fb_built=\u00a0\u00bb1&Prime; admin_label=\u00a0\u00bbFeature Section\u00a0\u00bb _builder_version=\u00a0\u00bb3.22.3&Prime; custom_padding=\u00a0\u00bb0px||0px|\u00a0\u00bb locked=\u00a0\u00bboff\u00a0\u00bb][et_pb_row use_custom_gutter=\u00a0\u00bbon\u00a0\u00bb gutter_width=\u00a0\u00bb1&Prime; custom_padding=\u00a0\u00bb0px||0px|\u00a0\u00bb make_equal=\u00a0\u00bbon\u00a0\u00bb background_color_1=\u00a0\u00bb#000000&Prime; background_color_2=\u00a0\u00bb#000000&Prime; bg_img_3=\u00a0\u00bbhttps:\/\/fotofestivalpelt.be\/wp-content\/uploads\/2019\/02\/bakery-16.jpg\u00a0\u00bb bg_img_4=\u00a0\u00bbhttps:\/\/fotofestivalpelt.be\/wp-content\/uploads\/2019\/02\/person-04.jpg\u00a0\u00bb padding_left_right_link_1=\u00a0\u00bbfalse\u00a0\u00bb padding_left_right_link_2=\u00a0\u00bbtrue\u00a0\u00bb background_position_2=\u00a0\u00bbtop_center\u00a0\u00bb use_background_color_gradient_1=\u00a0\u00bboff\u00a0\u00bb use_background_color_gradient_2=\u00a0\u00bbon\u00a0\u00bb use_background_color_gradient_3=\u00a0\u00bbon\u00a0\u00bb use_background_color_gradient_4=\u00a0\u00bbon\u00a0\u00bb background_color_gradient_start_1=\u00a0\u00bbrgba(0,0,0,0)\u00a0\u00bb background_color_gradient_start_2=\u00a0\u00bbrgba(0,0,0,0)\u00a0\u00bb background_color_gradient_start_3=\u00a0\u00bbrgba(0,0,0,0)\u00a0\u00bb background_color_gradient_start_4=\u00a0\u00bbrgba(0,0,0,0)\u00a0\u00bb background_color_gradient_end_1=\u00a0\u00bbrgba(0,0,0,0.9)\u00a0\u00bb background_color_gradient_end_2=\u00a0\u00bbrgba(0,0,0,0.9)\u00a0\u00bb background_color_gradient_end_3=\u00a0\u00bbrgba(0,0,0,0.9)\u00a0\u00bb background_color_gradient_end_4=\u00a0\u00bbrgba(0,0,0,0.9)\u00a0\u00bb background_color_gradient_start_position_1=\u00a0\u00bb20%\u00a0\u00bb background_color_gradient_start_position_2=\u00a0\u00bb83%\u00a0\u00bb background_color_gradient_start_position_3=\u00a0\u00bb20%\u00a0\u00bb background_color_gradient_start_position_4=\u00a0\u00bb20%\u00a0\u00bb background_color_gradient_end_position_2=\u00a0\u00bb100%\u00a0\u00bb background_color_gradient_overlays_image_1=\u00a0\u00bbon\u00a0\u00bb background_color_gradient_overlays_image_2=\u00a0\u00bbon\u00a0\u00bb background_color_gradient_overlays_image_3=\u00a0\u00bbon\u00a0\u00bb background_color_gradient_overlays_image_4=\u00a0\u00bbon\u00a0\u00bb padding_top_1=\u00a0\u00bb60px\u00a0\u00bb padding_top_2=\u00a0\u00bb20px\u00a0\u00bb padding_top_3=\u00a0\u00bb400px\u00a0\u00bb padding_top_4=\u00a0\u00bb400px\u00a0\u00bb padding_right_1=\u00a0\u00bb80px\u00a0\u00bb padding_right_2=\u00a0\u00bb20px\u00a0\u00bb padding_right_3=\u00a0\u00bb40px\u00a0\u00bb padding_right_4=\u00a0\u00bb40px\u00a0\u00bb padding_bottom_1=\u00a0\u00bb20px\u00a0\u00bb padding_bottom_2=\u00a0\u00bb0px\u00a0\u00bb padding_bottom_3=\u00a0\u00bb40px\u00a0\u00bb padding_bottom_4=\u00a0\u00bb40px\u00a0\u00bb padding_left_1=\u00a0\u00bb100px\u00a0\u00bb padding_left_2=\u00a0\u00bb20px\u00a0\u00bb padding_left_3=\u00a0\u00bb40px\u00a0\u00bb padding_left_4=\u00a0\u00bb40px\u00a0\u00bb padding_1_phone=\u00a0\u00bb5px|10px|5px|10px|false|true\u00a0\u00bb padding_2_phone=\u00a0\u00bb5px|5px|5px|5px|true|true\u00a0\u00bb padding_1_last_edited=\u00a0\u00bbon|phone\u00a0\u00bb padding_2_last_edited=\u00a0\u00bbon|phone\u00a0\u00bb admin_label=\u00a0\u00bbCC Palethe\u00a0\u00bb module_class=\u00a0\u00bb et_pb_row_fullwidth\u00a0\u00bb _builder_version=\u00a0\u00bb3.22.3&Prime; width=\u00a0\u00bb100%\u00a0\u00bb width_tablet=\u00a0\u00bb100%\u00a0\u00bb width_last_edited=\u00a0\u00bbon|desktop\u00a0\u00bb max_width=\u00a0\u00bb100%\u00a0\u00bb max_width_tablet=\u00a0\u00bb100%\u00a0\u00bb max_width_last_edited=\u00a0\u00bbon|desktop\u00a0\u00bb make_fullwidth=\u00a0\u00bbon\u00a0\u00bb][et_pb_column type=\u00a0\u00bb3_5&Prime; _builder_version=\u00a0\u00bb3.0.47&Prime;][et_pb_text admin_label=\u00a0\u00bbMarco Mertens\u00a0\u00bb _builder_version=\u00a0\u00bb3.22.7&Prime; text_font=\u00a0\u00bbMontserrat||||||||\u00a0\u00bb text_text_color=\u00a0\u00bb#ffffff\u00a0\u00bb text_font_size=\u00a0\u00bb16px\u00a0\u00bb link_font=\u00a0\u00bb||||||||\u00a0\u00bb link_text_color=\u00a0\u00bb#f19413&Prime; header_font=\u00a0\u00bb||||||||\u00a0\u00bb header_3_font=\u00a0\u00bb||||||||\u00a0\u00bb header_3_text_color=\u00a0\u00bb#f19413&Prime; header_4_font=\u00a0\u00bb||||||||\u00a0\u00bb header_4_text_color=\u00a0\u00bb#0098af\u00a0\u00bb header_5_font=\u00a0\u00bb||||||||\u00a0\u00bb border_width_all=\u00a0\u00bb0.5px\u00a0\u00bb border_color_all=\u00a0\u00bbrgba(0,0,0,0.46)\u00a0\u00bb link_option_url_new_window=\u00a0\u00bbon\u00a0\u00bb]<\/p>\n<h3  id=\"palethe\" class=\"font_7\">CC PALETHE<\/h3>\n<h4>\u00a0<\/h4>\n<h4 class=\"font_7\"><b>Marco Mertens<\/b><\/h4>\n<p>&nbsp;<\/p>\n<p><img loading=\"lazy\" decoding=\"async\" class=\"alignleft wp-image-1433 size-thumbnail\" src=\"https:\/\/fotofestivalpelt.be\/wp-content\/uploads\/2019\/04\/Marco-Mertens_400px_self-150x150.jpg\" alt=\"Marco Mertens\" width=\"150\" height=\"150\" \/>Au Centre Culturel Palethe Marco Mertens expose des portraits illustrant une carri\u00e8re de 25 ans en tant que photographe portraitiste.<br \/>Les photos sont faites pour Humo, Het Nieuwsblad, De Standaard, De Morgen, Goedele, Feeling, etc.<\/p>\n<p>Marco Mertens a commenc\u00e9 sa carri\u00e8re en tant que photographe de rock et a rapidement eu des grands noms comme Madonna, The Rolling Stones et Pearl Jam devant sa camera. Il s\u2019est ensuite concentr\u00e9 sur la r\u00e9alisation de portraits. Des personnes connues et inconnues sont immortalis\u00e9es par lui, seule condition: elles ont toujours une histoire \u00e0 raconter. Il est laur\u00e9at du Nikon Press Photo Award 2006 et ambassadeur de Louvain depuis 2010 en tant que photographe de ville. Pendant de nombreuses ann\u00e9es, il a assur\u00e9 la couverture de la brochure du programme du CC Palethe.<\/p>\n<p><a href=\"http:\/\/marcomertens.be\/\" target=\"_blank\" rel=\"noopener noreferrer\">marcomertens.be<\/a><\/p>\n<p>&nbsp;<\/p>\n<p>[\/et_pb_text][et_pb_text admin_label=\u00a0\u00bbSonja Sleurs\u00a0\u00bb _builder_version=\u00a0\u00bb3.22.7&Prime; text_font=\u00a0\u00bbMontserrat||||||||\u00a0\u00bb text_text_color=\u00a0\u00bb#ffffff\u00a0\u00bb text_font_size=\u00a0\u00bb16px\u00a0\u00bb link_font=\u00a0\u00bb||||||||\u00a0\u00bb link_text_color=\u00a0\u00bb#f19413&Prime; header_font=\u00a0\u00bb||||||||\u00a0\u00bb header_3_font=\u00a0\u00bb||||||||\u00a0\u00bb header_3_text_color=\u00a0\u00bb#f19413&Prime; header_4_font=\u00a0\u00bb||||||||\u00a0\u00bb header_4_text_color=\u00a0\u00bb#0098af\u00a0\u00bb header_5_font=\u00a0\u00bb||||||||\u00a0\u00bb border_width_all=\u00a0\u00bb0.5px\u00a0\u00bb border_color_all=\u00a0\u00bbrgba(0,0,0,0.46)\u00a0\u00bb link_option_url_new_window=\u00a0\u00bbon\u00a0\u00bb]<\/p>\n<h4><strong>Sonja Sleurs<\/strong><\/h4>\n<p>&nbsp;<\/p>\n<p><img loading=\"lazy\" decoding=\"async\" class=\"alignleft wp-image-5204 size-thumbnail\" src=\"https:\/\/fotofestivalpelt.be\/wp-content\/uploads\/2019\/05\/Sonja-Sleurs_600px-150x150.jpg\" alt=\"\" width=\"150\" height=\"150\" srcset=\"https:\/\/fotofestivalpelt.be\/wp-content\/uploads\/2019\/05\/Sonja-Sleurs_600px-150x150.jpg 150w, https:\/\/fotofestivalpelt.be\/wp-content\/uploads\/2019\/05\/Sonja-Sleurs_600px-300x300.jpg 300w, https:\/\/fotofestivalpelt.be\/wp-content\/uploads\/2019\/05\/Sonja-Sleurs_600px-350x350.jpg 350w, https:\/\/fotofestivalpelt.be\/wp-content\/uploads\/2019\/05\/Sonja-Sleurs_600px-51x51.jpg 51w, https:\/\/fotofestivalpelt.be\/wp-content\/uploads\/2019\/05\/Sonja-Sleurs_600px.jpg 602w\" sizes=\"(max-width: 150px) 100vw, 150px\" \/>Sonja Sleurs (&rsquo;57) de Pelt est dipl\u00f4m\u00e9e en photographie de l&rsquo;acad\u00e9mie d&rsquo;art urbain de Mol. L&rsquo;homme et sa passion pour le th\u00e9\u00e2tre et la musique sont le sujet central de ses photos.<\/p>\n<p>Elle expose des photos qu&rsquo;elle a pris au CC Palethe o\u00f9 elle est la photographe de la maison depuis plusieurs ann\u00e9es.<\/p>\n<p>&nbsp;<\/p>\n<p>&nbsp;<\/p>\n<p>&nbsp;<\/p>\n<p>&nbsp;<\/p>\n<p>[\/et_pb_text][et_pb_text admin_label=\u00a0\u00bbLaureaten 2017 &#8211; Sadegh Souri\u00a0\u00bb _builder_version=\u00a0\u00bb3.21.4&Prime; text_font=\u00a0\u00bbMontserrat||||||||\u00a0\u00bb text_text_color=\u00a0\u00bb#ffffff\u00a0\u00bb text_font_size=\u00a0\u00bb16px\u00a0\u00bb link_font=\u00a0\u00bb||||||||\u00a0\u00bb link_text_color=\u00a0\u00bb#f19413&Prime; header_font=\u00a0\u00bb||||||||\u00a0\u00bb header_3_font=\u00a0\u00bb||||||||\u00a0\u00bb header_3_text_color=\u00a0\u00bb#f19413&Prime; header_4_font=\u00a0\u00bb||||||||\u00a0\u00bb header_4_text_color=\u00a0\u00bb#0098af\u00a0\u00bb header_5_font=\u00a0\u00bb||||||||\u00a0\u00bb border_width_all=\u00a0\u00bb0.5px\u00a0\u00bb border_color_all=\u00a0\u00bbrgba(0,0,0,0.46)\u00a0\u00bb link_option_url_new_window=\u00a0\u00bbon\u00a0\u00bb]<\/p>\n<h3><strong>LAUR\u00c9ATS 2017 LENS OP DE MENS<\/strong><\/h3>\n<h4>\u00a0<\/h4>\n<h4><strong>Sadegh Souri | M\u00e9daille d&rsquo;Or photographes professionels<\/strong><\/h4>\n<p>&nbsp;<\/p>\n<p><img loading=\"lazy\" decoding=\"async\" class=\"alignleft wp-image-1372\" src=\"https:\/\/fotofestivalpelt.be\/wp-content\/uploads\/2019\/03\/Sadegh_Souri_self_2-246x300.jpg\" alt=\"Sadegh Souri\" width=\"123\" height=\"150\" srcset=\"https:\/\/fotofestivalpelt.be\/wp-content\/uploads\/2019\/03\/Sadegh_Souri_self_2-246x300.jpg 246w, https:\/\/fotofestivalpelt.be\/wp-content\/uploads\/2019\/03\/Sadegh_Souri_self_2-287x350.jpg 287w, https:\/\/fotofestivalpelt.be\/wp-content\/uploads\/2019\/03\/Sadegh_Souri_self_2.jpg 485w\" sizes=\"(max-width: 123px) 100vw, 123px\" \/>Sadegh Souri est un photographe iranien ind\u00e9pendant, n\u00e9 en 1985. Ses travaux ont \u00e9t\u00e9 r\u00e9compens\u00e9s \u00e0 plusieurs reprises ici et \u00e0 l&rsquo;\u00e9tranger. La photo gagnante de l&rsquo;\u00e9dition 2017 provient d&rsquo;une s\u00e9rie intitul\u00e9e \u00abPas de piti\u00e9 pour les enfants\u00bb et a re\u00e7u une mention honorable de l&rsquo;UNICEF lors du concours photo de l&rsquo;ann\u00e9e 2015.<\/p>\n<p>Selon la Convention des Nations Unies relative aux droits de l&rsquo;enfant, tout enfant qui entre en contact avec le tribunal doit \u00e9galement \u00eatre trait\u00e9 comme un enfant. Et ce droit est malheureusement viol\u00e9 dans de nombreux pays: Sadegh a r\u00e9ussi \u00e0 photographier des d\u00e9linquantes dans un centre de d\u00e9tention pour mineurs pr\u00e8s de T\u00e9h\u00e9ran. Certains d&rsquo;entre eux risquent la peine de mort pour des accusations telles que possession de drogue et vol \u00e0 main arm\u00e9e. Seule concession \u00e0 la pression internationale, ces ex\u00e9cutions ne peuvent avoir lieu que lorsque les d\u00e9linquants auront atteint l&rsquo;\u00e2ge de 18 ans. L&rsquo;image gagnante de 2017 est clairement une mise en accusation de ces pratiques. La photo raconte une histoire de peur, de honte, d&rsquo;incertitude, d&rsquo;impuissance &#8230; Le jury a \u00e9t\u00e9 tr\u00e8s impressionn\u00e9 par l&rsquo;impact \u00e9norme de cette image.<\/p>\n<p><strong>About his pictures exhibited in CC Palethe:<\/strong><\/p>\n<p><strong>Water, Wind, Soil, Drought<\/strong><\/p>\n<p>Photo 1: Hamed studies in 5<span style=\"font-size: 11.6667px;\">th<\/span>\u00a0grade elementary school and despite the sandstorm, he has to go to school. After the increase in the particles\u2019 density in the morning, he was forced to return home.<br \/>Photo 2:\u00a0Drought, drastic climate change, and its consequences have turned large areas of the province into deserts without any inhabitants, and according to the statistics, 25% of Sistan and Baluchistan Province population have immigrated to the neighbouring provinces during the past few years.<\/p>\n<p><strong>Fuel Smuggling<\/strong><\/p>\n<p>Photo 3: On the impassable paths where donkeys cannot take loads, fuel smugglers carry diesel barrels by hand.<br \/>Photo 4: During the past month, the police have fired at Abu Bakr\u2019s car 3 times, but he has survived each time. In the last shooting, 4 bullets hit the windscreen.<\/p>\n<p><strong>Water, Wind, Soil, Drought, Fuel Smuggling<\/strong><\/p>\n<p>Photo 5: The father of the family did farming before the recent droughts. Because of this situation, he goes to Tehran to work. Separation from wife and children forces him to return. After returning to Mir Javeh, he begins smuggling fuel. According to his daughter, he is shot and killed by the police on his first trip. Many families in the border regions in the southeast of Iran have lost their breadwinner.<\/p>\n<p>&nbsp;<\/p>\n<p>[\/et_pb_text][et_pb_text admin_label=\u00a0\u00bbLaureaten 2017 &#8211; Anna Ajtner\u00a0\u00bb _builder_version=\u00a0\u00bb3.21.4&Prime; text_font=\u00a0\u00bbMontserrat||||||||\u00a0\u00bb text_text_color=\u00a0\u00bb#ffffff\u00a0\u00bb text_font_size=\u00a0\u00bb16px\u00a0\u00bb link_font=\u00a0\u00bb||||||||\u00a0\u00bb link_text_color=\u00a0\u00bb#f19413&Prime; header_font=\u00a0\u00bb||||||||\u00a0\u00bb header_3_font=\u00a0\u00bb||||||||\u00a0\u00bb header_3_text_color=\u00a0\u00bb#f19413&Prime; header_4_font=\u00a0\u00bb||||||||\u00a0\u00bb header_4_text_color=\u00a0\u00bb#0098af\u00a0\u00bb header_5_font=\u00a0\u00bb||||||||\u00a0\u00bb border_width_all=\u00a0\u00bb0.5px\u00a0\u00bb border_color_all=\u00a0\u00bbrgba(0,0,0,0.46)\u00a0\u00bb link_option_url_new_window=\u00a0\u00bbon\u00a0\u00bb]<\/p>\n<h4><strong>Anna Ajtner | M\u00e9daille d&rsquo;Argent photographes professionels<\/strong><\/h4>\n<p>&nbsp;<\/p>\n<p>Photographe polonaise r\u00e9sidant aux Pays-Bas. Elle a remport\u00e9 une m\u00e9daille d&rsquo;argent en 2017 avec les pros avec une photo de sa fille Sandra.<\/p>\n<p><strong>\u00c0 propos de Anna Ajtner<\/strong><\/p>\n<p class=\"font_8\"><img loading=\"lazy\" decoding=\"async\" class=\"alignleft wp-image-1263 size-thumbnail\" src=\"https:\/\/fotofestivalpelt.be\/wp-content\/uploads\/2019\/03\/Anna-Ajtner_self_600px_border-150x150.jpg\" alt=\"Anna Ajtner\" width=\"150\" height=\"150\" srcset=\"https:\/\/fotofestivalpelt.be\/wp-content\/uploads\/2019\/03\/Anna-Ajtner_self_600px_border-150x150.jpg 150w, https:\/\/fotofestivalpelt.be\/wp-content\/uploads\/2019\/03\/Anna-Ajtner_self_600px_border-300x300.jpg 300w, https:\/\/fotofestivalpelt.be\/wp-content\/uploads\/2019\/03\/Anna-Ajtner_self_600px_border-350x350.jpg 350w, https:\/\/fotofestivalpelt.be\/wp-content\/uploads\/2019\/03\/Anna-Ajtner_self_600px_border-51x51.jpg 51w, https:\/\/fotofestivalpelt.be\/wp-content\/uploads\/2019\/03\/Anna-Ajtner_self_600px_border.jpg 602w\" sizes=\"(max-width: 150px) 100vw, 150px\" \/>J&rsquo;ai commenc\u00e9 ma formation artistique dans les ann\u00e9es 1989-1993 \u00e0 l&rsquo;Ecole Sup\u00e9rieure des Beaux-Arts de Bydgoszcz (Pologne), o\u00f9 j&rsquo;ai obtenu le titre de technicien en art, avec une sp\u00e9cialisation en organisation d&rsquo;expositions. Dans les ann\u00e9es 1993 \u00e0 1998, j&rsquo;ai \u00e9tudi\u00e9 la p\u00e9dagogie artistique \u00e0 la Facult\u00e9 des Arts Visuels de l&rsquo;Universit\u00e9 Nicolaus Copernicus \u00e0 Torun (Pologne). J&rsquo;y ai obtenu mon dipl\u00f4me et en 1998, j&rsquo;ai obtenu ma ma\u00eetrise en peinture. Apr\u00e8s avoir obtenu mon dipl\u00f4me, j&rsquo;ai d\u00e9velopp\u00e9 mes activit\u00e9s artistiques dans les domaines de la peinture, de la photographie et de la vid\u00e9o.<\/p>\n<p><strong>\u00c0 propos de ma photographie<\/strong><\/p>\n<p>Ma photographie consiste en une s\u00e9rie de portraits de ma fille Sandra. C&rsquo;est un projet sur lequel je travaille depuis 2006. Ma fille est le sujet principal de mon \u0153uvre, elle est mon inspiration. Son enfance, comment elle grandit, sa beaut\u00e9, comment tout cela change, son \u00e9tat d&rsquo;esprit, son cadre de vie. Tout cela a influenc\u00e9 le r\u00e9sultat final de mes photos. En fin de compte, cela enregistre \u00e9galement notre relation m\u00e8re \/ fille. C&rsquo;est \u00e0 la fois une cr\u00e9ation documentaire et artistique. Dans ce contexte, j&rsquo;esp\u00e8re que les t\u00e9l\u00e9spectateurs pourront ressentir l&rsquo;influence du monde qui nous entoure sur nos \u00e9motions.<\/p>\n<p class=\"font_8\">Ceci est notre histoire. La plupart de mes photos sont en noir et blanc, mais vous pouvez \u00e9galement y trouver des accents de couleur. Chaque photo de cette s\u00e9rie peut \u00e9galement \u00eatre consid\u00e9r\u00e9e comme une \u0153uvre ind\u00e9pendante.<\/p>\n<p><a href=\"https:\/\/www.ajtnerfineart.com\" target=\"_blank\" rel=\"noopener noreferrer\">www.ajtnerfineart.com<\/a><\/p>\n<p>&nbsp;<\/p>\n<p>[\/et_pb_text][et_pb_text admin_label=\u00a0\u00bbLaureaten 2017 &#8211; Ken Pimontel\u00a0\u00bb _builder_version=\u00a0\u00bb3.22.7&Prime; text_font=\u00a0\u00bbMontserrat||||||||\u00a0\u00bb text_text_color=\u00a0\u00bb#ffffff\u00a0\u00bb text_font_size=\u00a0\u00bb16px\u00a0\u00bb link_font=\u00a0\u00bb||||||||\u00a0\u00bb link_text_color=\u00a0\u00bb#f19413&Prime; header_font=\u00a0\u00bb||||||||\u00a0\u00bb header_3_font=\u00a0\u00bb||||||||\u00a0\u00bb header_3_text_color=\u00a0\u00bb#f19413&Prime; header_4_font=\u00a0\u00bb||||||||\u00a0\u00bb header_4_text_color=\u00a0\u00bb#0098af\u00a0\u00bb header_5_font=\u00a0\u00bb||||||||\u00a0\u00bb border_width_all=\u00a0\u00bb0.5px\u00a0\u00bb border_color_all=\u00a0\u00bbrgba(0,0,0,0.46)\u00a0\u00bb link_option_url_new_window=\u00a0\u00bbon\u00a0\u00bb]<\/p>\n<h4><strong>Ken Pimontel | M\u00e9daille de Bronze photographes professionels<\/strong><\/h4>\n<p>&nbsp;<\/p>\n<p><img loading=\"lazy\" decoding=\"async\" class=\"alignleft wp-image-5253 size-thumbnail\" src=\"https:\/\/fotofestivalpelt.be\/wp-content\/uploads\/2019\/05\/Ken-Pimontel_20190205_600px-150x150.jpg\" alt=\"\" width=\"150\" height=\"150\" srcset=\"https:\/\/fotofestivalpelt.be\/wp-content\/uploads\/2019\/05\/Ken-Pimontel_20190205_600px-150x150.jpg 150w, https:\/\/fotofestivalpelt.be\/wp-content\/uploads\/2019\/05\/Ken-Pimontel_20190205_600px-300x300.jpg 300w, https:\/\/fotofestivalpelt.be\/wp-content\/uploads\/2019\/05\/Ken-Pimontel_20190205_600px-350x350.jpg 350w, https:\/\/fotofestivalpelt.be\/wp-content\/uploads\/2019\/05\/Ken-Pimontel_20190205_600px-51x51.jpg 51w, https:\/\/fotofestivalpelt.be\/wp-content\/uploads\/2019\/05\/Ken-Pimontel_20190205_600px.jpg 600w\" sizes=\"(max-width: 150px) 100vw, 150px\" \/>Ken Pimontel est un photographe professionnel. Sa passion est de r\u00e9aliser des portraits intemporels au grand format de personnages r\u00e9els autant que fictive. Dans sa m\u00e9thode de travail il opte pour une pr\u00e9paration minutieuse, un \u00e9clairage pur, une composition classique et une palette de couleurs d\u00e9licate.<\/p>\n<p>Pendant l&rsquo;\u00e9dition de 2017 l\u2019un de ses portraits \u00e9tait suspendu en format g\u00e9ant sur la fa\u00e7ade de l\u2019h\u00f4tel de ville.<\/p>\n<p><a href=\"http:\/\/www.deportretfotograaf.be\" target=\"_blank\" rel=\"noopener noreferrer\">www.deportretfotograaf.be<\/a><\/p>\n<p>&nbsp;<\/p>\n<p>[\/et_pb_text][et_pb_text admin_label=\u00a0\u00bbLaureaten 2017 &#8211; Marc Apers\u00a0\u00bb _builder_version=\u00a0\u00bb3.22.7&Prime; text_font=\u00a0\u00bbMontserrat||||||||\u00a0\u00bb text_text_color=\u00a0\u00bb#ffffff\u00a0\u00bb text_font_size=\u00a0\u00bb16px\u00a0\u00bb link_font=\u00a0\u00bb||||||||\u00a0\u00bb link_text_color=\u00a0\u00bb#f19413&Prime; header_font=\u00a0\u00bb||||||||\u00a0\u00bb header_3_font=\u00a0\u00bb||||||||\u00a0\u00bb header_3_text_color=\u00a0\u00bb#f19413&Prime; header_4_font=\u00a0\u00bb||||||||\u00a0\u00bb header_4_text_color=\u00a0\u00bb#0098af\u00a0\u00bb header_5_font=\u00a0\u00bb||||||||\u00a0\u00bb border_width_all=\u00a0\u00bb0.5px\u00a0\u00bb border_color_all=\u00a0\u00bbrgba(0,0,0,0.46)\u00a0\u00bb link_option_url_new_window=\u00a0\u00bbon\u00a0\u00bb]<\/p>\n<h4><strong>Marc Apers | M\u00e9daille d&rsquo;Or photographes amateurs<\/strong><\/h4>\n<p>&nbsp;<\/p>\n<p><img loading=\"lazy\" decoding=\"async\" class=\"alignleft wp-image-5201 size-thumbnail\" src=\"https:\/\/fotofestivalpelt.be\/wp-content\/uploads\/2019\/05\/Marc-Apers_600px-150x150.jpg\" alt=\"\" width=\"150\" height=\"150\" srcset=\"https:\/\/fotofestivalpelt.be\/wp-content\/uploads\/2019\/05\/Marc-Apers_600px-150x150.jpg 150w, https:\/\/fotofestivalpelt.be\/wp-content\/uploads\/2019\/05\/Marc-Apers_600px-300x300.jpg 300w, https:\/\/fotofestivalpelt.be\/wp-content\/uploads\/2019\/05\/Marc-Apers_600px-350x350.jpg 350w, https:\/\/fotofestivalpelt.be\/wp-content\/uploads\/2019\/05\/Marc-Apers_600px-51x51.jpg 51w, https:\/\/fotofestivalpelt.be\/wp-content\/uploads\/2019\/05\/Marc-Apers_600px.jpg 602w\" sizes=\"(max-width: 150px) 100vw, 150px\" \/>Photographe ind\u00e9pendant, toujours \u00e0 la recherche de sujets typiques en noir et blanc mettant l&rsquo;accent sur les formes et les structures, la lumi\u00e8re et l&rsquo;obscurit\u00e9, le soleil et l&rsquo;ombre. Sujets pour lesquelles la couleur n&rsquo;est pas tr\u00e8s importante. Je trouve ces sujets dans le visage humain et plus particuli\u00e8rement dans les yeux, \u00ab\u00a0l&rsquo;\u00e2me\u00a0\u00bb de l&rsquo;homme.<\/p>\n<p>Mon portfolio est donc principalement constitu\u00e9 de portraits en noir et blanc. Faire des portraits de personnes dans leur environnement naturel est le sujet qui m&rsquo;int\u00e9resse le plus. Pour moi, les gens sont une source d\u2019inspiration in\u00e9puisable. Beaucoup disent que j\u2019ai la capacit\u00e9 naturelle d\u2019approcher les gens de mani\u00e8re appropri\u00e9e et donc de persuader les gens de poser devant mon objectif. Un jugement que je vous laisse, je sais qu\u2019il est extr\u00eamement important de toujours faire preuve de respect et d\u2019un int\u00e9r\u00eat sinc\u00e8re pour la personne portrait\u00e9. C&rsquo;est pourquoi je ne fais jamais de portrait sans d&rsquo;abord entamer une petite conversation avec les personnes que je rencontre. Je me pr\u00e9sente ouvertement et honn\u00eatement \u00e0 eux comme si j&rsquo;\u00e9tais l&rsquo;un d&rsquo;eux. Un clin d&rsquo;\u0153il, une br\u00e8ve conversation et un visage souriant les convaincront de poser pour moi. Le plus grand plaisir, cependant, est qu&rsquo;apr\u00e8s, ils me montrent parfois toute leur histoire. Combiner \u00e9motion et histoire en une seule image est mon objectif ultime.<\/p>\n<p>Un aper\u00e7u de mon oeuvre actuel peut \u00eatre admir\u00e9 sur le site photo 1x.com, pour lequel je joue \u00e9galement l&rsquo;un des mod\u00e9rateurs.<br \/><a href=\"http:\/\/www.marcapers.be\" target=\"_blank\" rel=\"noopener noreferrer\">www.marcapers.be<br \/><\/a><\/p>\n<p>&nbsp;<\/p>\n<p>[\/et_pb_text][et_pb_text admin_label=\u00a0\u00bbLaureaten 2017 &#8211; Mieke De Haas\u00a0\u00bb _builder_version=\u00a0\u00bb3.21.4&Prime; text_font=\u00a0\u00bbMontserrat||||||||\u00a0\u00bb text_text_color=\u00a0\u00bb#ffffff\u00a0\u00bb text_font_size=\u00a0\u00bb16px\u00a0\u00bb link_font=\u00a0\u00bb||||||||\u00a0\u00bb link_text_color=\u00a0\u00bb#f19413&Prime; header_font=\u00a0\u00bb||||||||\u00a0\u00bb header_3_font=\u00a0\u00bb||||||||\u00a0\u00bb header_3_text_color=\u00a0\u00bb#f19413&Prime; header_4_font=\u00a0\u00bb||||||||\u00a0\u00bb header_4_text_color=\u00a0\u00bb#0098af\u00a0\u00bb header_5_font=\u00a0\u00bb||||||||\u00a0\u00bb border_width_all=\u00a0\u00bb0.5px\u00a0\u00bb border_color_all=\u00a0\u00bbrgba(0,0,0,0.46)\u00a0\u00bb link_option_url_new_window=\u00a0\u00bbon\u00a0\u00bb]<\/p>\n<h4><strong>Mieke De Haas | M\u00e9daille d&rsquo;Argent photographes amateurs<\/strong><\/h4>\n<p>&nbsp;<\/p>\n<p><img loading=\"lazy\" decoding=\"async\" class=\"alignleft wp-image-1264 size-thumbnail\" src=\"https:\/\/fotofestivalpelt.be\/wp-content\/uploads\/2019\/03\/De-Haas_Mieke_600px_border-150x150.jpg\" alt=\"Mieke De Haas\" width=\"150\" height=\"150\" srcset=\"https:\/\/fotofestivalpelt.be\/wp-content\/uploads\/2019\/03\/De-Haas_Mieke_600px_border-150x150.jpg 150w, https:\/\/fotofestivalpelt.be\/wp-content\/uploads\/2019\/03\/De-Haas_Mieke_600px_border-300x300.jpg 300w, https:\/\/fotofestivalpelt.be\/wp-content\/uploads\/2019\/03\/De-Haas_Mieke_600px_border-350x350.jpg 350w, https:\/\/fotofestivalpelt.be\/wp-content\/uploads\/2019\/03\/De-Haas_Mieke_600px_border-51x51.jpg 51w, https:\/\/fotofestivalpelt.be\/wp-content\/uploads\/2019\/03\/De-Haas_Mieke_600px_border.jpg 602w\" sizes=\"(max-width: 150px) 100vw, 150px\" \/>Mieke de Haas (1956)<br \/>Bladel, Pays-Bas<\/p>\n<p>J&rsquo;aime la photographie et les voyages bien s\u00fbr. Avec mon mari, j&rsquo;ai fait de nombreux longs voyages. Il y a une limite au voyage, mais la photographie peut \u00eatre faite \u00e0 l&rsquo;infini. Les paysages sont certainement mon int\u00e9r\u00eat. Mais je suis aussi toujours \u00e0 la recherche de photographies hors des sentiers battus. Il y a encore beaucoup de d\u00e9fi.<\/p>\n<p><em>\u00ab\u00a0You don&rsquo;t take a photograph, you make it\u00a0\u00bb.<\/em> (Ansel Adams)<\/p>\n<p><strong>Br\u00e8ve explication des photos pr\u00e9sent\u00e9es:<\/strong><\/p>\n<p>L&rsquo;homme dans son propre environnement, souvent occup\u00e9 ou en d\u00e9placement. Chaque culture le fait \u00e0 sa propre mani\u00e8re. Je veux montrer cela en mettant l&rsquo;accent sur les personnes dans leur propre environnement.<br \/>Lieux de photos: nord du Sri Lanka et sud de la Chine.<\/p>\n<p><a href=\"http:\/\/www.columbusmagazine.nl\/reisreporter\/MiekeDeHaas\/fotos\" target=\"_blank\" rel=\"noopener noreferrer\">www.columbusmagazine.nl\/reisreporter\/MiekeDeHaas\/fotos<\/a><\/p>\n<p>&nbsp;<\/p>\n<p>[\/et_pb_text][et_pb_text admin_label=\u00a0\u00bbLaureaten 2017 &#8211; Brigitte Van der Voorde\u00a0\u00bb _builder_version=\u00a0\u00bb3.22.7&Prime; text_font=\u00a0\u00bbMontserrat||||||||\u00a0\u00bb text_text_color=\u00a0\u00bb#ffffff\u00a0\u00bb text_font_size=\u00a0\u00bb16px\u00a0\u00bb link_font=\u00a0\u00bb||||||||\u00a0\u00bb link_text_color=\u00a0\u00bb#f19413&Prime; header_font=\u00a0\u00bb||||||||\u00a0\u00bb header_3_font=\u00a0\u00bb||||||||\u00a0\u00bb header_3_text_color=\u00a0\u00bb#f19413&Prime; header_4_font=\u00a0\u00bb||||||||\u00a0\u00bb header_4_text_color=\u00a0\u00bb#0098af\u00a0\u00bb header_5_font=\u00a0\u00bb||||||||\u00a0\u00bb border_width_all=\u00a0\u00bb0.5px\u00a0\u00bb border_color_all=\u00a0\u00bbrgba(0,0,0,0.46)\u00a0\u00bb link_option_url_new_window=\u00a0\u00bbon\u00a0\u00bb]<\/p>\n<h4><strong>Brigitte Van der Voorde | M\u00e9daille de Bronze photographes amateurs<\/strong><\/h4>\n<p>&nbsp;<\/p>\n<p><img loading=\"lazy\" decoding=\"async\" class=\"alignleft wp-image-1258 size-thumbnail\" src=\"https:\/\/fotofestivalpelt.be\/wp-content\/uploads\/2019\/03\/Van-der-Voorde_self_600px_border-150x150.jpg\" alt=\"Brigitte Van der Voorde\" width=\"150\" height=\"150\" srcset=\"https:\/\/fotofestivalpelt.be\/wp-content\/uploads\/2019\/03\/Van-der-Voorde_self_600px_border-150x150.jpg 150w, https:\/\/fotofestivalpelt.be\/wp-content\/uploads\/2019\/03\/Van-der-Voorde_self_600px_border-300x300.jpg 300w, https:\/\/fotofestivalpelt.be\/wp-content\/uploads\/2019\/03\/Van-der-Voorde_self_600px_border-350x350.jpg 350w, https:\/\/fotofestivalpelt.be\/wp-content\/uploads\/2019\/03\/Van-der-Voorde_self_600px_border-51x51.jpg 51w, https:\/\/fotofestivalpelt.be\/wp-content\/uploads\/2019\/03\/Van-der-Voorde_self_600px_border.jpg 602w\" sizes=\"(max-width: 150px) 100vw, 150px\" \/>Brigitte Van der Voorde<br \/>Ternat, Belgique<br \/><a href=\"mailto:brigittevandervoorde57@gmail.com\" target=\"_blank\" rel=\"noopener noreferrer\">brigittevandervoorde57@gmail.com<\/a><\/p>\n<p>&nbsp;<\/p>\n<p><strong>Une petite explication sur les photos expos\u00e9es<\/strong><\/p>\n<p>Les photos sont un pr\u00e9lude de mon livre #WETWO qui sera publi\u00e9 en juin 2019. # WETWO sont des doubles portraits.<\/p>\n<p>L&rsquo;id\u00e9e de faire des portraits doubles est n\u00e9e de la piste de r\u00e9flexion suivante:<br \/>Supposons que vous \u00eates tout seul sur la terre, alors le miroir de votre \u00e2me ne peut pas percevoir parce que vous avez pas de rep\u00e8res.<br \/>Pour transmettre la communication et les sentiments, vous avez besoin d\u2019un spectateur, d\u2019une deuxi\u00e8me personne.<br \/>Deux personnes peuvent \u00e9galement se refl\u00e9ter, am\u00e9liorer leur comportement et devenir de meilleures personnes.<br \/>Si deux personnes ont un comportement positif uns envers les autres, les autres, et d&rsquo;autres encore, le monde va mieux et toujours au carr\u00e9. Une fa\u00e7on de se regarder ou de traiter les autres est \u00e0 travers les fen\u00eatres de l&rsquo;\u00e2me.<br \/>Mais quelle \u00e2me voyez-vous maintenant?<br \/>Celui du propri\u00e9taire ou celui du spectateur?<br \/>Apr\u00e8s tout, je suis spectateur en tant que photographe.<br \/>Dans #WETWO, je suppose que le monde est mon miroir.<br \/>La perception est une projection.<br \/># WETWO est, contrairement \u00e0 #metoo, pas une accusation, mais un comportement, un mode de vie.<\/p>\n<p>&nbsp;<\/p>\n<p>[\/et_pb_text][et_pb_text admin_label=\u00a0\u00bbLaureaten 2017 &#8211; St\u00e9phanie Smeets\u00a0\u00bb _builder_version=\u00a0\u00bb3.22.4&Prime; text_font=\u00a0\u00bbMontserrat||||||||\u00a0\u00bb text_text_color=\u00a0\u00bb#ffffff\u00a0\u00bb text_font_size=\u00a0\u00bb16px\u00a0\u00bb link_font=\u00a0\u00bb||||||||\u00a0\u00bb link_text_color=\u00a0\u00bb#f19413&Prime; header_font=\u00a0\u00bb||||||||\u00a0\u00bb header_3_font=\u00a0\u00bb||||||||\u00a0\u00bb header_3_text_color=\u00a0\u00bb#f19413&Prime; header_4_font=\u00a0\u00bb||||||||\u00a0\u00bb header_4_text_color=\u00a0\u00bb#0098af\u00a0\u00bb header_5_font=\u00a0\u00bb||||||||\u00a0\u00bb border_width_all=\u00a0\u00bb0.5px\u00a0\u00bb border_color_all=\u00a0\u00bbrgba(0,0,0,0.46)\u00a0\u00bb link_option_url_new_window=\u00a0\u00bbon\u00a0\u00bb]<\/p>\n<h4><strong>Stefanie Smeets | prix du jeune photographe le plus promettant de moins de 30 ans<\/strong><\/h4>\n<p>&nbsp;<\/p>\n<p><img loading=\"lazy\" decoding=\"async\" class=\"alignleft wp-image-805 size-thumbnail\" src=\"https:\/\/fotofestivalpelt.be\/wp-content\/uploads\/2019\/03\/Stephanie-Smeets-150x150.jpg\" alt=\"Stephanie Smeets\" width=\"150\" height=\"150\" srcset=\"https:\/\/fotofestivalpelt.be\/wp-content\/uploads\/2019\/03\/Stephanie-Smeets-150x150.jpg 150w, https:\/\/fotofestivalpelt.be\/wp-content\/uploads\/2019\/03\/Stephanie-Smeets-300x300.jpg 300w, https:\/\/fotofestivalpelt.be\/wp-content\/uploads\/2019\/03\/Stephanie-Smeets-768x768.jpg 768w, https:\/\/fotofestivalpelt.be\/wp-content\/uploads\/2019\/03\/Stephanie-Smeets-1024x1024.jpg 1024w, https:\/\/fotofestivalpelt.be\/wp-content\/uploads\/2019\/03\/Stephanie-Smeets-1080x1080.jpg 1080w, https:\/\/fotofestivalpelt.be\/wp-content\/uploads\/2019\/03\/Stephanie-Smeets-350x350.jpg 350w, https:\/\/fotofestivalpelt.be\/wp-content\/uploads\/2019\/03\/Stephanie-Smeets-51x51.jpg 51w, https:\/\/fotofestivalpelt.be\/wp-content\/uploads\/2019\/03\/Stephanie-Smeets-800x800.jpg 800w\" sizes=\"(max-width: 150px) 100vw, 150px\" \/><\/p>\n<p>Le jury de l&rsquo;\u00e9dition 2017 du festival a appr\u00e9ci\u00e9 le travail de cette jeune photographe pour son originalit\u00e9 et son approche cr\u00e9ative.<br \/>La s\u00e9rie de photos envoy\u00e9e par St\u00e9phanie au festival de 2017 montre son style audacieux et sa ma\u00eetrise des techniques photographiques.<\/p>\n<p>&nbsp;<\/p>\n<p>&nbsp;<\/p>\n<p>&nbsp;<\/p>\n<p>[\/et_pb_text][et_pb_text admin_label=\u00a0\u00bbLaureaten 2017 &#8211; Didier de Daniloff\u00a0\u00bb _builder_version=\u00a0\u00bb3.22.4&Prime; text_font=\u00a0\u00bbMontserrat||||||||\u00a0\u00bb text_text_color=\u00a0\u00bb#ffffff\u00a0\u00bb text_font_size=\u00a0\u00bb16px\u00a0\u00bb link_font=\u00a0\u00bb||||||||\u00a0\u00bb link_text_color=\u00a0\u00bb#f19413&Prime; header_font=\u00a0\u00bb||||||||\u00a0\u00bb header_3_font=\u00a0\u00bb||||||||\u00a0\u00bb header_3_text_color=\u00a0\u00bb#f19413&Prime; header_4_font=\u00a0\u00bb||||||||\u00a0\u00bb header_4_text_color=\u00a0\u00bb#0098af\u00a0\u00bb header_5_font=\u00a0\u00bb||||||||\u00a0\u00bb border_width_all=\u00a0\u00bb0.5px\u00a0\u00bb border_color_all=\u00a0\u00bbrgba(0,0,0,0.46)\u00a0\u00bb link_option_url_new_window=\u00a0\u00bbon\u00a0\u00bb]<\/p>\n<h4><strong>Didier de Daniloff | Prix pour le photographe le plus cr\u00e9atif<\/strong><\/h4>\n<p>&nbsp;<\/p>\n<p><img loading=\"lazy\" decoding=\"async\" class=\"alignleft wp-image-4452 size-thumbnail\" src=\"https:\/\/fotofestivalpelt.be\/wp-content\/uploads\/2019\/04\/deDaniloff_self_400px_border-150x150.jpg\" alt=\"Didier deDaniloff self\" width=\"150\" height=\"150\" srcset=\"https:\/\/fotofestivalpelt.be\/wp-content\/uploads\/2019\/04\/deDaniloff_self_400px_border-150x150.jpg 150w, https:\/\/fotofestivalpelt.be\/wp-content\/uploads\/2019\/04\/deDaniloff_self_400px_border-300x300.jpg 300w, https:\/\/fotofestivalpelt.be\/wp-content\/uploads\/2019\/04\/deDaniloff_self_400px_border-400x402.jpg 400w, https:\/\/fotofestivalpelt.be\/wp-content\/uploads\/2019\/04\/deDaniloff_self_400px_border-350x350.jpg 350w, https:\/\/fotofestivalpelt.be\/wp-content\/uploads\/2019\/04\/deDaniloff_self_400px_border-51x51.jpg 51w, https:\/\/fotofestivalpelt.be\/wp-content\/uploads\/2019\/04\/deDaniloff_self_400px_border.jpg 402w\" sizes=\"(max-width: 150px) 100vw, 150px\" \/>La photo gagnante de l&rsquo;\u00e9dition 2017 de Didier a \u00e9t\u00e9 lou\u00e9 pour son \u00e9clairage original, sa composition sophistiqu\u00e9e qui montre une sym\u00e9trie presque parfaite, son effet sculptural. Comme une fleur qui peut s&rsquo;ouvrir \u00e0 tout moment. Pas de manque de cr\u00e9ativit\u00e9.<\/p>\n<p>En 2002 le photographe Didier de Daniloff a fait de sa passion son m\u00e9tier. Son entreprise \u00e0 Kortemark a acquis une grande renomm\u00e9e. Il s\u2019est concentr\u00e9 sur sa sp\u00e9cialit\u00e9: la photographie de personnes. En 2013, il s&rsquo;est install\u00e9 \u00e0 Roeselare, au c\u0153ur de la Flandre occidentale. L\u00e0, il a construit son tout nouveau studio photo avec des technologies modernes et une accomodation de grande qualit\u00e9.<\/p>\n<p><a href=\"https:\/\/fotospecialist.be\/\" target=\"_blank\" rel=\"noopener noreferrer\">fotospecialist.be<\/a><\/p>\n<p>&nbsp;<\/p>\n<p>[\/et_pb_text][et_pb_text admin_label=\u00a0\u00bbWPC 2019&Prime; _builder_version=\u00a0\u00bb3.21.4&Prime; text_font=\u00a0\u00bbMontserrat||||||||\u00a0\u00bb text_text_color=\u00a0\u00bb#ffffff\u00a0\u00bb text_font_size=\u00a0\u00bb16px\u00a0\u00bb link_font=\u00a0\u00bb||||||||\u00a0\u00bb link_text_color=\u00a0\u00bb#f19413&Prime; header_font=\u00a0\u00bb||||||||\u00a0\u00bb header_3_font=\u00a0\u00bb||||||||\u00a0\u00bb header_3_text_color=\u00a0\u00bb#f19413&Prime; header_4_font=\u00a0\u00bb||||||||\u00a0\u00bb header_4_text_color=\u00a0\u00bb#0098af\u00a0\u00bb header_5_font=\u00a0\u00bb||||||||\u00a0\u00bb border_width_all=\u00a0\u00bb0.5px\u00a0\u00bb border_color_all=\u00a0\u00bbrgba(0,0,0,0.46)\u00a0\u00bb link_option_url_new_window=\u00a0\u00bbon\u00a0\u00bb]<\/p>\n<h4><strong>WPC &#8211; s\u00e9lection Belge pour le World Photographic Cup 2019<\/strong><\/h4>\n<p>&nbsp;<\/p>\n<p><img loading=\"lazy\" decoding=\"async\" class=\"alignleft wp-image-1101 size-medium\" src=\"https:\/\/fotofestivalpelt.be\/wp-content\/uploads\/2019\/03\/WPC_logo_300px-300x84.jpg\" alt=\"Logo WPC\" width=\"300\" height=\"84\" srcset=\"https:\/\/fotofestivalpelt.be\/wp-content\/uploads\/2019\/03\/WPC_logo_300px-300x84.jpg 300w, https:\/\/fotofestivalpelt.be\/wp-content\/uploads\/2019\/03\/WPC_logo_300px.jpg 305w\" sizes=\"(max-width: 300px) 100vw, 300px\" \/><\/p>\n<p>\u00c0 la caf\u00e9t\u00e9ria du CC Palethe, nous vous pr\u00e9sentons la s\u00e9lection belge pour la World Photographic Cup 2019. Cette comp\u00e9tition internationale est aussi appel\u00e9e les Jeux olympiques de la photographie. Pour l&rsquo;\u00e9dition 2019, 32 \u00e9quipes nationales de 4 continents se sont inscrites.<\/p>\n<p><a href=\"http:\/\/www.worldphotographiccup.org\/\" target=\"_blank\" rel=\"noopener noreferrer\">www.worldphotographiccup.org<\/a><\/p>\n<h4>\u00a0<\/h4>\n<p>&nbsp;<\/p>\n<p>[\/et_pb_text][\/et_pb_column][et_pb_column type=\u00a0\u00bb2_5&Prime; _builder_version=\u00a0\u00bb3.0.47&Prime;][\/et_pb_column][\/et_pb_row][et_pb_row use_custom_gutter=\u00a0\u00bbon\u00a0\u00bb gutter_width=\u00a0\u00bb1&Prime; custom_padding=\u00a0\u00bb0px||0px|\u00a0\u00bb make_equal=\u00a0\u00bbon\u00a0\u00bb background_color_1=\u00a0\u00bb#000000&Prime; background_color_2=\u00a0\u00bb#000000&Prime; bg_img_3=\u00a0\u00bbhttps:\/\/fotofestivalpelt.be\/wp-content\/uploads\/2019\/02\/bakery-16.jpg\u00a0\u00bb bg_img_4=\u00a0\u00bbhttps:\/\/fotofestivalpelt.be\/wp-content\/uploads\/2019\/02\/person-04.jpg\u00a0\u00bb padding_left_right_link_1=\u00a0\u00bbfalse\u00a0\u00bb padding_left_right_link_2=\u00a0\u00bbtrue\u00a0\u00bb background_position_2=\u00a0\u00bbtop_center\u00a0\u00bb use_background_color_gradient_1=\u00a0\u00bboff\u00a0\u00bb use_background_color_gradient_2=\u00a0\u00bbon\u00a0\u00bb use_background_color_gradient_3=\u00a0\u00bbon\u00a0\u00bb use_background_color_gradient_4=\u00a0\u00bbon\u00a0\u00bb background_color_gradient_start_1=\u00a0\u00bbrgba(0,0,0,0)\u00a0\u00bb background_color_gradient_start_2=\u00a0\u00bbrgba(0,0,0,0)\u00a0\u00bb background_color_gradient_start_3=\u00a0\u00bbrgba(0,0,0,0)\u00a0\u00bb background_color_gradient_start_4=\u00a0\u00bbrgba(0,0,0,0)\u00a0\u00bb background_color_gradient_end_1=\u00a0\u00bbrgba(0,0,0,0.9)\u00a0\u00bb background_color_gradient_end_2=\u00a0\u00bbrgba(0,0,0,0.9)\u00a0\u00bb background_color_gradient_end_3=\u00a0\u00bbrgba(0,0,0,0.9)\u00a0\u00bb background_color_gradient_end_4=\u00a0\u00bbrgba(0,0,0,0.9)\u00a0\u00bb background_color_gradient_start_position_1=\u00a0\u00bb20%\u00a0\u00bb background_color_gradient_start_position_2=\u00a0\u00bb83%\u00a0\u00bb background_color_gradient_start_position_3=\u00a0\u00bb20%\u00a0\u00bb background_color_gradient_start_position_4=\u00a0\u00bb20%\u00a0\u00bb background_color_gradient_end_position_2=\u00a0\u00bb100%\u00a0\u00bb background_color_gradient_overlays_image_1=\u00a0\u00bbon\u00a0\u00bb background_color_gradient_overlays_image_2=\u00a0\u00bbon\u00a0\u00bb background_color_gradient_overlays_image_3=\u00a0\u00bbon\u00a0\u00bb background_color_gradient_overlays_image_4=\u00a0\u00bbon\u00a0\u00bb padding_top_1=\u00a0\u00bb60px\u00a0\u00bb padding_top_2=\u00a0\u00bb20px\u00a0\u00bb padding_top_3=\u00a0\u00bb400px\u00a0\u00bb padding_top_4=\u00a0\u00bb400px\u00a0\u00bb padding_right_1=\u00a0\u00bb80px\u00a0\u00bb padding_right_2=\u00a0\u00bb20px\u00a0\u00bb padding_right_3=\u00a0\u00bb40px\u00a0\u00bb padding_right_4=\u00a0\u00bb40px\u00a0\u00bb padding_bottom_1=\u00a0\u00bb20px\u00a0\u00bb padding_bottom_2=\u00a0\u00bb0px\u00a0\u00bb padding_bottom_3=\u00a0\u00bb40px\u00a0\u00bb padding_bottom_4=\u00a0\u00bb40px\u00a0\u00bb padding_left_1=\u00a0\u00bb100px\u00a0\u00bb padding_left_2=\u00a0\u00bb20px\u00a0\u00bb padding_left_3=\u00a0\u00bb40px\u00a0\u00bb padding_left_4=\u00a0\u00bb40px\u00a0\u00bb padding_1_phone=\u00a0\u00bb5px|10px|5px|10px|false|true\u00a0\u00bb padding_2_phone=\u00a0\u00bb5px|5px|5px|5px|true|true\u00a0\u00bb padding_1_last_edited=\u00a0\u00bbon|phone\u00a0\u00bb padding_2_last_edited=\u00a0\u00bbon|phone\u00a0\u00bb admin_label=\u00a0\u00bbPelle Melle\u00a0\u00bb module_class=\u00a0\u00bb et_pb_row_fullwidth\u00a0\u00bb _builder_version=\u00a0\u00bb3.22.3&Prime; width=\u00a0\u00bb100%\u00a0\u00bb width_tablet=\u00a0\u00bb100%\u00a0\u00bb width_last_edited=\u00a0\u00bbon|desktop\u00a0\u00bb max_width=\u00a0\u00bb100%\u00a0\u00bb max_width_tablet=\u00a0\u00bb100%\u00a0\u00bb max_width_last_edited=\u00a0\u00bbon|desktop\u00a0\u00bb make_fullwidth=\u00a0\u00bbon\u00a0\u00bb][et_pb_column type=\u00a0\u00bb3_5&Prime; _builder_version=\u00a0\u00bb3.0.47&Prime;][et_pb_text admin_label=\u00a0\u00bbSafran Iran\u00a0\u00bb _builder_version=\u00a0\u00bb3.22.7&Prime; text_font=\u00a0\u00bbMontserrat||||||||\u00a0\u00bb text_text_color=\u00a0\u00bb#ffffff\u00a0\u00bb text_font_size=\u00a0\u00bb16px\u00a0\u00bb link_font=\u00a0\u00bb||||||||\u00a0\u00bb link_text_color=\u00a0\u00bb#f19413&Prime; header_font=\u00a0\u00bb||||||||\u00a0\u00bb header_3_font=\u00a0\u00bb||||||||\u00a0\u00bb header_3_text_color=\u00a0\u00bb#f19413&Prime; header_4_font=\u00a0\u00bb||||||||\u00a0\u00bb header_4_text_color=\u00a0\u00bb#0098af\u00a0\u00bb background_color=\u00a0\u00bb#000000&Prime;]<\/p>\n<h3  id=\"pellemelle\" class=\"font_7\">Centre de Services Pelle Melle<\/h3>\n<h4>\u00a0<\/h4>\n<h4 class=\"font_7\"><strong>Saffron Photo Festival (Festival Photo du Safran), Iran<\/strong><\/h4>\n<p>&nbsp;<\/p>\n<p><a href=\"https:\/\/fotofestivalpelt.be\/wp-content\/uploads\/2019\/05\/Saffron-Festival_3rd_800px.jpg\" target=\"_blank\" rel=\"noopener noreferrer\"><img loading=\"lazy\" decoding=\"async\" class=\"alignleft wp-image-5116\" src=\"https:\/\/fotofestivalpelt.be\/wp-content\/uploads\/2019\/05\/Saffron-Festival_3rd_800px.jpg\" alt=\"\" width=\"143\" height=\"200\" srcset=\"https:\/\/fotofestivalpelt.be\/wp-content\/uploads\/2019\/05\/Saffron-Festival_3rd_800px.jpg 571w, https:\/\/fotofestivalpelt.be\/wp-content\/uploads\/2019\/05\/Saffron-Festival_3rd_800px-214x300.jpg 214w, https:\/\/fotofestivalpelt.be\/wp-content\/uploads\/2019\/05\/Saffron-Festival_3rd_800px-250x350.jpg 250w\" sizes=\"(max-width: 143px) 100vw, 143px\" \/><\/a>L&rsquo;Iran est un des plus importants producents de safran du monde. Ils contr\u00f4lent 95 % du march\u00e9 de safran et le vendent dans 41 pays du monde. Le safran est l&rsquo;\u00e9pice la plus ch\u00e8re du monde. C&rsquo;est pourquoi c&rsquo;est un produit d&rsquo;exportation de tr\u00e8s grande importance pour l&rsquo;Iran.<\/p>\n<p>Les principaux acheteurs sont les \u00c9mirats, l&rsquo;Espagne, l&rsquo;Allemagne, l&rsquo;Italie, la France et la Suisse. Les villes de Torbat Heydarieh et Zaweh ont la plus grande production de safran du monde. Chaque ann\u00e9e, plus de 8 milliards de dollars de safran sont \u00e9chang\u00e9s dans le monde.<\/p>\n<p>L\u2019\u00e9conomie locale et les familles de Torbat Heydarieh sont compl\u00e8tement d\u00e9pendantes de ce produit. Duba\u00ef est l\u2019un des plus importants piliers du commerce du safran iranien avec l\u2019Europe et le reste du monde.<\/p>\n<p>Les quatre derni\u00e8res ann\u00e9es, un festival national du safran a \u00e9t\u00e9 organis\u00e9 dans les villes de Torbat Heydariehen Zaweh, dans la province de Razavi Khorasan, dans l&rsquo;est de l&rsquo;Iran. Lors de la r\u00e9colte des fleurs du safran, un concours live est organis\u00e9 entre photographes iraniens.<\/p>\n<p>Jusqu&rsquo;\u00e0 pr\u00e9sent, plus de 500 photographes iraniens ont visit\u00e9 des fermes, des march\u00e9s et des entreprises de conditionnement du safran pour les visualiser. Aujourd&rsquo;hui la galerie du festival contient de plus de 10 000 photos.<br \/>\u00c0 Pelt, nous vous pr\u00e9sentons une s\u00e9lection d&rsquo;environ 20 photos prises au cours des diff\u00e9rents festivals.<\/p>\n<p>Cette exposition sp\u00e9ciale est organis\u00e9e en collaboration avec Mojtaba Abdoulrahimkhan, curateur de nombreuses festivals photo au Moyen-Orient.<\/p>\n<p>&nbsp;<\/p>\n<p>[\/et_pb_text][et_pb_text admin_label=\u00a0\u00bbJury Johan Brouwers\u00a0\u00bb _builder_version=\u00a0\u00bb3.21.4&Prime; text_font=\u00a0\u00bbMontserrat||||||||\u00a0\u00bb text_text_color=\u00a0\u00bb#ffffff\u00a0\u00bb text_font_size=\u00a0\u00bb16px\u00a0\u00bb link_font=\u00a0\u00bb||||||||\u00a0\u00bb link_text_color=\u00a0\u00bb#f19413&Prime; header_font=\u00a0\u00bb||||||||\u00a0\u00bb header_3_font=\u00a0\u00bb||||||||\u00a0\u00bb header_3_text_color=\u00a0\u00bb#f19413&Prime; header_4_font=\u00a0\u00bb||||||||\u00a0\u00bb header_4_text_color=\u00a0\u00bb#0098af\u00a0\u00bb background_color=\u00a0\u00bb#000000&Prime;]<\/p>\n<h3 class=\"font_7\">Centre de Services Pelle Melle<\/h3>\n<h4>\u00a0<\/h4>\n<h4 class=\"font_7\"><strong>Le jury | Johan Brouwers | Pr\u00e9sident du jury (BEL)<\/strong><\/h4>\n<p>J&rsquo;aime capturer l&rsquo;image des gens comme ils se pr\u00e9sentent spontan\u00e9ment. Aucune pose d\u00e9lib\u00e9r\u00e9e ou demand\u00e9e. Des instantan\u00e9s dans lesquels leur regard, leur attitude en dit souvent beaucoup sur ce qu&rsquo;ils pensent, y compris de moi.<\/p>\n<p>&nbsp;<\/p>\n<p>[\/et_pb_text][et_pb_text admin_label=\u00a0\u00bbJury Patrizia Burra\u00a0\u00bb _builder_version=\u00a0\u00bb3.21.4&Prime; text_font=\u00a0\u00bbMontserrat||||||||\u00a0\u00bb text_text_color=\u00a0\u00bb#ffffff\u00a0\u00bb text_font_size=\u00a0\u00bb16px\u00a0\u00bb link_font=\u00a0\u00bb||||||||\u00a0\u00bb link_text_color=\u00a0\u00bb#f19413&Prime; header_font=\u00a0\u00bb||||||||\u00a0\u00bb header_3_font=\u00a0\u00bb||||||||\u00a0\u00bb header_3_text_color=\u00a0\u00bb#f19413&Prime; header_4_font=\u00a0\u00bb||||||||\u00a0\u00bb header_4_text_color=\u00a0\u00bb#0098af\u00a0\u00bb background_color=\u00a0\u00bb#000000&Prime;]<\/p>\n<h4 class=\"font_7\"><strong>Le jury | Patrizia Burra (ITA)<\/strong><\/h4>\n<p>J&rsquo;ai r\u00e9alis\u00e9 mon projet Donna Peixote dans une maison vide \u00e0 Rotterdam. La mise en sc\u00e8ne, pleine de magie et d&rsquo;histoire, m&rsquo;a fait cr\u00e9er des images qui \u00e9voquent des r\u00eaves. Les grandes fen\u00eatres fournissaient une lumi\u00e8re naturelle parfaite sur le sujet et une ombre douce sur toute la sc\u00e8ne. L&rsquo;id\u00e9e de base \u00e9tait de repr\u00e9senter les mod\u00e8les en tant qu&rsquo;individus r\u00eaveurs, perdus dans leur propre imagination et connect\u00e9s en partageant le m\u00eame espace. Dans mes images, je voulais capturer l&rsquo;\u00e2me cach\u00e9e de mes mod\u00e8les.<\/p>\n<p>&nbsp;<\/p>\n<p>[\/et_pb_text][et_pb_text admin_label=\u00a0\u00bbJury Patrick Ceyssens\u00a0\u00bb _builder_version=\u00a0\u00bb3.21.4&Prime; text_font=\u00a0\u00bbMontserrat||||||||\u00a0\u00bb text_text_color=\u00a0\u00bb#ffffff\u00a0\u00bb text_font_size=\u00a0\u00bb16px\u00a0\u00bb link_font=\u00a0\u00bb||||||||\u00a0\u00bb link_text_color=\u00a0\u00bb#f19413&Prime; header_font=\u00a0\u00bb||||||||\u00a0\u00bb header_3_font=\u00a0\u00bb||||||||\u00a0\u00bb header_3_text_color=\u00a0\u00bb#f19413&Prime; header_4_font=\u00a0\u00bb||||||||\u00a0\u00bb header_4_text_color=\u00a0\u00bb#0098af\u00a0\u00bb background_color=\u00a0\u00bb#000000&Prime;]<\/p>\n<h4 class=\"font_7\"><strong>Le jury | Patrick Ceyssens (BEL)<\/strong><\/h4>\n<p>N&rsquo;expose pas.<\/p>\n<p>&nbsp;<\/p>\n<p>[\/et_pb_text][et_pb_text admin_label=\u00a0\u00bbJury Zjuul Devens\u00a0\u00bb _builder_version=\u00a0\u00bb3.22.4&Prime; text_font=\u00a0\u00bbMontserrat||||||||\u00a0\u00bb text_text_color=\u00a0\u00bb#ffffff\u00a0\u00bb text_font_size=\u00a0\u00bb16px\u00a0\u00bb link_font=\u00a0\u00bb||||||||\u00a0\u00bb link_text_color=\u00a0\u00bb#f19413&Prime; header_font=\u00a0\u00bb||||||||\u00a0\u00bb header_3_font=\u00a0\u00bb||||||||\u00a0\u00bb header_3_text_color=\u00a0\u00bb#f19413&Prime; header_4_font=\u00a0\u00bb||||||||\u00a0\u00bb header_4_text_color=\u00a0\u00bb#0098af\u00a0\u00bb background_color=\u00a0\u00bb#000000&Prime;]<\/p>\n<h4 class=\"font_7\"><strong>Le jury | Zjuul Devens (BEL)<\/strong><\/h4>\n<p>Artiste dans le domaine du visuel, photographe, cin\u00e9aste, Master dans les Arts Visuels et la Photographie.<br \/>Ancien professeur de Communication Audiovisuelle et Multim\u00e9dia \u00e0 l\u2019Ecole Sup\u00e9rieure Plantin de la Province d\u2019Anvers.<br \/>Exhibitions nationales et internationales, individuelles et en groupe, d\u2019\u0153uvres photographiques, installations vid\u00e9o, projections de diapositives, mais aussi de sculptures et d\u2019installations diverses. Il travaille en coop\u00e9ration avec et pour d\u2019autres artistes visuels, danseurs, musiciens, producteurs de th\u00e9\u00e2tre\u2026<br \/>Actif dans de divers domaines de la photographie professionnelle. Passionn\u00e9 de la photographie macro. Apr\u00e8s sa carri\u00e8re professionnelle il s\u2019est occup\u00e9 du th\u00e8me de l\u2019\u00e9ph\u00e9m\u00e8re. Gr\u00e2ce \u00e0 lui des insectes morts et demi d\u00e9compos\u00e9s gagnent une \u2018nouvelle vie\u2019.<br \/>Comme photographe et producteur de vid\u00e9o volontaire pour Child Help en Afrique il a d\u00e9couvert sa passion pour la photographie documentaire.<br \/>L\u2019art et la photographie font part de sa vie.<\/p>\n<p>&nbsp;<\/p>\n<p>[\/et_pb_text][et_pb_text admin_label=\u00a0\u00bbJury Andy Hens\u00a0\u00bb _builder_version=\u00a0\u00bb3.21.4&Prime; text_font=\u00a0\u00bbMontserrat||||||||\u00a0\u00bb text_text_color=\u00a0\u00bb#ffffff\u00a0\u00bb text_font_size=\u00a0\u00bb16px\u00a0\u00bb link_font=\u00a0\u00bb||||||||\u00a0\u00bb link_text_color=\u00a0\u00bb#f19413&Prime; header_font=\u00a0\u00bb||||||||\u00a0\u00bb header_3_font=\u00a0\u00bb||||||||\u00a0\u00bb header_3_text_color=\u00a0\u00bb#f19413&Prime; header_4_font=\u00a0\u00bb||||||||\u00a0\u00bb header_4_text_color=\u00a0\u00bb#0098af\u00a0\u00bb background_color=\u00a0\u00bb#000000&Prime;]<\/p>\n<h4><strong>Le jury | Andy Hens (BEL\/DEU)<\/strong><\/h4>\n<p>Rendre visible la nature profonde de l&rsquo;homme avec des photographies est le plus grand art de la photographie.<\/p>\n<p>Le plus souvent les gens se contentent de simplement regarder une photo. Ils regardent rarement &lsquo;dans&rsquo; la photo.<\/p>\n<p><a href=\"https:\/\/www.europeanphotographers.eu\/members\/andy-j-j-hens\/\">https:\/\/www.europeanphotographers.eu\/members\/andy-j-j-hens\/<\/a><\/p>\n<p>&nbsp;<\/p>\n<p>[\/et_pb_text][et_pb_text admin_label=\u00a0\u00bbJury Jim Lowe\u00a0\u00bb _builder_version=\u00a0\u00bb3.21.4&Prime; text_font=\u00a0\u00bbMontserrat||||||||\u00a0\u00bb text_text_color=\u00a0\u00bb#ffffff\u00a0\u00bb text_font_size=\u00a0\u00bb16px\u00a0\u00bb link_font=\u00a0\u00bb||||||||\u00a0\u00bb link_text_color=\u00a0\u00bb#f19413&Prime; header_font=\u00a0\u00bb||||||||\u00a0\u00bb header_3_font=\u00a0\u00bb||||||||\u00a0\u00bb header_3_text_color=\u00a0\u00bb#f19413&Prime; header_4_font=\u00a0\u00bb||||||||\u00a0\u00bb header_4_text_color=\u00a0\u00bb#0098af\u00a0\u00bb background_color=\u00a0\u00bb#000000&Prime;]<\/p>\n<h4><strong>Le jury | Jim Lowe (GBR)<\/strong><\/h4>\n<p>Photographe professionnel depuis 40 ans, Jim a travaill\u00e9 pour le minist\u00e8re de la D\u00e9fense du Royaume-Uni, la Portsmouth Polytechnic et la Westinghouse Brake and Signal Company. La majorit\u00e9 de ses images sont maintenant captur\u00e9es \u00e0 l&rsquo;aide de la technologie num\u00e9rique, mais il entreprend \u00e9galement des t\u00e2ches en gros plan et en macrophotographie \u00e0 l&rsquo;aide d&rsquo;appareils photo grand format. Il est bien connu pour ses paysages en noir et blanc pour lesquels il utilise des films traditionnels, en les imprimant \u00e0 la main pour obtenir une qualit\u00e9 d&rsquo;exposition. Ceux-ci ont \u00e9t\u00e9 acquis par des collectionneurs aussi loin que le Japon, l&rsquo;Inde, l&rsquo;Afrique du Sud, le Canada et la R\u00e9publique d&rsquo;Irlande, ainsi que le Royaume-Uni et l&rsquo;Europe. Ses images sont \u00e9galement expos\u00e9es \u00e0 Londres, Moscou, Bath, Wiltshire et Cornouailles.<\/p>\n<p>De 2009-2018, tout en poursuivant ses autres activit\u00e9s, Jim a enseign\u00e9 \u00e0 l\u2019Universit\u00e9 de Falmouth, \u00e0 Cornwall, d\u00e9partement de Marine &amp; Natural History Photography.<\/p>\n<p>Jim Lowe a \u00e9t\u00e9 vice-pr\u00e9sident de la F\u00e9d\u00e9ration des Photographes Europ\u00e9ens de 2000 \u00e0 2010 et est actuellement pr\u00e9sident de leur comit\u00e9 de qualifications. Il a \u00e9t\u00e9 l&rsquo;un des premiers photographes professionnels europ\u00e9ens \u00e0 obtenir la qualification FEP \/ QEP en architecture et, parmi les 45 photographes britanniques ayant obtenu cette qualification, il est le seul \u00e0 \u00eatre qualifi\u00e9 et pratiquant en photographie d&rsquo;architecture.<\/p>\n<p><a href=\"http:\/\/www.jimlowe.co.uk\/frontpage2.htm\" target=\"_blank\" rel=\"noopener noreferrer\">www.jimlowe.co.uk\/frontpage2.htm<\/a><\/p>\n<p>&nbsp;<\/p>\n<p>[\/et_pb_text][et_pb_text admin_label=\u00a0\u00bbJury Jos Verhoogen\u00a0\u00bb _builder_version=\u00a0\u00bb3.21.4&Prime; text_font=\u00a0\u00bbMontserrat||||||||\u00a0\u00bb text_text_color=\u00a0\u00bb#ffffff\u00a0\u00bb text_font_size=\u00a0\u00bb16px\u00a0\u00bb link_font=\u00a0\u00bb||||||||\u00a0\u00bb link_text_color=\u00a0\u00bb#f19413&Prime; header_font=\u00a0\u00bb||||||||\u00a0\u00bb header_3_font=\u00a0\u00bb||||||||\u00a0\u00bb header_3_text_color=\u00a0\u00bb#f19413&Prime; header_4_font=\u00a0\u00bb||||||||\u00a0\u00bb header_4_text_color=\u00a0\u00bb#0098af\u00a0\u00bb background_color=\u00a0\u00bb#000000&Prime;]<\/p>\n<h4 class=\"font_7\"><strong>Le jury | Jos Verhoogen (BEL)<\/strong><\/h4>\n<p>Si je dois chercher une constante, alors c&rsquo;est l&rsquo;homme lui-m\u00eame. L&rsquo;homme occupera une place centrale dans la grande majorit\u00e9 de mes photos. Qu&rsquo;il s&rsquo;agisse d&rsquo;un artiste c\u00e9l\u00e8bre ou d&rsquo;une future m\u00e8re, trouver le bon lien est toujours un d\u00e9fi. Un lien de confiance qui vous permet de prendre des images fortes. Des images qui vont au-del\u00e0 de l&rsquo;exposition correcte ou de la nettet\u00e9 parfaite.<\/p>\n<p><a href=\"https:\/\/www.verhoogen.be\" target=\"_blank\" rel=\"noopener noreferrer\">www.verhoogen.be<\/a><\/p>\n<p>&nbsp;<\/p>\n<p>[\/et_pb_text][\/et_pb_column][et_pb_column type=\u00a0\u00bb2_5&Prime; _builder_version=\u00a0\u00bb3.0.47&Prime;][\/et_pb_column][\/et_pb_row][et_pb_row use_custom_gutter=\u00a0\u00bbon\u00a0\u00bb gutter_width=\u00a0\u00bb1&Prime; custom_padding=\u00a0\u00bb0px||0px|\u00a0\u00bb make_equal=\u00a0\u00bbon\u00a0\u00bb background_color_1=\u00a0\u00bb#000000&Prime; background_color_2=\u00a0\u00bb#000000&Prime; bg_img_3=\u00a0\u00bbhttps:\/\/fotofestivalpelt.be\/wp-content\/uploads\/2019\/02\/bakery-16.jpg\u00a0\u00bb bg_img_4=\u00a0\u00bbhttps:\/\/fotofestivalpelt.be\/wp-content\/uploads\/2019\/02\/person-04.jpg\u00a0\u00bb padding_left_right_link_1=\u00a0\u00bbfalse\u00a0\u00bb padding_left_right_link_2=\u00a0\u00bbtrue\u00a0\u00bb background_position_2=\u00a0\u00bbtop_center\u00a0\u00bb use_background_color_gradient_1=\u00a0\u00bboff\u00a0\u00bb use_background_color_gradient_2=\u00a0\u00bbon\u00a0\u00bb use_background_color_gradient_3=\u00a0\u00bbon\u00a0\u00bb use_background_color_gradient_4=\u00a0\u00bbon\u00a0\u00bb background_color_gradient_start_1=\u00a0\u00bbrgba(0,0,0,0)\u00a0\u00bb background_color_gradient_start_2=\u00a0\u00bbrgba(0,0,0,0)\u00a0\u00bb background_color_gradient_start_3=\u00a0\u00bbrgba(0,0,0,0)\u00a0\u00bb background_color_gradient_start_4=\u00a0\u00bbrgba(0,0,0,0)\u00a0\u00bb background_color_gradient_end_1=\u00a0\u00bbrgba(0,0,0,0.9)\u00a0\u00bb background_color_gradient_end_2=\u00a0\u00bbrgba(0,0,0,0.9)\u00a0\u00bb background_color_gradient_end_3=\u00a0\u00bbrgba(0,0,0,0.9)\u00a0\u00bb background_color_gradient_end_4=\u00a0\u00bbrgba(0,0,0,0.9)\u00a0\u00bb background_color_gradient_start_position_1=\u00a0\u00bb20%\u00a0\u00bb background_color_gradient_start_position_2=\u00a0\u00bb83%\u00a0\u00bb background_color_gradient_start_position_3=\u00a0\u00bb20%\u00a0\u00bb background_color_gradient_start_position_4=\u00a0\u00bb20%\u00a0\u00bb background_color_gradient_end_position_2=\u00a0\u00bb100%\u00a0\u00bb background_color_gradient_overlays_image_1=\u00a0\u00bbon\u00a0\u00bb background_color_gradient_overlays_image_2=\u00a0\u00bbon\u00a0\u00bb background_color_gradient_overlays_image_3=\u00a0\u00bbon\u00a0\u00bb background_color_gradient_overlays_image_4=\u00a0\u00bbon\u00a0\u00bb padding_top_1=\u00a0\u00bb60px\u00a0\u00bb padding_top_2=\u00a0\u00bb20px\u00a0\u00bb padding_top_3=\u00a0\u00bb400px\u00a0\u00bb padding_top_4=\u00a0\u00bb400px\u00a0\u00bb padding_right_1=\u00a0\u00bb80px\u00a0\u00bb padding_right_2=\u00a0\u00bb20px\u00a0\u00bb padding_right_3=\u00a0\u00bb40px\u00a0\u00bb padding_right_4=\u00a0\u00bb40px\u00a0\u00bb padding_bottom_1=\u00a0\u00bb20px\u00a0\u00bb padding_bottom_2=\u00a0\u00bb0px\u00a0\u00bb padding_bottom_3=\u00a0\u00bb40px\u00a0\u00bb padding_bottom_4=\u00a0\u00bb40px\u00a0\u00bb padding_left_1=\u00a0\u00bb100px\u00a0\u00bb padding_left_2=\u00a0\u00bb20px\u00a0\u00bb padding_left_3=\u00a0\u00bb40px\u00a0\u00bb padding_left_4=\u00a0\u00bb40px\u00a0\u00bb padding_1_phone=\u00a0\u00bb5px|10px|5px|10px|false|true\u00a0\u00bb padding_2_phone=\u00a0\u00bb5px|5px|5px|5px|true|true\u00a0\u00bb padding_1_last_edited=\u00a0\u00bbon|phone\u00a0\u00bb padding_2_last_edited=\u00a0\u00bbon|phone\u00a0\u00bb admin_label=\u00a0\u00bbDommelslag\u00a0\u00bb module_class=\u00a0\u00bb et_pb_row_fullwidth\u00a0\u00bb _builder_version=\u00a0\u00bb3.22.3&Prime; width=\u00a0\u00bb100%\u00a0\u00bb width_tablet=\u00a0\u00bb100%\u00a0\u00bb width_last_edited=\u00a0\u00bbon|desktop\u00a0\u00bb max_width=\u00a0\u00bb100%\u00a0\u00bb max_width_tablet=\u00a0\u00bb100%\u00a0\u00bb max_width_last_edited=\u00a0\u00bbon|desktop\u00a0\u00bb make_fullwidth=\u00a0\u00bbon\u00a0\u00bb][et_pb_column type=\u00a0\u00bb3_5&Prime; _builder_version=\u00a0\u00bb3.0.47&Prime;][et_pb_text admin_label=\u00a0\u00bbCarla Kogelman\u00a0\u00bb _builder_version=\u00a0\u00bb3.22.7&Prime; text_font=\u00a0\u00bbMontserrat||||||||\u00a0\u00bb text_text_color=\u00a0\u00bb#ffffff\u00a0\u00bb text_font_size=\u00a0\u00bb16px\u00a0\u00bb link_font=\u00a0\u00bb||||||||\u00a0\u00bb link_text_color=\u00a0\u00bb#f19413&Prime; header_font=\u00a0\u00bb||||||||\u00a0\u00bb header_3_font=\u00a0\u00bb||||||||\u00a0\u00bb header_3_text_color=\u00a0\u00bb#f19413&Prime; header_4_font=\u00a0\u00bb||||||||\u00a0\u00bb header_4_text_color=\u00a0\u00bb#0098af\u00a0\u00bb link_option_url_new_window=\u00a0\u00bbon\u00a0\u00bb]<\/p>\n<h3  id=\"dommelslag\" class=\"font_7\">Piscine Dommelslag<\/h3>\n<h4>\u00a0<\/h4>\n<h4><strong>Carla Kogelman<\/strong><\/h4>\n<p>&nbsp;<\/p>\n<p><img loading=\"lazy\" decoding=\"async\" class=\"alignleft wp-image-786\" src=\"https:\/\/fotofestivalpelt.be\/wp-content\/uploads\/2019\/03\/carlakogelman_sonjaliebhart-200x300.jpg\" alt=\"Carla Kogelman \u00a9 Sonja Liebhart\" width=\"133\" height=\"200\" srcset=\"https:\/\/fotofestivalpelt.be\/wp-content\/uploads\/2019\/03\/carlakogelman_sonjaliebhart-200x300.jpg 200w, https:\/\/fotofestivalpelt.be\/wp-content\/uploads\/2019\/03\/carlakogelman_sonjaliebhart-233x350.jpg 233w, https:\/\/fotofestivalpelt.be\/wp-content\/uploads\/2019\/03\/carlakogelman_sonjaliebhart-534x800.jpg 534w, https:\/\/fotofestivalpelt.be\/wp-content\/uploads\/2019\/03\/carlakogelman_sonjaliebhart.jpg 667w\" sizes=\"(max-width: 133px) 100vw, 133px\" \/>LA PISCINE<\/p>\n<p>La s\u00e9rie LA PISCINE est compos\u00e9e de photos prises dans la p\u00e9riode de mars \u00e0 novembre 2017, les derniers mois avant la d\u00e9molition d&rsquo;une piscine de 80 ans, situ\u00e9 \u00e0 Amersfoort. Tous les matins \u00e0 7 heures, pendant que je faisais mes longeurs, j&rsquo;y rencontrais de nombreux groupes tr\u00e8s diff\u00e9rents. Et je suis devenu curieux \u00e0 leur sujet. C&rsquo;est la raison pour laquelle j&rsquo;ai pass\u00e9 des mois dans la piscine avec une cam\u00e9ra et observ\u00e9 des groupes divers: des nageurs paralympiques aux nageurs synchronis\u00e9s. LA PISCINE est une s\u00e9lection d&rsquo;images datant de cette p\u00e9riode.<\/p>\n<p>Carla Kogelman (1961) a travaill\u00e9 pendant 25 ans dans l&rsquo;industrie du th\u00e9\u00e2tre. En 2008, elle change de cap et se rend \u00e0 l&rsquo;Acad\u00e9mie de Photographie \u00e0 Amsterdam. Elle est dipl\u00f4m\u00e9e de Joost van den Broek, sp\u00e9cialis\u00e9e en documentaire \/ journalisme \/ portrait. Un mois plus tard, elle remporte la Camera d&rsquo;Argent avec des portraits d&rsquo;acteurs dans les coulisses. Kogelman remporte de nombreux prix prestigieux, dont 2 x World Press Photo, 6 x la Camera d&rsquo;Argnet, le prix Happiness on the Move \u00e0 Cortona, 2 x le prix Alfred Fried Photography et le prix SO 2013.<\/p>\n<p>Ses portraits en noir et blanc sont une illustration de la vie quotidienne. Po\u00e9tique, intemporel et reconnaissable. Proche et pur. Elle est fascin\u00e9e par le monde insolite des enfants et par ce qui se passe dans les coulisses du th\u00e9\u00e2tre, du cin\u00e9ma et du sport.<\/p>\n<p>Kogelman travaille pour des magazines et des journaux, donne des masterclasses et des ateliers chez lui et \u00e0 l&rsquo;\u00e9tranger et supervise des candidats au Master of Photography italien aux c\u00f4t\u00e9s de Steve McCurry et Martin Parr. Elle travaille \u00e9galement sur ses propres projets. Son livre I AM WALDVIERTEL a \u00e9t\u00e9 publi\u00e9 en novembre 2018.<\/p>\n<p>La signature de Carla Kogelman est ind\u00e9niable: elle capture la vie quotidienne des enfants de mani\u00e8re naturelle mais p\u00e9n\u00e9trante. Sa force r\u00e9side dans les projets \u00e0 long terme. En revenant toujours dans les m\u00eames familles, elle obtient un bon aper\u00e7u de leur atmosph\u00e8re personnelle et la possibilit\u00e9 de saisir des moments sp\u00e9ciaux et occasionels. Avec son projet ICH BIN WALDVIERTEL dans lequel elle suit les deux soeurs autrichiennes Hannah &amp; Alena, elle a remport\u00e9 le premier prix deux fois au World Press Photo (2014 et 2018), respectivement dans les cat\u00e9gories portraits observ\u00e9s et projet \u00e0 long terme.<\/p>\n<p><em>\u00ab\u00a0With Carla we return joyfully to a world where we are never bored, rediscovering the freshness and spontaneity of childhood. She meets the challenge with a poetic balance that avoids any voyeurism or sentimentality.\u00a0\u00bb<br \/><\/em>Jury statement, World Press Photo 2018 \u2013 1st prize long term project<\/p>\n<p><em>\u00ab\u00a0Carefree, honest, unpretentious, incorruptible. What you see in Carla\u2019s black-and-white photographs is an era of inquisitiveness, cheerfulness and warmth. It makes you melancholic and calm. These are moments of sheer magic that Kogelman has captured. Moments of a pristine nature, intact. Children splash around in the lake, romp through the garden, wade through the mud. Free, uninhibited, inspired, buoyed up by life, air, twilight. They play freely, explore nature, look for earthworms, snails and salamanders. Unbound, they fly through the air, play in the house, laughing. In harmony with nature, often naked. Fairies and fauns appear, dancing in front of Kogelman\u2019s lens. This is what peace looks like. Kogelman hits the nerve of our times: a longing for the past and for slowness in a world of superficial speed. In her pictures she evokes a diffuse lightness of being.\u00a0\u00bb<br \/><\/em>Jury statement, winner 2015 Alfred Fried Photography Award<\/p>\n<p><img loading=\"lazy\" decoding=\"async\" class=\"alignleft wp-image-1420\" src=\"https:\/\/fotofestivalpelt.be\/wp-content\/uploads\/2019\/03\/WWDPHC_Carla-Kogelman_crop-210x300.jpg\" alt=\"\" width=\"140\" height=\"200\" srcset=\"https:\/\/fotofestivalpelt.be\/wp-content\/uploads\/2019\/03\/WWDPHC_Carla-Kogelman_crop-210x300.jpg 210w, https:\/\/fotofestivalpelt.be\/wp-content\/uploads\/2019\/03\/WWDPHC_Carla-Kogelman_crop-245x350.jpg 245w, https:\/\/fotofestivalpelt.be\/wp-content\/uploads\/2019\/03\/WWDPHC_Carla-Kogelman_crop.jpg 541w\" sizes=\"(max-width: 140px) 100vw, 140px\" \/>Avec une s\u00e9rie de 8 photos Carla a gagn\u00e9 la &lsquo;storytelling categorie&rsquo; du World Water Day Photo Contest &#8211; WWDPHC<br \/><a href=\"https:\/\/www.worldwaterday.org\/\" target=\"_blank\" rel=\"noopener noreferrer\">https:\/\/www.worldwaterday.org\/<\/a><\/p>\n<p>Fondation Camera d&rsquo;Argent: 1er prix Sport avec une s\u00e9rie de photos des nageurs paralympiques Hollandais.<br \/><a href=\"https:\/\/www.zilverencamera.nl\/jaargang\/zc-2017\/sport-serie\/the-pool-para\/\" target=\"_blank\" rel=\"noopener noreferrer\">https:\/\/www.zilverencamera.nl\/jaargang\/zc-2017\/sport-serie\/the-pool-para\/<\/a><\/p>\n<p><a href=\"https:\/\/www.carlakogelman.nl\/\" target=\"_blank\" rel=\"noopener noreferrer\">www.carlakogelman.nl\u00a0<\/a><br \/><a href=\"https:\/\/www.debeeldunie.nl\/\" target=\"_blank\" rel=\"noopener noreferrer\">www.debeeldunie.nl<\/a><br \/><a href=\"https:\/\/www.schiltpublishing.com\/\" target=\"_blank\" rel=\"noopener noreferrer\">www.schiltpublishing.com<\/a><\/p>\n<p>&nbsp;<\/p>\n<p>[\/et_pb_text][\/et_pb_column][et_pb_column type=\u00a0\u00bb2_5&Prime; _builder_version=\u00a0\u00bb3.0.47&Prime;][\/et_pb_column][\/et_pb_row][et_pb_row use_custom_gutter=\u00a0\u00bbon\u00a0\u00bb gutter_width=\u00a0\u00bb1&Prime; custom_padding=\u00a0\u00bb0px||0px|\u00a0\u00bb make_equal=\u00a0\u00bbon\u00a0\u00bb background_color_1=\u00a0\u00bb#000000&Prime; background_color_2=\u00a0\u00bb#000000&Prime; bg_img_3=\u00a0\u00bbhttps:\/\/fotofestivalpelt.be\/wp-content\/uploads\/2019\/02\/bakery-16.jpg\u00a0\u00bb bg_img_4=\u00a0\u00bbhttps:\/\/fotofestivalpelt.be\/wp-content\/uploads\/2019\/02\/person-04.jpg\u00a0\u00bb padding_left_right_link_1=\u00a0\u00bbfalse\u00a0\u00bb padding_left_right_link_2=\u00a0\u00bbtrue\u00a0\u00bb background_position_2=\u00a0\u00bbtop_center\u00a0\u00bb use_background_color_gradient_1=\u00a0\u00bboff\u00a0\u00bb use_background_color_gradient_2=\u00a0\u00bbon\u00a0\u00bb use_background_color_gradient_3=\u00a0\u00bbon\u00a0\u00bb use_background_color_gradient_4=\u00a0\u00bbon\u00a0\u00bb background_color_gradient_start_1=\u00a0\u00bbrgba(0,0,0,0)\u00a0\u00bb background_color_gradient_start_2=\u00a0\u00bbrgba(0,0,0,0)\u00a0\u00bb background_color_gradient_start_3=\u00a0\u00bbrgba(0,0,0,0)\u00a0\u00bb background_color_gradient_start_4=\u00a0\u00bbrgba(0,0,0,0)\u00a0\u00bb background_color_gradient_end_1=\u00a0\u00bbrgba(0,0,0,0.9)\u00a0\u00bb background_color_gradient_end_2=\u00a0\u00bbrgba(0,0,0,0.9)\u00a0\u00bb background_color_gradient_end_3=\u00a0\u00bbrgba(0,0,0,0.9)\u00a0\u00bb background_color_gradient_end_4=\u00a0\u00bbrgba(0,0,0,0.9)\u00a0\u00bb background_color_gradient_start_position_1=\u00a0\u00bb20%\u00a0\u00bb background_color_gradient_start_position_2=\u00a0\u00bb83%\u00a0\u00bb background_color_gradient_start_position_3=\u00a0\u00bb20%\u00a0\u00bb background_color_gradient_start_position_4=\u00a0\u00bb20%\u00a0\u00bb background_color_gradient_end_position_2=\u00a0\u00bb100%\u00a0\u00bb background_color_gradient_overlays_image_1=\u00a0\u00bbon\u00a0\u00bb background_color_gradient_overlays_image_2=\u00a0\u00bbon\u00a0\u00bb background_color_gradient_overlays_image_3=\u00a0\u00bbon\u00a0\u00bb background_color_gradient_overlays_image_4=\u00a0\u00bbon\u00a0\u00bb padding_top_1=\u00a0\u00bb60px\u00a0\u00bb padding_top_2=\u00a0\u00bb20px\u00a0\u00bb padding_top_3=\u00a0\u00bb400px\u00a0\u00bb padding_top_4=\u00a0\u00bb400px\u00a0\u00bb padding_right_1=\u00a0\u00bb80px\u00a0\u00bb padding_right_2=\u00a0\u00bb20px\u00a0\u00bb padding_right_3=\u00a0\u00bb40px\u00a0\u00bb padding_right_4=\u00a0\u00bb40px\u00a0\u00bb padding_bottom_1=\u00a0\u00bb20px\u00a0\u00bb padding_bottom_2=\u00a0\u00bb0px\u00a0\u00bb padding_bottom_3=\u00a0\u00bb40px\u00a0\u00bb padding_bottom_4=\u00a0\u00bb40px\u00a0\u00bb padding_left_1=\u00a0\u00bb100px\u00a0\u00bb padding_left_2=\u00a0\u00bb20px\u00a0\u00bb padding_left_3=\u00a0\u00bb40px\u00a0\u00bb padding_left_4=\u00a0\u00bb40px\u00a0\u00bb padding_1_phone=\u00a0\u00bb5px|10px|5px|10px|false|true\u00a0\u00bb padding_2_phone=\u00a0\u00bb5px|5px|5px|5px|true|true\u00a0\u00bb padding_1_last_edited=\u00a0\u00bbon|phone\u00a0\u00bb padding_2_last_edited=\u00a0\u00bbon|phone\u00a0\u00bb admin_label=\u00a0\u00bbMariaziekenhuis\u00a0\u00bb module_class=\u00a0\u00bb et_pb_row_fullwidth\u00a0\u00bb _builder_version=\u00a0\u00bb3.22.3&Prime; width=\u00a0\u00bb100%\u00a0\u00bb width_tablet=\u00a0\u00bb100%\u00a0\u00bb width_last_edited=\u00a0\u00bbon|desktop\u00a0\u00bb max_width=\u00a0\u00bb100%\u00a0\u00bb max_width_tablet=\u00a0\u00bb100%\u00a0\u00bb max_width_last_edited=\u00a0\u00bbon|desktop\u00a0\u00bb make_fullwidth=\u00a0\u00bbon\u00a0\u00bb][et_pb_column type=\u00a0\u00bb3_5&Prime; _builder_version=\u00a0\u00bb3.0.47&Prime;][et_pb_text admin_label=\u00a0\u00bbCaroline Alida\u00a0\u00bb _builder_version=\u00a0\u00bb3.22.7&Prime; text_font=\u00a0\u00bbMontserrat||||||||\u00a0\u00bb text_text_color=\u00a0\u00bb#ffffff\u00a0\u00bb text_font_size=\u00a0\u00bb16px\u00a0\u00bb link_font=\u00a0\u00bb||||||||\u00a0\u00bb link_text_color=\u00a0\u00bb#f19413&Prime; header_font=\u00a0\u00bb||||||||\u00a0\u00bb header_3_font=\u00a0\u00bb||||||||\u00a0\u00bb header_3_text_color=\u00a0\u00bb#f19413&Prime; header_4_font=\u00a0\u00bb||||||||\u00a0\u00bb header_4_text_color=\u00a0\u00bb#0098af\u00a0\u00bb]<\/p>\n<h3  id=\"ziekenhuis\" class=\"font_7\">H\u00f4pital Mariaziekenhuis<\/h3>\n<h4>\u00a0<\/h4>\n<h4 class=\"font_7\"><strong>Caroline Alida<\/strong><\/h4>\n<p>&nbsp;<\/p>\n<p><img loading=\"lazy\" decoding=\"async\" class=\"alignleft wp-image-5216 size-thumbnail\" src=\"https:\/\/fotofestivalpelt.be\/wp-content\/uploads\/2019\/05\/Caroline-Alida_600px-150x150.jpg\" alt=\"\" width=\"150\" height=\"150\" srcset=\"https:\/\/fotofestivalpelt.be\/wp-content\/uploads\/2019\/05\/Caroline-Alida_600px-150x150.jpg 150w, https:\/\/fotofestivalpelt.be\/wp-content\/uploads\/2019\/05\/Caroline-Alida_600px-300x300.jpg 300w, https:\/\/fotofestivalpelt.be\/wp-content\/uploads\/2019\/05\/Caroline-Alida_600px-350x350.jpg 350w, https:\/\/fotofestivalpelt.be\/wp-content\/uploads\/2019\/05\/Caroline-Alida_600px-51x51.jpg 51w, https:\/\/fotofestivalpelt.be\/wp-content\/uploads\/2019\/05\/Caroline-Alida_600px.jpg 602w\" sizes=\"(max-width: 150px) 100vw, 150px\" \/>Les oeuvres photographiques de Caroline Alida se consentrent sur l\u2019int\u00e9r\u00eat humain. Ses nombreux voyages en Afrique, notamment au Niger, l&rsquo;ont confront\u00e9e \u00e0 nos propres normes occidentales. Elle a acquis un profond respect pour ceux qui doivent survivre avec \u00e0 peu pr\u00e8s rien: un manque de nourriture, d&rsquo;eau et d&rsquo;autres besoins de base.<br \/>Sa s\u00e9rie de photos est con\u00e7ue pour nous ouvrir les yeux, vivant dans un monde occidental de surconsommation.<\/p>\n<p>Pour le projet \u00ab\u00a0\u00c9couter des chansons dans les pins\u00a0\u00bb, Caroline s&rsquo;est rendue en Sib\u00e9rie orientale. Elle a pris des portraits de chamans. Le mot vient du tungus (ou evenk) et signifie \u00ab\u00a0celui qui sait\u00a0\u00bb.<br \/>L&rsquo;origine et l&rsquo;histoire du chamanisme sib\u00e9rien ont plus de 1000 ans.<br \/>Le chaman peut \u00eatre consid\u00e9r\u00e9 comme un sage, un psychologue, un pr\u00eatre, un proph\u00e8te, un m\u00e9decin ou un gu\u00e9risseur. Les portraits pr\u00e9sent\u00e9s ici sont combin\u00e9s avec des images de la nature. Ils invitent \u00e0 la contemplation.<\/p>\n<p>Photo \u00a9 Isabelle Vandewalle<\/p>\n<p class=\"font_8\"><a href=\"http:\/\/www.caroline-alida.be\/about\" target=\"_blank\" rel=\"noopener noreferrer\">www.caroline-alida.be<\/a><\/p>\n<p>&nbsp;<\/p>\n<p>[\/et_pb_text][\/et_pb_column][et_pb_column type=\u00a0\u00bb2_5&Prime; _builder_version=\u00a0\u00bb3.0.47&Prime;][\/et_pb_column][\/et_pb_row][et_pb_row use_custom_gutter=\u00a0\u00bbon\u00a0\u00bb gutter_width=\u00a0\u00bb1&Prime; custom_padding=\u00a0\u00bb0px||0px|\u00a0\u00bb make_equal=\u00a0\u00bbon\u00a0\u00bb background_color_1=\u00a0\u00bb#000000&Prime; background_color_2=\u00a0\u00bb#000000&Prime; bg_img_3=\u00a0\u00bbhttps:\/\/fotofestivalpelt.be\/wp-content\/uploads\/2019\/02\/bakery-16.jpg\u00a0\u00bb bg_img_4=\u00a0\u00bbhttps:\/\/fotofestivalpelt.be\/wp-content\/uploads\/2019\/02\/person-04.jpg\u00a0\u00bb padding_left_right_link_1=\u00a0\u00bbfalse\u00a0\u00bb padding_left_right_link_2=\u00a0\u00bbtrue\u00a0\u00bb background_position_2=\u00a0\u00bbtop_center\u00a0\u00bb use_background_color_gradient_1=\u00a0\u00bboff\u00a0\u00bb use_background_color_gradient_2=\u00a0\u00bbon\u00a0\u00bb use_background_color_gradient_3=\u00a0\u00bbon\u00a0\u00bb use_background_color_gradient_4=\u00a0\u00bbon\u00a0\u00bb background_color_gradient_start_1=\u00a0\u00bbrgba(0,0,0,0)\u00a0\u00bb background_color_gradient_start_2=\u00a0\u00bbrgba(0,0,0,0)\u00a0\u00bb background_color_gradient_start_3=\u00a0\u00bbrgba(0,0,0,0)\u00a0\u00bb background_color_gradient_start_4=\u00a0\u00bbrgba(0,0,0,0)\u00a0\u00bb background_color_gradient_end_1=\u00a0\u00bbrgba(0,0,0,0.9)\u00a0\u00bb background_color_gradient_end_2=\u00a0\u00bbrgba(0,0,0,0.9)\u00a0\u00bb background_color_gradient_end_3=\u00a0\u00bbrgba(0,0,0,0.9)\u00a0\u00bb background_color_gradient_end_4=\u00a0\u00bbrgba(0,0,0,0.9)\u00a0\u00bb background_color_gradient_start_position_1=\u00a0\u00bb20%\u00a0\u00bb background_color_gradient_start_position_2=\u00a0\u00bb83%\u00a0\u00bb background_color_gradient_start_position_3=\u00a0\u00bb20%\u00a0\u00bb background_color_gradient_start_position_4=\u00a0\u00bb20%\u00a0\u00bb background_color_gradient_end_position_2=\u00a0\u00bb100%\u00a0\u00bb background_color_gradient_overlays_image_1=\u00a0\u00bbon\u00a0\u00bb background_color_gradient_overlays_image_2=\u00a0\u00bbon\u00a0\u00bb background_color_gradient_overlays_image_3=\u00a0\u00bbon\u00a0\u00bb background_color_gradient_overlays_image_4=\u00a0\u00bbon\u00a0\u00bb padding_top_1=\u00a0\u00bb60px\u00a0\u00bb padding_top_2=\u00a0\u00bb20px\u00a0\u00bb padding_top_3=\u00a0\u00bb400px\u00a0\u00bb padding_top_4=\u00a0\u00bb400px\u00a0\u00bb padding_right_1=\u00a0\u00bb80px\u00a0\u00bb padding_right_2=\u00a0\u00bb20px\u00a0\u00bb padding_right_3=\u00a0\u00bb40px\u00a0\u00bb padding_right_4=\u00a0\u00bb40px\u00a0\u00bb padding_bottom_1=\u00a0\u00bb20px\u00a0\u00bb padding_bottom_2=\u00a0\u00bb0px\u00a0\u00bb padding_bottom_3=\u00a0\u00bb40px\u00a0\u00bb padding_bottom_4=\u00a0\u00bb40px\u00a0\u00bb padding_left_1=\u00a0\u00bb100px\u00a0\u00bb padding_left_2=\u00a0\u00bb20px\u00a0\u00bb padding_left_3=\u00a0\u00bb40px\u00a0\u00bb padding_left_4=\u00a0\u00bb40px\u00a0\u00bb padding_1_phone=\u00a0\u00bb5px|10px|5px|10px|false|true\u00a0\u00bb padding_2_phone=\u00a0\u00bb5px|5px|5px|5px|true|true\u00a0\u00bb padding_1_last_edited=\u00a0\u00bbon|phone\u00a0\u00bb padding_2_last_edited=\u00a0\u00bbon|phone\u00a0\u00bb admin_label=\u00a0\u00bbBibliotheek\u00a0\u00bb module_class=\u00a0\u00bb et_pb_row_fullwidth\u00a0\u00bb _builder_version=\u00a0\u00bb3.22.3&Prime; width=\u00a0\u00bb100%\u00a0\u00bb width_tablet=\u00a0\u00bb100%\u00a0\u00bb width_last_edited=\u00a0\u00bbon|desktop\u00a0\u00bb max_width=\u00a0\u00bb100%\u00a0\u00bb max_width_tablet=\u00a0\u00bb100%\u00a0\u00bb max_width_last_edited=\u00a0\u00bbon|desktop\u00a0\u00bb make_fullwidth=\u00a0\u00bbon\u00a0\u00bb][et_pb_column type=\u00a0\u00bb3_5&Prime; _builder_version=\u00a0\u00bb3.0.47&Prime;][et_pb_text admin_label=\u00a0\u00bbIsabel Corthier\u00a0\u00bb _builder_version=\u00a0\u00bb3.22.7&Prime; text_font=\u00a0\u00bbMontserrat||||||||\u00a0\u00bb text_text_color=\u00a0\u00bb#ffffff\u00a0\u00bb text_font_size=\u00a0\u00bb16px\u00a0\u00bb link_font=\u00a0\u00bb||||||||\u00a0\u00bb link_text_color=\u00a0\u00bb#f19413&Prime; header_font=\u00a0\u00bb||||||||\u00a0\u00bb header_3_font=\u00a0\u00bb||||||||\u00a0\u00bb header_3_text_color=\u00a0\u00bb#f19413&Prime; header_4_font=\u00a0\u00bb||||||||\u00a0\u00bb header_4_text_color=\u00a0\u00bb#0098af\u00a0\u00bb]<\/p>\n<h3  id=\"bib\" class=\"font_7\">Biblioth\u00e8que Publique de Neerpelt<\/h3>\n<h4>\u00a0<\/h4>\n<h4 class=\"font_7\"><strong>Isabel Corthier<\/strong><\/h4>\n<p>&nbsp;<\/p>\n<p><img loading=\"lazy\" decoding=\"async\" class=\"alignleft wp-image-5186\" src=\"https:\/\/fotofestivalpelt.be\/wp-content\/uploads\/2019\/05\/Isabel-Corthier_2.jpg\" alt=\"\" width=\"124\" height=\"150\" \/>Isabel Corthier est une photographe belge ind\u00e9pendante sp\u00e9cialis\u00e9e dans les documentaires, qui travaille pour des organisations humanitaires au niveau international. Son travail a \u00e9t\u00e9 utilis\u00e9 pour des campagnes de financement et des communications pour des ONG telles que Caritas, Trias, M\u00e9decins sans fronti\u00e8res (MSF), Vredeseilanden (VECO), Louvain Coop\u00e9ration, Entrepreneurs pour entrepreneurs, Solid International&#8230; L&rsquo;oeuvre d&rsquo;Isabel a \u00e9t\u00e9 expos\u00e9 en Chine (Lishui, Pingyao), en Inde (Calcutta), en France (Barrobjectif) et en Belgique. Un bon nombre de ses photos ont gagn\u00e9 des prix. En 2014, elle a re\u00e7u le certificat de Photographe Europ\u00e9en (EP) de la F\u00e9d\u00e9ration Europ\u00e9enne de Photographes Professionels (FEP).<\/p>\n<p class=\"font_8\"><strong>Free Yourself<\/strong><\/p>\n<p>En 2019, il y a 25 ans que Nelson Mandela est devenu pr\u00e9sident de l&rsquo;Afrique du Sud. Un des grands moments dans l&rsquo;histoire.<\/p>\n<p>\u00ab\u00a0Lib\u00e9rez-vous\u00a0\u00bb est une s\u00e9rie de portraits r\u00e9alis\u00e9s dans l&rsquo;un des plus anciens townships du Cap occidental d&rsquo;Afrique du Sud, appel\u00e9 Vrygrond. Je me concentre sur la jeune g\u00e9n\u00e9ration, n\u00e9e dans les ann\u00e9es 90, qui a grandi avec l&rsquo;espoir d&rsquo;une vie meilleure que celle de leurs parents, qui vivaient sous l&rsquo;apartheid. En r\u00e9alit\u00e9, ils sont confront\u00e9s \u00e0 un gouvernement corrompu et \u00e0 une situation difficile dans les townships o\u00f9 le ch\u00f4mage, la criminalit\u00e9 et la toxicomanie sont \u00e9lev\u00e9s. L\u2019apartheid a peut-\u00eatre pris fin, mais ses cons\u00e9quences font encore partie de la vie quotidienne.<\/p>\n<p>Je montre des jeunes qui se battent contre leur situation, selon les principes de Mandela: \u00ab\u00a0Lib\u00e9rez-vous, lib\u00e9rez les autres, servez chaque jour\u00a0\u00bb. En d\u00e9veloppant leurs talents, ils se soul\u00e8vent de la pauvret\u00e9. Ils sont devenus des mod\u00e8les pour les jeunes de leur communaut\u00e9 et apportent une contribution positive \u00e0 la soci\u00e9t\u00e9. Certains ont lanc\u00e9 des projets sociaux pour garder les jeunes de la rue.<\/p>\n<p>Bien que ces jeunes jouent un r\u00f4le important dans la communaut\u00e9, leurs talents et leurs r\u00e9alisations restent souvent ignor\u00e9s. Cela est souvent d\u00fb aux conditions de vie \u00e0 Vrygrond et au manque d\u2019acc\u00e8s aux r\u00e9seaux. Gr\u00e2ce \u00e0 ces photographies, j&rsquo;esp\u00e8re les laisser monter bri\u00e8vement sur une sc\u00e8ne qui se dresse du fond non poli des townships. Chacune des personnes pr\u00e9sent\u00e9es dans ces images est forte, fi\u00e8re et confiante d\u2019une mani\u00e8re unique et authentique. Ces jeunes sont l&rsquo;avenir de l&rsquo;Afrique du Sud et ils apportent un changement. Ils pourraient m\u00eame \u00eatre une source d&rsquo;inspiration pour nous tous.<\/p>\n<p>Vrygrond, Cape Town, Afrique du Sud, 2018<\/p>\n<p>La s\u00e9rie \u00ab\u00a0Lib\u00e9rez-vous\u00a0\u00bb a \u00e9t\u00e9 publi\u00e9e dans l&rsquo;\u00e9dition de decembre 2018 du National Geographic Magazine NL.<\/p>\n<p class=\"font_8\"><span class=\"wixGuard\">\u200b<\/span><a href=\"https:\/\/www.isabelcorthier.com\/\" target=\"_blank\" rel=\"nofollow noopener noreferrer\" data-content=\"https:\/\/www.isabelcorthier.com\" data-type=\"external\">www.isabelcorthier.com<\/a><\/p>\n<p>&nbsp;<\/p>\n<p>[\/et_pb_text][\/et_pb_column][et_pb_column type=\u00a0\u00bb2_5&Prime; _builder_version=\u00a0\u00bb3.0.47&Prime;][\/et_pb_column][\/et_pb_row][et_pb_row use_custom_gutter=\u00a0\u00bbon\u00a0\u00bb gutter_width=\u00a0\u00bb1&Prime; custom_padding=\u00a0\u00bb0px||0px|\u00a0\u00bb make_equal=\u00a0\u00bbon\u00a0\u00bb background_color_1=\u00a0\u00bb#000000&Prime; background_color_2=\u00a0\u00bb#000000&Prime; bg_img_3=\u00a0\u00bbhttps:\/\/fotofestivalpelt.be\/wp-content\/uploads\/2019\/02\/bakery-16.jpg\u00a0\u00bb bg_img_4=\u00a0\u00bbhttps:\/\/fotofestivalpelt.be\/wp-content\/uploads\/2019\/02\/person-04.jpg\u00a0\u00bb padding_left_right_link_1=\u00a0\u00bbfalse\u00a0\u00bb padding_left_right_link_2=\u00a0\u00bbtrue\u00a0\u00bb background_position_2=\u00a0\u00bbtop_center\u00a0\u00bb use_background_color_gradient_1=\u00a0\u00bboff\u00a0\u00bb use_background_color_gradient_2=\u00a0\u00bbon\u00a0\u00bb use_background_color_gradient_3=\u00a0\u00bbon\u00a0\u00bb use_background_color_gradient_4=\u00a0\u00bbon\u00a0\u00bb background_color_gradient_start_1=\u00a0\u00bbrgba(0,0,0,0)\u00a0\u00bb background_color_gradient_start_2=\u00a0\u00bbrgba(0,0,0,0)\u00a0\u00bb background_color_gradient_start_3=\u00a0\u00bbrgba(0,0,0,0)\u00a0\u00bb background_color_gradient_start_4=\u00a0\u00bbrgba(0,0,0,0)\u00a0\u00bb background_color_gradient_end_1=\u00a0\u00bbrgba(0,0,0,0.9)\u00a0\u00bb background_color_gradient_end_2=\u00a0\u00bbrgba(0,0,0,0.9)\u00a0\u00bb background_color_gradient_end_3=\u00a0\u00bbrgba(0,0,0,0.9)\u00a0\u00bb background_color_gradient_end_4=\u00a0\u00bbrgba(0,0,0,0.9)\u00a0\u00bb background_color_gradient_start_position_1=\u00a0\u00bb20%\u00a0\u00bb background_color_gradient_start_position_2=\u00a0\u00bb83%\u00a0\u00bb background_color_gradient_start_position_3=\u00a0\u00bb20%\u00a0\u00bb background_color_gradient_start_position_4=\u00a0\u00bb20%\u00a0\u00bb background_color_gradient_end_position_2=\u00a0\u00bb100%\u00a0\u00bb background_color_gradient_overlays_image_1=\u00a0\u00bbon\u00a0\u00bb background_color_gradient_overlays_image_2=\u00a0\u00bbon\u00a0\u00bb background_color_gradient_overlays_image_3=\u00a0\u00bbon\u00a0\u00bb background_color_gradient_overlays_image_4=\u00a0\u00bbon\u00a0\u00bb padding_top_1=\u00a0\u00bb60px\u00a0\u00bb padding_top_2=\u00a0\u00bb20px\u00a0\u00bb padding_top_3=\u00a0\u00bb400px\u00a0\u00bb padding_top_4=\u00a0\u00bb400px\u00a0\u00bb padding_right_1=\u00a0\u00bb80px\u00a0\u00bb padding_right_2=\u00a0\u00bb20px\u00a0\u00bb padding_right_3=\u00a0\u00bb40px\u00a0\u00bb padding_right_4=\u00a0\u00bb40px\u00a0\u00bb padding_bottom_1=\u00a0\u00bb20px\u00a0\u00bb padding_bottom_2=\u00a0\u00bb0px\u00a0\u00bb padding_bottom_3=\u00a0\u00bb40px\u00a0\u00bb padding_bottom_4=\u00a0\u00bb40px\u00a0\u00bb padding_left_1=\u00a0\u00bb100px\u00a0\u00bb padding_left_2=\u00a0\u00bb20px\u00a0\u00bb padding_left_3=\u00a0\u00bb40px\u00a0\u00bb padding_left_4=\u00a0\u00bb40px\u00a0\u00bb padding_1_phone=\u00a0\u00bb5px|10px|5px|10px|false|true\u00a0\u00bb padding_2_phone=\u00a0\u00bb5px|5px|5px|5px|true|true\u00a0\u00bb padding_1_last_edited=\u00a0\u00bbon|phone\u00a0\u00bb padding_2_last_edited=\u00a0\u00bbon|phone\u00a0\u00bb admin_label=\u00a0\u00bbRusthuis\u00a0\u00bb module_class=\u00a0\u00bb et_pb_row_fullwidth\u00a0\u00bb _builder_version=\u00a0\u00bb3.22.3&Prime; width=\u00a0\u00bb100%\u00a0\u00bb width_tablet=\u00a0\u00bb100%\u00a0\u00bb width_last_edited=\u00a0\u00bbon|desktop\u00a0\u00bb max_width=\u00a0\u00bb100%\u00a0\u00bb max_width_tablet=\u00a0\u00bb100%\u00a0\u00bb max_width_last_edited=\u00a0\u00bbon|desktop\u00a0\u00bb make_fullwidth=\u00a0\u00bbon\u00a0\u00bb][et_pb_column type=\u00a0\u00bb3_5&Prime; _builder_version=\u00a0\u00bb3.0.47&Prime;][et_pb_text admin_label=\u00a0\u00bbWendy Marijnissen\u00a0\u00bb _builder_version=\u00a0\u00bb3.22.7&Prime; text_font=\u00a0\u00bbMontserrat||||||||\u00a0\u00bb text_text_color=\u00a0\u00bb#ffffff\u00a0\u00bb text_font_size=\u00a0\u00bb16px\u00a0\u00bb link_font=\u00a0\u00bb||||||||\u00a0\u00bb link_text_color=\u00a0\u00bb#f19413&Prime; header_font=\u00a0\u00bb||||||||\u00a0\u00bb header_3_font=\u00a0\u00bb||||||||\u00a0\u00bb header_3_text_color=\u00a0\u00bb#f19413&Prime; header_4_font=\u00a0\u00bb||||||||\u00a0\u00bb header_4_text_color=\u00a0\u00bb#0098af\u00a0\u00bb]<\/p>\n<h3  id=\"rusthuis\" class=\"font_7\">Centre r\u00e9sidentiel et de soins Saint Joseph<\/h3>\n<h4>\u00a0<\/h4>\n<h4 class=\"font_7\"><strong>Wendy Marijnissen<\/strong><\/h4>\n<p>&nbsp;<\/p>\n<p><img loading=\"lazy\" decoding=\"async\" class=\"alignleft wp-image-5173 size-thumbnail\" src=\"https:\/\/fotofestivalpelt.be\/wp-content\/uploads\/2019\/05\/Wendy-Marijnissen_2a-150x150.jpg\" alt=\"\" width=\"150\" height=\"150\" srcset=\"https:\/\/fotofestivalpelt.be\/wp-content\/uploads\/2019\/05\/Wendy-Marijnissen_2a-150x150.jpg 150w, https:\/\/fotofestivalpelt.be\/wp-content\/uploads\/2019\/05\/Wendy-Marijnissen_2a-300x300.jpg 300w, https:\/\/fotofestivalpelt.be\/wp-content\/uploads\/2019\/05\/Wendy-Marijnissen_2a-768x768.jpg 768w, https:\/\/fotofestivalpelt.be\/wp-content\/uploads\/2019\/05\/Wendy-Marijnissen_2a-350x350.jpg 350w, https:\/\/fotofestivalpelt.be\/wp-content\/uploads\/2019\/05\/Wendy-Marijnissen_2a-51x51.jpg 51w, https:\/\/fotofestivalpelt.be\/wp-content\/uploads\/2019\/05\/Wendy-Marijnissen_2a-800x800.jpg 800w, https:\/\/fotofestivalpelt.be\/wp-content\/uploads\/2019\/05\/Wendy-Marijnissen_2a.jpg 883w\" sizes=\"(max-width: 150px) 100vw, 150px\" \/>Wendy Marijnissen est une photographe documentaire ind\u00e9pendante belge. L\u2019intuition et les int\u00e9r\u00eats personnels ont toujours jou\u00e9 un r\u00f4le majeur dans son oeuvre et ont naturellement guid\u00e9 Wendy vers ses sujets.<\/p>\n<p>En 2008, elle a r\u00e9alis\u00e9 un reportage de longue dur\u00e9e en Isra\u00ebl et en Palestine, utilisant la musique pour montrer un aspect diff\u00e9rent de la vie quotidienne dans cette r\u00e9gion violente et conflictuelle. Au cours de l&rsquo;\u00e9t\u00e9 2009, elle a couvert les expulsions de J\u00e9rusalem-Est et s&rsquo;est ensuite rendue au Pakistan pour la premi\u00e8re fois. Au cours des trois ann\u00e9es suivantes, elle a travaill\u00e9 au Pakistan en se concentrant principalement \u00e0 la photographie des difficult\u00e9s de la grossesse et de l&rsquo;accouchement. De la fistule, les sages-femmes traditionnelles \u00e0 la grossesse dans un camp, apr\u00e8s l&rsquo;inondation d\u00e9vastatrice de 2010 qui a d\u00e9plac\u00e9 des millions de personnes dans le pays. Une partie de cet oeuvre a \u00e9t\u00e9 utilis\u00e9e pour la \u00ab\u00a0campagne de lutte contre la fistule\u00a0\u00bb du FNUAP.<\/p>\n<p>En 2012, elle s&rsquo;est rendue en Afghanistan pour la premi\u00e8re fois, afin de documenter la vie des femmes dans ce pays d\u00e9chir\u00e9 par la guerre et elle a photographi\u00e9 Fawzia Koofi, alors premi\u00e8re candidate \u00e0 la pr\u00e9sidence. Un an plus tard, elle collabore avec M\u00e9decins sans fronti\u00e8res au Tadjikistan sur les enfants atteints de tuberculose. En Belgique, elle produit une s\u00e9rie \u00ab\u00a0Us \/ Them\u00a0\u00bb sur les femmes musulmanes et le foulard dans son pays. Le projet faisait partie du projet de groupe europ\u00e9en \u00ab\u00a0La mont\u00e9e du populisme en Europe\u00a0\u00bb, produit par Fotodok.<\/p>\n<p>En 2015, elle est retourn\u00e9e au Pakistan \u00e0 deux reprises pour continuer \u00e0 travailler sur ce qui est devenu \u00ab\u00a0Toujours l&rsquo;invit\u00e9\u00a0\u00bb, son premier livre de photos. Elle a fond\u00e9 \u00ab\u00a0Bending The Frame\u00a0\u00bb, une organisation \u00e0 but non lucratif, qui tente de cr\u00e9er de nouvelles plateformes et de trouver des moyens de faire de la photographie de qualit\u00e9 dans le monde. Elle a \u00e9t\u00e9 finaliste du Fotovisura Grant for Outstanding Personal Photography projet et a re\u00e7u une mention honorable au Photocrati Fund 2011 Grant. En 2012, elle a \u00e9t\u00e9 finaliste du concours photo Save the children. Ses photos sont publi\u00e9es dans des m\u00e9dias tels que Le Monde, Arte, De Standaard, L&rsquo;Express, De Tijd, De Morgen, Le Jordan Times, The Eyes, Le Vif \/ L&rsquo;Express, Worldpulse, ..<\/p>\n<p>\u00a9 Wendy Marijnissen &#8211; Tous droits r\u00e9serv\u00e9s.<\/p>\n<p><a href=\"mailto:wemarijnissen@gmail.com\" target=\"_blank\" rel=\"noopener noreferrer\">wemarijnissen@gmail.com<\/a> | +32 498 496131 | <a href=\"http:\/\/www.wendymarijnissen.com\/\" target=\"_blank\" rel=\"noopener noreferrer\">www.wendymarijnissen.com<\/a><\/p>\n<p>&nbsp;<\/p>\n<p>[\/et_pb_text][\/et_pb_column][et_pb_column type=\u00a0\u00bb2_5&Prime; _builder_version=\u00a0\u00bb3.0.47&Prime;][\/et_pb_column][\/et_pb_row][et_pb_row use_custom_gutter=\u00a0\u00bbon\u00a0\u00bb gutter_width=\u00a0\u00bb1&Prime; custom_padding=\u00a0\u00bb0px||0px|\u00a0\u00bb make_equal=\u00a0\u00bbon\u00a0\u00bb background_color_1=\u00a0\u00bb#000000&Prime; background_color_2=\u00a0\u00bb#000000&Prime; bg_img_3=\u00a0\u00bbhttps:\/\/fotofestivalpelt.be\/wp-content\/uploads\/2019\/02\/bakery-16.jpg\u00a0\u00bb bg_img_4=\u00a0\u00bbhttps:\/\/fotofestivalpelt.be\/wp-content\/uploads\/2019\/02\/person-04.jpg\u00a0\u00bb padding_left_right_link_1=\u00a0\u00bbfalse\u00a0\u00bb padding_left_right_link_2=\u00a0\u00bbtrue\u00a0\u00bb background_position_2=\u00a0\u00bbtop_center\u00a0\u00bb use_background_color_gradient_1=\u00a0\u00bboff\u00a0\u00bb use_background_color_gradient_2=\u00a0\u00bbon\u00a0\u00bb use_background_color_gradient_3=\u00a0\u00bbon\u00a0\u00bb use_background_color_gradient_4=\u00a0\u00bbon\u00a0\u00bb background_color_gradient_start_1=\u00a0\u00bbrgba(0,0,0,0)\u00a0\u00bb background_color_gradient_start_2=\u00a0\u00bbrgba(0,0,0,0)\u00a0\u00bb background_color_gradient_start_3=\u00a0\u00bbrgba(0,0,0,0)\u00a0\u00bb background_color_gradient_start_4=\u00a0\u00bbrgba(0,0,0,0)\u00a0\u00bb background_color_gradient_end_1=\u00a0\u00bbrgba(0,0,0,0.9)\u00a0\u00bb background_color_gradient_end_2=\u00a0\u00bbrgba(0,0,0,0.9)\u00a0\u00bb background_color_gradient_end_3=\u00a0\u00bbrgba(0,0,0,0.9)\u00a0\u00bb background_color_gradient_end_4=\u00a0\u00bbrgba(0,0,0,0.9)\u00a0\u00bb background_color_gradient_start_position_1=\u00a0\u00bb20%\u00a0\u00bb background_color_gradient_start_position_2=\u00a0\u00bb83%\u00a0\u00bb background_color_gradient_start_position_3=\u00a0\u00bb20%\u00a0\u00bb background_color_gradient_start_position_4=\u00a0\u00bb20%\u00a0\u00bb background_color_gradient_end_position_2=\u00a0\u00bb100%\u00a0\u00bb background_color_gradient_overlays_image_1=\u00a0\u00bbon\u00a0\u00bb background_color_gradient_overlays_image_2=\u00a0\u00bbon\u00a0\u00bb background_color_gradient_overlays_image_3=\u00a0\u00bbon\u00a0\u00bb background_color_gradient_overlays_image_4=\u00a0\u00bbon\u00a0\u00bb padding_top_1=\u00a0\u00bb60px\u00a0\u00bb padding_top_2=\u00a0\u00bb20px\u00a0\u00bb padding_top_3=\u00a0\u00bb400px\u00a0\u00bb padding_top_4=\u00a0\u00bb400px\u00a0\u00bb padding_right_1=\u00a0\u00bb80px\u00a0\u00bb padding_right_2=\u00a0\u00bb20px\u00a0\u00bb padding_right_3=\u00a0\u00bb40px\u00a0\u00bb padding_right_4=\u00a0\u00bb40px\u00a0\u00bb padding_bottom_1=\u00a0\u00bb20px\u00a0\u00bb padding_bottom_2=\u00a0\u00bb0px\u00a0\u00bb padding_bottom_3=\u00a0\u00bb40px\u00a0\u00bb padding_bottom_4=\u00a0\u00bb40px\u00a0\u00bb padding_left_1=\u00a0\u00bb100px\u00a0\u00bb padding_left_2=\u00a0\u00bb20px\u00a0\u00bb padding_left_3=\u00a0\u00bb40px\u00a0\u00bb padding_left_4=\u00a0\u00bb40px\u00a0\u00bb padding_1_phone=\u00a0\u00bb5px|10px|5px|10px|false|true\u00a0\u00bb padding_2_phone=\u00a0\u00bb5px|5px|5px|5px|true|true\u00a0\u00bb padding_1_last_edited=\u00a0\u00bbon|phone\u00a0\u00bb padding_2_last_edited=\u00a0\u00bbon|phone\u00a0\u00bb admin_label=\u00a0\u00bbDommelhof\u00a0\u00bb module_class=\u00a0\u00bb et_pb_row_fullwidth\u00a0\u00bb _builder_version=\u00a0\u00bb3.22.3&Prime; width=\u00a0\u00bb100%\u00a0\u00bb width_tablet=\u00a0\u00bb100%\u00a0\u00bb width_last_edited=\u00a0\u00bbon|desktop\u00a0\u00bb max_width=\u00a0\u00bb100%\u00a0\u00bb max_width_tablet=\u00a0\u00bb100%\u00a0\u00bb max_width_last_edited=\u00a0\u00bbon|desktop\u00a0\u00bb make_fullwidth=\u00a0\u00bbon\u00a0\u00bb][et_pb_column type=\u00a0\u00bb3_5&Prime; _builder_version=\u00a0\u00bb3.0.47&Prime;][et_pb_text admin_label=\u00a0\u00bbBreedbeeld\u00a0\u00bb _builder_version=\u00a0\u00bb3.22.7&Prime; text_font=\u00a0\u00bbMontserrat||||||||\u00a0\u00bb text_text_color=\u00a0\u00bb#ffffff\u00a0\u00bb text_font_size=\u00a0\u00bb16px\u00a0\u00bb link_font=\u00a0\u00bb||||||||\u00a0\u00bb link_text_color=\u00a0\u00bb#f19413&Prime; header_font=\u00a0\u00bb||||||||\u00a0\u00bb header_3_font=\u00a0\u00bb||||||||\u00a0\u00bb header_3_text_color=\u00a0\u00bb#f19413&Prime; header_4_font=\u00a0\u00bb||||||||\u00a0\u00bb header_4_text_color=\u00a0\u00bb#0098af\u00a0\u00bb]<\/p>\n<h3> id=\u00a0\u00bbdommelhof\u00a0\u00bb Domaine Provincial Dommelhof<\/h3>\n<h4>\u00a0<\/h4>\n<h4>BREEDBEELD, une exposition centr\u00e9e sur les \u00ab\u00a0caprices humains\u00a0\u00bb.<\/h4>\n<p>&nbsp;<\/p>\n<p>BREEDBEELD soutient, informe, inspire et r\u00e9unit en Flandres tous les personnes qui pratiquent la photographie, le cin\u00e9ma et les arts m\u00e9diatiques d&rsquo;une mani\u00e8re non-commerciale.<\/p>\n<p>L&rsquo;exposition est double. Pour la premi\u00e8re partie, BREEDBEELD met en lumi\u00e8re quatre anciens conf\u00e9renciers de &lsquo;BREEDBEELD in gesprek&rsquo;. La seconde partie de l\u2019exposition, compos\u00e9e \u00e0 partir d\u2019un appel ouvert, r\u00e9unit le travail de quinze photographes dans une salle noire qui, comme la bo\u00eete noire enregistre et conserve toutes les donn\u00e9es d\u2019un avion, enveloppe les multiples facettes de l\u2019homme et ces caprices.<br \/>Cette bo\u00eete noire de l&rsquo;humanit\u00e9 r\u00e9v\u00e8le principalement le myst\u00e8re et la po\u00e9sie. A travers leur \u00ab\u00a0objectif sur l&rsquo;homme\u00a0\u00bb, les photographes s\u00e9lectionn\u00e9s interrogent chacun \u00e0 leur mani\u00e8re la \u00ab\u00a0condition humaine\u00a0\u00bb. Divers th\u00e8mes tels que l&rsquo;amour, l&rsquo;humour, la physicalit\u00e9, le surr\u00e9alisme et la m\u00e9moire forment un fil conducteur qui continue de dissimuler et de r\u00e9v\u00e9ler \u00abl&rsquo;\u00eatre humain\u00bb dans un mouvement incessant. L&rsquo;exposition est curat\u00e9e par Yirka De Brucker.<\/p>\n<p>L&rsquo;exposition montre le travail de 19 photographes:<br \/>Viviane Decock, Jeffrey De Keyser, Ton Dirven, Neoza Goffin, Clara Hanssens, Tom Herbots, Niyana Khamouli, Dimitri Lefere, Nora Mecibah, Sebastian Steveniers, Annick Timmermans, Ilja Vandenbroucke, Kristin Van den Eede, Guido Van den Comfort, St\u00e9phanie Vandeput, Marko Van der Steenhoven, Sam Vanoverschelde, Eddy Verloes et Marie-Th\u00e9r\u00e8se Willemsen<\/p>\n<p><strong>Pratique:<\/strong><\/p>\n<ul>\n<li>Vernissage: samedi 6 juillet, 19.00h.<\/li>\n<li>Exposition: (jusqu&rsquo;\u00e0 la fin du mois d&rsquo;ao\u00fbt)<br \/>&#8211; Tous les jours ouvr\u00e9s \u00e0 partir de 8h30 &#8211; 17h<br \/>&#8211; Extra ouvert les dimanches 7 juillet, 4 ao\u00fbt et 1er septembre \u00e0 partir de 14h. &#8211; 17h<\/li>\n<li>Lieu: Domaine Provincial Dommelhof, 5 Toekomstlaan, 3910 Neerpelt<\/li>\n<li>Entr\u00e9e gratuite.<\/li>\n<\/ul>\n<p><a href=\"https:\/\/breedbeeld.org\/\" target=\"_blank\" rel=\"noopener noreferrer\">https:\/\/breedbeeld.org\/<\/a><\/p>\n<p>&nbsp;<\/p>\n<p>[\/et_pb_text][\/et_pb_column][et_pb_column type=\u00a0\u00bb2_5&Prime; _builder_version=\u00a0\u00bb3.0.47&Prime;][\/et_pb_column][\/et_pb_row][\/et_pb_section]<\/p>\n","protected":false},"excerpt":{"rendered":"<p>\u00a0 CC Palethe\u200b Centre de services Pelle Melle Piscine Dommelslag H\u00f4pital &lsquo;Mariaziekenhuis&rsquo; Biblioth\u00e8que Publique de Neerpelt Centre r\u00e9sidentiel et de soins Saint Joseph Domaine Provincial DommelhofCC PALETHE \u00a0 Marco Mertens &nbsp; Au Centre Culturel Palethe Marco Mertens expose des portraits illustrant une carri\u00e8re de 25 ans en tant que photographe portraitiste.Les photos sont faites pour [&hellip;]<\/p>\n","protected":false},"author":1,"featured_media":0,"parent":0,"menu_order":0,"comment_status":"closed","ping_status":"closed","template":"","meta":{"_et_pb_use_builder":"on","_et_pb_old_content":"","_et_gb_content_width":"","footnotes":""},"class_list":["post-4260","page","type-page","status-publish","hentry"],"_links":{"self":[{"href":"https:\/\/fotofestivalpelt.be\/fr\/wp-json\/wp\/v2\/pages\/4260","targetHints":{"allow":["GET"]}}],"collection":[{"href":"https:\/\/fotofestivalpelt.be\/fr\/wp-json\/wp\/v2\/pages"}],"about":[{"href":"https:\/\/fotofestivalpelt.be\/fr\/wp-json\/wp\/v2\/types\/page"}],"author":[{"embeddable":true,"href":"https:\/\/fotofestivalpelt.be\/fr\/wp-json\/wp\/v2\/users\/1"}],"replies":[{"embeddable":true,"href":"https:\/\/fotofestivalpelt.be\/fr\/wp-json\/wp\/v2\/comments?post=4260"}],"version-history":[{"count":57,"href":"https:\/\/fotofestivalpelt.be\/fr\/wp-json\/wp\/v2\/pages\/4260\/revisions"}],"predecessor-version":[{"id":6032,"href":"https:\/\/fotofestivalpelt.be\/fr\/wp-json\/wp\/v2\/pages\/4260\/revisions\/6032"}],"wp:attachment":[{"href":"https:\/\/fotofestivalpelt.be\/fr\/wp-json\/wp\/v2\/media?parent=4260"}],"curies":[{"name":"wp","href":"https:\/\/api.w.org\/{rel}","templated":true}]}}