{"id":4991,"date":"2019-05-12T18:03:24","date_gmt":"2019-05-12T18:03:24","guid":{"rendered":"https:\/\/fotofestivalpelt.be\/?page_id=4991"},"modified":"2019-05-13T10:59:01","modified_gmt":"2019-05-13T10:59:01","slug":"participants","status":"publish","type":"page","link":"https:\/\/fotofestivalpelt.be\/fr\/participants\/","title":{"rendered":"PARTICIPANTS"},"content":{"rendered":"<p>[et_pb_section fb_built=\u00a0\u00bb1&Prime; _builder_version=\u00a0\u00bb3.22.3&Prime; background_color=\u00a0\u00bb#5e5e5e\u00a0\u00bb custom_padding=\u00a0\u00bb9px|0px|2px|0px|false|false\u00a0\u00bb][et_pb_row admin_label=\u00a0\u00bbAwards hoofding\u00a0\u00bb _builder_version=\u00a0\u00bb3.22.3&Prime;][et_pb_column type=\u00a0\u00bb4_4&Prime; _builder_version=\u00a0\u00bb3.19.18&Prime;][et_pb_text admin_label=\u00a0\u00bbIntroduction pays\u00a0\u00bb _builder_version=\u00a0\u00bb3.22.7&Prime; text_font=\u00a0\u00bbMontserrat||||||||\u00a0\u00bb text_text_color=\u00a0\u00bb#ffffff\u00a0\u00bb text_font_size=\u00a0\u00bb16px\u00a0\u00bb text_line_height=\u00a0\u00bb2.2em\u00a0\u00bb header_font=\u00a0\u00bb||||||||\u00a0\u00bb header_3_font=\u00a0\u00bb||||||||\u00a0\u00bb header_3_text_color=\u00a0\u00bb#000000&Prime;]<\/p>\n<h3 class=\"font_7\">PARTICIPANTS EDITION 2019<\/h3>\n<p>Pour la deuxi\u00e8me \u00e9dition de Lens op de Mens, 233 photographes de 16 pays du monde entier ont envoy\u00e9 leurs photos \u00e0 Pelt. Le nombre et la qualit\u00e9 des photos a m\u00eame d\u00e9pass\u00e9 le succ\u00e8s de la premi\u00e8re \u00e9dition.<\/p>\n<p>Gr\u00e2ce \u00e0 la collaboration avec l&rsquo;association nationale des photographes professionnels, l&rsquo;asbl Studio, Breedbeeld et LensCulture, le festival a attir\u00e9 un tr\u00e8s grand nombre de photographes.<\/p>\n<p>Il y avait des entr\u00e9es d&rsquo;Azerba\u00efdjan, du Canada, d&rsquo;Allemagne, de France, de Finlande, de G\u00e9orgie, d&rsquo;Inde, d&rsquo;Isra\u00ebl, d&rsquo;Iran, des Pays-Bas, de Russie, d&rsquo;Espagne, de Slovaquie, des \u00c9tats-Unis et du Royaume-Uni. Les photographes locaux, le club photo Digipelt et les CVO Qrios, Lino et De Verdieping ont \u00e9galement envoy\u00e9 leurs images.<\/p>\n<p>Un jury international compos\u00e9 de photographes professionnels exp\u00e9riment\u00e9s a \u00e9valu\u00e9 et s\u00e9lectionn\u00e9 les photos en fonction de leurs qualit\u00e9s photographiques et esth\u00e9tiques.<\/p>\n<p>Les photos des photographes suivants sont s\u00e9lectionn\u00e9:<\/p>\n<p>[\/et_pb_text][\/et_pb_column][\/et_pb_row][et_pb_row _builder_version=\u00a0\u00bb3.22.3&Prime;][et_pb_column type=\u00a0\u00bb1_3&Prime; _builder_version=\u00a0\u00bb3.19.18&Prime;][et_pb_text admin_label=\u00a0\u00bbAmateurs\u00a0\u00bb _builder_version=\u00a0\u00bb3.22.7&Prime; text_font=\u00a0\u00bbMontserrat||||||||\u00a0\u00bb text_text_color=\u00a0\u00bb#ffffff\u00a0\u00bb text_font_size=\u00a0\u00bb16px\u00a0\u00bb text_line_height=\u00a0\u00bb2.2em\u00a0\u00bb header_font=\u00a0\u00bb||||||||\u00a0\u00bb header_3_font=\u00a0\u00bb||||||||\u00a0\u00bb header_3_text_color=\u00a0\u00bb#000000&Prime;]<\/p>\n<h3>Photographes amateurs<\/h3>\n<p>Yasmine Abrahams, Sint-Huibrechts-Lille<br \/>Stefan Ackx<br \/>Leon Alders, Pelt<br \/>Marc Apers, Kontich<br \/>Meike Baljon-Havermans<br \/>Marleen Beerten, Budel NLD<br \/>Patrick Berben, Pelt<br \/>Livinus Bleyen, Koersel<br \/>Jochen Bongaerts, Lommel<br \/>Wilco Bosems, Bruxelles (Forest)<br \/>Ren\u00e9 Broens<br \/>Suzy Calluy, Brasschaat<br \/>Alain Carette, Sint-Niklaas<br \/>Victor Carpentier, Pelt<br \/>Joelle Carton, Zeebrugge (Brugge)<br \/>Ria Ceelen, Pelt<br \/>Helena Cervinkova, Lommel<br \/>Dami Cielen, Hasselt<br \/>Philip De Backer, Kerksken<br \/>Lieve De Bleser, Lommel<br \/>Mieke De Haas, Bladel NLD<br \/>Jeffrey De Keyser, Gent<br \/>Marijn De Keyzer, Hamme<br \/>Mich\u00e8le De Meersman, Bree<br \/>Jef De Puydt, Zonhoven<br \/>Itamar De Rooze, Amsterdam NLD<br \/>Jeroen De Ruysscher, Mechelen<br \/>Rodney Decnudde, Oosterzele<br \/>Souldigger, Zwevegem<br \/>Alidoor Dellafaille, Schoten<br \/>Ludo Dijckmans, Lommel<br \/>Jean-Pierre Duverg\u00e9, Cergy FRA<br \/>Frank Emmers, Achel<br \/>Rita Feijens, Hasselt<br \/>Adriaan Franssen, Achel<br \/>Marijke Geurts, Hechtel<br \/>Mia Geyens, Neeroeteren<br \/>Jos Ghoos, Ham<br \/>Gerard Gielen<br \/>Marc Gillain, Lier<br \/>Roger Hamblok<br \/>Peter Heijlen, Pelt<br \/>Inge Hendriks, Lommel<br \/>Tom Herbots, Pellenberg<br \/>Michou Hermans, Eksel<\/p>\n<p>[\/et_pb_text][et_pb_text admin_label=\u00a0\u00bbProfs\u00a0\u00bb _builder_version=\u00a0\u00bb3.22.7&Prime; text_font=\u00a0\u00bbMontserrat||||||||\u00a0\u00bb text_text_color=\u00a0\u00bb#ffffff\u00a0\u00bb text_font_size=\u00a0\u00bb16px\u00a0\u00bb text_line_height=\u00a0\u00bb2.2em\u00a0\u00bb header_font=\u00a0\u00bb||||||||\u00a0\u00bb header_3_font=\u00a0\u00bb||||||||\u00a0\u00bb header_3_text_color=\u00a0\u00bb#000000&Prime;]<\/p>\n<h3>Photographes professionels<\/h3>\n<p>Iratxe Alvarez, Pelt<br \/>Jonathan Banks, Tunbridge Wells GBR<br \/>Robert Biesemans, Kapellen<br \/>Manu Bloemen, Lommel<br \/>Stef Boey, Mechelen<br \/>Sergey Bogaitsev, St. Petersburg RUS<br \/>Bart Boodts, Schelle<br \/>Tine Borms-Gueneau, Moulins FRA<br \/>Katti Borr\u00e9, Aalter<br \/>Geert Bruers<br \/>Richard Buijsman, Borsbeek<br \/>Camille Cauwet, Vert-Saint-Denis FRA<br \/>Mariko Charkviani, Tbilisi GEO<br \/>Pierre Chermette, Tarare FRA<br \/>Alana Clemens, Hasselt<br \/>Arianne Cl\u00e9ment, Qu\u00e9bec CAN<br \/>Pieter Clicteur, Ettelgem<br \/>Johan Cr\u00e9, Brecht<br \/>Esther Daamen, Lommel<br \/>Bert Daenen, Tongeren<br \/>Raj Majukh Dam, Kolkata IND<br \/>Didier de Daniloff, Roeselare<br \/>Gino Defauw, Destelbergen<br \/>David Degelin, Wijgmaal<br \/>Claire Dekens, Zonhoven<br \/>Sabine Deknudt, Kortrijk<br \/>Annick Deprins, Kapellen<br \/>Philippe Dierckx De Casterl\u00e9, Beerse<br \/>Annick Donkers, Kasterlee<br \/>Nicolas Doutreligne, Zulte<\/p>\n<p>[\/et_pb_text][\/et_pb_column][et_pb_column type=\u00a0\u00bb1_3&Prime; _builder_version=\u00a0\u00bb3.19.18&Prime;][et_pb_text admin_label=\u00a0\u00bbAmateurs\u00a0\u00bb _builder_version=\u00a0\u00bb3.22.7&Prime; text_font=\u00a0\u00bbMontserrat||||||||\u00a0\u00bb text_text_color=\u00a0\u00bb#ffffff\u00a0\u00bb text_font_size=\u00a0\u00bb16px\u00a0\u00bb text_line_height=\u00a0\u00bb2.2em\u00a0\u00bb header_font=\u00a0\u00bb||||||||\u00a0\u00bb header_3_font=\u00a0\u00bb||||||||\u00a0\u00bb header_3_text_color=\u00a0\u00bb#000000&Prime;]<\/p>\n<h3>Photographes amateurs<\/h3>\n<p>Marleen Hiels, Bazel<br \/>Joep Hoeben<br \/>Harry Hollegien<br \/>Elly Hoogenboom<br \/>Machteld Houben, Houthalen-Helcht.<br \/>Patrick Hufkens, Meerhout<br \/>Katleen Hurkmans, Neerglabbeek<br \/>Daniel Huygens, Hasselt<br \/>Fernande Jaeken<br \/>Rozet Jansen<br \/>Valentijn Janssen, Gemert NLD<br \/>Gerard Janssen, Pelt<br \/>Marc Juvyns, Beringen<br \/>Angela Kerste, Veldhoven<br \/>Suzie Ketelslegers, Balen<br \/>Netty Kuijlaars<br \/>Rudi Kumpen, Houthalen-Helchteren<br \/>Annick Lauwers, Turnhout<br \/>Lutgarde Lenaerts, Peer<br \/>Luc Lingier, Knokke-Heist<br \/>Albert Loos, Pelt<br \/>Rina Loos, Lommel<br \/>Edgard Maelliaert, Ekeren<br \/>Peggy Maes<br \/>Jean Marthoud, Achel<br \/>Jos Mertens, Lommel<br \/>Iene Mesotten, Diepenbeek<br \/>Roel Metsemakers<br \/>Anny Moons, Hove<br \/>Gerd Moors, Wijchmaal<br \/>Marcel Mous, Kapellen<br \/>Fred Nevelsteen, Meerhout<br \/>Mieke Paesen, Peer<br \/>Trinette Paesen, Pelt<br \/>Arlette Peeters, Gerdingen<br \/>Joris Peeters, Wezemaal<br \/>Irene Plessers, Lommel<br \/>Valentin Plessers, Hamont<br \/>Yvette Plijms<br \/>Marc Ras, Pelt<br \/>Dieter Sadar, Zonhoven<br \/>Ria Schildermans, Hasselt<br \/>Miranda Schmitz, Lier<br \/>Fonsy Schoeters, Helchteren<br \/>Koen Schrije, Galmaarden<\/p>\n<p>[\/et_pb_text][et_pb_text admin_label=\u00a0\u00bbProfs\u00a0\u00bb _builder_version=\u00a0\u00bb3.22.7&Prime; text_font=\u00a0\u00bbMontserrat||||||||\u00a0\u00bb text_text_color=\u00a0\u00bb#ffffff\u00a0\u00bb text_font_size=\u00a0\u00bb16px\u00a0\u00bb text_line_height=\u00a0\u00bb2.2em\u00a0\u00bb header_font=\u00a0\u00bb||||||||\u00a0\u00bb header_3_font=\u00a0\u00bb||||||||\u00a0\u00bb header_3_text_color=\u00a0\u00bb#000000&Prime;]<\/p>\n<h3>Photographes professionels<\/h3>\n<p>Joost Duppen, Beek en Donk NLD<br \/>Nathalie Engels, Sint-Niklaas<br \/>Bernd Gassner, Sendenhorst DEU<br \/>Eric Greif, Hechtel<br \/>Fran\u00e7ois Gueneau, Moulins FRA<br \/>Kattoo Hillewaere, Kortrijk<br \/>Laurens Janus, Oosterhout NLD<br \/>Isabelle Jaravel-Tayar, Lyon FRA<br \/>Manya Kay, Berlijn DEU<br \/>Sylvia Konior, Ruiselede<br \/>Martin Kryst\u00fdnek, Proprad SLK<br \/>Amir Lavon, Afula ISR<br \/>Ann-Elise Lietaert, Poelkapelle<br \/>Jorge L\u00f3pez Mu\u00f1oz, Valencia ESP<br \/>Martti Matilainen, Pieks\u00e4m\u00e4ki FIN<br \/>Susanne Middelberg, Den Haag NLD<br \/>Piroska Mihalka, Kasterlee<br \/>Noah Elliott Morrison, Ferndale, USA<br \/>William Moureaux, Montpellier FRA<br \/>Joydeep Mukherjee, Kolkata IND<br \/>Miet Neirinckx, Waasmunster<br \/>Yves Nevens, Denderleeuw<br \/>Kristel Nijskens, Boom<br \/>Stef Oers, Herent<br \/>Kakha Pkhakadze, Tbilisi GEO<br \/>Katty Plevoets, Zwijndrecht<br \/>Evi Polak, De Klinge<br \/>Yvon Poncelet, Oostende<br \/>Tijs Posen, Tongeren<br \/>C\u00e9cile Quenum, Cerfontaine<\/p>\n<p>[\/et_pb_text][\/et_pb_column][et_pb_column type=\u00a0\u00bb1_3&Prime; _builder_version=\u00a0\u00bb3.19.18&Prime;][et_pb_text admin_label=\u00a0\u00bbAmateurs\u00a0\u00bb _builder_version=\u00a0\u00bb3.22.7&Prime; text_font=\u00a0\u00bbMontserrat||||||||\u00a0\u00bb text_text_color=\u00a0\u00bb#ffffff\u00a0\u00bb text_font_size=\u00a0\u00bb16px\u00a0\u00bb text_line_height=\u00a0\u00bb2.2em\u00a0\u00bb header_font=\u00a0\u00bb||||||||\u00a0\u00bb header_3_font=\u00a0\u00bb||||||||\u00a0\u00bb header_3_text_color=\u00a0\u00bb#000000&Prime; custom_margin=\u00a0\u00bb||\u00a0\u00bb]<\/p>\n<h3>Photographes amateurs<\/h3>\n<p>Sonja Sleurs, Pelt<br \/>V\u00e9ronique Slingerland, Terneuzen NLD<br \/>Paul Smeets, Pelt<br \/>Rene Smolders, Budel NLD<br \/>David Somers, Antwerpen<br \/>Kris Swinnen, Pelt<br \/>Marcel, Henri Swinnen, Hamont<br \/>Brigitte \u2018T Sijen, Merksem<br \/>Iris Teunissen<br \/>Jan Tielens<br \/>Cees Van De Ven, Pelt<br \/>Guido Van Den Troost, Asse<br \/>Marc Van Dercruyssen, Wilrijk<br \/>Stefanie F Van Dijk, Pelt<br \/>Jol. van Eijndhoven, Valkenswaard NLD<br \/>Wim Van Gestel, Hever<br \/>Raymond Van Gompel, Bocholt<br \/>Alain Van Hille, Bruxelles (Uccle)<br \/>Toep Van Kemenade, Hamont-Achel<br \/>Tamara Van Kilsdonk<br \/>Dis Van Tendeloo, Herenthout<br \/>Bea Van Winkel, Pelt<br \/>Patje Vandebroek, Pelt<br \/>Guy Vanderhenst, Pelt<br \/>Nicole Vandevelde, Sint-Kwintens-Lennik<br \/>Jean Vandijck, Pelt<br \/>Linda Vangansewinkel, Pelt<br \/>Charlie Vanhoudt, Pelt<br \/>Dirk Velle, Pelt<br \/>Saskia Verachter, Pelt<br \/>Dan Verbruggen, Baal<br \/>Annie Vercruysse, Kessel-Lo (Leuven)<br \/>Greta Verelst, Schoten<br \/>Patrick Verleysen, As<br \/>Eddy Verloes, Boutersem<br \/>Anne Verrassel, Brasschaat<br \/>Jack Versprille<br \/>Nathan Verstraete, Lokeren<br \/>Danielle Verteurve, Kontich<br \/>Rita Winters, Pelt<br \/>Nicole Wouters, Arendonk<br \/>Nicole Wouters, Westerlo<br \/>Yves Zimmermann, Pelt<\/p>\n<p>[\/et_pb_text][et_pb_divider color=\u00a0\u00bbrgba(0,0,0,0)\u00a0\u00bb divider_weight=\u00a0\u00bb50px\u00a0\u00bb _builder_version=\u00a0\u00bb3.22.7&Prime; width=\u00a0\u00bb100%\u00a0\u00bb][\/et_pb_divider][et_pb_text admin_label=\u00a0\u00bbProfs\u00a0\u00bb _builder_version=\u00a0\u00bb3.22.7&Prime; text_font=\u00a0\u00bbMontserrat||||||||\u00a0\u00bb text_text_color=\u00a0\u00bb#ffffff\u00a0\u00bb text_font_size=\u00a0\u00bb16px\u00a0\u00bb text_line_height=\u00a0\u00bb2.2em\u00a0\u00bb header_font=\u00a0\u00bb||||||||\u00a0\u00bb header_3_font=\u00a0\u00bb||||||||\u00a0\u00bb header_3_text_color=\u00a0\u00bb#000000&Prime;]<\/p>\n<h3>Photographes professionels<\/h3>\n<p>Filip Santens, Hansbeke<br \/>Sabine Schrayen, Oudsbergen<br \/>St\u00e9phanie Smeets, Zonhoven<br \/>Sadegh Souri, Teheran IRN<br \/>Berten Steenwegen, Aarschot<br \/>Nathalie Stroobant, Balegem<br \/>Nurlan Tahirli, Baku AZE<br \/>Caroline Tanghe, Vichte<br \/>Peter Testelmans, Zonhoven<br \/>Rudi Theunis, Pelt<br \/>Andr\u00e9 Thys, Vilvoorde<br \/>Patrick Valleau, Capbreton FRA<br \/>Virginie Van Baelen, Peer<br \/>An Van De Wal, Antwerpen<br \/>Tine Van Leemput-Bogaerts, Nijlen<br \/>Kaat Van Parys, Oedelem<br \/>Sven Van Roy, Brecht<br \/>Jan Van Steen, Sint-Gillis-Waas<br \/>Glenn Vanderbeke, Torhout<br \/>Marie-Pascale Vandewalle, Waregem<br \/>Anke Vanheirreweghe, Zulte<br \/>Jan Vanhulle, Bissegem<br \/>Marleen Verbruggen, Melsele<br \/>Francis Verhaeghe, Velzeke-Ruddershove<br \/>Joelle Verlaine, Richelle<br \/>Luc Vervliet, De Panne<br \/>Ward Vleminckx, Kieldrecht (Beveren)<br \/>Piet Vranckx, Boutersem<br \/>Karel Waignein, Geluwe<\/p>\n<p>[\/et_pb_text][\/et_pb_column][\/et_pb_row][\/et_pb_section][et_pb_section fb_built=\u00a0\u00bb1&Prime; _builder_version=\u00a0\u00bb3.22.3&Prime; custom_padding=\u00a0\u00bb0|0px|0|0px|false|false\u00a0\u00bb][et_pb_row custom_padding=\u00a0\u00bb30px|0px|6px|0px|false|false\u00a0\u00bb _builder_version=\u00a0\u00bb3.22.3&Prime;][et_pb_column type=\u00a0\u00bb4_4&Prime; _builder_version=\u00a0\u00bb3.19.18&Prime;][et_pb_text admin_label=\u00a0\u00bbMerci\u00a0\u00bb _builder_version=\u00a0\u00bb3.22.7&Prime; header_font=\u00a0\u00bb||||||||\u00a0\u00bb header_3_font=\u00a0\u00bb||||||||\u00a0\u00bb header_3_text_color=\u00a0\u00bb#f19413&Prime;]<\/p>\n<h3 style=\"text-align: center;\">Un grand merci \u00e0 tous les photographes qui ont soumis leurs photos pour le festival photo Lens op de Mens.<br \/>Gr\u00e2ce \u00e0 eux, cette deuxi\u00e8me \u00e9dition est \u00e0 nouveau un grand succ\u00e8s.<\/h3>\n<p>[\/et_pb_text][\/et_pb_column][\/et_pb_row][\/et_pb_section][et_pb_section fb_built=\u00a0\u00bb1&Prime; _builder_version=\u00a0\u00bb3.22.3&Prime; custom_padding=\u00a0\u00bb0|0px|0|0px|false|false\u00a0\u00bb][et_pb_row use_custom_gutter=\u00a0\u00bbon\u00a0\u00bb gutter_width=\u00a0\u00bb1&Prime; custom_padding=\u00a0\u00bb0|0px|30px|0px|false|false\u00a0\u00bb module_class=\u00a0\u00bb et_pb_row_fullwidth\u00a0\u00bb _builder_version=\u00a0\u00bb3.22.3&Prime; width=\u00a0\u00bb100%\u00a0\u00bb width_tablet=\u00a0\u00bb100%\u00a0\u00bb width_last_edited=\u00a0\u00bbon|desktop\u00a0\u00bb max_width=\u00a0\u00bb100%\u00a0\u00bb max_width_tablet=\u00a0\u00bb100%\u00a0\u00bb max_width_last_edited=\u00a0\u00bbon|desktop\u00a0\u00bb make_fullwidth=\u00a0\u00bbon\u00a0\u00bb][et_pb_column type=\u00a0\u00bb1_4&Prime; _builder_version=\u00a0\u00bb3.19.18&Prime;][et_pb_image src=\u00a0\u00bbhttps:\/\/fotofestivalpelt.be\/wp-content\/uploads\/2019\/03\/2017_Pastorijtuin_1.jpg\u00a0\u00bb admin_label=\u00a0\u00bbFoto op de route\u00a0\u00bb _builder_version=\u00a0\u00bb3.22.7&Prime;][\/et_pb_image][\/et_pb_column][et_pb_column type=\u00a0\u00bb1_4&Prime; _builder_version=\u00a0\u00bb3.19.18&Prime;][et_pb_image src=\u00a0\u00bbhttps:\/\/fotofestivalpelt.be\/wp-content\/uploads\/2019\/03\/2017_De-Heuf_2.jpg\u00a0\u00bb admin_label=\u00a0\u00bbFoto op de route\u00a0\u00bb _builder_version=\u00a0\u00bb3.22.7&Prime;][\/et_pb_image][\/et_pb_column][et_pb_column type=\u00a0\u00bb1_4&Prime; _builder_version=\u00a0\u00bb3.19.18&Prime;][et_pb_image src=\u00a0\u00bbhttps:\/\/fotofestivalpelt.be\/wp-content\/uploads\/2019\/03\/2017_route_20.jpg\u00a0\u00bb admin_label=\u00a0\u00bbFoto op de route\u00a0\u00bb _builder_version=\u00a0\u00bb3.22.7&Prime;][\/et_pb_image][\/et_pb_column][et_pb_column type=\u00a0\u00bb1_4&Prime; _builder_version=\u00a0\u00bb3.19.18&Prime;][et_pb_image src=\u00a0\u00bbhttps:\/\/fotofestivalpelt.be\/wp-content\/uploads\/2019\/03\/2017_route_09.jpg\u00a0\u00bb admin_label=\u00a0\u00bbFoto op de route\u00a0\u00bb _builder_version=\u00a0\u00bb3.22.7&Prime;][\/et_pb_image][\/et_pb_column][\/et_pb_row][\/et_pb_section]<\/p>\n","protected":false},"excerpt":{"rendered":"<p>PARTICIPANTS EDITION 2019 Pour la deuxi\u00e8me \u00e9dition de Lens op de Mens, 233 photographes de 16 pays du monde entier ont envoy\u00e9 leurs photos \u00e0 Pelt. Le nombre et la qualit\u00e9 des photos a m\u00eame d\u00e9pass\u00e9 le succ\u00e8s de la premi\u00e8re \u00e9dition. Gr\u00e2ce \u00e0 la collaboration avec l&rsquo;association nationale des photographes professionnels, l&rsquo;asbl Studio, Breedbeeld [&hellip;]<\/p>\n","protected":false},"author":2,"featured_media":0,"parent":0,"menu_order":0,"comment_status":"closed","ping_status":"closed","template":"","meta":{"_et_pb_use_builder":"on","_et_pb_old_content":"","_et_gb_content_width":"","footnotes":""},"class_list":["post-4991","page","type-page","status-publish","hentry"],"_links":{"self":[{"href":"https:\/\/fotofestivalpelt.be\/fr\/wp-json\/wp\/v2\/pages\/4991","targetHints":{"allow":["GET"]}}],"collection":[{"href":"https:\/\/fotofestivalpelt.be\/fr\/wp-json\/wp\/v2\/pages"}],"about":[{"href":"https:\/\/fotofestivalpelt.be\/fr\/wp-json\/wp\/v2\/types\/page"}],"author":[{"embeddable":true,"href":"https:\/\/fotofestivalpelt.be\/fr\/wp-json\/wp\/v2\/users\/2"}],"replies":[{"embeddable":true,"href":"https:\/\/fotofestivalpelt.be\/fr\/wp-json\/wp\/v2\/comments?post=4991"}],"version-history":[{"count":8,"href":"https:\/\/fotofestivalpelt.be\/fr\/wp-json\/wp\/v2\/pages\/4991\/revisions"}],"predecessor-version":[{"id":5053,"href":"https:\/\/fotofestivalpelt.be\/fr\/wp-json\/wp\/v2\/pages\/4991\/revisions\/5053"}],"wp:attachment":[{"href":"https:\/\/fotofestivalpelt.be\/fr\/wp-json\/wp\/v2\/media?parent=4991"}],"curies":[{"name":"wp","href":"https:\/\/api.w.org\/{rel}","templated":true}]}}