{"id":6824,"date":"2020-07-08T12:24:52","date_gmt":"2020-07-08T12:24:52","guid":{"rendered":"https:\/\/fotofestivalpelt.be\/?page_id=6824"},"modified":"2022-10-11T11:50:09","modified_gmt":"2022-10-11T11:50:09","slug":"declaration-de-confidentialite","status":"publish","type":"page","link":"https:\/\/fotofestivalpelt.be\/fr\/declaration-de-confidentialite\/","title":{"rendered":"D\u00c9CLARATION DE CONFIDENTIALIT\u00c9"},"content":{"rendered":"<p>[et_pb_section fb_built=\u00a0\u00bb1&Prime; _builder_version=\u00a0\u00bb4.16&Prime; background_color=\u00a0\u00bb#5e5e5e\u00a0\u00bb custom_padding=\u00a0\u00bb9px|0px|2px|0px|false|false\u00a0\u00bb global_colors_info=\u00a0\u00bb{}\u00a0\u00bb][et_pb_row admin_label=\u00a0\u00bbD\u00e9claration de confidentialit\u00e9 Titre\u00a0\u00bb _builder_version=\u00a0\u00bb4.16&Prime; global_colors_info=\u00a0\u00bb{}\u00a0\u00bb][et_pb_column type=\u00a0\u00bb4_4&Prime; _builder_version=\u00a0\u00bb4.16&Prime; custom_padding=\u00a0\u00bb|||\u00a0\u00bb global_colors_info=\u00a0\u00bb{}\u00a0\u00bb custom_padding__hover=\u00a0\u00bb|||\u00a0\u00bb][et_pb_text admin_label=\u00a0\u00bbD\u00e9claration de confidentialit\u00e9 Titre\u00a0\u00bb _builder_version=\u00a0\u00bb4.16&Prime; text_font=\u00a0\u00bbMontserrat||||||||\u00a0\u00bb text_text_color=\u00a0\u00bb#ffffff\u00a0\u00bb text_font_size=\u00a0\u00bb16px\u00a0\u00bb text_line_height=\u00a0\u00bb2.2em\u00a0\u00bb header_font=\u00a0\u00bb||||||||\u00a0\u00bb header_3_font=\u00a0\u00bb||||||||\u00a0\u00bb header_3_text_color=\u00a0\u00bb#000000&Prime; global_colors_info=\u00a0\u00bb{}\u00a0\u00bb]<\/p>\n<h3 class=\"font_7\">D\u00c9CLARATION DE CONFIDENTIALIT\u00c9<\/h3>\n<p>[\/et_pb_text][\/et_pb_column][\/et_pb_row][et_pb_row admin_label=\u00a0\u00bbD\u00e9claration de confidentialit\u00e9 Texte\u00a0\u00bb _builder_version=\u00a0\u00bb4.16&Prime; global_colors_info=\u00a0\u00bb{}\u00a0\u00bb][et_pb_column type=\u00a0\u00bb4_4&Prime; _builder_version=\u00a0\u00bb4.16&Prime; custom_padding=\u00a0\u00bb|||\u00a0\u00bb global_colors_info=\u00a0\u00bb{}\u00a0\u00bb custom_padding__hover=\u00a0\u00bb|||\u00a0\u00bb][et_pb_text admin_label=\u00a0\u00bbD\u00e9claration de confidentialit\u00e9 Texte\u00a0\u00bb _builder_version=\u00a0\u00bb4.18.0&Prime; text_font=\u00a0\u00bbMontserrat||||||||\u00a0\u00bb text_text_color=\u00a0\u00bb#ffffff\u00a0\u00bb text_font_size=\u00a0\u00bb16px\u00a0\u00bb text_line_height=\u00a0\u00bb2.2em\u00a0\u00bb header_font=\u00a0\u00bb||||||||\u00a0\u00bb header_3_font=\u00a0\u00bb||||||||\u00a0\u00bb header_3_text_color=\u00a0\u00bb#000000&Prime; header_4_font=\u00a0\u00bb||||||||\u00a0\u00bb header_4_text_color=\u00a0\u00bb#000000&Prime; hover_enabled=\u00a0\u00bb0&Prime; global_colors_info=\u00a0\u00bb{}\u00a0\u00bb sticky_enabled=\u00a0\u00bb0&Prime;]<\/p>\n<h4>Lens op de Mens &#8211; Fotofestival Pelt vzw | D\u00e9claration de confidentialit\u00e9<\/h4>\n<p>Lens op de Mens &#8211; Fotofestival Pelt vzw attache une grande importance \u00e0 la protection de vos donn\u00e9es personnelles et au respect de votre vie priv\u00e9e.<\/p>\n<p>Dans cette d\u00e9claration de confidentialit\u00e9, nous voulons fournir des informations claires et transparentes sur les donn\u00e9es que nous collectons et sur la fa\u00e7on dont nous traitons les donn\u00e9es personnelles. Nous mettons tout en \u0153uvre pour garantir votre confidentialit\u00e9 et traitons donc vos donn\u00e9es personnelles avec soin. Lens op de Mens &#8211; Fotofestival Pelt vzw se conforme dans tous les cas aux lois et r\u00e9glementations applicables, y compris le r\u00e8glement g\u00e9n\u00e9ral sur la protection des donn\u00e9es.<\/p>\n<p>Cela signifie que nous au moins:<\/p>\n<ul>\n<li>traitons vos donn\u00e9es personnelles conform\u00e9ment \u00e0 la finalit\u00e9 pour laquelle elles ont \u00e9t\u00e9 fournies; ces finalit\u00e9s et ce type de donn\u00e9es personnelles sont d\u00e9crits dans la pr\u00e9sente D\u00e9claration de Confidentialit\u00e9<\/li>\n<li>limitons le traitement de vos donn\u00e9es personnelles aux seules donn\u00e9es qui sont au moins n\u00e9cessaires aux fins pour lesquelles elles sont trait\u00e9es<\/li>\n<li>demandons votre consentement explicite si nous en avons besoin pour le traitement de vos donn\u00e9es personnelles<\/li>\n<li>avons pris les mesures techniques et organisationnelles appropri\u00e9es pour assurer la s\u00e9curit\u00e9 de vos donn\u00e9es personnelles<\/li>\n<li>ne transmettons pas de donn\u00e9es personnelles \u00e0 d&rsquo;autres parties, sauf si cela est n\u00e9cessaire \u00e0 l&rsquo;ex\u00e9cution des finalit\u00e9s pour lesquelles elles ont \u00e9t\u00e9 fournies<\/li>\n<li>sommes conscients de vos droits concernant vos donn\u00e9es personnelles, souhaitons vous le signaler et les respecter<\/li>\n<\/ul>\n<p>En tant que Lens op de Mens &#8211; Fotofestival Pelt vzw, nous sommes responsables du traitement de vos donn\u00e9es personnelles. Si, apr\u00e8s avoir lu notre d\u00e9claration de confidentialit\u00e9, ou d&rsquo;une mani\u00e8re plus g\u00e9n\u00e9rale, vous avez des questions \u00e0 ce sujet ou souhaitez nous contacter, vous pouvez le faire via les coordonn\u00e9es ci-dessous:<\/p>\n<p>Lens op de Mens &#8211; Fotofestival Pelt vzw<br \/>Notenlaan 10<br \/>3900 Pelt<br \/><a href=\"mailto:info@fotofestivalpelt.be\" target=\"_blank\" rel=\"noopener noreferrer\">info@fotofestivalpelt.be<\/a><\/p>\n<p><strong>Pourquoi traitons-nous les donn\u00e9es personnelles<\/strong><\/p>\n<p>Vos donn\u00e9es personnelles sont trait\u00e9es par Lens op de Mens &#8211; Fotofestival Pelt vzw pour les finalit\u00e9s et motifs juridiques suivants:<\/p>\n<ul>\n<li>Pour pouvoir participer aux activit\u00e9s de Lens op de Mens &#8211; Fotofestival Pelt asbl (accord de mise en \u0153uvre lors de l&rsquo;inscription)<\/li>\n<li>Envoi de newsletters et d&rsquo;invitations (accord de la personne concern\u00e9e)<\/li>\n<li>Obtention de subventions du gouvernement (obligation l\u00e9gale)<\/li>\n<li>Ajout de donn\u00e9es d&rsquo;identification des auteurs \u00e0 leurs \u0153uvres expos\u00e9es<\/li>\n<li>Publication d&rsquo;une liste de participants sur notre site Internet <a href=\"https:\/\/www.fotofestivalpelt.be\/\">https:\/\/www.fotofestivalpelt.be\/<\/a><\/li>\n<li>Publication des r\u00e9sultats du concours photo sur notre site Internet et dans les m\u00e9dias<\/li>\n<\/ul>\n<p>Aux fins ci-dessus, nous pouvons vous demander, stocker et traiter les donn\u00e9es personnelles suivantes:<\/p>\n<ul>\n<li>Donn\u00e9es d&rsquo;identit\u00e9 personnelles: nom, pr\u00e9nom, adresse, num\u00e9ro de t\u00e9l\u00e9phone, e-mail<\/li>\n<li>URL de votre site Web<\/li>\n<li>Caract\u00e9ristiques personnelles: date de naissance, nationalit\u00e9, langue<\/li>\n<li>Votre statut de photographe professionnel ou amateur<\/li>\n<\/ul>\n<p>Nous utilisons uniquement les donn\u00e9es collect\u00e9es aux fins pour lesquelles nous les avons obtenues.<\/p>\n<p><strong>Mise \u00e0 disposition \u00e0 des tiers<\/strong><\/p>\n<p>Nous pouvons fournir les donn\u00e9es que vous nous fournissez \u00e0 des tiers si cela est n\u00e9cessaire pour la mise en \u0153uvre des finalit\u00e9s d\u00e9crites ci-dessus. Par exemple, nous utilisons un tiers pour:<\/p>\n<p>\u2022 prendre soin de l&rsquo;environnement Internet (conception web, h\u00e9bergement web)<br \/>\u2022 fournir une infrastructure informatique (y compris un r\u00e9seau informatique, &#8230;)<br \/>\u2022 organiser et distribuer des newsletters et des invitations<br \/>\u2022 impression des \u0153uvres expos\u00e9es<\/p>\n<p>Nous ne transmettons jamais de donn\u00e9es personnelles \u00e0 d&rsquo;autres parties avec lesquelles nous n&rsquo;avons pas conclu d&rsquo;accord de traitement.<br \/>Nous conclurons bien entendu les accords n\u00e9cessaires avec ces parties (processeurs) pour garantir la s\u00e9curit\u00e9 de vos donn\u00e9es personnelles.<\/p>\n<p>En outre, nous ne transmettrons pas les informations que vous fournissez \u00e0 des tiers, sauf si cela est l\u00e9galement requis et autoris\u00e9. Un exemple de ceci est que la police nous demande des donn\u00e9es (personnelles) dans le cadre d&rsquo;une enqu\u00eate. Dans un tel cas, nous devons coop\u00e9rer et sommes donc oblig\u00e9s de fournir ces informations.<\/p>\n<p>Nous pouvons \u00e9galement partager des donn\u00e9es personnelles avec des tiers si vous nous en donnez l&rsquo;autorisation (\u00e9crite). Vous avez le droit de retirer ce consentement \u00e0 tout moment, sans pr\u00e9judice de la l\u00e9galit\u00e9 du traitement de son retrait.<br \/>Nous ne fournissons pas de donn\u00e9es personnelles \u00e0 des parties situ\u00e9es en dehors de l&rsquo;UE.<\/p>\n<p><strong>Les mineurs<\/strong><\/p>\n<p>Nous ne traitons les donn\u00e9es personnelles des mineurs (personnes de moins de 16 ans) que si une autorisation \u00e9crite a \u00e9t\u00e9 donn\u00e9e par le parent ou le repr\u00e9sentant l\u00e9gal.<\/p>\n<p><strong>Dur\u00e9e de conservation<\/strong><\/p>\n<p>Lens op de Mens &#8211; Fotofestival Pelt asbl ne stocke pas les donn\u00e9es personnelles plus longtemps que n\u00e9cessaire aux fins pour lesquelles elles ont \u00e9t\u00e9 fournies ou requises par la loi.<br \/>Les donn\u00e9es personnelles sont conserv\u00e9es pendant 5 ans au maximum apr\u00e8s la derni\u00e8re utilisation.<\/p>\n<p><strong>S\u00e9curit\u00e9 des donn\u00e9es<\/strong><\/p>\n<p>Nous avons pris les mesures techniques et organisationnelles appropri\u00e9es pour prot\u00e9ger vos donn\u00e9es personnelles contre le traitement illicite, par exemple nous avons pris les mesures suivantes:<\/p>\n<p>\u2022 Toutes les personnes qui peuvent consulter vos donn\u00e9es au nom de Lens op de Mens &#8211; Fotofestival Pelt vzw sont tenues \u00e0 la confidentialit\u00e9<br \/>\u2022 Nous avons une politique de nom d&rsquo;utilisateur et de mot de passe sur tous nos syst\u00e8mes<br \/>\u2022 Nous pseudonymisons et assurons le cryptage des donn\u00e9es personnelles s&rsquo;il y a lieu de le faire<br \/>\u2022 Nous effectuons des sauvegardes des donn\u00e9es personnelles afin de pouvoir les restaurer en cas d&rsquo;incidents physiques ou techniques<br \/>\u2022 Nous testons et \u00e9valuons r\u00e9guli\u00e8rement nos mesures<br \/>\u2022 Nos employ\u00e9s ont \u00e9t\u00e9 inform\u00e9s de l&rsquo;importance de prot\u00e9ger les donn\u00e9es personnelles<\/p>\n<p><strong>Vos droits concernant vos donn\u00e9es<\/strong><\/p>\n<p>Vous avez le droit d&rsquo;inspecter et de corriger ou de supprimer les donn\u00e9es personnelles que nous avons re\u00e7ues de votre part. En haut de cette d\u00e9claration de confidentialit\u00e9 se trouve la fa\u00e7on dont vous pouvez nous contacter. Vous pouvez \u00e9galement nous contacter via la page contact de notre site internet <a href=\"https:\/\/fotofestivalpelt.be\/\" target=\"_blank\" rel=\"noopener noreferrer\">https:\/\/fotofestivalpelt.be\/<\/a>.<\/p>\n<p>Vous pouvez \u00e9galement vous opposer au traitement de vos donn\u00e9es personnelles (ou d&rsquo;une partie de celles-ci) par nous ou par l&rsquo;un de nos sous-traitants.<br \/>Vous avez \u00e9galement le droit de vous faire transf\u00e9rer les donn\u00e9es que vous nous avez fournies ou, sur vos instructions, directement \u00e0 une autre partie. Nous pouvons vous demander de vous identifier avant de pouvoir r\u00e9pondre aux demandes susmentionn\u00e9es.<\/p>\n<p><strong>R\u00e9clamations<\/strong><\/p>\n<p>Si vous avez une r\u00e9clamation concernant le traitement de vos donn\u00e9es personnelles, nous vous demandons de nous contacter directement.<br \/>Vous avez toujours le droit de d\u00e9poser une plainte aupr\u00e8s de la Commission de la confidentialit\u00e9, qui est l&rsquo;autorit\u00e9 de surveillance dans le domaine de la protection de la vie priv\u00e9e.<\/p>\n<p><strong>Modification de la d\u00e9claration de confidentialit\u00e9<\/strong><\/p>\n<p>Lens op de Mens &#8211; Fotofestival Pelt vzw peut modifier sa d\u00e9claration de confidentialit\u00e9. Nous annoncerons ce changement sur notre site Web. Le dernier changement date du 11 juin 2020. Les anciennes versions de notre d\u00e9claration de confidentialit\u00e9 seront stock\u00e9es dans nos archives. Envoyez-nous un e-mail si vous souhaitez le consulter <a href=\"mailto:info@fotofestivalpelt.be\" target=\"_blank\" rel=\"noopener noreferrer\">info@fotofestivalpelt.be<\/a><\/p>\n<p>[\/et_pb_text][\/et_pb_column][\/et_pb_row][\/et_pb_section][et_pb_section fb_built=\u00a0\u00bb1&Prime; _builder_version=\u00a0\u00bb4.16&Prime; custom_padding=\u00a0\u00bb0|0px|0|0px|false|false\u00a0\u00bb global_colors_info=\u00a0\u00bb{}\u00a0\u00bb][et_pb_row _builder_version=\u00a0\u00bb4.16&Prime; custom_padding=\u00a0\u00bb30px|0px|6px|0px|false|false\u00a0\u00bb global_colors_info=\u00a0\u00bb{}\u00a0\u00bb][et_pb_column type=\u00a0\u00bb4_4&Prime; _builder_version=\u00a0\u00bb4.16&Prime; custom_padding=\u00a0\u00bb|||\u00a0\u00bb global_colors_info=\u00a0\u00bb{}\u00a0\u00bb custom_padding__hover=\u00a0\u00bb|||\u00a0\u00bb][et_pb_text admin_label=\u00a0\u00bbMerci\u00a0\u00bb _builder_version=\u00a0\u00bb4.18.0&Prime; header_font=\u00a0\u00bb||||||||\u00a0\u00bb header_3_font=\u00a0\u00bb||||||||\u00a0\u00bb header_3_text_color=\u00a0\u00bb#f19413&Prime; global_colors_info=\u00a0\u00bb{}\u00a0\u00bb]<\/p>\n<h3 style=\"text-align: center;\">Un grand merci aux nombreux passionn\u00e9s de la photographie<br \/>pour le grand nombre d&rsquo;images soumises<br \/>L&rsquo;\u00e9dition 2021 \u00e9tait de nouveau un tr\u00e8s grand succes<\/h3>\n<p>&nbsp;<\/p>\n<p>[\/et_pb_text][\/et_pb_column][\/et_pb_row][\/et_pb_section][et_pb_section fb_built=\u00a0\u00bb1&Prime; _builder_version=\u00a0\u00bb4.16&Prime; custom_padding=\u00a0\u00bb0|0px|0|0px|false|false\u00a0\u00bb global_colors_info=\u00a0\u00bb{}\u00a0\u00bb][et_pb_row column_structure=\u00a0\u00bb1_4,1_4,1_4,1_4&Prime; use_custom_gutter=\u00a0\u00bbon\u00a0\u00bb gutter_width=\u00a0\u00bb1&Prime; module_class=\u00a0\u00bb et_pb_row_fullwidth\u00a0\u00bb _builder_version=\u00a0\u00bb4.16&Prime; width=\u00a0\u00bb100%\u00a0\u00bb width_tablet=\u00a0\u00bb100%\u00a0\u00bb width_phone=\u00a0\u00bb\u00a0\u00bb width_last_edited=\u00a0\u00bbon|desktop\u00a0\u00bb max_width=\u00a0\u00bb100%\u00a0\u00bb max_width_tablet=\u00a0\u00bb100%\u00a0\u00bb max_width_phone=\u00a0\u00bb\u00a0\u00bb max_width_last_edited=\u00a0\u00bbon|desktop\u00a0\u00bb custom_padding=\u00a0\u00bb0|0px|30px|0px|false|false\u00a0\u00bb make_fullwidth=\u00a0\u00bbon\u00a0\u00bb global_colors_info=\u00a0\u00bb{}\u00a0\u00bb][et_pb_column type=\u00a0\u00bb1_4&Prime; _builder_version=\u00a0\u00bb4.16&Prime; custom_padding=\u00a0\u00bb|||\u00a0\u00bb global_colors_info=\u00a0\u00bb{}\u00a0\u00bb custom_padding__hover=\u00a0\u00bb|||\u00a0\u00bb][et_pb_image src=\u00a0\u00bbhttps:\/\/fotofestivalpelt.be\/wp-content\/uploads\/2019\/06\/Lodm_2019_Ursulinenstraat_3082_HD.jpg\u00a0\u00bb align_tablet=\u00a0\u00bbcenter\u00a0\u00bb align_phone=\u00a0\u00bb\u00a0\u00bb align_last_edited=\u00a0\u00bbon|desktop\u00a0\u00bb admin_label=\u00a0\u00bbUrsulinenstraat\u00a0\u00bb _builder_version=\u00a0\u00bb4.16&Prime; global_colors_info=\u00a0\u00bb{}\u00a0\u00bb][\/et_pb_image][\/et_pb_column][et_pb_column type=\u00a0\u00bb1_4&Prime; _builder_version=\u00a0\u00bb4.16&Prime; custom_padding=\u00a0\u00bb|||\u00a0\u00bb global_colors_info=\u00a0\u00bb{}\u00a0\u00bb custom_padding__hover=\u00a0\u00bb|||\u00a0\u00bb][et_pb_image src=\u00a0\u00bbhttps:\/\/fotofestivalpelt.be\/wp-content\/uploads\/2019\/05\/LodM_2019_route_De-Heuf_1.jpg\u00a0\u00bb align_tablet=\u00a0\u00bbcenter\u00a0\u00bb align_phone=\u00a0\u00bb\u00a0\u00bb align_last_edited=\u00a0\u00bbon|desktop\u00a0\u00bb admin_label=\u00a0\u00bbDe Heuf\u00a0\u00bb _builder_version=\u00a0\u00bb4.16&Prime; global_colors_info=\u00a0\u00bb{}\u00a0\u00bb][\/et_pb_image][\/et_pb_column][et_pb_column type=\u00a0\u00bb1_4&Prime; _builder_version=\u00a0\u00bb4.16&Prime; custom_padding=\u00a0\u00bb|||\u00a0\u00bb global_colors_info=\u00a0\u00bb{}\u00a0\u00bb custom_padding__hover=\u00a0\u00bb|||\u00a0\u00bb][et_pb_image src=\u00a0\u00bbhttps:\/\/fotofestivalpelt.be\/wp-content\/uploads\/2019\/05\/LodM_2019_route_Lindepaadje_.jpg\u00a0\u00bb align_tablet=\u00a0\u00bbcenter\u00a0\u00bb align_phone=\u00a0\u00bb\u00a0\u00bb align_last_edited=\u00a0\u00bbon|desktop\u00a0\u00bb admin_label=\u00a0\u00bbLindepaadje\u00a0\u00bb _builder_version=\u00a0\u00bb4.16&Prime; global_colors_info=\u00a0\u00bb{}\u00a0\u00bb][\/et_pb_image][\/et_pb_column][et_pb_column type=\u00a0\u00bb1_4&Prime; _builder_version=\u00a0\u00bb4.16&Prime; custom_padding=\u00a0\u00bb|||\u00a0\u00bb global_colors_info=\u00a0\u00bb{}\u00a0\u00bb custom_padding__hover=\u00a0\u00bb|||\u00a0\u00bb][et_pb_image src=\u00a0\u00bbhttps:\/\/fotofestivalpelt.be\/wp-content\/uploads\/2019\/06\/LodM_2019_route_doeken-Pelterke_1.jpg\u00a0\u00bb align_tablet=\u00a0\u00bbcenter\u00a0\u00bb align_phone=\u00a0\u00bb\u00a0\u00bb align_last_edited=\u00a0\u00bbon|desktop\u00a0\u00bb admin_label=\u00a0\u00bbIngang Pelterke\u00a0\u00bb _builder_version=\u00a0\u00bb4.16&Prime; global_colors_info=\u00a0\u00bb{}\u00a0\u00bb][\/et_pb_image][\/et_pb_column][\/et_pb_row][\/et_pb_section]<\/p>\n","protected":false},"excerpt":{"rendered":"<p>D\u00c9CLARATION DE CONFIDENTIALIT\u00c9Lens op de Mens &#8211; Fotofestival Pelt vzw | D\u00e9claration de confidentialit\u00e9 Lens op de Mens &#8211; Fotofestival Pelt vzw attache une grande importance \u00e0 la protection de vos donn\u00e9es personnelles et au respect de votre vie priv\u00e9e. Dans cette d\u00e9claration de confidentialit\u00e9, nous voulons fournir des informations claires et transparentes sur les [&hellip;]<\/p>\n","protected":false},"author":2,"featured_media":0,"parent":0,"menu_order":0,"comment_status":"closed","ping_status":"closed","template":"","meta":{"_et_pb_use_builder":"on","_et_pb_old_content":"","_et_gb_content_width":"","footnotes":""},"class_list":["post-6824","page","type-page","status-publish","hentry"],"_links":{"self":[{"href":"https:\/\/fotofestivalpelt.be\/fr\/wp-json\/wp\/v2\/pages\/6824","targetHints":{"allow":["GET"]}}],"collection":[{"href":"https:\/\/fotofestivalpelt.be\/fr\/wp-json\/wp\/v2\/pages"}],"about":[{"href":"https:\/\/fotofestivalpelt.be\/fr\/wp-json\/wp\/v2\/types\/page"}],"author":[{"embeddable":true,"href":"https:\/\/fotofestivalpelt.be\/fr\/wp-json\/wp\/v2\/users\/2"}],"replies":[{"embeddable":true,"href":"https:\/\/fotofestivalpelt.be\/fr\/wp-json\/wp\/v2\/comments?post=6824"}],"version-history":[{"count":14,"href":"https:\/\/fotofestivalpelt.be\/fr\/wp-json\/wp\/v2\/pages\/6824\/revisions"}],"predecessor-version":[{"id":18200,"href":"https:\/\/fotofestivalpelt.be\/fr\/wp-json\/wp\/v2\/pages\/6824\/revisions\/18200"}],"wp:attachment":[{"href":"https:\/\/fotofestivalpelt.be\/fr\/wp-json\/wp\/v2\/media?parent=6824"}],"curies":[{"name":"wp","href":"https:\/\/api.w.org\/{rel}","templated":true}]}}