{"id":6919,"date":"2020-07-06T20:02:02","date_gmt":"2020-07-06T20:02:02","guid":{"rendered":"https:\/\/fotofestivalpelt.be\/?page_id=6919"},"modified":"2021-07-12T18:50:51","modified_gmt":"2021-07-12T18:50:51","slug":"expositions-invitees-2021","status":"publish","type":"page","link":"https:\/\/fotofestivalpelt.be\/fr\/expositions-invitees-2021\/","title":{"rendered":"EXPOSITIONS INVIT\u00c9ES 2021"},"content":{"rendered":"<p>[et_pb_section fb_built=\u00a0\u00bb1&Prime; fullwidth=\u00a0\u00bbon\u00a0\u00bb admin_label=\u00a0\u00bbHero Section\u00a0\u00bb _builder_version=\u00a0\u00bb4.9.7&Prime; background_image=\u00a0\u00bbhttps:\/\/fotofestivalpelt.be\/wp-content\/uploads\/2021\/06\/LodM-2021_4891_HD_Bert-Daenen.jpg\u00a0\u00bb parallax=\u00a0\u00bbon\u00a0\u00bb custom_padding=\u00a0\u00bb0|0px|0|0px|false|false\u00a0\u00bb][et_pb_fullwidth_header title=\u00a0\u00bbExpositions invit\u00e9es 2021&Prime; text_orientation=\u00a0\u00bbcenter\u00a0\u00bb header_fullscreen=\u00a0\u00bbon\u00a0\u00bb background_overlay_color=\u00a0\u00bbrgba(0,0,0,0.5)\u00a0\u00bb title_font_color=\u00a0\u00bb#ffffff\u00a0\u00bb subhead_font_color=\u00a0\u00bb#ffffff\u00a0\u00bb admin_label=\u00a0\u00bbExpositions invit\u00e9es 2021 Titre\u00a0\u00bb _builder_version=\u00a0\u00bb4.9.4&Prime; title_level=\u00a0\u00bbh2&Prime; title_font=\u00a0\u00bbMontserrat|600|||||||\u00a0\u00bb title_text_align=\u00a0\u00bbcenter\u00a0\u00bb title_text_color=\u00a0\u00bb#f19413&Prime; title_font_size=\u00a0\u00bb60px\u00a0\u00bb title_letter_spacing=\u00a0\u00bb2px\u00a0\u00bb content_font=\u00a0\u00bb||||||||\u00a0\u00bb subhead_font=\u00a0\u00bbOpen Sans||||||||\u00a0\u00bb subhead_text_align=\u00a0\u00bbcenter\u00a0\u00bb subhead_text_color=\u00a0\u00bb#ffffff\u00a0\u00bb subhead_font_size=\u00a0\u00bb34px\u00a0\u00bb subhead_line_height=\u00a0\u00bb1.6em\u00a0\u00bb background_color=\u00a0\u00bbrgba(255,255,255,0)\u00a0\u00bb custom_button_one=\u00a0\u00bbon\u00a0\u00bb button_one_text_size=\u00a0\u00bb14px\u00a0\u00bb button_one_text_color=\u00a0\u00bb#ffffff\u00a0\u00bb button_one_bg_color=\u00a0\u00bb#0099e5&Prime; button_one_border_width=\u00a0\u00bb12px\u00a0\u00bb button_one_border_color=\u00a0\u00bb#0099e5&Prime; button_one_border_radius=\u00a0\u00bb0px\u00a0\u00bb button_one_letter_spacing=\u00a0\u00bb2px\u00a0\u00bb button_one_font=\u00a0\u00bbNunito|700||on|||||\u00a0\u00bb button_one_use_icon=\u00a0\u00bboff\u00a0\u00bb animation_style=\u00a0\u00bbfade\u00a0\u00bb title_font_size_tablet=\u00a0\u00bb50px\u00a0\u00bb title_font_size_phone=\u00a0\u00bb22px\u00a0\u00bb title_font_size_last_edited=\u00a0\u00bbon|desktop\u00a0\u00bb subhead_font_size_tablet=\u00a0\u00bb\u00a0\u00bb subhead_font_size_phone=\u00a0\u00bb\u00a0\u00bb subhead_font_size_last_edited=\u00a0\u00bbon|desktop\u00a0\u00bb button_one_text_color_hover=\u00a0\u00bb#ffffff\u00a0\u00bb button_one_border_color_hover=\u00a0\u00bb#0099e5&Prime; button_one_border_radius_hover=\u00a0\u00bb0px\u00a0\u00bb button_one_letter_spacing_hover=\u00a0\u00bb2px\u00a0\u00bb button_one_bg_color_hover=\u00a0\u00bb#0099e5&Prime; button_one_text_size__hover_enabled=\u00a0\u00bboff\u00a0\u00bb button_two_text_size__hover_enabled=\u00a0\u00bboff\u00a0\u00bb button_one_text_color__hover_enabled=\u00a0\u00bbon\u00a0\u00bb button_one_text_color__hover=\u00a0\u00bb#ffffff\u00a0\u00bb button_two_text_color__hover_enabled=\u00a0\u00bboff\u00a0\u00bb button_one_border_width__hover_enabled=\u00a0\u00bboff\u00a0\u00bb button_two_border_width__hover_enabled=\u00a0\u00bboff\u00a0\u00bb button_one_border_color__hover_enabled=\u00a0\u00bbon\u00a0\u00bb button_one_border_color__hover=\u00a0\u00bb#0099e5&Prime; button_two_border_color__hover_enabled=\u00a0\u00bboff\u00a0\u00bb button_one_border_radius__hover_enabled=\u00a0\u00bbon\u00a0\u00bb button_one_border_radius__hover=\u00a0\u00bb0px\u00a0\u00bb button_two_border_radius__hover_enabled=\u00a0\u00bboff\u00a0\u00bb button_one_letter_spacing__hover_enabled=\u00a0\u00bbon\u00a0\u00bb button_one_letter_spacing__hover=\u00a0\u00bb2px\u00a0\u00bb button_two_letter_spacing__hover_enabled=\u00a0\u00bboff\u00a0\u00bb button_one_bg_color__hover_enabled=\u00a0\u00bbon\u00a0\u00bb button_one_bg_color__hover=\u00a0\u00bb#0099e5&Prime; button_two_bg_color__hover_enabled=\u00a0\u00bboff\u00a0\u00bb title_text_color__hover_enabled=\u00a0\u00bbon\u00a0\u00bb]<\/p>\n<h3>\u00a0<\/h3>\n<h2 class=\"font_7\" style=\"text-align: center;\"><a href=\"https:\/\/fotofestivalpelt.be\/fr\/expositions-invitees-2021\/#palethe\"><strong>CC Palethe<\/strong><\/a><\/h2>\n<h2 id=\"dommelslag\" class=\"font_7\" style=\"text-align: center;\"><a href=\"https:\/\/fotofestivalpelt.be\/fr\/expositions-invitees-2021\/#\u00e9glise\"><strong>\u00c9<\/strong><strong>glise Saint-Martin<\/strong><\/a><\/h2>\n<h2 class=\"font_7\" style=\"text-align: center;\"><a href=\"https:\/\/fotofestivalpelt.be\/fr\/expositions-invitees-2021\/#kerkdijk\"><strong>Kerkdijk<\/strong><\/a><\/h2>\n<h2 class=\"font_7\" style=\"text-align: center;\"><a href=\"https:\/\/fotofestivalpelt.be\/fr\/expositions-invitees-2021\/#paadje\"><strong>Chemin pi\u00e9tonnier Rodenbachlaan<\/strong><\/a><\/h2>\n<h2 class=\"font_7\" style=\"text-align: center;\"><strong><a href=\"https:\/\/fotofestivalpelt.be\/fr\/expositions-invitees-2021\/#nieuwemarkt\">Nieuwe Markt \/ Nouveau March\u00e9<\/a><\/strong><\/h2>\n<h2 class=\"font_7\" style=\"text-align: center;\"><strong><a href=\"https:\/\/fotofestivalpelt.be\/fr\/expositions-invitees-2021\/#finsepiste\">Piste finlandaise<\/a><\/strong><\/h2>\n<p>[\/et_pb_fullwidth_header][\/et_pb_section][et_pb_section fb_built=\u00a0\u00bb1&Prime; admin_label=\u00a0\u00bbFeature Section\u00a0\u00bb _builder_version=\u00a0\u00bb3.22.3&Prime; custom_padding=\u00a0\u00bb0px||0px|\u00a0\u00bb locked=\u00a0\u00bboff\u00a0\u00bb][et_pb_row column_structure=\u00a0\u00bb3_5,2_5&Prime; use_custom_gutter=\u00a0\u00bbon\u00a0\u00bb gutter_width=\u00a0\u00bb1&Prime; make_equal=\u00a0\u00bbon\u00a0\u00bb padding_left_right_link_1=\u00a0\u00bbfalse\u00a0\u00bb padding_left_right_link_2=\u00a0\u00bbtrue\u00a0\u00bb admin_label=\u00a0\u00bbLijst\u00a0\u00bb module_class=\u00a0\u00bb et_pb_row_fullwidth\u00a0\u00bb _builder_version=\u00a0\u00bb3.25&Prime; width=\u00a0\u00bb100%\u00a0\u00bb width_tablet=\u00a0\u00bb100%\u00a0\u00bb width_phone=\u00a0\u00bb\u00a0\u00bb width_last_edited=\u00a0\u00bbon|desktop\u00a0\u00bb max_width=\u00a0\u00bb100%\u00a0\u00bb max_width_tablet=\u00a0\u00bb100%\u00a0\u00bb max_width_phone=\u00a0\u00bb\u00a0\u00bb max_width_last_edited=\u00a0\u00bbon|desktop\u00a0\u00bb custom_padding=\u00a0\u00bb0px||0px|\u00a0\u00bb make_fullwidth=\u00a0\u00bbon\u00a0\u00bb][et_pb_column type=\u00a0\u00bb3_5&Prime; _builder_version=\u00a0\u00bb3.25&Prime; background_color=\u00a0\u00bb#000000&Prime; custom_padding=\u00a0\u00bb60px|80px|20px|100px\u00a0\u00bb custom_padding_tablet=\u00a0\u00bb\u00a0\u00bb custom_padding_phone=\u00a0\u00bb5px|10px|5px|10px|false|true\u00a0\u00bb custom_padding_last_edited=\u00a0\u00bbon|phone\u00a0\u00bb custom_padding__hover=\u00a0\u00bb|||\u00a0\u00bb][et_pb_text admin_label=\u00a0\u00bbLodM Magazine\u00a0\u00bb _builder_version=\u00a0\u00bb4.9.4&Prime; text_font=\u00a0\u00bbMontserrat||||||||\u00a0\u00bb text_text_color=\u00a0\u00bb#ffffff\u00a0\u00bb text_font_size=\u00a0\u00bb16px\u00a0\u00bb header_font=\u00a0\u00bb||||||||\u00a0\u00bb header_3_font=\u00a0\u00bb||||||||\u00a0\u00bb header_3_text_color=\u00a0\u00bb#f19413&Prime; header_4_font=\u00a0\u00bb||||||||\u00a0\u00bb header_4_text_color=\u00a0\u00bb#0098af\u00a0\u00bb header_5_font=\u00a0\u00bb||||||||\u00a0\u00bb locked=\u00a0\u00bboff\u00a0\u00bb]<\/p>\n<h3><strong>MAGAZINE LENS OP DE MENS<\/strong><\/h3>\n<p>&nbsp;<\/p>\n<p><a href=\"https:\/\/issuu.com\/fotofestivalpelt\/docs\/magazine4\" target=\"_blank\" rel=\"noopener\"><img loading=\"lazy\" decoding=\"async\" class=\"alignleft wp-image-16080\" src=\"https:\/\/fotofestivalpelt.be\/wp-content\/uploads\/2021\/05\/Magazine2021_cover-215x300.jpg\" alt=\"LodM Magazine 2021\" width=\"143\" height=\"200\" \/><\/a><\/p>\n<p>Gr\u00e2ce \u00e0 ce lien, vous pouvez consulter en ligne notre <a href=\"https:\/\/issuu.com\/fotofestivalpelt\/docs\/magazine4\" target=\"_blank\" rel=\"noopener\">Magazine Lens op de Mens<\/a>.<\/p>\n<p>Dans ce livret-programme, vous trouverez un plan du parcours de l&rsquo;exposition, tous les noms des photographes s\u00e9lectionn\u00e9s, des informations sur les expositions invit\u00e9es, les heures d&rsquo;ouverture, les partenaires et sponsors, et bien d&rsquo;autres informations utiles.<\/p>\n<p>Le magazine sera \u00e9galement disponible dans le CC Palethe et dans des pr\u00e9sentoirs \u00e0 plusieurs endroits le long du parcours de l&rsquo;exposition et \u00e0 la restauration locale.<\/p>\n<p>&nbsp;<\/p>\n<h3 class=\"font_7\">\u200b<\/h3>\n<p>[\/et_pb_text][et_pb_text admin_label=\u00a0\u00bbAper\u00e7u\u00a0\u00bb _builder_version=\u00a0\u00bb4.9.7&Prime; text_font=\u00a0\u00bbMontserrat||||||||\u00a0\u00bb text_text_color=\u00a0\u00bb#ffffff\u00a0\u00bb text_font_size=\u00a0\u00bb16px\u00a0\u00bb link_font=\u00a0\u00bb||||||||\u00a0\u00bb link_text_color=\u00a0\u00bb#f19413&Prime; header_font=\u00a0\u00bb||||||||\u00a0\u00bb header_3_font=\u00a0\u00bb||||||||\u00a0\u00bb header_3_text_color=\u00a0\u00bb#f19413&Prime; header_4_font=\u00a0\u00bb||||||||\u00a0\u00bb header_4_text_color=\u00a0\u00bb#0098af\u00a0\u00bb link_option_url_new_window=\u00a0\u00bbon\u00a0\u00bb]<\/p>\n<h3 class=\"font_7\"><strong>APER\u00c7U DES EXPOSITIONS INVIT\u00c9ES<\/strong><strong>\u00a02021<\/strong><\/h3>\n<p>&nbsp;<\/p>\n<h4><a href=\"https:\/\/fotofestivalpelt.be\/fr\/expositions-invitees-2021\/#palethe\"><strong>Centre Culturel Palethe<\/strong><\/a><\/h4>\n<h4>Barbara Vandendriessche<br \/>Eddy Verloes | Buiten Zinnen \/ Losing Our Minds<br \/>RPS Benelux Chapter 2021 Print Exhibition<br \/>WPC Team Belgium 2021<\/h4>\n<p><strong>Jeugdlaan 2, 3910 Pelt<br \/>GPS 51.211239\u00b0 NB 5.428118\u00b0 OL<\/strong><br \/>Tous les jours ouvrables 9.00 &#8211; 16.30 h et lors d&rsquo;activit\u00e9s au centre culturel<br \/>A partir du 4 juillet, chaque dimanche de 14h00 \u00e0 17h00.<\/p>\n<h4><strong><a href=\"https:\/\/fotofestivalpelt.be\/fr\/expositions-invitees-2021\/#\u00e9glise\">\u00c9glise Saint-Martin<\/a><\/strong><\/h4>\n<h4>Bert Daenen | derri\u00e8re le masque<\/h4>\n<p><strong>Kerkdijk 2-4, 3910 Pelt<br \/>GPS 51.211111\u00b0 NB 5.425730\u00b0 OL<\/strong><br \/>Tous les jours 10.00 &#8211; 17.00 h, sauf pendant les services religieux<\/p>\n<h4><a href=\"https:\/\/fotofestivalpelt.be\/fr\/expositions-invitees-2021\/#kerkdijk\"><strong>Kerkdijk<\/strong><\/a><\/h4>\n<h4><a href=\"https:\/\/fotofestivalpelt.be\/fr\/expositions-invitees-2021\/#pelterhoekje\">Laur\u00e9ats 2019<\/a><\/h4>\n<p><strong>Kerkdijk, \u00e0 c\u00f4t\u00e9 de l&rsquo;\u00e9glise Saint-Martin<br \/>GPS 51.211010 NB 5.426558 OL<br \/><\/strong>L&rsquo;exposition en plein air est accessible en permanence<\/p>\n<h4><strong><a href=\"https:\/\/fotofestivalpelt.be\/fr\/expositions-invitees-2021\/#paadje\">Chemin pi\u00e9tonnier<\/a> entre Rodenbachlaan et Bemvaartstraat<\/strong><\/h4>\n<p>Acc\u00e8s par la Rodenbachlaan maison n\u00b0 12<\/p>\n<h4>Membres du Jury 2021<\/h4>\n<p><strong>Rodenbachlaan\u00a0 \u00a0GPS 51.212879\u00b0 NB 5.425396\u00b0 OL<br \/>Bemvaartstraat\u00a0 \u00a0GPS 51.213406\u00b0 NB 5.424647\u00b0 OL<br \/><\/strong>L&rsquo;exposition en plein air est accessible en permanence<strong><br \/><\/strong><\/p>\n<h4><strong><a href=\"https:\/\/fotofestivalpelt.be\/fr\/expositions-invitees-2021\/#nieuwemarkt\">Nieuwe Markt \/ Nouveau March\u00e9<\/a><\/strong><\/h4>\n<h4>Ilan Wittenberg (NZL) | Faces of Cairo<\/h4>\n<p><strong>Nieuwe Markt<br \/>GPS 51.209786\u00b0 NB 5.423998\u00b0 OL<br \/><\/strong>L&rsquo;exposition en plein air est accessible en permanence<strong><br \/><\/strong><\/p>\n<h4><a href=\"https:\/\/fotofestivalpelt.be\/fr\/expositions-invitees-2021\/#pistefinlandaise\"><strong>Piste finlandaise<\/strong><\/a><\/h4>\n<p>Acc\u00e8s par le parking de la Vloeterstraat \u00e0 c\u00f4t\u00e9 de la chapelle du Sacr\u00e9 Coeur<\/p>\n<h4>Evi Polak | Real heroes never sleep<br \/>HelPhoto, Helsinki, Finlande | Nordic Village<br \/>Vizualizator, Belgrade, Serbie<\/h4>\n<p><strong>Vloeterstraat<br \/>GPS 51.209813\u00b0 NB 5.428673\u00b0 OL<br \/><\/strong>Les expositions en plein air sont accessibles en permanence<strong><br \/><\/strong><\/p>\n<p>&nbsp;<\/p>\n<p>&nbsp;<\/p>\n<p>[\/et_pb_text][\/et_pb_column][et_pb_column type=\u00a0\u00bb2_5&Prime; _builder_version=\u00a0\u00bb3.25&Prime; background_color=\u00a0\u00bb#000000&Prime; custom_padding=\u00a0\u00bb60px|80px|20px|100px\u00a0\u00bb custom_padding_tablet=\u00a0\u00bb\u00a0\u00bb custom_padding_phone=\u00a0\u00bb5px|10px|5px|10px|false|true\u00a0\u00bb custom_padding_last_edited=\u00a0\u00bbon|phone\u00a0\u00bb custom_padding__hover=\u00a0\u00bb|||\u00a0\u00bb][\/et_pb_column][\/et_pb_row][et_pb_row column_structure=\u00a0\u00bb3_5,2_5&Prime; use_custom_gutter=\u00a0\u00bbon\u00a0\u00bb gutter_width=\u00a0\u00bb1&Prime; make_equal=\u00a0\u00bbon\u00a0\u00bb padding_left_right_link_1=\u00a0\u00bbfalse\u00a0\u00bb padding_left_right_link_2=\u00a0\u00bbtrue\u00a0\u00bb admin_label=\u00a0\u00bbCC Palethe\u00a0\u00bb module_id=\u00a0\u00bbpalethe\u00a0\u00bb module_class=\u00a0\u00bb et_pb_row_fullwidth\u00a0\u00bb _builder_version=\u00a0\u00bb4.9.3&Prime; width=\u00a0\u00bb100%\u00a0\u00bb width_tablet=\u00a0\u00bb100%\u00a0\u00bb width_phone=\u00a0\u00bb\u00a0\u00bb width_last_edited=\u00a0\u00bbon|desktop\u00a0\u00bb max_width=\u00a0\u00bb100%\u00a0\u00bb max_width_tablet=\u00a0\u00bb100%\u00a0\u00bb max_width_phone=\u00a0\u00bb\u00a0\u00bb max_width_last_edited=\u00a0\u00bbon|desktop\u00a0\u00bb custom_padding=\u00a0\u00bb0px||0px|\u00a0\u00bb make_fullwidth=\u00a0\u00bbon\u00a0\u00bb][et_pb_column type=\u00a0\u00bb3_5&Prime; _builder_version=\u00a0\u00bb3.25&Prime; background_color=\u00a0\u00bb#000000&Prime; custom_padding=\u00a0\u00bb60px|80px|20px|100px\u00a0\u00bb custom_padding_tablet=\u00a0\u00bb\u00a0\u00bb custom_padding_phone=\u00a0\u00bb5px|10px|5px|10px|false|true\u00a0\u00bb custom_padding_last_edited=\u00a0\u00bbon|phone\u00a0\u00bb custom_padding__hover=\u00a0\u00bb|||\u00a0\u00bb][et_pb_text admin_label=\u00a0\u00bbBarbara\u00a0\u00bb _builder_version=\u00a0\u00bb4.9.3&Prime; text_font=\u00a0\u00bbMontserrat||||||||\u00a0\u00bb text_text_color=\u00a0\u00bb#ffffff\u00a0\u00bb text_font_size=\u00a0\u00bb16px\u00a0\u00bb link_font=\u00a0\u00bb||||||||\u00a0\u00bb link_text_color=\u00a0\u00bb#f19413&Prime; header_font=\u00a0\u00bb||||||||\u00a0\u00bb header_3_font=\u00a0\u00bb||||||||\u00a0\u00bb header_3_text_color=\u00a0\u00bb#f19413&Prime; header_4_font=\u00a0\u00bb||||||||\u00a0\u00bb header_4_text_color=\u00a0\u00bb#0098af\u00a0\u00bb background_color=\u00a0\u00bb#000000&Prime;]<\/p>\n<h3 class=\"font_7\"><strong>Centre Culturel Palethe<\/strong><\/h3>\n<p>Jeugdlaan 2<\/p>\n<h4 class=\"font_7\"><strong>Barbara Vandendriessche<\/strong><\/h4>\n<p><em>D\u00e9claration de mission.<\/em><\/p>\n<p><em>Avec mes projets de photographie artistique, je cherche la beaut\u00e9 dans le tragique, dans la douleur.<\/em><\/p>\n<p><em>J&rsquo;ai commenc\u00e9 par faire du th\u00e9\u00e2tre, mais j&rsquo;ai quitt\u00e9 le th\u00e9\u00e2tre pour me concentrer davantage sur la photographie artistique. Mais dans mes projets de photographie, je reste un conteur d&rsquo;histoires, je pense.<\/em><\/p>\n<p><em>Ma photographie est th\u00e9\u00e2trale. Mais la \u00ab\u00a0th\u00e9\u00e2tralit\u00e9\u00a0\u00bb est un concept extensible qui a aussi des connotations n\u00e9gatives : grandiloquent, exag\u00e9r\u00e9, faux ou artificiel. Je dirais que ces concepts sont \u00e0 l&rsquo;oppos\u00e9 de ce que j&rsquo;essaie de faire. Voici comment je la d\u00e9finis : la th\u00e9\u00e2tralit\u00e9 est l&rsquo;abstraction de la r\u00e9alit\u00e9 afin de susciter l&rsquo;\u00e9motion chez le spectateur, non pas par la raison, mais en faisant directement appel \u00e0 une tangibilit\u00e9 qui peut \u00eatre ramen\u00e9e \u00e0 nos instincts rituels. La th\u00e9\u00e2tralit\u00e9 comme instinct pr\u00e9-esth\u00e9tique.<\/em><\/p>\n<p><em>Comment puis-je repr\u00e9senter tragiquement le corps \u00e9motionnel ? Comment cr\u00e9er une image tragique qui exprime l&rsquo;\u00e9motion et suscite l&rsquo;\u00e9motion ? En cherchant des images avec une intensit\u00e9, pas des images avec des intentions. Des images que vous regardez parce qu&rsquo;elles vous disent quelque chose, m\u00eame si vous ne savez pas imm\u00e9diatement quoi. Des images qui \u00e9voquent une histoire, sans \u00eatre narratives en elles-m\u00eames. Souvent avec le corps f\u00e9minin comme expression de la beaut\u00e9.<\/em><\/p>\n<p><a href=\"http:\/\/www.barbaravdd.be\" target=\"_blank\" rel=\"noopener\">www.barbaravdd.be<\/a> (photographie et sculpture)<br \/><a href=\"http:\/\/www.barbaravandendriessche.org\" target=\"_blank\" rel=\"noopener\">www.barbaravandendriessche.org<\/a> (th\u00e9\u00e2tre et sc\u00e9nographie)<\/p>\n<p>&nbsp;<\/p>\n<p>[\/et_pb_text][et_pb_text admin_label=\u00a0\u00bbEddy Verloes\u00a0\u00bb _builder_version=\u00a0\u00bb4.9.4&Prime; text_font=\u00a0\u00bbMontserrat||||||||\u00a0\u00bb text_text_color=\u00a0\u00bb#ffffff\u00a0\u00bb text_font_size=\u00a0\u00bb16px\u00a0\u00bb link_font=\u00a0\u00bb||||||||\u00a0\u00bb link_text_color=\u00a0\u00bb#f19413&Prime; header_font=\u00a0\u00bb||||||||\u00a0\u00bb header_3_font=\u00a0\u00bb||||||||\u00a0\u00bb header_3_text_color=\u00a0\u00bb#f19413&Prime; header_4_font=\u00a0\u00bb||||||||\u00a0\u00bb header_4_text_color=\u00a0\u00bb#0098af\u00a0\u00bb background_color=\u00a0\u00bb#000000&Prime;]<\/p>\n<h4 class=\"font_7\"><strong>Eddy Verloes<\/strong><\/h4>\n<p>\u00c0 Pelt, Eddy Verloes expose des photos de son livre de photos et de po\u00e9sie &lsquo;Buiten Zinnen \/ Losing Our Minds&rsquo;.<\/p>\n<p><strong>Le projet \u201cBuiten zinnen\/ Losing Our Minds\u201d<\/strong><\/p>\n<p>\u00c0 la fin de l&rsquo;hiver 2020, par temps de temp\u00eate sur une plage belge, le photographe Eddy Verloes tombe sur un groupe de juifs hassidiques exub\u00e9rants.<br \/>Leurs mouvements ressemblent \u00e0 un jeu d&rsquo;ombres. Il en a pris des photographies qui ont fait le tour du monde et l&rsquo;ont rendu c\u00e9l\u00e8bre. La s\u00e9rie de photos, qui a depuis \u00e9t\u00e9 baptis\u00e9e \u00ab\u00a0Buiten Zinnen \/ Losing Our Minds\u00a0\u00bb, a re\u00e7u plus de 30 prix dans le monde entier en l&rsquo;espace d&rsquo;un an.<br \/>Eddy Verloes a \u00e9t\u00e9 mis en contact avec Benno Barnard, le c\u00e9l\u00e8bre po\u00e8te et \u00e9crivain n\u00e9erlandais, amateur de culture juive. Impressionn\u00e9 par cette s\u00e9rie de photos, Barnard a \u00e9crit dix po\u00e8mes pour l&rsquo;accompagner.<br \/>Inspir\u00e9s par les photos et les po\u00e8mes, Bart Bekker et Jan Vanwinckel, du projet musicale \u00ab\u00a0The river curls around the town\u00a0\u00bb, rel\u00e8vent \u00e0 leur tour le d\u00e9fi de mettre les textes en musique. Le r\u00e9sultat de leur collaboration est tout \u00e0 fait unique.<br \/>Les photos, les po\u00e8mes et la musique seront regroup\u00e9s dans le livre et le cd \u00ab\u00a0Buiten zinnen\/Losing Our Minds\u00a0\u00bb, publi\u00e9 en mai 2021 par Po\u00ebziecentrum asbl.<br \/><a href=\"https:\/\/www.poeziecentrum.be\/\" target=\"_blank\" rel=\"noopener\">po\u00ebziecentrum.be<\/a><\/p>\n<p><strong>Eddy Verloes<\/strong><\/p>\n<p>a publi\u00e9 trois livres de photographies et de po\u00e8mes, <em>No time to verloes<\/em> (2015), <a href=\"https:\/\/nl.blurb.com\/b\/7133490-cuba-libre\" target=\"_blank\" rel=\"noopener\"><em>Cuba libre<\/em><\/a> (2016) et <a href=\"http:\/\/www.uitgeverijp.be\/product\/zeezuchten\/\" target=\"_blank\" rel=\"noopener\"><em>Zeezuchten<\/em><\/a> (2020), avec pour fil conducteur la qu\u00eate \u00e9ternelle de l&rsquo;homme pour lui-m\u00eame. En tant que photographe, il souhaite raconter une histoire en pr\u00eatant attention aux d\u00e9tails. De son \u00e2me, pas de la cam\u00e9ra. Une certaine forme d&rsquo;humour et des paysages brumeux ne sont jamais tr\u00e8s loin dans son travail. Le c\u00e9l\u00e8bre site web am\u00e9ricain <a href=\"https:\/\/www.all-about-photo.com\/online-gallery\/solo-exhibition\/26\/losing-our-minds-by-eddy-verloes\" target=\"_blank\" rel=\"noopener\">All-About_Photo<\/a> le compte parmi les meilleurs photographes contemporains du monde. Il a aussi gagn\u00e9 le prestigieux \u00ab\u00a0<a href=\"https:\/\/www.robtv.be\/nieuws\/fotograaf-uit-boutersem-bekroond-tot-travel-photographer-of-the-year-pure-waanzin-112680\" target=\"_blank\" rel=\"noopener\">Travel Photographer of the Year 2020<\/a>\u00a0\u00bb (People of the World).<\/p>\n<p><strong>Benno Barnard<\/strong><\/p>\n<p>vit dans la campagne anglaise apr\u00e8s avoir pass\u00e9 plus de trente ans dans les Flandres. La cinq temps r\u00e9\u00e9dit\u00e9e <a href=\"https:\/\/www.atlascontact.nl\/boek\/het-trouwservies\/\" target=\"_blank\" rel=\"noopener\"><em>Het trouwservies<\/em><\/a> (2017) est sa plus r\u00e9cente collection de po\u00e8mes. <em>Dagboek van een<\/em><br \/><em>landjonker<\/em> (2013) et <a href=\"https:\/\/www.atlascontact.nl\/boek\/zingen-en-creperen\/#:~:text=Dagboek%202014%2D2017,uiteenlopende%20citaten%20uit%20de%20po%C3%ABziegeschiedenis\" target=\"_blank\" rel=\"noopener\"><em>Zingen en creperen<\/em><\/a> (Chanter et mourir) (2019) sont les premi\u00e8res parties d&rsquo;un grand projet de journal intime, <em>Groetjes uit het avondland<\/em>.<\/p>\n<p><strong>The river curls around the town<\/strong><\/p>\n<p>est le projet musical de Bart Bekker et Jan Vanwinckel. Ils apportent un m\u00e9lange \u00e9l\u00e9gant et myst\u00e9rieux d&rsquo;\u00e9lectronique et de pop d&rsquo;\u00e9coute, \u00e0 la fois discret et groovy. Ils ont sorti l&rsquo;album <a href=\"https:\/\/therivercurlsaroundthetown.bandcamp.com\/album\/more-than-a-break-2\"><em>More than a break<\/em><\/a> en 2008 et l&rsquo;album <a href=\"https:\/\/therivercurlsaroundthetown.bandcamp.com\/album\/nightshadows\" target=\"_blank\" rel=\"noopener\"><em>Nightshadows<\/em><\/a> en 2020. Les deux albums ont re\u00e7u des critiques \u00e9logieuses.<\/p>\n<p>Vous pouvez \u00e9couter la musique accompagnant les po\u00e8mes via les codes QR.<\/p>\n<p><a href=\"http:\/\/www.eddyverloes.be\/\" target=\"_blank\" rel=\"noopener\">www.eddyverloes.be<\/a><br \/><a href=\"https:\/\/nl.wikipedia.org\/wiki\/Benno_Barnard\" target=\"_blank\" rel=\"noopener\">nl.wikipedia.org\/wiki\/Benno_Barnard<\/a><br \/><a href=\"http:\/\/www.therivercurlsaroundthetown.com\/\" target=\"_blank\" rel=\"noopener\">www.therivercurlsaroundthetown.com<\/a><\/p>\n<p>&nbsp;<\/p>\n<p>[\/et_pb_text][et_pb_text admin_label=\u00a0\u00bbRPS\u00a0\u00bb _builder_version=\u00a0\u00bb4.9.3&Prime; text_font=\u00a0\u00bbMontserrat||||||||\u00a0\u00bb text_text_color=\u00a0\u00bb#ffffff\u00a0\u00bb text_font_size=\u00a0\u00bb16px\u00a0\u00bb link_font=\u00a0\u00bb||||||||\u00a0\u00bb link_text_color=\u00a0\u00bb#f19413&Prime; header_font=\u00a0\u00bb||||||||\u00a0\u00bb header_3_font=\u00a0\u00bb||||||||\u00a0\u00bb header_3_text_color=\u00a0\u00bb#f19413&Prime; header_4_font=\u00a0\u00bb||||||||\u00a0\u00bb header_4_text_color=\u00a0\u00bb#0098af\u00a0\u00bb header_5_font=\u00a0\u00bb||||||||\u00a0\u00bb link_option_url_new_window=\u00a0\u00bbon\u00a0\u00bb border_width_all=\u00a0\u00bb0.5px\u00a0\u00bb border_color_all=\u00a0\u00bbrgba(0,0,0,0.46)\u00a0\u00bb]<\/p>\n<h4>RPS Benelux Chapter 2021 Print Exhibition<\/h4>\n<p>&nbsp;<\/p>\n<p><a href=\"https:\/\/rps.org\/chapters\/benelux\/about\/\" target=\"_blank\" rel=\"noopener noreferrer\"><img loading=\"lazy\" decoding=\"async\" class=\"alignleft wp-image-7182\" src=\"https:\/\/fotofestivalpelt.be\/wp-content\/uploads\/2020\/07\/RPS_logo_200px_Supported-by-1.png\" alt=\"RPS logo\" width=\"150\" height=\"142\" \/><\/a><\/p>\n<p>Une trentaine d&rsquo;\u0153uvres de membres de la section Benelux de la Royal Photographic Society seront expos\u00e9es dans le cadre d&rsquo;une collaboration entre LodM et RPS.<\/p>\n<p><a href=\"https:\/\/rps.org\/chapters\/benelux\/about\/\" target=\"_blank\" rel=\"noopener noreferrer\">https:\/\/rps.org\/chapters\/benelux\/about\/<\/a><\/p>\n<p>&nbsp;<\/p>\n<p>&nbsp;<\/p>\n<p>[\/et_pb_text][et_pb_text admin_label=\u00a0\u00bbWPC 2021&Prime; _builder_version=\u00a0\u00bb4.9.3&Prime; text_font=\u00a0\u00bbMontserrat||||||||\u00a0\u00bb text_text_color=\u00a0\u00bb#ffffff\u00a0\u00bb text_font_size=\u00a0\u00bb16px\u00a0\u00bb link_font=\u00a0\u00bb||||||||\u00a0\u00bb link_text_color=\u00a0\u00bb#f19413&Prime; header_font=\u00a0\u00bb||||||||\u00a0\u00bb header_3_font=\u00a0\u00bb||||||||\u00a0\u00bb header_3_text_color=\u00a0\u00bb#f19413&Prime; header_4_font=\u00a0\u00bb||||||||\u00a0\u00bb header_4_text_color=\u00a0\u00bb#0098af\u00a0\u00bb header_5_font=\u00a0\u00bb||||||||\u00a0\u00bb link_option_url_new_window=\u00a0\u00bbon\u00a0\u00bb border_width_all=\u00a0\u00bb0.5px\u00a0\u00bb border_color_all=\u00a0\u00bbrgba(0,0,0,0.46)\u00a0\u00bb]<\/p>\n<h4><strong>WPC &#8211; s\u00e9lection Belge pour le World Photographic Cup 2021<\/strong><\/h4>\n<p>&nbsp;<\/p>\n<p><img loading=\"lazy\" decoding=\"async\" class=\"alignleft wp-image-1101 size-medium\" src=\"https:\/\/fotofestivalpelt.be\/wp-content\/uploads\/2019\/03\/WPC_logo_300px-300x84.jpg\" alt=\"Logo WPC\" width=\"300\" height=\"84\" srcset=\"https:\/\/fotofestivalpelt.be\/wp-content\/uploads\/2019\/03\/WPC_logo_300px-300x84.jpg 300w, https:\/\/fotofestivalpelt.be\/wp-content\/uploads\/2019\/03\/WPC_logo_300px.jpg 305w\" sizes=\"(max-width: 300px) 100vw, 300px\" \/><\/p>\n<p>\u00c0 la caf\u00e9t\u00e9ria du CC Palethe, nous vous pr\u00e9sentons la s\u00e9lection belge pour la World Photographic Cup 2021. Cette comp\u00e9tition internationale est aussi appel\u00e9e les Jeux olympiques de la photographie. Pour l&rsquo;\u00e9dition 2021, 38 \u00e9quipes nationales de 5 continents se sont inscrites.<\/p>\n<p>La WPC est maintenant en phase de jugement. Revenez pour la liste des photographes belges s\u00e9lectionn\u00e9s.<\/p>\n<p>Categorie Commercial: Piroska Mihalka, Sven Van Roy, Marc Wallican<br \/>Categorie Illustration\/Digital Art: Katti Borr\u00e9, Carine Van Gerven, Sven Van Roy<br \/>Categorie Nature (Landscape\/Wildlife): Ann Coppens, Robert Smits, Kurt Vandeweerdt<br \/>Categorie Portrait: Filip Naudts, 2Photographers (Paul Gheyle &amp; J\u00fcrgen de Witte), Robert Biesemans<br \/>Categorie Reportage\/Photojournalism: Filip Claus, Evi Polak, Filip Santens<br \/>Categorie Wedding: Robert Biesemans, Ra\u00efs De Weirdt, Evi Polak<\/p>\n<p>Nous sommes tr\u00e8s heureux de vous annoncer que notre pr\u00e9sidente de festival Carine Van Gerven a \u00e9t\u00e9 s\u00e9lectionn\u00e9e pour Team Belgium avec une photo dans la cat\u00e9gorie Illustration \/ Art Num\u00e9rique.<\/p>\n<p><a href=\"http:\/\/www.worldphotographiccup.org\/\" target=\"_blank\" rel=\"noopener noreferrer\">www.worldphotographiccup.org<\/a><\/p>\n<h4>\u00a0<\/h4>\n<p>&nbsp;<\/p>\n<p>[\/et_pb_text][\/et_pb_column][et_pb_column type=\u00a0\u00bb2_5&Prime; _builder_version=\u00a0\u00bb3.25&Prime; background_color=\u00a0\u00bb#000000&Prime; use_background_color_gradient=\u00a0\u00bbon\u00a0\u00bb background_color_gradient_start=\u00a0\u00bbrgba(0,0,0,0)\u00a0\u00bb background_color_gradient_end=\u00a0\u00bbrgba(0,0,0,0.9)\u00a0\u00bb background_color_gradient_start_position=\u00a0\u00bb83%\u00a0\u00bb background_color_gradient_overlays_image=\u00a0\u00bbon\u00a0\u00bb background_position=\u00a0\u00bbtop_center\u00a0\u00bb custom_padding=\u00a0\u00bb20px|20px|0px|20px\u00a0\u00bb custom_padding_tablet=\u00a0\u00bb\u00a0\u00bb custom_padding_phone=\u00a0\u00bb5px|5px|5px|5px|true|true\u00a0\u00bb custom_padding_last_edited=\u00a0\u00bbon|phone\u00a0\u00bb custom_padding__hover=\u00a0\u00bb|||\u00a0\u00bb][\/et_pb_column][\/et_pb_row][et_pb_row column_structure=\u00a0\u00bb3_5,2_5&Prime; use_custom_gutter=\u00a0\u00bbon\u00a0\u00bb gutter_width=\u00a0\u00bb1&Prime; make_equal=\u00a0\u00bbon\u00a0\u00bb padding_left_right_link_1=\u00a0\u00bbfalse\u00a0\u00bb padding_left_right_link_2=\u00a0\u00bbtrue\u00a0\u00bb admin_label=\u00a0\u00bbPelterhoekje\u00a0\u00bb module_id=\u00a0\u00bbkerkdijk\u00a0\u00bb module_class=\u00a0\u00bb et_pb_row_fullwidth\u00a0\u00bb _builder_version=\u00a0\u00bb4.9.4&Prime; width=\u00a0\u00bb100%\u00a0\u00bb width_tablet=\u00a0\u00bb100%\u00a0\u00bb width_phone=\u00a0\u00bb\u00a0\u00bb width_last_edited=\u00a0\u00bbon|desktop\u00a0\u00bb max_width=\u00a0\u00bb100%\u00a0\u00bb max_width_tablet=\u00a0\u00bb100%\u00a0\u00bb max_width_phone=\u00a0\u00bb\u00a0\u00bb max_width_last_edited=\u00a0\u00bbon|desktop\u00a0\u00bb custom_padding=\u00a0\u00bb0px||0px|\u00a0\u00bb make_fullwidth=\u00a0\u00bbon\u00a0\u00bb][et_pb_column type=\u00a0\u00bb3_5&Prime; _builder_version=\u00a0\u00bb3.25&Prime; background_color=\u00a0\u00bb#000000&Prime; custom_padding=\u00a0\u00bb60px|80px|20px|100px\u00a0\u00bb custom_padding_tablet=\u00a0\u00bb\u00a0\u00bb custom_padding_phone=\u00a0\u00bb5px|10px|5px|10px|false|true\u00a0\u00bb custom_padding_last_edited=\u00a0\u00bbon|phone\u00a0\u00bb custom_padding__hover=\u00a0\u00bb|||\u00a0\u00bb][et_pb_text admin_label=\u00a0\u00bbLaureats 2019 &#8211; Martin Kryst\u00fdnek\u00a0\u00bb _builder_version=\u00a0\u00bb4.9.4&Prime; text_font=\u00a0\u00bbMontserrat||||||||\u00a0\u00bb text_text_color=\u00a0\u00bb#ffffff\u00a0\u00bb text_font_size=\u00a0\u00bb16px\u00a0\u00bb link_font=\u00a0\u00bb||||||||\u00a0\u00bb link_text_color=\u00a0\u00bb#f19413&Prime; header_font=\u00a0\u00bb||||||||\u00a0\u00bb header_3_font=\u00a0\u00bb||||||||\u00a0\u00bb header_3_text_color=\u00a0\u00bb#f19413&Prime; header_4_font=\u00a0\u00bb||||||||\u00a0\u00bb header_4_text_color=\u00a0\u00bb#0098af\u00a0\u00bb header_5_font=\u00a0\u00bb||||||||\u00a0\u00bb link_option_url_new_window=\u00a0\u00bbon\u00a0\u00bb border_width_all=\u00a0\u00bb0.5px\u00a0\u00bb border_color_all=\u00a0\u00bbrgba(0,0,0,0.46)\u00a0\u00bb]<\/p>\n<h3><strong>Kerkdijk<\/strong><\/h3>\n<h3>Laur\u00e9ats 2019 Lens op de Mens<\/h3>\n<h4>\u00a0<\/h4>\n<h4><strong>Martin Kryst\u00fdnek | M\u00e9daille d&rsquo;Or photographes professionels<\/strong><\/h4>\n<p>&nbsp;<\/p>\n<p><img loading=\"lazy\" decoding=\"async\" class=\"alignleft wp-image-6585 size-thumbnail\" src=\"https:\/\/fotofestivalpelt.be\/wp-content\/uploads\/2020\/04\/Martin-Kryst\u00fdnek_300x300-150x150.jpg\" alt=\"Martin Kryst\u00fdnek\" width=\"150\" height=\"150\" srcset=\"https:\/\/fotofestivalpelt.be\/wp-content\/uploads\/2020\/04\/Martin-Kryst\u00fdnek_300x300-150x150.jpg 150w, https:\/\/fotofestivalpelt.be\/wp-content\/uploads\/2020\/04\/Martin-Kryst\u00fdnek_300x300.jpg 300w, https:\/\/fotofestivalpelt.be\/wp-content\/uploads\/2020\/04\/Martin-Kryst\u00fdnek_300x300-51x51.jpg 51w\" sizes=\"(max-width: 150px) 100vw, 150px\" \/><\/p>\n<p>Photographe prim\u00e9 n\u00e9 \u00e0 Poprad, en Slovaquie. Martin Krystynek a obtenu le titre de Master Qualified European Photographer (MQEP) en 2019. Il est pr\u00e9sident de l&rsquo;Association des Photographes Professionnels de la R\u00e9publique Slovaque APFSR.<\/p>\n<p>Il a commenc\u00e9 \u00e0 travailler comme professionnel en 2010. Cette ann\u00e9e-l\u00e0, il a travaill\u00e9 en Am\u00e9rique du Sud, en particulier au Paraguay, o\u00f9 il a acquis l&rsquo;exp\u00e9rience n\u00e9cessaire. Il a travaill\u00e9 pour de nombreuses personnes importantes dans le domaine de la politique, du mannequinat ou du show-business.<\/p>\n<p>Apr\u00e8s des ann\u00e9es de travail dans la photographie, son nom est devenu sa marque et il a acquis un succ\u00e8s et une exp\u00e9rience professionnels. Au cours des 4 derni\u00e8res ann\u00e9es, il a remport\u00e9 plus de 300 prix internationaux, m\u00e9dailles d&rsquo;or, d&rsquo;argent et de bronze et de nombreuses mentions honorables.<\/p>\n<p>Ses photos ont \u00e9t\u00e9 publi\u00e9es dans de nombreux livres photo internationaux \u00e0 travers le monde.<\/p>\n<p>Aujourd&rsquo;hui, il travaille \u00e9galement comme conservateur sur le site photo <a href=\"https:\/\/1x.com\" target=\"_blank\" rel=\"noopener noreferrer\">1x.com<\/a> le plus prestigieux et organis\u00e9 au niveau international.<\/p>\n<p>Martin travaille \u00e9galement en tant que membre du jury lors de concours photo internationaux. Il est membre du jury des qualifications QEP et MQEP de la FEP, la F\u00e9d\u00e9ration des Photographes Professionnels Europ\u00e9ens, o\u00f9 il a \u00e9galement \u00e9t\u00e9 juge au Prix FEP Photographe de l&rsquo;Ann\u00e9e.<\/p>\n<p><a href=\"https:\/\/www.martinkrystynek.com\" target=\"_blank\" rel=\"noopener noreferrer\">www.martinkrystynek.com<\/a><\/p>\n<p>&nbsp;<\/p>\n<p>[\/et_pb_text][et_pb_text admin_label=\u00a0\u00bbLaureats 2019 &#8211; Tijs Posen\u00a0\u00bb _builder_version=\u00a0\u00bb4.9.3&Prime; text_font=\u00a0\u00bbMontserrat||||||||\u00a0\u00bb text_text_color=\u00a0\u00bb#ffffff\u00a0\u00bb text_font_size=\u00a0\u00bb16px\u00a0\u00bb link_font=\u00a0\u00bb||||||||\u00a0\u00bb link_text_color=\u00a0\u00bb#f19413&Prime; header_font=\u00a0\u00bb||||||||\u00a0\u00bb header_3_font=\u00a0\u00bb||||||||\u00a0\u00bb header_3_text_color=\u00a0\u00bb#f19413&Prime; header_4_font=\u00a0\u00bb||||||||\u00a0\u00bb header_4_text_color=\u00a0\u00bb#0098af\u00a0\u00bb header_5_font=\u00a0\u00bb||||||||\u00a0\u00bb link_option_url_new_window=\u00a0\u00bbon\u00a0\u00bb border_width_all=\u00a0\u00bb0.5px\u00a0\u00bb border_color_all=\u00a0\u00bbrgba(0,0,0,0.46)\u00a0\u00bb]<\/p>\n<h4><strong>Tijs Posen | M\u00e9daille d&rsquo;Argent photographes professionels<\/strong><\/h4>\n<p>&nbsp;<\/p>\n<p class=\"font_8\"><img loading=\"lazy\" decoding=\"async\" class=\"alignleft wp-image-6873 size-full\" src=\"https:\/\/fotofestivalpelt.be\/wp-content\/uploads\/2020\/07\/Tijs-Posen-e1594064844783.jpg\" alt=\"Lens op de Mens 2019 | Silver Professionals \u00a9 Tijs Posen\" width=\"225\" height=\"150\" \/><\/p>\n<p>Dans ma profession principale, je suis directeur d&rsquo;une entreprise audiovisuelle qui produit des reportages et des documentaires pour un groupe tr\u00e8s diversifi\u00e9 de clients. Les cha\u00eenes telles que VRT, VTM, Kanaal 2, VITAYA, Vier et TVL en tant que maisons de production les plus c\u00e9l\u00e8bres font appel \u00e0 mes services en tant que r\u00e9alisateur, reporter et cam\u00e9raman.<\/p>\n<p>Plusieurs productions peuvent \u00eatre consult\u00e9es sur le site <a href=\"http:\/\/www.pry.be\/\" target=\"_blank\" rel=\"noopener noreferrer\">www.pry.be<\/a>.<\/p>\n<p>Amateur de belles images, je photographie tous les jours depuis plus de 25 ans. Je travaille comme photographe professionnel depuis 5 ans.<\/p>\n<p>Qui suis je<\/p>\n<p>Je purifie mon travail. Je veux capturer l&rsquo;histoire qu&rsquo;une image doit raconter aussi pr\u00e9cis\u00e9ment que possible dans les meilleures conditions. Lumi\u00e8re, couleur, d\u00e9cor, ambiance\u2026 tout devrait \u00eatre parfait.<br \/>Je comprends mon sujet et capte intensivement une atmosph\u00e8re qui appartient au sujet.<\/p>\n<p>processus de travail<\/p>\n<p>Je suis convaincu que les meilleures images sont les plus spontan\u00e9es. Ceux qui ne sont pas forc\u00e9s. C&rsquo;est pourquoi je travaille de mani\u00e8re douce. J&rsquo;aborde mon sujet sans \u00eatre arrogant et le laisse conserver son individualit\u00e9.<\/p>\n<p>vision<\/p>\n<p>Une image doit appara\u00eetre aussi spontan\u00e9e que possible et doit \u00eatre cr\u00e9dible. Cela est possible lorsque la lumi\u00e8re, le d\u00e9cor et l&rsquo;atmosph\u00e8re se marient parfaitement et permettent au sujet de prendre tout son sens.<\/p>\n<p>la passion<\/p>\n<p>Ma passion est de p\u00e9trir une image jusqu&rsquo;\u00e0 ce qu&rsquo;elle ait sa forme que je sais \u00eatre parfaite.<\/p>\n<p>des id\u00e9es<\/p>\n<p>En photographie au fil des si\u00e8cles, chaque p\u00e9riode a son propre caract\u00e8re, son propre style. Bien qu&rsquo;il soit difficile d&rsquo;y \u00e9chapper, j&rsquo;essaie de ne pas \u00eatre influenc\u00e9 par les styles contemporains, les modes, mais de conserver un style coh\u00e9rent qui lui est propre. Un style qui est juste l\u00e0 quand je prends ma photo.<\/p>\n<p><a href=\"https:\/\/www.tijsposen.be\" target=\"_blank\" rel=\"noopener noreferrer\">www.tijsposen.be<\/a><\/p>\n<p>&nbsp;<\/p>\n<p>[\/et_pb_text][et_pb_text admin_label=\u00a0\u00bbLaureats 2019 &#8211; Filip Santens\u00a0\u00bb _builder_version=\u00a0\u00bb4.9.3&Prime; text_font=\u00a0\u00bbMontserrat||||||||\u00a0\u00bb text_text_color=\u00a0\u00bb#ffffff\u00a0\u00bb text_font_size=\u00a0\u00bb16px\u00a0\u00bb link_font=\u00a0\u00bb||||||||\u00a0\u00bb link_text_color=\u00a0\u00bb#f19413&Prime; header_font=\u00a0\u00bb||||||||\u00a0\u00bb header_3_font=\u00a0\u00bb||||||||\u00a0\u00bb header_3_text_color=\u00a0\u00bb#f19413&Prime; header_4_font=\u00a0\u00bb||||||||\u00a0\u00bb header_4_text_color=\u00a0\u00bb#0098af\u00a0\u00bb header_5_font=\u00a0\u00bb||||||||\u00a0\u00bb link_option_url_new_window=\u00a0\u00bbon\u00a0\u00bb border_width_all=\u00a0\u00bb0.5px\u00a0\u00bb border_color_all=\u00a0\u00bbrgba(0,0,0,0.46)\u00a0\u00bb]<\/p>\n<h4><strong>Filip Santens | M\u00e9daille de Bronze photographes professionels<\/strong><\/h4>\n<p>&nbsp;<\/p>\n<p><img loading=\"lazy\" decoding=\"async\" class=\"alignleft wp-image-6855 size-thumbnail\" src=\"https:\/\/fotofestivalpelt.be\/wp-content\/uploads\/2020\/07\/Filip-Santens-150x150.jpg\" alt=\"Lens op de Mens 2019 | Bronze Professionals \u00a9 Filip Santens\" width=\"150\" height=\"150\" srcset=\"https:\/\/fotofestivalpelt.be\/wp-content\/uploads\/2020\/07\/Filip-Santens-150x150.jpg 150w, https:\/\/fotofestivalpelt.be\/wp-content\/uploads\/2020\/07\/Filip-Santens-51x51.jpg 51w, https:\/\/fotofestivalpelt.be\/wp-content\/uploads\/2020\/07\/Filip-Santens.jpg 200w\" sizes=\"(max-width: 150px) 100vw, 150px\" \/><\/p>\n<p>Sp\u00e9cialis\u00e9 en photographie de portrait et de reportage.<br \/>Photographe passionn\u00e9 de paysages et de nature \u00e0 ses heures perdues.<br \/>R\u00e9compens\u00e9 plusieurs fois avec le titre de QEP et MQEP.<\/p>\n<p><a href=\"http:\/\/www.filipsantens.be\" target=\"_blank\" rel=\"noopener noreferrer\">www.filipsantens.be<\/a><\/p>\n<p>&nbsp;<\/p>\n<p>&nbsp;<\/p>\n<p>[\/et_pb_text][et_pb_text admin_label=\u00a0\u00bbLaureats 2019 &#8211; Livinus Bleyen\u00a0\u00bb _builder_version=\u00a0\u00bb4.9.3&Prime; text_font=\u00a0\u00bbMontserrat||||||||\u00a0\u00bb text_text_color=\u00a0\u00bb#ffffff\u00a0\u00bb text_font_size=\u00a0\u00bb16px\u00a0\u00bb link_font=\u00a0\u00bb||||||||\u00a0\u00bb link_text_color=\u00a0\u00bb#f19413&Prime; header_font=\u00a0\u00bb||||||||\u00a0\u00bb header_3_font=\u00a0\u00bb||||||||\u00a0\u00bb header_3_text_color=\u00a0\u00bb#f19413&Prime; header_4_font=\u00a0\u00bb||||||||\u00a0\u00bb header_4_text_color=\u00a0\u00bb#0098af\u00a0\u00bb header_5_font=\u00a0\u00bb||||||||\u00a0\u00bb link_option_url_new_window=\u00a0\u00bbon\u00a0\u00bb border_width_all=\u00a0\u00bb0.5px\u00a0\u00bb border_color_all=\u00a0\u00bbrgba(0,0,0,0.46)\u00a0\u00bb]<\/p>\n<h4><strong>Livinus Bleyen | M\u00e9daille d&rsquo;Or photographes amateurs<\/strong><\/h4>\n<p>&nbsp;<\/p>\n<p><img loading=\"lazy\" decoding=\"async\" class=\"alignleft wp-image-6865 size-thumbnail\" src=\"https:\/\/fotofestivalpelt.be\/wp-content\/uploads\/2020\/07\/Livinus-Bleyen-150x150.jpg\" alt=\"\u00a9 Livinus Bleyen\" width=\"150\" height=\"150\" srcset=\"https:\/\/fotofestivalpelt.be\/wp-content\/uploads\/2020\/07\/Livinus-Bleyen-150x150.jpg 150w, https:\/\/fotofestivalpelt.be\/wp-content\/uploads\/2020\/07\/Livinus-Bleyen-51x51.jpg 51w, https:\/\/fotofestivalpelt.be\/wp-content\/uploads\/2020\/07\/Livinus-Bleyen.jpg 200w\" sizes=\"(max-width: 150px) 100vw, 150px\" \/><\/p>\n<p>J&rsquo;habite en Flandre, dans le nord de la Belgique, o\u00f9 je suis photographe depuis au moins 35 ans.<br \/>Mes racines photographiques sont dans la chambre noire, mais de nos jours ma photographie est 100% num\u00e9rique.<\/p>\n<p>J&rsquo;aime photographier les sports et les mouvements, les animaux, les gens et les lieux, les paysages\u2026 essentiellement tout et n&rsquo;importe quoi devant mon appareil photo. J&rsquo;aime aussi cr\u00e9er des images modifi\u00e9es.<\/p>\n<p>Je participe r\u00e9guli\u00e8rement \u00e0 des concours et expositions de photos r\u00e9gionales, nationales et internationales. Mes photos ont \u00e9t\u00e9 montr\u00e9es dans plus de 50 pays sur 5 continents.<\/p>\n<p>En 2020, j&rsquo;ai re\u00e7u de la <strong>F\u00e9d\u00e9ration Internationale de l&rsquo;Art Photographique &#8211; FIAP<\/strong>, en tant que premier Belge \u00e0 ce jour, le 9e titre artistique : <strong>Excellence FIAP diamant 3 (EFIAP\/d3)<\/strong>.<\/p>\n<p><a href=\"http:\/\/livinusbleyen.com\/About.html\" target=\"_blank\" rel=\"noopener noreferrer\">livinusbleyen.com<\/a><\/p>\n<p>&nbsp;<\/p>\n<p>[\/et_pb_text][et_pb_text admin_label=\u00a0\u00bbLaureats 2019 &#8211; Patje Vandebroek\u00a0\u00bb _builder_version=\u00a0\u00bb4.9.3&Prime; text_font=\u00a0\u00bbMontserrat||||||||\u00a0\u00bb text_text_color=\u00a0\u00bb#ffffff\u00a0\u00bb text_font_size=\u00a0\u00bb16px\u00a0\u00bb link_font=\u00a0\u00bb||||||||\u00a0\u00bb link_text_color=\u00a0\u00bb#f19413&Prime; header_font=\u00a0\u00bb||||||||\u00a0\u00bb header_3_font=\u00a0\u00bb||||||||\u00a0\u00bb header_3_text_color=\u00a0\u00bb#f19413&Prime; header_4_font=\u00a0\u00bb||||||||\u00a0\u00bb header_4_text_color=\u00a0\u00bb#0098af\u00a0\u00bb header_5_font=\u00a0\u00bb||||||||\u00a0\u00bb link_option_url_new_window=\u00a0\u00bbon\u00a0\u00bb border_width_all=\u00a0\u00bb0.5px\u00a0\u00bb border_color_all=\u00a0\u00bbrgba(0,0,0,0.46)\u00a0\u00bb]<\/p>\n<h4><strong>Patje Vandebroek | M\u00e9daille d&rsquo;Argent photographes amateurs<\/strong><\/h4>\n<p>\u200b<\/p>\n<p><img loading=\"lazy\" decoding=\"async\" class=\"wp-image-8701 alignleft\" src=\"https:\/\/fotofestivalpelt.be\/wp-content\/uploads\/2020\/12\/Patje_VDBroek_300px.jpg\" alt=\"\u00a9 Patje Vandebroek\" width=\"225\" height=\"150\" \/><\/p>\n<p>Vandebroek Jacky, baptis\u00e9 Patrick, appel\u00e9 Patje et parfois Pietje.<br \/>N\u00e9 et \u00e9lev\u00e9 et vivant et travaillant toujours \u00e0 Neerpelt (B), maintenant Pelt.<\/p>\n<p>\u00c0 15-16 ans, j&rsquo;\u00e9tais d\u00e9j\u00e0 occup\u00e9 par la photographie. Mon premier appareil photo d\u00e9cent \u00e9tait un Chinon CM-4, d\u00e9j\u00e0 motoris\u00e9 et equip\u00e9 d&rsquo;un seul objectif, le 70-210 mm.<br \/>Apr\u00e8s s&rsquo;\u00eatre mari\u00e9 et \u00eatre devenu p\u00e8re de famille, la photographie est mise en veilleuse.<\/p>\n<p>Vers mon 40e anniversaire, j&rsquo;ai soudainement eu un appareil num\u00e9rique (Minolta) entre les mains d&rsquo;un ami qui s&rsquo;\u00e9tait achet\u00e9 un nouveau Canon, \u00e0 l&rsquo;insu de sa femme. Et le train \u00e9tait reparti.<\/p>\n<p>Je pense avoir une assez bonne compr\u00e9hension de la photographie et je n&rsquo;aime rien de mieux que de transmettre les connaissances que j&rsquo;ai aux autres, ce qui est tr\u00e8s satisfaisant. C&rsquo;est encore mieux quand on voit que ces gens le transmettent ensuite \u00e0 d&rsquo;autres, c&rsquo;est pour cela que nous le faisons tous.<\/p>\n<p>Tant que ma sant\u00e9 le permettra, je continuerai \u00e0 photographier, car cela reste un passe-temps fascinant, m\u00eame s&rsquo;ils disent que tout a d\u00e9j\u00e0 \u00e9t\u00e9 photographi\u00e9. Cela ne fait qu&rsquo;ajouter au d\u00e9fi.<\/p>\n<p><a href=\"https:\/\/www.flickr.com\/photos\/150930629@N08\/\" target=\"_blank\" rel=\"noopener noreferrer\">https:\/\/www.flickr.com\/photos\/150930629@N08\/<\/a><\/p>\n<p>&nbsp;<\/p>\n<p>[\/et_pb_text][et_pb_text admin_label=\u00a0\u00bbLaureats 2019 &#8211; Marc Apers\u00a0\u00bb _builder_version=\u00a0\u00bb4.9.3&Prime; text_font=\u00a0\u00bbMontserrat||||||||\u00a0\u00bb text_text_color=\u00a0\u00bb#ffffff\u00a0\u00bb text_font_size=\u00a0\u00bb16px\u00a0\u00bb link_font=\u00a0\u00bb||||||||\u00a0\u00bb link_text_color=\u00a0\u00bb#f19413&Prime; header_font=\u00a0\u00bb||||||||\u00a0\u00bb header_3_font=\u00a0\u00bb||||||||\u00a0\u00bb header_3_text_color=\u00a0\u00bb#f19413&Prime; header_4_font=\u00a0\u00bb||||||||\u00a0\u00bb header_4_text_color=\u00a0\u00bb#0098af\u00a0\u00bb header_5_font=\u00a0\u00bb||||||||\u00a0\u00bb link_option_url_new_window=\u00a0\u00bbon\u00a0\u00bb border_width_all=\u00a0\u00bb0.5px\u00a0\u00bb border_color_all=\u00a0\u00bbrgba(0,0,0,0.46)\u00a0\u00bb]<\/p>\n<h4><strong>Marc Apers | M\u00e9daille de Bronze photographes amateurs<\/strong><\/h4>\n<p>&nbsp;<\/p>\n<p><img loading=\"lazy\" decoding=\"async\" class=\"alignleft wp-image-5201 size-thumbnail\" src=\"https:\/\/fotofestivalpelt.be\/wp-content\/uploads\/2019\/05\/Marc-Apers_600px-150x150.jpg\" alt=\"\" width=\"150\" height=\"150\" srcset=\"https:\/\/fotofestivalpelt.be\/wp-content\/uploads\/2019\/05\/Marc-Apers_600px-150x150.jpg 150w, https:\/\/fotofestivalpelt.be\/wp-content\/uploads\/2019\/05\/Marc-Apers_600px-300x300.jpg 300w, https:\/\/fotofestivalpelt.be\/wp-content\/uploads\/2019\/05\/Marc-Apers_600px-350x350.jpg 350w, https:\/\/fotofestivalpelt.be\/wp-content\/uploads\/2019\/05\/Marc-Apers_600px-51x51.jpg 51w, https:\/\/fotofestivalpelt.be\/wp-content\/uploads\/2019\/05\/Marc-Apers_600px.jpg 602w\" sizes=\"(max-width: 150px) 100vw, 150px\" \/>Photographe ind\u00e9pendant, toujours \u00e0 la recherche de sujets typiques en noir et blanc mettant l&rsquo;accent sur les formes et les structures, la lumi\u00e8re et l&rsquo;obscurit\u00e9, le soleil et l&rsquo;ombre. Sujets pour lesquelles la couleur n&rsquo;est pas tr\u00e8s importante. Je trouve ces sujets dans le visage humain et plus particuli\u00e8rement dans les yeux, \u00ab\u00a0l&rsquo;\u00e2me\u00a0\u00bb de l&rsquo;homme.<\/p>\n<p>Mon portfolio est donc principalement constitu\u00e9 de portraits en noir et blanc. Faire des portraits de personnes dans leur environnement naturel est le sujet qui m&rsquo;int\u00e9resse le plus. Pour moi, les gens sont une source d\u2019inspiration in\u00e9puisable. Beaucoup disent que j\u2019ai la capacit\u00e9 naturelle d\u2019approcher les gens de mani\u00e8re appropri\u00e9e et donc de persuader les gens de poser devant mon objectif. Un jugement que je vous laisse, je sais qu\u2019il est extr\u00eamement important de toujours faire preuve de respect et d\u2019un int\u00e9r\u00eat sinc\u00e8re pour la personne portrait\u00e9. C&rsquo;est pourquoi je ne fais jamais de portrait sans d&rsquo;abord entamer une petite conversation avec les personnes que je rencontre. Je me pr\u00e9sente ouvertement et honn\u00eatement \u00e0 eux comme si j&rsquo;\u00e9tais l&rsquo;un d&rsquo;eux. Un clin d&rsquo;\u0153il, une br\u00e8ve conversation et un visage souriant les convaincront de poser pour moi. Le plus grand plaisir, cependant, est qu&rsquo;apr\u00e8s, ils me montrent parfois toute leur histoire. Combiner \u00e9motion et histoire en une seule image est mon objectif ultime.<\/p>\n<p>Un aper\u00e7u de mon oeuvre actuel peut \u00eatre admir\u00e9 sur le site photo 1x.com, pour lequel je joue \u00e9galement l&rsquo;un des mod\u00e9rateurs.<br \/><a href=\"http:\/\/www.marcapers.be\" target=\"_blank\" rel=\"noopener noreferrer\">www.marcapers.be<br \/><\/a><\/p>\n<p>&nbsp;<\/p>\n<p>[\/et_pb_text][et_pb_text admin_label=\u00a0\u00bbLaureats 2019 &#8211; Glenn Vanderbeke\u00a0\u00bb _builder_version=\u00a0\u00bb4.9.4&Prime; text_font=\u00a0\u00bbMontserrat||||||||\u00a0\u00bb text_text_color=\u00a0\u00bb#ffffff\u00a0\u00bb text_font_size=\u00a0\u00bb16px\u00a0\u00bb link_font=\u00a0\u00bb||||||||\u00a0\u00bb link_text_color=\u00a0\u00bb#f19413&Prime; header_font=\u00a0\u00bb||||||||\u00a0\u00bb header_3_font=\u00a0\u00bb||||||||\u00a0\u00bb header_3_text_color=\u00a0\u00bb#f19413&Prime; header_4_font=\u00a0\u00bb||||||||\u00a0\u00bb header_4_text_color=\u00a0\u00bb#0098af\u00a0\u00bb header_5_font=\u00a0\u00bb||||||||\u00a0\u00bb link_option_url_new_window=\u00a0\u00bbon\u00a0\u00bb border_width_all=\u00a0\u00bb0.5px\u00a0\u00bb border_color_all=\u00a0\u00bbrgba(0,0,0,0.46)\u00a0\u00bb]<\/p>\n<h4><strong>Glenn Vanderbeke | prix du jeune photographe le plus promettant de moins de 30 ans<\/strong><\/h4>\n<p>&nbsp;<\/p>\n<p><img loading=\"lazy\" decoding=\"async\" class=\"alignleft wp-image-15679 size-thumbnail\" src=\"https:\/\/fotofestivalpelt.be\/wp-content\/uploads\/2021\/04\/Glenn-Portret-\u00a9-Kjeld-Pickery_300px-150x150.jpg\" alt=\"Glenn Vanderbeke \u00a9 Kjeld Pickery\" width=\"150\" height=\"150\" srcset=\"https:\/\/fotofestivalpelt.be\/wp-content\/uploads\/2021\/04\/Glenn-Portret-\u00a9-Kjeld-Pickery_300px-150x150.jpg 150w, https:\/\/fotofestivalpelt.be\/wp-content\/uploads\/2021\/04\/Glenn-Portret-\u00a9-Kjeld-Pickery_300px.jpg 300w, https:\/\/fotofestivalpelt.be\/wp-content\/uploads\/2021\/04\/Glenn-Portret-\u00a9-Kjeld-Pickery_300px-51x51.jpg 51w\" sizes=\"(max-width: 150px) 100vw, 150px\" \/><\/p>\n<p>\u200bAvec Torhout comme base, Glenn Vanderbeke (\u00b01989) d\u00e9couvre la Belgique. \u00c0 l&rsquo;\u00e2ge de 20 ans, il a pris en main son premier appareil photo reflex. Peu de temps apr\u00e8s, la photographie est devenue une obsession. Passionn\u00e9 de nature et de \u00ab\u00a0plein air\u00a0\u00bb, il se concentre principalement sur le paysage belge.<\/p>\n<p>En 2016, il a lanc\u00e9 sa s\u00e9rie #yesthisisalsobelgium sur Instagram avec laquelle il partage la beaut\u00e9 et la diversit\u00e9 de la Belgique avec ses spectateurs. La solitude ou simplement l&rsquo;agitation caract\u00e9risent ses images, tout comme les nombreux arbres qui forment une ligne rouge dans son portfolio.<\/p>\n<p>Au fil des ans, son point de vue sur la photographie de paysages a chang\u00e9. Ce qui, au d\u00e9but, a \u00e9t\u00e9 v\u00e9cu comme un \u00e9l\u00e9ment perturbateur, est maintenant une valeur ajout\u00e9e. Les paysages vides sont intemporels et beaux \u00e0 regarder, mais la pr\u00e9sence fortuite d&rsquo;une personne au bon endroit donne \u00e0 la photo cette petite touche d&rsquo;atmosph\u00e8re suppl\u00e9mentaire.<\/p>\n<p><a href=\"https:\/\/www.glennvanderbeke.com\" target=\"_blank\" rel=\"noopener\">www.glennvanderbeke.com<\/a><br \/><a href=\"https:\/\/www.instagram.com\/glenn_vanderbekeinfo@glennvanderbeke.com\" target=\"_blank\" rel=\"noopener\">www.instagram.com\/glenn_vanderbekeinfo@glennvanderbeke.com<\/a><br \/><a href=\"mailto:info@glennvanderbeke.com\" target=\"_blank\" rel=\"noopener\">info@glennvanderbeke.com<\/a><\/p>\n<p>&nbsp;<\/p>\n<p>[\/et_pb_text][et_pb_text admin_label=\u00a0\u00bbLaureats 2019 &#8211; Peter Testelmans\u00a0\u00bb _builder_version=\u00a0\u00bb4.9.3&Prime; text_font=\u00a0\u00bbMontserrat||||||||\u00a0\u00bb text_text_color=\u00a0\u00bb#ffffff\u00a0\u00bb text_font_size=\u00a0\u00bb16px\u00a0\u00bb link_font=\u00a0\u00bb||||||||\u00a0\u00bb link_text_color=\u00a0\u00bb#f19413&Prime; header_font=\u00a0\u00bb||||||||\u00a0\u00bb header_3_font=\u00a0\u00bb||||||||\u00a0\u00bb header_3_text_color=\u00a0\u00bb#f19413&Prime; header_4_font=\u00a0\u00bb||||||||\u00a0\u00bb header_4_text_color=\u00a0\u00bb#0098af\u00a0\u00bb header_5_font=\u00a0\u00bb||||||||\u00a0\u00bb link_option_url_new_window=\u00a0\u00bbon\u00a0\u00bb border_width_all=\u00a0\u00bb0.5px\u00a0\u00bb border_color_all=\u00a0\u00bbrgba(0,0,0,0.46)\u00a0\u00bb]<\/p>\n<h4><strong>Peter Testelmans | Prix pour le photographe le plus cr\u00e9atif<\/strong><\/h4>\n<p>&nbsp;<\/p>\n<p><img loading=\"lazy\" decoding=\"async\" class=\"alignleft wp-image-6885 size-thumbnail\" src=\"https:\/\/fotofestivalpelt.be\/wp-content\/uploads\/2020\/07\/Peter-Testelmans-150x150.jpg\" alt=\"Lens op de Mens 2019 | Award Creative Photography \u00a9 Peter Testelmans\" width=\"150\" height=\"150\" srcset=\"https:\/\/fotofestivalpelt.be\/wp-content\/uploads\/2020\/07\/Peter-Testelmans-150x150.jpg 150w, https:\/\/fotofestivalpelt.be\/wp-content\/uploads\/2020\/07\/Peter-Testelmans-51x51.jpg 51w, https:\/\/fotofestivalpelt.be\/wp-content\/uploads\/2020\/07\/Peter-Testelmans.jpg 200w\" sizes=\"(max-width: 150px) 100vw, 150px\" \/><\/p>\n<p>Ce n&rsquo;est qu&rsquo;avec votre c\u0153ur que vous voyez clairement l&rsquo;essentiel\u2026<br \/>Un danseur utilise tout le potentiel de son corps pour cr\u00e9er une image en mouvement qui est en parfaite harmonie avec la musique et les \u00e9motions qui existent dans son \u00eatre. Visualisez chaque sentiment dans un mouvement continu pour cr\u00e9er leur danse.<\/p>\n<p>Capturer ce moment, qui ne peut exister qu&rsquo;une fraction de seconde, invisible \u00e0 l&rsquo;\u0153il, rendu \u00e9ternel en une seule image.<\/p>\n<p>C&rsquo;est mon art. Mon cadeau pour toi, ton moment, pour toujours &#8230;<\/p>\n<p><a href=\"https:\/\/museheartphotography.com\" target=\"_blank\" rel=\"noopener noreferrer\">museheartphotography.com<\/a><\/p>\n<p>&nbsp;<\/p>\n<p>[\/et_pb_text][\/et_pb_column][et_pb_column type=\u00a0\u00bb2_5&Prime; _builder_version=\u00a0\u00bb3.25&Prime; background_color=\u00a0\u00bb#000000&Prime; use_background_color_gradient=\u00a0\u00bbon\u00a0\u00bb background_color_gradient_start=\u00a0\u00bbrgba(0,0,0,0)\u00a0\u00bb background_color_gradient_end=\u00a0\u00bbrgba(0,0,0,0.9)\u00a0\u00bb background_color_gradient_start_position=\u00a0\u00bb83%\u00a0\u00bb background_color_gradient_overlays_image=\u00a0\u00bbon\u00a0\u00bb background_position=\u00a0\u00bbtop_center\u00a0\u00bb custom_padding=\u00a0\u00bb20px|20px|0px|20px\u00a0\u00bb custom_padding_tablet=\u00a0\u00bb\u00a0\u00bb custom_padding_phone=\u00a0\u00bb5px|5px|5px|5px|true|true\u00a0\u00bb custom_padding_last_edited=\u00a0\u00bbon|phone\u00a0\u00bb custom_padding__hover=\u00a0\u00bb|||\u00a0\u00bb][\/et_pb_column][\/et_pb_row][et_pb_row column_structure=\u00a0\u00bb3_5,2_5&Prime; use_custom_gutter=\u00a0\u00bbon\u00a0\u00bb gutter_width=\u00a0\u00bb1&Prime; make_equal=\u00a0\u00bbon\u00a0\u00bb padding_left_right_link_1=\u00a0\u00bbfalse\u00a0\u00bb padding_left_right_link_2=\u00a0\u00bbtrue\u00a0\u00bb admin_label=\u00a0\u00bbEglise\u00a0\u00bb module_id=\u00a0\u00bb\u00e9glise\u00a0\u00bb module_class=\u00a0\u00bb et_pb_row_fullwidth\u00a0\u00bb _builder_version=\u00a0\u00bb4.7.7&Prime; width=\u00a0\u00bb100%\u00a0\u00bb width_tablet=\u00a0\u00bb100%\u00a0\u00bb width_phone=\u00a0\u00bb\u00a0\u00bb width_last_edited=\u00a0\u00bbon|desktop\u00a0\u00bb max_width=\u00a0\u00bb100%\u00a0\u00bb max_width_tablet=\u00a0\u00bb100%\u00a0\u00bb max_width_phone=\u00a0\u00bb\u00a0\u00bb max_width_last_edited=\u00a0\u00bbon|desktop\u00a0\u00bb custom_padding=\u00a0\u00bb0px||0px|\u00a0\u00bb make_fullwidth=\u00a0\u00bbon\u00a0\u00bb][et_pb_column type=\u00a0\u00bb3_5&Prime; _builder_version=\u00a0\u00bb3.25&Prime; background_color=\u00a0\u00bb#000000&Prime; custom_padding=\u00a0\u00bb60px|80px|20px|100px\u00a0\u00bb custom_padding_tablet=\u00a0\u00bb\u00a0\u00bb custom_padding_phone=\u00a0\u00bb5px|10px|5px|10px|false|true\u00a0\u00bb custom_padding_last_edited=\u00a0\u00bbon|phone\u00a0\u00bb custom_padding__hover=\u00a0\u00bb|||\u00a0\u00bb][et_pb_text admin_label=\u00a0\u00bbBert Daenen\u00a0\u00bb _builder_version=\u00a0\u00bb4.9.4&Prime; text_font=\u00a0\u00bbMontserrat||||||||\u00a0\u00bb text_text_color=\u00a0\u00bb#ffffff\u00a0\u00bb text_font_size=\u00a0\u00bb16px\u00a0\u00bb link_font=\u00a0\u00bb||||||||\u00a0\u00bb link_text_color=\u00a0\u00bb#f19413&Prime; header_font=\u00a0\u00bb||||||||\u00a0\u00bb header_3_font=\u00a0\u00bb||||||||\u00a0\u00bb header_3_text_color=\u00a0\u00bb#f19413&Prime; header_4_font=\u00a0\u00bb||||||||\u00a0\u00bb header_4_text_color=\u00a0\u00bb#0098af\u00a0\u00bb link_option_url_new_window=\u00a0\u00bbon\u00a0\u00bb]<\/p>\n<h3 id=\"dommelslag\" class=\"font_7\"><strong>\u00c9glise Saint-Martin<\/strong><\/h3>\n<h4>\u00a0<\/h4>\n<h4><strong>Bert Daenen | derri\u00e8re le masque<\/strong><\/h4>\n<p><img loading=\"lazy\" decoding=\"async\" class=\"wp-image-8434 size-full alignleft\" src=\"https:\/\/fotofestivalpelt.be\/wp-content\/uploads\/2020\/11\/Bert-Daenen_AHM_200px.jpg\" alt=\"\u00a9 Bert Daenen | Achter het masker\" width=\"135\" height=\"200\" \/>Pour Bert Daenen, photographe de Tongres (B), la crise corona \u00e9tait un bon moment pour chercher la personne derri\u00e8re le masque buccal.<\/p>\n<p>Avec l&rsquo;exposition \u00abderri\u00e8re le masque\u00bb, le photographe Bert Daenen veut donner aux soignants un visage et une voix, montrent les personnes qui se cachent derri\u00e8re le terme anonyme \u00ab\u00a0les soins\u00a0\u00bb.<\/p>\n<p>Il s&rsquo;est rendu \u00e0 l&rsquo;h\u00f4pital Vesalius \u00e0 Tongres,\u00a0 \u00e0 l&rsquo;h\u00f4pital Jessa \u00e0 Hasselt et \u00e0 l&rsquo;h\u00f4pital Sint-Trudo \u00e0 Saint-Trond. L\u00e0, il a photographi\u00e9 des m\u00e9decins, des infirmi\u00e8res et du personnel de soutien apr\u00e8s ce qui a peut-\u00eatre \u00e9t\u00e9 la p\u00e9riode la plus intense de leur carri\u00e8re.<\/p>\n<p>Nous vous pr\u00e9sentons une s\u00e9lection des photos expos\u00e9es durant l&rsquo;\u00e9t\u00e9 2020 au Refugehuis \u00e0 Hasselt.<\/p>\n<p><a href=\"https:\/\/ww.hetportret.be\" target=\"_blank\" rel=\"noopener\">ww.hetportret.be<\/a><\/p>\n<p>L&rsquo;exposition \u00e0 l&rsquo;\u00e9glise Saint-Martin est ouverte tous les jours de 10 &#8211; 17 h, sauf pendant les services religieux<\/p>\n<p>&nbsp;<\/p>\n<p>&nbsp;<\/p>\n<p>[\/et_pb_text][\/et_pb_column][et_pb_column type=\u00a0\u00bb2_5&Prime; _builder_version=\u00a0\u00bb3.25&Prime; background_color=\u00a0\u00bb#000000&Prime; use_background_color_gradient=\u00a0\u00bbon\u00a0\u00bb background_color_gradient_start=\u00a0\u00bbrgba(0,0,0,0)\u00a0\u00bb background_color_gradient_end=\u00a0\u00bbrgba(0,0,0,0.9)\u00a0\u00bb background_color_gradient_start_position=\u00a0\u00bb83%\u00a0\u00bb background_color_gradient_overlays_image=\u00a0\u00bbon\u00a0\u00bb background_position=\u00a0\u00bbtop_center\u00a0\u00bb custom_padding=\u00a0\u00bb20px|20px|0px|20px\u00a0\u00bb custom_padding_tablet=\u00a0\u00bb\u00a0\u00bb custom_padding_phone=\u00a0\u00bb5px|5px|5px|5px|true|true\u00a0\u00bb custom_padding_last_edited=\u00a0\u00bbon|phone\u00a0\u00bb custom_padding__hover=\u00a0\u00bb|||\u00a0\u00bb][\/et_pb_column][\/et_pb_row][et_pb_row column_structure=\u00a0\u00bb3_5,2_5&Prime; use_custom_gutter=\u00a0\u00bbon\u00a0\u00bb gutter_width=\u00a0\u00bb1&Prime; make_equal=\u00a0\u00bbon\u00a0\u00bb padding_left_right_link_1=\u00a0\u00bbfalse\u00a0\u00bb padding_left_right_link_2=\u00a0\u00bbtrue\u00a0\u00bb admin_label=\u00a0\u00bbPaadje\u00a0\u00bb module_id=\u00a0\u00bbpaadje\u00a0\u00bb module_class=\u00a0\u00bb et_pb_row_fullwidth\u00a0\u00bb _builder_version=\u00a0\u00bb4.9.3&Prime; width=\u00a0\u00bb100%\u00a0\u00bb width_tablet=\u00a0\u00bb100%\u00a0\u00bb width_phone=\u00a0\u00bb\u00a0\u00bb width_last_edited=\u00a0\u00bbon|desktop\u00a0\u00bb max_width=\u00a0\u00bb100%\u00a0\u00bb max_width_tablet=\u00a0\u00bb100%\u00a0\u00bb max_width_phone=\u00a0\u00bb\u00a0\u00bb max_width_last_edited=\u00a0\u00bbon|desktop\u00a0\u00bb custom_padding=\u00a0\u00bb0px||0px|\u00a0\u00bb make_fullwidth=\u00a0\u00bbon\u00a0\u00bb][et_pb_column type=\u00a0\u00bb3_5&Prime; _builder_version=\u00a0\u00bb3.25&Prime; background_color=\u00a0\u00bb#000000&Prime; custom_padding=\u00a0\u00bb60px|80px|20px|100px\u00a0\u00bb custom_padding_tablet=\u00a0\u00bb\u00a0\u00bb custom_padding_phone=\u00a0\u00bb5px|10px|5px|10px|false|true\u00a0\u00bb custom_padding_last_edited=\u00a0\u00bbon|phone\u00a0\u00bb custom_padding__hover=\u00a0\u00bb|||\u00a0\u00bb][et_pb_text admin_label=\u00a0\u00bbJury Johan Brouwers\u00a0\u00bb _builder_version=\u00a0\u00bb4.9.3&Prime; text_font=\u00a0\u00bbMontserrat||||||||\u00a0\u00bb text_text_color=\u00a0\u00bb#ffffff\u00a0\u00bb text_font_size=\u00a0\u00bb16px\u00a0\u00bb link_font=\u00a0\u00bb||||||||\u00a0\u00bb link_text_color=\u00a0\u00bb#f19413&Prime; header_font=\u00a0\u00bb||||||||\u00a0\u00bb header_3_font=\u00a0\u00bb||||||||\u00a0\u00bb header_3_text_color=\u00a0\u00bb#f19413&Prime; header_4_font=\u00a0\u00bb||||||||\u00a0\u00bb header_4_text_color=\u00a0\u00bb#0098af\u00a0\u00bb background_color=\u00a0\u00bb#000000&Prime;]<\/p>\n<h3 class=\"font_7\"><strong>Chemin pi\u00e9tonnier entre Rodenbachlaan et Bemvaartstraat<\/strong><\/h3>\n<p>Entr\u00e9e par la Rodenbachstraat maison n\u00b0 12<\/p>\n<h3>Le Jury<\/h3>\n<h4>\u00a0<\/h4>\n<h4 class=\"font_7\"><strong>Le jury | Johan Brouwers | Pr\u00e9sident du jury (BEL)<\/strong><\/h4>\n<p>J&rsquo;aime capturer l&rsquo;image des gens comme ils se pr\u00e9sentent spontan\u00e9ment. Aucune pose d\u00e9lib\u00e9r\u00e9e ou demand\u00e9e. Des instantan\u00e9s dans lesquels leur regard, leur attitude en dit souvent beaucoup sur ce qu&rsquo;ils pensent, y compris de moi.<\/p>\n<p>Pr\u00e9sident du jury depuis la premi\u00e8re \u00e9dition du festival en 2017. Qualified European Photographer (QEP), membre du directoire de l\u2019Association Nationale de Photographes Professionnels de la Belgique (NVB). Pr\u00e9sident du jury de la comp\u00e9tition \u2018Photographe Europ\u00e9en Professionel de l\u2019Ann\u00e9e\u2019 de la F\u00e9d\u00e9ration Europ\u00e9enne de Photographes Professionnels (FEP Awards) depuis 2019. Pr\u00e9sident du jury du EP (European Photographer), la qualification de base de la FEP. Juge exp\u00e9riment\u00e9 des qualifications de la FEP.<\/p>\n<p>&nbsp;<\/p>\n<p>[\/et_pb_text][et_pb_text admin_label=\u00a0\u00bbJury Caroline Alida\u00a0\u00bb _builder_version=\u00a0\u00bb4.8.1&Prime; text_font=\u00a0\u00bbMontserrat||||||||\u00a0\u00bb text_text_color=\u00a0\u00bb#ffffff\u00a0\u00bb text_font_size=\u00a0\u00bb16px\u00a0\u00bb header_font=\u00a0\u00bb||||||||\u00a0\u00bb header_3_font=\u00a0\u00bb||||||||\u00a0\u00bb header_3_text_color=\u00a0\u00bb#000000&Prime; header_4_font=\u00a0\u00bb||||||||\u00a0\u00bb header_4_text_color=\u00a0\u00bb#0098AF\u00a0\u00bb locked=\u00a0\u00bboff\u00a0\u00bb]<\/p>\n<h4><strong>Le jury | Caroline Alida<\/strong><\/h4>\n<p>Caroline Alida \u00e9tait l&rsquo;une des photographes invit\u00e9es de Lens op de Mens 2019. Son travail a \u00e9t\u00e9 expos\u00e9 \u00e0 l&rsquo;h\u00f4pital Maria Ziekenhuis.<\/p>\n<p>Les projets de Caroline Alida (BEL) sont tous th\u00e9matiques et le r\u00e9sultat d&rsquo;ann\u00e9es de travail. Elle s&rsquo;int\u00e9resse principalement \u00e0 la photographie de personnes en marge de la soci\u00e9t\u00e9, dans laquelle elle expose le monde int\u00e9rieur des personnes vuln\u00e9rables. Ses projets th\u00e9matiques les plus importants ont \u00e9t\u00e9 publi\u00e9s sous forme de livre : Bori\/Healers of the Soul (Niger) &#8211; expos\u00e9 \u00e0 FOMU 2010 -, et Hearing Songs in Pine Trees (Sib\u00e9rie orientale). Son travail est un m\u00e9lange de photographie analogique et num\u00e9rique.<\/p>\n<p>R\u00e9cemment, elle a \u00e9t\u00e9 s\u00e9lectionn\u00e9e par LensCulture pour participer \u00e0 une masterclass Visual StoryTellingsur. Ainsi, son travail le plus r\u00e9cent montre \u00e9galement l&rsquo;histoire et le monde des personnes repr\u00e9sent\u00e9es.<\/p>\n<p><a href=\"https:\/\/www.caroline-alida.be\" target=\"_blank\" rel=\"noopener\">www.caroline-alida.be<\/a><\/p>\n<p>&nbsp;<\/p>\n<p>[\/et_pb_text][et_pb_text admin_label=\u00a0\u00bbJury Andy Hens\u00a0\u00bb _builder_version=\u00a0\u00bb4.8.1&Prime; text_font=\u00a0\u00bbMontserrat||||||||\u00a0\u00bb text_text_color=\u00a0\u00bb#ffffff\u00a0\u00bb text_font_size=\u00a0\u00bb16px\u00a0\u00bb link_font=\u00a0\u00bb||||||||\u00a0\u00bb link_text_color=\u00a0\u00bb#f19413&Prime; header_font=\u00a0\u00bb||||||||\u00a0\u00bb header_3_font=\u00a0\u00bb||||||||\u00a0\u00bb header_3_text_color=\u00a0\u00bb#f19413&Prime; header_4_font=\u00a0\u00bb||||||||\u00a0\u00bb header_4_text_color=\u00a0\u00bb#0098af\u00a0\u00bb background_color=\u00a0\u00bb#000000&Prime;]<\/p>\n<h4><strong>Le jury | Andy Hens (BEL\/DEU)<\/strong><\/h4>\n<p>Rendre visible la nature profonde de l&rsquo;homme avec des photographies est le plus grand art de la photographie.<br \/>Le plus souvent les gens se contentent de simplement regarder une photo. Ils regardent rarement &lsquo;dans&rsquo; la photo.<\/p>\n<p>Photographe belge. Il habite et il travaille en Allemagne. Master Qualified European Photographer (MQEP). Juge exp\u00e9riment\u00e9 des qualifications QEP et MQEP de la F\u00e9d\u00e9ration Europ\u00e9enne de Photographes Professionnels (FEP). Professeur de photographie li\u00e9 \u00e0 la Handwerkskammer de Dortmund en Allemagne.<\/p>\n<p><a href=\"https:\/\/www.europeanphotographers.eu\/members\/andy-j-j-hens\/\">https:\/\/www.europeanphotographers.eu\/members\/andy-j-j-hens\/<\/a><\/p>\n<p>&nbsp;<\/p>\n<p>[\/et_pb_text][et_pb_text admin_label=\u00a0\u00bbJury Kattoo Hillewaere\u00a0\u00bb _builder_version=\u00a0\u00bb4.8.1&Prime; text_font=\u00a0\u00bbMontserrat||||||||\u00a0\u00bb text_text_color=\u00a0\u00bb#ffffff\u00a0\u00bb text_font_size=\u00a0\u00bb16px\u00a0\u00bb text_line_height=\u00a0\u00bb2.2em\u00a0\u00bb header_font=\u00a0\u00bb||||||||\u00a0\u00bb header_3_font=\u00a0\u00bb||||||||\u00a0\u00bb header_3_text_color=\u00a0\u00bb#000000&Prime; header_4_font=\u00a0\u00bb||||||||\u00a0\u00bb header_4_text_color=\u00a0\u00bb#0098AF\u00a0\u00bb locked=\u00a0\u00bboff\u00a0\u00bb]<\/p>\n<h4><strong>Le jury | Kattoo Hillewaere<\/strong><\/h4>\n<p>Photographe ind\u00e9pendant et enseignant au CVO Gent et \u00e0 Vorming Plus. Elle organise des voyages photos en Russie et donne de nombreux ateliers courts et tr\u00e8s pratiques avec l&rsquo;id\u00e9e qu&rsquo;investir dans la connaissance est plus intelligent et plus durable que dans l&rsquo;\u00e9quipement. Dans le m\u00eame esprit, elle \u00e9crit r\u00e9guli\u00e8rement des articles pour le magazine Shoot.<\/p>\n<p><a href=\"https:\/\/kattoo.be\" target=\"_blank\" rel=\"noopener\">kattoo.be<\/a><\/p>\n<p>&nbsp;<\/p>\n<p>[\/et_pb_text][et_pb_text admin_label=\u00a0\u00bbJury Jim Lowe\u00a0\u00bb _builder_version=\u00a0\u00bb3.27.4&Prime; text_font=\u00a0\u00bbMontserrat||||||||\u00a0\u00bb text_text_color=\u00a0\u00bb#ffffff\u00a0\u00bb text_font_size=\u00a0\u00bb16px\u00a0\u00bb link_font=\u00a0\u00bb||||||||\u00a0\u00bb link_text_color=\u00a0\u00bb#f19413&Prime; header_font=\u00a0\u00bb||||||||\u00a0\u00bb header_3_font=\u00a0\u00bb||||||||\u00a0\u00bb header_3_text_color=\u00a0\u00bb#f19413&Prime; header_4_font=\u00a0\u00bb||||||||\u00a0\u00bb header_4_text_color=\u00a0\u00bb#0098af\u00a0\u00bb background_color=\u00a0\u00bb#000000&Prime;]<\/p>\n<h4><strong>Le jury | Jim Lowe (GBR)<\/strong><\/h4>\n<p>Photographe professionnel depuis 40 ans, Jim a travaill\u00e9 pour le minist\u00e8re de la D\u00e9fense du Royaume-Uni, la Portsmouth Polytechnic et la Westinghouse Brake and Signal Company. La majorit\u00e9 de ses images sont maintenant captur\u00e9es \u00e0 l&rsquo;aide de la technologie num\u00e9rique, mais il entreprend \u00e9galement des t\u00e2ches en gros plan et en macrophotographie \u00e0 l&rsquo;aide d&rsquo;appareils photo grand format. Il est bien connu pour ses paysages en noir et blanc pour lesquels il utilise des films traditionnels, en les imprimant \u00e0 la main pour obtenir une qualit\u00e9 d&rsquo;exposition. Ceux-ci ont \u00e9t\u00e9 acquis par des collectionneurs aussi loin que le Japon, l&rsquo;Inde, l&rsquo;Afrique du Sud, le Canada et la R\u00e9publique d&rsquo;Irlande, ainsi que le Royaume-Uni et l&rsquo;Europe. Ses images sont \u00e9galement expos\u00e9es \u00e0 Londres, Moscou, Bath, Wiltshire et Cornouailles.<\/p>\n<p>De 2009-2018, tout en poursuivant ses autres activit\u00e9s, Jim a enseign\u00e9 \u00e0 l\u2019Universit\u00e9 de Falmouth, \u00e0 Cornwall, d\u00e9partement de Marine &amp; Natural History Photography.<\/p>\n<p>Jim Lowe a \u00e9t\u00e9 vice-pr\u00e9sident de la F\u00e9d\u00e9ration des Photographes Europ\u00e9ens de 2000 \u00e0 2010 et est actuellement pr\u00e9sident de leur comit\u00e9 de qualifications. Il a \u00e9t\u00e9 l&rsquo;un des premiers photographes professionnels europ\u00e9ens \u00e0 obtenir la qualification FEP \/ QEP en architecture et, parmi les 45 photographes britanniques ayant obtenu cette qualification, il est le seul \u00e0 \u00eatre qualifi\u00e9 et pratiquant en photographie d&rsquo;architecture.<\/p>\n<p><a href=\"http:\/\/www.jimlowe.co.uk\/frontpage2.htm\" target=\"_blank\" rel=\"noopener noreferrer\">www.jimlowe.co.uk\/frontpage2.htm<\/a><\/p>\n<p>&nbsp;<\/p>\n<p>[\/et_pb_text][et_pb_text admin_label=\u00a0\u00bbJury Carol Olerud\u00a0\u00bb _builder_version=\u00a0\u00bb4.7.7&Prime; text_font=\u00a0\u00bbMontserrat||||||||\u00a0\u00bb text_text_color=\u00a0\u00bb#ffffff\u00a0\u00bb text_font_size=\u00a0\u00bb16px\u00a0\u00bb link_font=\u00a0\u00bb||||||||\u00a0\u00bb link_text_color=\u00a0\u00bb#f19413&Prime; header_font=\u00a0\u00bb||||||||\u00a0\u00bb header_3_font=\u00a0\u00bb||||||||\u00a0\u00bb header_3_text_color=\u00a0\u00bb#f19413&Prime; header_4_font=\u00a0\u00bb||||||||\u00a0\u00bb header_4_text_color=\u00a0\u00bb#0098af\u00a0\u00bb background_color=\u00a0\u00bb#000000&Prime;]<\/p>\n<h4 class=\"font_7\"><strong>Le jury | Carol Olerud (AUS\/UK)<\/strong><\/h4>\n<p>Carol a obtenu son prix d&rsquo;associ\u00e9 de la Royal Photographic Society (RPS) en 2018 dans le genre conceptuel et contemporain.<\/p>\n<p>Depuis juin 2020, elle est co-organisatrice du Benelux Chapter du RPS. Toutes les trois semaines Carol dirige les sessions Zoom r\u00e9ussies du groupe d&rsquo;\u00e9tude.<\/p>\n<p>Carol est n\u00e9e en Australie et vit aux Pays-Bas. Elle est un membre actif de nombreux groupements de photographie. Elle est la coordinatrice n\u00e9erlandaise du Groupement National de la Photographie Documentaire du Fotobond, avec 38 membres de tout le pays.<\/p>\n<p>Carol est \u00e9galement la coordinatrice du collectif de photos Vision+, un groupe r\u00e9gional. Elle est pr\u00e9sidente du club photo local Fotowerkgroep De Verbeelding et membre de LeVeL 5, un petit groupe de photographes amateurs.<\/p>\n<p>Carol a l&rsquo;exp\u00e9rience de juger des photos aux niveaux r\u00e9gional, national et international. Elle a \u00e9t\u00e9 membre du jury du Holland International Image Circuit de 2020 et de divers concours th\u00e9matiques, notamment \u00ab\u00a0Abstract\u00a0\u00bb, Street photography et d&rsquo;autres s\u00e9ries d&rsquo;oeuvres.<\/p>\n<p>Pour les expositions annuelles des membres du Benelux Chapter 2019 et 2020, Carol a \u00e9t\u00e9 l&rsquo;un des membres du jury pour la s\u00e9lection des meilleures photos.<\/p>\n<p>Carol participe \u00e0 des master classes et des ateliers et a une bonne connaissance g\u00e9n\u00e9rale de la photographie dans tous les aspects et genres. Elle participe \u00e0 des concours et expositions et est actuellement candidate BMK (Bonds Meester Klasse du Fotobond).<\/p>\n<p><a href=\"https:\/\/www.carololerud.com\/\" target=\"_blank\" rel=\"noopener\">www.carololerud.com<\/a><br \/><a href=\"https:\/\/rps.org\/\" target=\"_blank\" rel=\"noopener\">www.rps.org<\/a><\/p>\n<p>&nbsp;<\/p>\n<p>[\/et_pb_text][et_pb_text admin_label=\u00a0\u00bbJury Jos Verhoogen\u00a0\u00bb _builder_version=\u00a0\u00bb4.8.1&Prime; text_font=\u00a0\u00bbMontserrat||||||||\u00a0\u00bb text_text_color=\u00a0\u00bb#ffffff\u00a0\u00bb text_font_size=\u00a0\u00bb16px\u00a0\u00bb link_font=\u00a0\u00bb||||||||\u00a0\u00bb link_text_color=\u00a0\u00bb#f19413&Prime; header_font=\u00a0\u00bb||||||||\u00a0\u00bb header_3_font=\u00a0\u00bb||||||||\u00a0\u00bb header_3_text_color=\u00a0\u00bb#f19413&Prime; header_4_font=\u00a0\u00bb||||||||\u00a0\u00bb header_4_text_color=\u00a0\u00bb#0098af\u00a0\u00bb background_color=\u00a0\u00bb#000000&Prime;]<\/p>\n<h4 class=\"font_7\"><strong>Le jury | Jos Verhoogen (BEL)<\/strong><\/h4>\n<p>Si je dois chercher une constante, alors c&rsquo;est l&rsquo;homme lui-m\u00eame. L&rsquo;homme occupera une place centrale dans la grande majorit\u00e9 de mes photos. Qu&rsquo;il s&rsquo;agisse d&rsquo;un artiste c\u00e9l\u00e8bre ou d&rsquo;une future m\u00e8re, trouver le bon lien est toujours un d\u00e9fi. Un lien de confiance qui vous permet de prendre des images fortes. Des images qui vont au-del\u00e0 de l&rsquo;exposition correcte ou de la nettet\u00e9 parfaite.<\/p>\n<p>Master Qualified European Photographer (MQEP) avec 40 ans d&rsquo;exp\u00e9rience comme photographe professionel. Professeur de photographie de reportage.\u200b Juge exp\u00e9riment\u00e9 des qualifications de la FEP et plusieures comp\u00e9titions internationales de photographie.<\/p>\n<p><a href=\"https:\/\/www.verhoogen.be\" target=\"_blank\" rel=\"noopener noreferrer\">www.verhoogen.be<\/a><\/p>\n<p>&nbsp;<\/p>\n<p>[\/et_pb_text][\/et_pb_column][et_pb_column type=\u00a0\u00bb2_5&Prime; _builder_version=\u00a0\u00bb3.25&Prime; background_color=\u00a0\u00bb#000000&Prime; use_background_color_gradient=\u00a0\u00bbon\u00a0\u00bb background_color_gradient_start=\u00a0\u00bbrgba(0,0,0,0)\u00a0\u00bb background_color_gradient_end=\u00a0\u00bbrgba(0,0,0,0.9)\u00a0\u00bb background_color_gradient_start_position=\u00a0\u00bb83%\u00a0\u00bb background_color_gradient_overlays_image=\u00a0\u00bbon\u00a0\u00bb background_position=\u00a0\u00bbtop_center\u00a0\u00bb custom_padding=\u00a0\u00bb20px|20px|0px|20px\u00a0\u00bb custom_padding_tablet=\u00a0\u00bb\u00a0\u00bb custom_padding_phone=\u00a0\u00bb5px|5px|5px|5px|true|true\u00a0\u00bb custom_padding_last_edited=\u00a0\u00bbon|phone\u00a0\u00bb custom_padding__hover=\u00a0\u00bb|||\u00a0\u00bb][\/et_pb_column][\/et_pb_row][et_pb_row column_structure=\u00a0\u00bb3_5,2_5&Prime; use_custom_gutter=\u00a0\u00bbon\u00a0\u00bb gutter_width=\u00a0\u00bb1&Prime; make_equal=\u00a0\u00bbon\u00a0\u00bb padding_left_right_link_1=\u00a0\u00bbfalse\u00a0\u00bb padding_left_right_link_2=\u00a0\u00bbtrue\u00a0\u00bb admin_label=\u00a0\u00bbNieuwe Markt\u00a0\u00bb module_id=\u00a0\u00bbnieuwemarkt\u00a0\u00bb module_class=\u00a0\u00bb et_pb_row_fullwidth\u00a0\u00bb _builder_version=\u00a0\u00bb4.9.3&Prime; width=\u00a0\u00bb100%\u00a0\u00bb width_tablet=\u00a0\u00bb100%\u00a0\u00bb width_phone=\u00a0\u00bb\u00a0\u00bb width_last_edited=\u00a0\u00bbon|desktop\u00a0\u00bb max_width=\u00a0\u00bb100%\u00a0\u00bb max_width_tablet=\u00a0\u00bb100%\u00a0\u00bb max_width_phone=\u00a0\u00bb\u00a0\u00bb max_width_last_edited=\u00a0\u00bbon|desktop\u00a0\u00bb custom_padding=\u00a0\u00bb0px||0px|\u00a0\u00bb make_fullwidth=\u00a0\u00bbon\u00a0\u00bb][et_pb_column type=\u00a0\u00bb3_5&Prime; _builder_version=\u00a0\u00bb3.25&Prime; background_color=\u00a0\u00bb#000000&Prime; custom_padding=\u00a0\u00bb60px|80px|20px|100px\u00a0\u00bb custom_padding_tablet=\u00a0\u00bb\u00a0\u00bb custom_padding_phone=\u00a0\u00bb5px|10px|5px|10px|false|true\u00a0\u00bb custom_padding_last_edited=\u00a0\u00bbon|phone\u00a0\u00bb custom_padding__hover=\u00a0\u00bb|||\u00a0\u00bb][et_pb_text admin_label=\u00a0\u00bbWittenberg\u00a0\u00bb _builder_version=\u00a0\u00bb4.9.3&Prime; text_font=\u00a0\u00bbMontserrat||||||||\u00a0\u00bb text_text_color=\u00a0\u00bb#ffffff\u00a0\u00bb text_font_size=\u00a0\u00bb16px\u00a0\u00bb link_font=\u00a0\u00bb||||||||\u00a0\u00bb link_text_color=\u00a0\u00bb#f19413&Prime; header_font=\u00a0\u00bb||||||||\u00a0\u00bb header_3_font=\u00a0\u00bb||||||||\u00a0\u00bb header_3_text_color=\u00a0\u00bb#f19413&Prime; header_4_font=\u00a0\u00bb||||||||\u00a0\u00bb header_4_text_color=\u00a0\u00bb#0098af\u00a0\u00bb link_option_url_new_window=\u00a0\u00bbon\u00a0\u00bb]<\/p>\n<h3 id=\"dommelslag\" class=\"font_7\"><strong>Nieuwe Markt \/ Nouveau March\u00e9<\/strong><\/h3>\n<p>&nbsp;<\/p>\n<h4><strong>Ilan Wittenberg (NZL) | Faces of Cairo<br \/><\/strong><\/h4>\n<p><img loading=\"lazy\" decoding=\"async\" class=\"alignleft wp-image-10007 size-thumbnail\" src=\"https:\/\/fotofestivalpelt.be\/wp-content\/uploads\/2021\/01\/Ilan-Wittenberg_self_bw_400px-150x150.jpg\" alt=\"Ilan Wittenberg\" width=\"150\" height=\"150\" srcset=\"https:\/\/fotofestivalpelt.be\/wp-content\/uploads\/2021\/01\/Ilan-Wittenberg_self_bw_400px-150x150.jpg 150w, https:\/\/fotofestivalpelt.be\/wp-content\/uploads\/2021\/01\/Ilan-Wittenberg_self_bw_400px-300x300.jpg 300w, https:\/\/fotofestivalpelt.be\/wp-content\/uploads\/2021\/01\/Ilan-Wittenberg_self_bw_400px-350x350.jpg 350w, https:\/\/fotofestivalpelt.be\/wp-content\/uploads\/2021\/01\/Ilan-Wittenberg_self_bw_400px-51x51.jpg 51w, https:\/\/fotofestivalpelt.be\/wp-content\/uploads\/2021\/01\/Ilan-Wittenberg_self_bw_400px.jpg 400w\" sizes=\"(max-width: 150px) 100vw, 150px\" \/>Apr\u00e8s une formation technico-scientifique, Ilan Wittenberg s&rsquo;est tourn\u00e9 vers la photographie. Ilan est arriv\u00e9 en Nouvelle-Z\u00e9lande en 2001. Sa carri\u00e8re de photographe a d\u00e9but\u00e9 tout r\u00e9cemment, en 2011. Les gens, l&rsquo;atmosph\u00e8re et les paysages de la Nouvelle-Z\u00e9lande ont eu une grande influence sur son passage \u00e0 la photographie. Il s&rsquo;est rapidement fait conna\u00eetre en remportant de nombreux prix nationaux et internationaux. Dans ses portraits monochromes, il saisit le caract\u00e8re de ses sujets de mani\u00e8re remarquable, en utilisant la lumi\u00e8re ambiante disponible. Son travail a \u00e9t\u00e9 pr\u00e9sent\u00e9 dans de nombreuses expositions internationales et dans des magazines de photographie r\u00e9put\u00e9s dans le monde entier.<\/p>\n<p>Pour en savoir plus sur Ilan Wittenberg, consultez sa <a href=\"https:\/\/fotofestivalpelt.be\/wp-content\/uploads\/2021\/01\/Ilan-Wittenberg_Biography-01-2021.pdf\" target=\"_blank\" rel=\"noopener\">biographie<\/a>.<br \/><a href=\"https:\/\/ilanwittenberg.com\" target=\"_blank\" rel=\"noopener\">ilanwittenberg.com<\/a><\/p>\n<p>&nbsp;<\/p>\n<p>Exposition ext\u00e9rieure<\/p>\n<p>&nbsp;<\/p>\n<p>[\/et_pb_text][\/et_pb_column][et_pb_column type=\u00a0\u00bb2_5&Prime; _builder_version=\u00a0\u00bb3.25&Prime; background_color=\u00a0\u00bb#000000&Prime; use_background_color_gradient=\u00a0\u00bbon\u00a0\u00bb background_color_gradient_start=\u00a0\u00bbrgba(0,0,0,0)\u00a0\u00bb background_color_gradient_end=\u00a0\u00bbrgba(0,0,0,0.9)\u00a0\u00bb background_color_gradient_start_position=\u00a0\u00bb83%\u00a0\u00bb background_color_gradient_overlays_image=\u00a0\u00bbon\u00a0\u00bb background_position=\u00a0\u00bbtop_center\u00a0\u00bb custom_padding=\u00a0\u00bb20px|20px|0px|20px\u00a0\u00bb custom_padding_tablet=\u00a0\u00bb\u00a0\u00bb custom_padding_phone=\u00a0\u00bb5px|5px|5px|5px|true|true\u00a0\u00bb custom_padding_last_edited=\u00a0\u00bbon|phone\u00a0\u00bb custom_padding__hover=\u00a0\u00bb|||\u00a0\u00bb][\/et_pb_column][\/et_pb_row][et_pb_row column_structure=\u00a0\u00bb3_5,2_5&Prime; use_custom_gutter=\u00a0\u00bbon\u00a0\u00bb gutter_width=\u00a0\u00bb1&Prime; make_equal=\u00a0\u00bbon\u00a0\u00bb padding_left_right_link_1=\u00a0\u00bbfalse\u00a0\u00bb padding_left_right_link_2=\u00a0\u00bbtrue\u00a0\u00bb admin_label=\u00a0\u00bbFinse piste\u00a0\u00bb module_id=\u00a0\u00bbfinsepiste\u00a0\u00bb module_class=\u00a0\u00bb et_pb_row_fullwidth\u00a0\u00bb _builder_version=\u00a0\u00bb4.9.3&Prime; width=\u00a0\u00bb100%\u00a0\u00bb width_tablet=\u00a0\u00bb100%\u00a0\u00bb width_phone=\u00a0\u00bb\u00a0\u00bb width_last_edited=\u00a0\u00bbon|desktop\u00a0\u00bb max_width=\u00a0\u00bb100%\u00a0\u00bb max_width_tablet=\u00a0\u00bb100%\u00a0\u00bb max_width_phone=\u00a0\u00bb\u00a0\u00bb max_width_last_edited=\u00a0\u00bbon|desktop\u00a0\u00bb custom_padding=\u00a0\u00bb0px||0px|\u00a0\u00bb make_fullwidth=\u00a0\u00bbon\u00a0\u00bb][et_pb_column type=\u00a0\u00bb3_5&Prime; _builder_version=\u00a0\u00bb3.25&Prime; background_color=\u00a0\u00bb#000000&Prime; custom_padding=\u00a0\u00bb60px|80px|20px|100px\u00a0\u00bb custom_padding_tablet=\u00a0\u00bb\u00a0\u00bb custom_padding_phone=\u00a0\u00bb5px|10px|5px|10px|false|true\u00a0\u00bb custom_padding_last_edited=\u00a0\u00bbon|phone\u00a0\u00bb custom_padding__hover=\u00a0\u00bb|||\u00a0\u00bb][et_pb_text admin_label=\u00a0\u00bbEvi Polak\u00a0\u00bb _builder_version=\u00a0\u00bb4.9.4&Prime; text_font=\u00a0\u00bbMontserrat||||||||\u00a0\u00bb text_text_color=\u00a0\u00bb#ffffff\u00a0\u00bb text_font_size=\u00a0\u00bb16px\u00a0\u00bb link_font=\u00a0\u00bb||||||||\u00a0\u00bb link_text_color=\u00a0\u00bb#f19413&Prime; header_font=\u00a0\u00bb||||||||\u00a0\u00bb header_3_font=\u00a0\u00bb||||||||\u00a0\u00bb header_3_text_color=\u00a0\u00bb#f19413&Prime; header_4_font=\u00a0\u00bb||||||||\u00a0\u00bb header_4_text_color=\u00a0\u00bb#0098af\u00a0\u00bb link_option_url_new_window=\u00a0\u00bbon\u00a0\u00bb]<\/p>\n<h3><strong>Piste Finlandaise et jardin de l&rsquo;institut Mater Dei<\/strong><\/h3>\n<p>Acc\u00e8s par le parking \u00e0 la Vloeterstraat \u00e0 c\u00f4t\u00e9 de la chapelle du Sacr\u00e9 Coeur<\/p>\n<h4>\u00a0<\/h4>\n<h4><strong>Evi Polak | Real heroes never sleep<\/strong><\/h4>\n<p><img loading=\"lazy\" decoding=\"async\" class=\"alignleft wp-image-15698 size-thumbnail\" src=\"https:\/\/fotofestivalpelt.be\/wp-content\/uploads\/2021\/04\/Evi-polak_\u00a9Els-Huart_300px-150x150.jpg\" alt=\"Evi Polak \u00a9 Els Huart\" width=\"150\" height=\"150\" data-mce-fragment=\"1\" srcset=\"https:\/\/fotofestivalpelt.be\/wp-content\/uploads\/2021\/04\/Evi-polak_\u00a9Els-Huart_300px-150x150.jpg 150w, https:\/\/fotofestivalpelt.be\/wp-content\/uploads\/2021\/04\/Evi-polak_\u00a9Els-Huart_300px.jpg 300w, https:\/\/fotofestivalpelt.be\/wp-content\/uploads\/2021\/04\/Evi-polak_\u00a9Els-Huart_300px-51x51.jpg 51w\" sizes=\"(max-width: 150px) 100vw, 150px\" \/>\u200bEvi Polak est une QEP (Qualified European Reportage Photographer).<br \/>Elle fait partie des \u00ab\u00a0Fearless Photographers\u00a0\u00bb, un groupe mondial de 3000 photographes de mariage. Mais \u00e0 Pelt, elle montre qu&rsquo;elle est \u00e9galement tr\u00e8s comp\u00e9tente dans d&rsquo;autres branches de la photographie de reportage.<\/p>\n<p>La cr\u00e9ativit\u00e9 est l&rsquo;une des caract\u00e9ristiques importantes d&rsquo;un bon photographe. En raison des mesures COVID-19 justifi\u00e9es, elle a \u00e9t\u00e9 temporairement incapable d&rsquo;exercer son m\u00e9tier de photographe. Gr\u00e2ce \u00e0 son dipl\u00f4me d&rsquo;infirmi\u00e8re, elle a suivi son c\u0153ur en ces temps bizarres. Evi a r\u00e9guli\u00e8rement travaill\u00e9 dans les salles d&rsquo;urgence de l&rsquo;UZA \u00e0 Anvers, o\u00f9 ils ont \u00e9galement une unit\u00e9 COVID-19. Un point de d\u00e9part id\u00e9al pour une s\u00e9rie obs\u00e9dante de photos de reportage au c\u0153ur du COVID-19.<\/p>\n<p><a href=\"https:\/\/www.fotografiepolak.com\/\" target=\"_blank\" rel=\"noopener\">www.fotografiepolak.com<\/a><\/p>\n<p>&nbsp;<\/p>\n<p>[\/et_pb_text][et_pb_text admin_label=\u00a0\u00bbHelPhoto\u00a0\u00bb _builder_version=\u00a0\u00bb4.9.7&Prime; text_font=\u00a0\u00bbMontserrat||||||||\u00a0\u00bb text_text_color=\u00a0\u00bb#ffffff\u00a0\u00bb text_font_size=\u00a0\u00bb16px\u00a0\u00bb link_font=\u00a0\u00bb||||||||\u00a0\u00bb link_text_color=\u00a0\u00bb#f19413&Prime; header_font=\u00a0\u00bb||||||||\u00a0\u00bb header_3_font=\u00a0\u00bb||||||||\u00a0\u00bb header_3_text_color=\u00a0\u00bb#f19413&Prime; header_4_font=\u00a0\u00bb||||||||\u00a0\u00bb header_4_text_color=\u00a0\u00bb#0098af\u00a0\u00bb link_option_url_new_window=\u00a0\u00bbon\u00a0\u00bb hover_enabled=\u00a0\u00bb0&Prime; sticky_enabled=\u00a0\u00bb0&Prime;]<\/p>\n<h4><strong>HelPhoto, Helsinki, Finlande | Nordic Village<\/strong><\/h4>\n<p><img loading=\"lazy\" decoding=\"async\" class=\"alignleft wp-image-15363 size-thumbnail\" src=\"https:\/\/fotofestivalpelt.be\/wp-content\/uploads\/2021\/04\/HelPhoto_logo_300px-150x150.jpg\" alt=\"HelPhoto logo\" width=\"150\" height=\"150\" srcset=\"https:\/\/fotofestivalpelt.be\/wp-content\/uploads\/2021\/04\/HelPhoto_logo_300px-150x150.jpg 150w, https:\/\/fotofestivalpelt.be\/wp-content\/uploads\/2021\/04\/HelPhoto_logo_300px-51x51.jpg 51w\" sizes=\"(max-width: 150px) 100vw, 150px\" \/>Nordic Village est une plateforme de talents dans le cadre du Festival de la photo d&rsquo;Helsinki pour soutenir les photographes nordiques \u00e9mergents.<\/p>\n<p>La plateforme permet aux artistes visuels du Danemark, de la Norv\u00e8ge, de la Su\u00e8de, Finlande et d&rsquo;Islande \u00e0 pr\u00e9senter leurs \u0153uvres \u00e0 un large public.<\/p>\n<p>Le programme comprend des expositions et des activit\u00e9s \u00e9ducatives avec des experts et des artistes des pays nordiques, invitant les amateurs de photo de tous \u00e2ges, de tout sexe, race ou classe sociale.<\/p>\n<p>En 2021, le parc artistique du Hanaholmen &#8211; Centre Culturel su\u00e9dois-finlandais accueillera les expositions du Nordic Village.\u00a0Les expositions collectives, tant en Finlande qu&rsquo;en Belgique, sont organis\u00e9es par<br \/>par Rafael Rybczynski.<\/p>\n<p>Un s\u00e9minaire nordique r\u00e9unissant d&rsquo;\u00e9minents artistes visuels, galeristes, professeurs de photographie, \u00e9diteurs de photos et \u00e9diteurs de livres sera organis\u00e9 le 27 ao\u00fbt 2021.<\/p>\n<p>Le Helsinki Photo Festival est une association \u00e0 but non lucratif, cr\u00e9\u00e9e pour diffuser des informations sur la photographie et les m\u00e9dias visuels, ainsi que d&rsquo;attirer et de maintenir l&rsquo;int\u00e9r\u00eat qu&rsquo;ils suscitent en Finlande et \u00e0 l&rsquo;\u00e9tranger.<\/p>\n<p>Le Helsinki Photo Festival apporte une nouvelle exp\u00e9rience artistique dans la capitale finlandaise. Des expositions de photographies s\u00e9lectionn\u00e9es peuvent \u00eatre d\u00e9couvertes 24 heures sur 24 et 7 jours sur 7 dans les espaces publics. Chaque ann\u00e9e, le festival s\u00e9lectionne 50 laur\u00e9ats de l&rsquo;appel ouvert du monde entier. Le concours est jug\u00e9 par un jury compos\u00e9 d&rsquo;\u00e9minents experts.\u00a0Le th\u00e8me du festival en 2021 est Fearless.<\/p>\n<p><strong>LA FINLANDE<\/strong><\/p>\n<ul>\n<li><strong>HENRI AIRO | <\/strong>Keep Swimming<strong><br \/><\/strong><a href=\"http:\/\/www.cargocollective.com\/Henriairo\" target=\"_blank\" rel=\"noopener\">www.cargocollective.com\/Henriairo<\/a><br \/>Open call finalist: Theme Love 2018, Nordic Village, Helphoto<\/li>\n<li><strong>SVANTE GULLICHSEN | <\/strong>Fearless<br \/><a href=\"http:\/\/www.svantegullichsen.com\" target=\"_blank\" rel=\"noopener\">www.svantegullichsen.com<\/a><br \/>Open call finalist: Theme Anarchy 2019, Helphoto<\/li>\n<li><strong>MARJA SALEVA | <\/strong>He is so obsessed with me<br \/><a href=\"http:\/\/www.marjasaleva.com\" target=\"_blank\" rel=\"noopener\">www.marjasaleva.com<\/a><br \/>Open call finalist: Theme Love 2018, Helphoto<\/li>\n<\/ul>\n<p><strong>LA SU\u00c8DE<\/strong><\/p>\n<ul>\n<li><strong>JENNY ROVA | <\/strong>\u00c4lskling a self-portrait through the eyes of my lovers<br \/><a href=\"http:\/\/www.jennyrova.net\" target=\"_blank\" rel=\"noopener\">www.jennyrova.net<\/a><br \/>Open call finalist: Theme Love 2018, Nordic Village, Helphoto<\/li>\n<li><strong>SEBASTIAN SARDI | <\/strong>Black Diamond<br \/><a href=\"http:\/\/www.sebastiansardi.com\" target=\"_blank\" rel=\"noopener\">www.sebastiansardi.com<\/a><br \/>Open call finalist: Theme Love 2018, Nordic Village, Helphoto<\/li>\n<li><strong>MARCUS GUSTAFSSON | <\/strong>Vibrant Days<br \/><a href=\"http:\/\/www.marcusgustafsson.se\" target=\"_blank\" rel=\"noopener\">www.marcusgustafsson.se<\/a><br \/>Open call finalist: Theme Anarchy 2019, Nordic Village, Helphoto<\/li>\n<\/ul>\n<p><strong>LE DANEMARK<\/strong><\/p>\n<ul>\n<li><strong>B<\/strong><strong>IRGITTA STEEN | <\/strong>Affection<br \/><a href=\"http:\/\/www.basz.dk\" target=\"_blank\" rel=\"noopener\">www.basz.dk<\/a><br \/>Open call finalist: Theme Love 2018, Nordic Village, Helphoto<\/li>\n<li><strong>LAURA BISGAARD KROGH and ANDREAS HAUBJERG | <\/strong>A Question of Honor<br \/><a href=\"http:\/\/www.andreashaubjerg.com\" target=\"_blank\" rel=\"noopener\">www.andreashaubjerg.com<\/a><br \/>Open call finalist: Theme Trust 2020, Nordic Village, Helphoto<\/li>\n<\/ul>\n<p><strong>L&rsquo;ICELANDE<\/strong><\/p>\n<ul>\n<li><strong>MARIA KJARTANS | <\/strong>Connection<br \/><a href=\"http:\/\/www.mariakjartans.com\" target=\"_blank\" rel=\"noopener\">www.mariakjartans.com<\/a><br \/>Open call finalist: Theme Love 2018, Nordic Village, Helphoto<\/li>\n<li><strong>\u00d3MAR SVERRISSON | <\/strong>Artists are full of air<br \/><a href=\"http:\/\/www.rvkportraitsbyomar.tumblr.com\" target=\"_blank\" rel=\"noopener\">www.rvkportraitsbyomar.tumblr.com<\/a><br \/>Open call finalist: Theme Love 2018, Nordic Village, Helphoto<\/li>\n<\/ul>\n<p><strong>LA NORV\u00c8GE<\/strong><\/p>\n<ul>\n<li><strong>VITHASETH | <\/strong>Unrest<br \/><a href=\"http:\/\/www.svithaseth.wordpress.com\" target=\"_blank\" rel=\"noopener\">www.svithaseth.wordpress.com<\/a><br \/>Open call finalist: Theme Love 2018, Nordic Village, Helphoto<\/li>\n<li><strong>STIG MARLON WESTON | <\/strong>1 to 1<br \/><a href=\"http:\/\/www.weston.no\" target=\"_blank\" rel=\"noopener\">www.weston.no<\/a><br \/>Open call finalist: Theme Love 2018, Nordic Village, Helphoto<\/li>\n<\/ul>\n<p>&nbsp;<\/p>\n<p><strong>Helsinki Photo Festival * Centre of the NORDIC VILLAGE<\/strong><br \/><a href=\"https:\/\/www.helsinkiphotofestival.com\/nordic-village\" target=\"_blank\" rel=\"noopener\">www.helsinkiphotofestival.com\/nordic-village<\/a><br \/><a href=\"mailto:info@helsinkiphotofestival.com\" target=\"_blank\" rel=\"noopener\">info@helsinkiphotofestival.com<\/a><\/p>\n<p>&nbsp;<\/p>\n<p>&nbsp;<\/p>\n<p>[\/et_pb_text][et_pb_text admin_label=\u00a0\u00bbVizualizator\u00a0\u00bb _builder_version=\u00a0\u00bb4.9.4&Prime; text_font=\u00a0\u00bbMontserrat||||||||\u00a0\u00bb text_text_color=\u00a0\u00bb#ffffff\u00a0\u00bb text_font_size=\u00a0\u00bb16px\u00a0\u00bb link_font=\u00a0\u00bb||||||||\u00a0\u00bb link_text_color=\u00a0\u00bb#f19413&Prime; header_font=\u00a0\u00bb||||||||\u00a0\u00bb header_3_font=\u00a0\u00bb||||||||\u00a0\u00bb header_3_text_color=\u00a0\u00bb#f19413&Prime; header_4_font=\u00a0\u00bb||||||||\u00a0\u00bb header_4_text_color=\u00a0\u00bb#0098af\u00a0\u00bb link_option_url_new_window=\u00a0\u00bbon\u00a0\u00bb]<\/p>\n<h4><strong>Vizualizator, Belgrade, Serbie<\/strong><\/h4>\n<p><img loading=\"lazy\" decoding=\"async\" class=\"wp-image-8176 size-full alignleft\" src=\"https:\/\/fotofestivalpelt.be\/wp-content\/uploads\/2020\/11\/Vizualizator_logo.jpg\" alt=\"Vizualizator Photo Festival Serbia logo\" width=\"133\" height=\"128\" \/><\/p>\n<p>VIZUALIZATOR est un festival international de photographie \u00e0 Belgrade, d\u00e9di\u00e9 \u00e0 la photographie professionnelle. Lanc\u00e9 en 2013, c&rsquo;est le premier festival de photographie \u00e9tabli en Serbie et dans la r\u00e9gion avec une orientation pr\u00e9dominante de photographie documentaire.<\/p>\n<p>C&rsquo;est un \u00e9v\u00e9nement multidisciplinaire qui relie des institutions et des individus de diff\u00e9rents domaines de la culture, de l&rsquo;\u00e9ducation, des m\u00e9dias et de l&rsquo;art. Le festival se compose d&rsquo;une s\u00e9rie d&rsquo;expositions qui pr\u00e9sentent des photographies de grands noms du monde entier et d&rsquo;exposants locaux, d&rsquo;une s\u00e9rie de tables rondes sur divers sujets importants pour la sc\u00e8ne photographique, ainsi que d&rsquo;ateliers, d&rsquo;examens de portfolios et de masterclasses.<\/p>\n<p>Les exposants du Vizualizator sont des noms influents du monde de la photographie et des repr\u00e9sentants des m\u00e9dias et des agences les plus en vue, des laur\u00e9ats du prix Pulitzer, des laur\u00e9ats du World Press Photo et des membres d&rsquo;agences photo r\u00e9put\u00e9es telles que l&rsquo;agence VII, Magnum, Associated Press, Reuters, etc.<\/p>\n<p>Vizualizator rassemble un grand nombre de participants de la vie publique, des photographes, des organisations de m\u00e9dias, des journalistes, des \u00e9diteurs, des repr\u00e9sentants d&rsquo;institutions, des professeurs d&rsquo;universit\u00e9, des experts de diff\u00e9rents domaines et un grand nombre de b\u00e9n\u00e9voles. Il cr\u00e9e une plateforme<\/p>\n<ul>\n<li>Les activit\u00e9s du Vizualizator sont ax\u00e9es sur des domaines tels que l&rsquo;\u00e9ducation aux m\u00e9dias par la lecture de photographies, la pratique de la conservation, la th\u00e9orie de la photographie, l&rsquo;\u00e9thique et la professionnalisation de la photographie dans les m\u00e9dias, l&rsquo;\u00e9ducation et le march\u00e9 de la photographie.<\/li>\n<li>Il explore la photographie en tant que ph\u00e9nom\u00e8ne social, outil m\u00e9diatique puissant et forme d&rsquo;art.<\/li>\n<\/ul>\n<p>Un grand nombre de facult\u00e9s participent au festival, encourageant une participation plus active de la part des \u00e9tudiants, qui sont les membres les plus actifs de la soci\u00e9t\u00e9. Les th\u00e8mes du festival comprennent : l&rsquo;impact de la photographie sur la soci\u00e9t\u00e9 et le changement social, l&rsquo;importance et l&rsquo;impact de la gestion de la culture, l&rsquo;importance et le r\u00f4le de la pratique curatoriale, le r\u00f4le de la photographie dans le journalisme, ainsi que la cr\u00e9ation d&rsquo;un march\u00e9 de la photographie en Serbie.<\/p>\n<p>La mission de Vizualizator est de fournir une \u00e9ducation, de promouvoir la photographie, la culture visuelle et le photojournalisme, et d&rsquo;offrir des normes de professionnalisation dans le domaine de la photographie.<\/p>\n<p>Pendant le festival, de nombreux ateliers seront ouverts aux photographes professionnels, aux \u00e9tudiants de diff\u00e9rentes universit\u00e9s, aux conservateurs, ainsi qu&rsquo;au grand public.<\/p>\n<p>Une partie du Vizualizator est Press Photo Serbia, une exposition des meilleures photographies du concours national de la meilleure photographie de presse et une c\u00e9r\u00e9monie de remise des prix.<\/p>\n<p><strong>Liste des exposants:<\/strong><br \/>Aleksandar Plavevski, Aleksandar Slavkovi\u0107, Fadil \u0160arki, Igor \u010coko, Marija Jankovi\u0107, Marko \u0110urica, Mitar Mitrovi\u0107, Nemanja Pan\u010di\u0107, Sanja Kne\u017eevi\u0107, Sa\u0161a \u010coli\u0107, \u017deljko Sinobad, Marko Rupena.<\/p>\n<p><a href=\"http:\/\/vizualizator.rs\/en\/visualizer-2020-3\/\" target=\"_blank\" rel=\"noopener\">vizualizator.rs<\/a><\/p>\n<p>&nbsp;<\/p>\n<p>&nbsp;<\/p>\n<p>[\/et_pb_text][\/et_pb_column][et_pb_column type=\u00a0\u00bb2_5&Prime; _builder_version=\u00a0\u00bb3.25&Prime; background_color=\u00a0\u00bb#000000&Prime; use_background_color_gradient=\u00a0\u00bbon\u00a0\u00bb background_color_gradient_start=\u00a0\u00bbrgba(0,0,0,0)\u00a0\u00bb background_color_gradient_end=\u00a0\u00bbrgba(0,0,0,0.9)\u00a0\u00bb background_color_gradient_start_position=\u00a0\u00bb83%\u00a0\u00bb background_color_gradient_overlays_image=\u00a0\u00bbon\u00a0\u00bb background_position=\u00a0\u00bbtop_center\u00a0\u00bb custom_padding=\u00a0\u00bb20px|20px|0px|20px\u00a0\u00bb custom_padding_tablet=\u00a0\u00bb\u00a0\u00bb custom_padding_phone=\u00a0\u00bb5px|5px|5px|5px|true|true\u00a0\u00bb custom_padding_last_edited=\u00a0\u00bbon|phone\u00a0\u00bb custom_padding__hover=\u00a0\u00bb|||\u00a0\u00bb][\/et_pb_column][\/et_pb_row][\/et_pb_section]<\/p>\n","protected":false},"excerpt":{"rendered":"<p>\u00a0 CC Palethe \u00c9glise Saint-Martin Kerkdijk Chemin pi\u00e9tonnier Rodenbachlaan Nieuwe Markt \/ Nouveau March\u00e9 Piste finlandaiseMAGAZINE LENS OP DE MENS &nbsp; Gr\u00e2ce \u00e0 ce lien, vous pouvez consulter en ligne notre Magazine Lens op de Mens. Dans ce livret-programme, vous trouverez un plan du parcours de l&rsquo;exposition, tous les noms des photographes s\u00e9lectionn\u00e9s, des informations [&hellip;]<\/p>\n","protected":false},"author":2,"featured_media":0,"parent":0,"menu_order":0,"comment_status":"closed","ping_status":"closed","template":"","meta":{"_et_pb_use_builder":"on","_et_pb_old_content":"","_et_gb_content_width":"","footnotes":""},"class_list":["post-6919","page","type-page","status-publish","hentry"],"_links":{"self":[{"href":"https:\/\/fotofestivalpelt.be\/fr\/wp-json\/wp\/v2\/pages\/6919","targetHints":{"allow":["GET"]}}],"collection":[{"href":"https:\/\/fotofestivalpelt.be\/fr\/wp-json\/wp\/v2\/pages"}],"about":[{"href":"https:\/\/fotofestivalpelt.be\/fr\/wp-json\/wp\/v2\/types\/page"}],"author":[{"embeddable":true,"href":"https:\/\/fotofestivalpelt.be\/fr\/wp-json\/wp\/v2\/users\/2"}],"replies":[{"embeddable":true,"href":"https:\/\/fotofestivalpelt.be\/fr\/wp-json\/wp\/v2\/comments?post=6919"}],"version-history":[{"count":109,"href":"https:\/\/fotofestivalpelt.be\/fr\/wp-json\/wp\/v2\/pages\/6919\/revisions"}],"predecessor-version":[{"id":17369,"href":"https:\/\/fotofestivalpelt.be\/fr\/wp-json\/wp\/v2\/pages\/6919\/revisions\/17369"}],"wp:attachment":[{"href":"https:\/\/fotofestivalpelt.be\/fr\/wp-json\/wp\/v2\/media?parent=6919"}],"curies":[{"name":"wp","href":"https:\/\/api.w.org\/{rel}","templated":true}]}}